{"id":2724,"date":"2021-07-01T16:37:09","date_gmt":"2021-07-01T16:37:09","guid":{"rendered":"https:\/\/www.upstairsjazz.com\/?post_type=ajde_events&#038;p=2724"},"modified":"2022-07-02T19:33:06","modified_gmt":"2022-07-02T19:33:06","slug":"dawn-tyler-watson-quartet-2","status":"publish","type":"ajde_events","link":"https:\/\/www.upstairsjazz.com\/fr\/events\/dawn-tyler-watson-quartet-2\/","title":{"rendered":"Festival International de Jazz de Montr\u00e9al:<br><br>Dawn Tyler Watson Quintet"},"content":{"rendered":"<p>La compositrice-interpr\u00e8te laur\u00e9ate d&rsquo;un prix Juno Dawn Tyler Watson a gagn\u00e9 sa place parmi l&rsquo;\u00e9lite internationale du blues.<\/p>\n<p>Elle a adopt\u00e9 Montr\u00e9al comme maison apr\u00e8s avoir obtenu son baccalaur\u00e9at en \u00e9tudes jazz et th\u00e9\u00e2tre de l&rsquo;Universit\u00e9 Concordia.<\/p>\n<p>Depuis lors, sa pr\u00e9sence sur sc\u00e8ne ardente et ses performances \u00e9mouvantes lui ont valu une reconnaissance nationale et mondiale avec de nombreux prix, dont les Maple Blues Awards pour l&rsquo;auteur-compositeur, le meilleur album, la chanteuse de l&rsquo;ann\u00e9e et une nomination de 2020 \u00e0 la blues am\u00e9ricaine pour la chanteuse de l&rsquo;ann\u00e9e aux c\u00f4t\u00e9s de grands noms comme Curtis Salgado et Mavis Staples.<\/p>\n<p>Son dernier album \u00abMad Love\u00bb vient de recevoir le prix JUNO 2020 du meilleur album de blues de l&rsquo;ann\u00e9e.<\/p>\n<p><strong>Musiciens:<\/strong><br \/>\nDawn Tyler Watson: voix<br \/>\nChad Linsley: piano<br \/>\nMike De Masi: basse<br \/>\nKaven Jalbert: sax<br \/>\nSam Harrison: batterie<\/p>\n<p><span style=\"color: #dd3333;\"><strong><a style=\"color: #dd3333;\" href=\"https:\/\/youtu.be\/oY-q1HJLl3Q\" target=\"_blank\" rel=\"noopener\">Youtube video: \u00ab\u00a0It Don&rsquo;t Mean A Thing\u00a0\u00bb<\/a><\/strong><\/span><\/p>\n<p><iframe loading=\"lazy\" title=\"DAWN TYLER WATSON - It Don&#039;t Mean A Thing\" width=\"1080\" height=\"608\" src=\"https:\/\/www.youtube.com\/embed\/oY-q1HJLl3Q?feature=oembed\" frameborder=\"0\" allow=\"accelerometer; autoplay; clipboard-write; encrypted-media; gyroscope; picture-in-picture\" allowfullscreen><\/iframe><\/p>\n","protected":false},"author":3,"featured_media":3109,"menu_order":0,"comment_status":"open","ping_status":"closed","template":"","meta":[],"tags":[],"event_type":[783],"event_type_2":[],"class_list":{"0":"post-2724","1":"ajde_events","2":"type-ajde_events","3":"status-publish","4":"has-post-thumbnail","6":"event_type-festival-de-jazz-de-montreal-2022"},"yoast_head":"<!-- This site is optimized with the Yoast SEO Premium plugin v20.8 (Yoast SEO v27.5) - https:\/\/yoast.com\/product\/yoast-seo-premium-wordpress\/ -->\n<title>Festival International de Jazz de Montr\u00e9al:Dawn Tyler Watson Quintet - Upstairs Jazz<\/title>\n<meta name=\"robots\" content=\"index, follow, max-snippet:-1, max-image-preview:large, max-video-preview:-1\" \/>\n<link rel=\"canonical\" href=\"https:\/\/www.upstairsjazz.com\/fr\/events\/dawn-tyler-watson-quartet-2\/\" \/>\n<meta property=\"og:locale\" content=\"fr_FR\" \/>\n<meta property=\"og:type\" content=\"article\" \/>\n<meta property=\"og:title\" content=\"Festival International de Jazz de Montr\u00e9al:Dawn Tyler Watson Quintet\" \/>\n<meta property=\"og:description\" content=\"La compositrice-interpr\u00e8te laur\u00e9ate d&rsquo;un prix Juno Dawn Tyler Watson a gagn\u00e9 sa place parmi l&rsquo;\u00e9lite internationale du blues. Elle a adopt\u00e9 Montr\u00e9al comme maison apr\u00e8s avoir obtenu son baccalaur\u00e9at en...\" \/>\n<meta property=\"og:url\" content=\"https:\/\/www.upstairsjazz.com\/fr\/events\/dawn-tyler-watson-quartet-2\/\" \/>\n<meta property=\"og:site_name\" content=\"Upstairs Jazz\" \/>\n<meta property=\"article:publisher\" content=\"https:\/\/www.facebook.com\/upstairsjazz\" \/>\n<meta property=\"article:modified_time\" content=\"2022-07-02T19:33:06+00:00\" \/>\n<meta property=\"og:image\" content=\"https:\/\/www.upstairsjazz.com\/wp-content\/uploads\/2021\/07\/dawn_tyler_watson_bw.jpg\" \/>\n\t<meta property=\"og:image:width\" content=\"700\" \/>\n\t<meta property=\"og:image:height\" content=\"350\" \/>\n\t<meta property=\"og:image:type\" content=\"image\/jpeg\" \/>\n<meta name=\"twitter:card\" content=\"summary_large_image\" \/>\n<meta name=\"twitter:site\" content=\"@Upstairsjazz\" \/>\n<meta name=\"twitter:label1\" content=\"Dur\u00e9e de lecture estim\u00e9e\" \/>\n\t<meta name=\"twitter:data1\" content=\"1 minute\" \/>\n<script type=\"application\/ld+json\" class=\"yoast-schema-graph\">{\"@context\":\"https:\\\/\\\/schema.org\",\"@graph\":[{\"@type\":\"WebPage\",\"@id\":\"https:\\\/\\\/www.upstairsjazz.com\\\/fr\\\/events\\\/dawn-tyler-watson-quartet-2\\\/\",\"url\":\"https:\\\/\\\/www.upstairsjazz.com\\\/fr\\\/events\\\/dawn-tyler-watson-quartet-2\\\/\",\"name\":\"Festival International de Jazz de Montr\u00e9al: Dawn Tyler Watson Quintet - Upstairs Jazz\",\"isPartOf\":{\"@id\":\"https:\\\/\\\/www.upstairsjazz.com\\\/fr\\\/#website\"},\"primaryImageOfPage\":{\"@id\":\"https:\\\/\\\/www.upstairsjazz.com\\\/fr\\\/events\\\/dawn-tyler-watson-quartet-2\\\/#primaryimage\"},\"image\":{\"@id\":\"https:\\\/\\\/www.upstairsjazz.com\\\/fr\\\/events\\\/dawn-tyler-watson-quartet-2\\\/#primaryimage\"},\"thumbnailUrl\":\"https:\\\/\\\/www.upstairsjazz.com\\\/wp-content\\\/uploads\\\/2021\\\/07\\\/dawn_tyler_watson_bw.jpg\",\"datePublished\":\"2021-07-01T16:37:09+00:00\",\"dateModified\":\"2022-07-02T19:33:06+00:00\",\"breadcrumb\":{\"@id\":\"https:\\\/\\\/www.upstairsjazz.com\\\/fr\\\/events\\\/dawn-tyler-watson-quartet-2\\\/#breadcrumb\"},\"inLanguage\":\"fr-FR\",\"potentialAction\":[{\"@type\":\"ReadAction\",\"target\":[\"https:\\\/\\\/www.upstairsjazz.com\\\/fr\\\/events\\\/dawn-tyler-watson-quartet-2\\\/\"]}]},{\"@type\":\"ImageObject\",\"inLanguage\":\"fr-FR\",\"@id\":\"https:\\\/\\\/www.upstairsjazz.com\\\/fr\\\/events\\\/dawn-tyler-watson-quartet-2\\\/#primaryimage\",\"url\":\"https:\\\/\\\/www.upstairsjazz.com\\\/wp-content\\\/uploads\\\/2021\\\/07\\\/dawn_tyler_watson_bw.jpg\",\"contentUrl\":\"https:\\\/\\\/www.upstairsjazz.com\\\/wp-content\\\/uploads\\\/2021\\\/07\\\/dawn_tyler_watson_bw.jpg\",\"width\":700,\"height\":350},{\"@type\":\"BreadcrumbList\",\"@id\":\"https:\\\/\\\/www.upstairsjazz.com\\\/fr\\\/events\\\/dawn-tyler-watson-quartet-2\\\/#breadcrumb\",\"itemListElement\":[{\"@type\":\"ListItem\",\"position\":1,\"name\":\"Home\",\"item\":\"https:\\\/\\\/www.upstairsjazz.com\\\/fr\\\/accueil-fr-test\\\/\"},{\"@type\":\"ListItem\",\"position\":2,\"name\":\"Events\",\"item\":\"https:\\\/\\\/www.upstairsjazz.com\\\/events\\\/\"},{\"@type\":\"ListItem\",\"position\":3,\"name\":\"Festival International de Jazz de Montr\u00e9al:Dawn Tyler Watson Quintet\"}]},{\"@type\":\"WebSite\",\"@id\":\"https:\\\/\\\/www.upstairsjazz.com\\\/fr\\\/#website\",\"url\":\"https:\\\/\\\/www.upstairsjazz.com\\\/fr\\\/\",\"name\":\"Upstairs Jazz Club\",\"description\":\"Upstairs jazz club, Montreal Canada\",\"publisher\":{\"@id\":\"https:\\\/\\\/www.upstairsjazz.com\\\/fr\\\/#organization\"},\"potentialAction\":[{\"@type\":\"SearchAction\",\"target\":{\"@type\":\"EntryPoint\",\"urlTemplate\":\"https:\\\/\\\/www.upstairsjazz.com\\\/fr\\\/?s={search_term_string}\"},\"query-input\":{\"@type\":\"PropertyValueSpecification\",\"valueRequired\":true,\"valueName\":\"search_term_string\"}}],\"inLanguage\":\"fr-FR\"},{\"@type\":\"Organization\",\"@id\":\"https:\\\/\\\/www.upstairsjazz.com\\\/fr\\\/#organization\",\"name\":\"Upstairs Jazz Bar & Grill\",\"url\":\"https:\\\/\\\/www.upstairsjazz.com\\\/fr\\\/\",\"logo\":{\"@type\":\"ImageObject\",\"inLanguage\":\"fr-FR\",\"@id\":\"https:\\\/\\\/www.upstairsjazz.com\\\/fr\\\/#\\\/schema\\\/logo\\\/image\\\/\",\"url\":\"https:\\\/\\\/www.upstairsjazz.com\\\/wp-content\\\/uploads\\\/2020\\\/07\\\/upstairs-jazz-burger-1.jpg\",\"contentUrl\":\"https:\\\/\\\/www.upstairsjazz.com\\\/wp-content\\\/uploads\\\/2020\\\/07\\\/upstairs-jazz-burger-1.jpg\",\"width\":1490,\"height\":993,\"caption\":\"Upstairs Jazz Bar & Grill\"},\"image\":{\"@id\":\"https:\\\/\\\/www.upstairsjazz.com\\\/fr\\\/#\\\/schema\\\/logo\\\/image\\\/\"},\"sameAs\":[\"https:\\\/\\\/www.facebook.com\\\/upstairsjazz\",\"https:\\\/\\\/x.com\\\/Upstairsjazz\",\"https:\\\/\\\/www.instagram.com\\\/upstairsjazz\"]}]}<\/script>\n<!-- \/ Yoast SEO Premium plugin. -->","yoast_head_json":{"title":"Festival International de Jazz de Montr\u00e9al:Dawn Tyler Watson Quintet - Upstairs Jazz","robots":{"index":"index","follow":"follow","max-snippet":"max-snippet:-1","max-image-preview":"max-image-preview:large","max-video-preview":"max-video-preview:-1"},"canonical":"https:\/\/www.upstairsjazz.com\/fr\/events\/dawn-tyler-watson-quartet-2\/","og_locale":"fr_FR","og_type":"article","og_title":"Festival International de Jazz de Montr\u00e9al:Dawn Tyler Watson Quintet","og_description":"La compositrice-interpr\u00e8te laur\u00e9ate d&rsquo;un prix Juno Dawn Tyler Watson a gagn\u00e9 sa place parmi l&rsquo;\u00e9lite internationale du blues. Elle a adopt\u00e9 Montr\u00e9al comme maison apr\u00e8s avoir obtenu son baccalaur\u00e9at en...","og_url":"https:\/\/www.upstairsjazz.com\/fr\/events\/dawn-tyler-watson-quartet-2\/","og_site_name":"Upstairs Jazz","article_publisher":"https:\/\/www.facebook.com\/upstairsjazz","article_modified_time":"2022-07-02T19:33:06+00:00","og_image":[{"width":700,"height":350,"url":"https:\/\/www.upstairsjazz.com\/wp-content\/uploads\/2021\/07\/dawn_tyler_watson_bw.jpg","type":"image\/jpeg"}],"twitter_card":"summary_large_image","twitter_site":"@Upstairsjazz","twitter_misc":{"Dur\u00e9e de lecture estim\u00e9e":"1 minute"},"schema":{"@context":"https:\/\/schema.org","@graph":[{"@type":"WebPage","@id":"https:\/\/www.upstairsjazz.com\/fr\/events\/dawn-tyler-watson-quartet-2\/","url":"https:\/\/www.upstairsjazz.com\/fr\/events\/dawn-tyler-watson-quartet-2\/","name":"Festival International de Jazz de Montr\u00e9al: Dawn Tyler Watson Quintet - Upstairs Jazz","isPartOf":{"@id":"https:\/\/www.upstairsjazz.com\/fr\/#website"},"primaryImageOfPage":{"@id":"https:\/\/www.upstairsjazz.com\/fr\/events\/dawn-tyler-watson-quartet-2\/#primaryimage"},"image":{"@id":"https:\/\/www.upstairsjazz.com\/fr\/events\/dawn-tyler-watson-quartet-2\/#primaryimage"},"thumbnailUrl":"https:\/\/www.upstairsjazz.com\/wp-content\/uploads\/2021\/07\/dawn_tyler_watson_bw.jpg","datePublished":"2021-07-01T16:37:09+00:00","dateModified":"2022-07-02T19:33:06+00:00","breadcrumb":{"@id":"https:\/\/www.upstairsjazz.com\/fr\/events\/dawn-tyler-watson-quartet-2\/#breadcrumb"},"inLanguage":"fr-FR","potentialAction":[{"@type":"ReadAction","target":["https:\/\/www.upstairsjazz.com\/fr\/events\/dawn-tyler-watson-quartet-2\/"]}]},{"@type":"ImageObject","inLanguage":"fr-FR","@id":"https:\/\/www.upstairsjazz.com\/fr\/events\/dawn-tyler-watson-quartet-2\/#primaryimage","url":"https:\/\/www.upstairsjazz.com\/wp-content\/uploads\/2021\/07\/dawn_tyler_watson_bw.jpg","contentUrl":"https:\/\/www.upstairsjazz.com\/wp-content\/uploads\/2021\/07\/dawn_tyler_watson_bw.jpg","width":700,"height":350},{"@type":"BreadcrumbList","@id":"https:\/\/www.upstairsjazz.com\/fr\/events\/dawn-tyler-watson-quartet-2\/#breadcrumb","itemListElement":[{"@type":"ListItem","position":1,"name":"Home","item":"https:\/\/www.upstairsjazz.com\/fr\/accueil-fr-test\/"},{"@type":"ListItem","position":2,"name":"Events","item":"https:\/\/www.upstairsjazz.com\/events\/"},{"@type":"ListItem","position":3,"name":"Festival International de Jazz de Montr\u00e9al:Dawn Tyler Watson Quintet"}]},{"@type":"WebSite","@id":"https:\/\/www.upstairsjazz.com\/fr\/#website","url":"https:\/\/www.upstairsjazz.com\/fr\/","name":"Upstairs Jazz Club","description":"Upstairs jazz club, Montreal Canada","publisher":{"@id":"https:\/\/www.upstairsjazz.com\/fr\/#organization"},"potentialAction":[{"@type":"SearchAction","target":{"@type":"EntryPoint","urlTemplate":"https:\/\/www.upstairsjazz.com\/fr\/?s={search_term_string}"},"query-input":{"@type":"PropertyValueSpecification","valueRequired":true,"valueName":"search_term_string"}}],"inLanguage":"fr-FR"},{"@type":"Organization","@id":"https:\/\/www.upstairsjazz.com\/fr\/#organization","name":"Upstairs Jazz Bar & Grill","url":"https:\/\/www.upstairsjazz.com\/fr\/","logo":{"@type":"ImageObject","inLanguage":"fr-FR","@id":"https:\/\/www.upstairsjazz.com\/fr\/#\/schema\/logo\/image\/","url":"https:\/\/www.upstairsjazz.com\/wp-content\/uploads\/2020\/07\/upstairs-jazz-burger-1.jpg","contentUrl":"https:\/\/www.upstairsjazz.com\/wp-content\/uploads\/2020\/07\/upstairs-jazz-burger-1.jpg","width":1490,"height":993,"caption":"Upstairs Jazz Bar & Grill"},"image":{"@id":"https:\/\/www.upstairsjazz.com\/fr\/#\/schema\/logo\/image\/"},"sameAs":["https:\/\/www.facebook.com\/upstairsjazz","https:\/\/x.com\/Upstairsjazz","https:\/\/www.instagram.com\/upstairsjazz"]}]}},"_links":{"self":[{"href":"https:\/\/www.upstairsjazz.com\/fr\/wp-json\/wp\/v2\/ajde_events\/2724","targetHints":{"allow":["GET"]}}],"collection":[{"href":"https:\/\/www.upstairsjazz.com\/fr\/wp-json\/wp\/v2\/ajde_events"}],"about":[{"href":"https:\/\/www.upstairsjazz.com\/fr\/wp-json\/wp\/v2\/types\/ajde_events"}],"author":[{"embeddable":true,"href":"https:\/\/www.upstairsjazz.com\/fr\/wp-json\/wp\/v2\/users\/3"}],"replies":[{"embeddable":true,"href":"https:\/\/www.upstairsjazz.com\/fr\/wp-json\/wp\/v2\/comments?post=2724"}],"wp:featuredmedia":[{"embeddable":true,"href":"https:\/\/www.upstairsjazz.com\/fr\/wp-json\/wp\/v2\/media\/3109"}],"wp:attachment":[{"href":"https:\/\/www.upstairsjazz.com\/fr\/wp-json\/wp\/v2\/media?parent=2724"}],"wp:term":[{"taxonomy":"post_tag","embeddable":true,"href":"https:\/\/www.upstairsjazz.com\/fr\/wp-json\/wp\/v2\/tags?post=2724"},{"taxonomy":"event_type","embeddable":true,"href":"https:\/\/www.upstairsjazz.com\/fr\/wp-json\/wp\/v2\/event_type?post=2724"},{"taxonomy":"event_type_2","embeddable":true,"href":"https:\/\/www.upstairsjazz.com\/fr\/wp-json\/wp\/v2\/event_type_2?post=2724"}],"curies":[{"name":"wp","href":"https:\/\/api.w.org\/{rel}","templated":true}]}}