{"id":2963,"date":"2021-08-13T16:33:01","date_gmt":"2021-08-13T16:33:01","guid":{"rendered":"https:\/\/www.upstairsjazz.com\/?post_type=ajde_events&#038;p=2963"},"modified":"2021-09-16T15:11:06","modified_gmt":"2021-09-16T15:11:06","slug":"festival-international-de-jazz-de-montreal-nomad-simon-denizart-elli-miller-maboungou","status":"publish","type":"ajde_events","link":"https:\/\/www.upstairsjazz.com\/fr\/events\/festival-international-de-jazz-de-montreal-nomad-simon-denizart-elli-miller-maboungou\/","title":{"rendered":"Festival International de Jazz de Montr\u00e9al: <br><br>NOMAD | Simon Denizart + Elli Miller Maboungou &#038; invit\u00e9e sp\u00e9ciale: jeanne corpataux-blache"},"content":{"rendered":"<p>Simon Denizart &#038; Elli Miller Maboungou &#8211; NOMAD<\/p>\n<p>NOMAD est la rencontre explosive et in\u00e9dite entre le piano du compositeur Simon Denizart et la calebasse du percussionniste virtuose Elli Miller Maboungou. <\/p>\n<p>Les deux musiciens forment ensemble un duo original et dynamique qui repousse les fronti\u00e8res des esth\u00e9tiques instrumentales traditionnelles et offrent un voyage \u00e9clectique au travers d\u2019une musique rythm\u00e9e, m\u00e9lodieuse et cin\u00e9matique. <\/p>\n<p>Apr\u00e8s quatorze mois \u00e0 parcourir le Texas, la Californie, le Canada, le Maroc ou la France, la vie nomade f\u00fbt une formidable source d\u2019inspiration et pr\u00e9texte \u00e0 raconter ces voyages, ces histoires et ces rencontres. <\/p>\n<p>La musique est ainsi venue se substituer au carnet de voyage qui rec\u00e8le de si nombreux souvenirs et secrets.<br \/>\nL&rsquo;album est sorti en France le 23 avril 2021 chez Laborie Jazz.<\/p>\n<p><strong><a href=\"https:\/\/youtu.be\/0eCnxicYnRM\" rel=\"noopener\" target=\"_blank\">Youtube video: \u00ab\u00a0Manon\u00a0\u00bb<\/a><\/strong><\/p>\n<p><iframe loading=\"lazy\" title=\"Simon Denizart - Manon ft. Elli Miller Maboungou\" width=\"1080\" height=\"608\" src=\"https:\/\/www.youtube.com\/embed\/0eCnxicYnRM?feature=oembed\" frameborder=\"0\" allow=\"accelerometer; autoplay; clipboard-write; encrypted-media; gyroscope; picture-in-picture\" allowfullscreen><\/iframe><\/p>\n","protected":false},"author":3,"featured_media":2776,"menu_order":0,"comment_status":"closed","ping_status":"closed","template":"","meta":[],"tags":[],"event_type":[],"event_type_2":[],"class_list":["post-2963","ajde_events","type-ajde_events","status-publish","has-post-thumbnail"],"yoast_head":"<!-- This site is optimized with the Yoast SEO Premium plugin v20.8 (Yoast SEO v27.5) - https:\/\/yoast.com\/product\/yoast-seo-premium-wordpress\/ -->\n<title>Festival International de Jazz de Montr\u00e9al: NOMAD | Simon Denizart + Elli Miller Maboungou &amp; invit\u00e9e sp\u00e9ciale: jeanne corpataux-blache - Upstairs Jazz<\/title>\n<meta name=\"robots\" content=\"index, follow, max-snippet:-1, max-image-preview:large, max-video-preview:-1\" \/>\n<link rel=\"canonical\" href=\"https:\/\/www.upstairsjazz.com\/fr\/events\/festival-international-de-jazz-de-montreal-nomad-simon-denizart-elli-miller-maboungou\/\" \/>\n<meta property=\"og:locale\" content=\"fr_FR\" \/>\n<meta property=\"og:type\" content=\"article\" \/>\n<meta property=\"og:title\" content=\"Festival International de Jazz de Montr\u00e9al: NOMAD | Simon Denizart + Elli Miller Maboungou &amp; invit\u00e9e sp\u00e9ciale: jeanne corpataux-blache\" \/>\n<meta property=\"og:description\" content=\"Simon Denizart &#038; Elli Miller Maboungou &#8211; NOMAD NOMAD est la rencontre explosive et in\u00e9dite entre le piano du compositeur Simon Denizart et la calebasse du percussionniste virtuose Elli Miller...\" \/>\n<meta property=\"og:url\" content=\"https:\/\/www.upstairsjazz.com\/fr\/events\/festival-international-de-jazz-de-montreal-nomad-simon-denizart-elli-miller-maboungou\/\" \/>\n<meta property=\"og:site_name\" content=\"Upstairs Jazz\" \/>\n<meta property=\"article:publisher\" content=\"https:\/\/www.facebook.com\/upstairsjazz\" \/>\n<meta property=\"article:modified_time\" content=\"2021-09-16T15:11:06+00:00\" \/>\n<meta property=\"og:image\" content=\"https:\/\/www.upstairsjazz.com\/wp-content\/uploads\/2021\/06\/nomad2.jpg\" \/>\n\t<meta property=\"og:image:width\" content=\"594\" \/>\n\t<meta property=\"og:image:height\" content=\"990\" \/>\n\t<meta property=\"og:image:type\" content=\"image\/jpeg\" \/>\n<meta name=\"twitter:card\" content=\"summary_large_image\" \/>\n<meta name=\"twitter:site\" content=\"@Upstairsjazz\" \/>\n<meta name=\"twitter:label1\" content=\"Dur\u00e9e de lecture estim\u00e9e\" \/>\n\t<meta name=\"twitter:data1\" content=\"1 minute\" \/>\n<script type=\"application\/ld+json\" class=\"yoast-schema-graph\">{\"@context\":\"https:\\\/\\\/schema.org\",\"@graph\":[{\"@type\":\"WebPage\",\"@id\":\"https:\\\/\\\/www.upstairsjazz.com\\\/fr\\\/events\\\/festival-international-de-jazz-de-montreal-nomad-simon-denizart-elli-miller-maboungou\\\/\",\"url\":\"https:\\\/\\\/www.upstairsjazz.com\\\/fr\\\/events\\\/festival-international-de-jazz-de-montreal-nomad-simon-denizart-elli-miller-maboungou\\\/\",\"name\":\"Festival International de Jazz de Montr\u00e9al: NOMAD | Simon Denizart + Elli Miller Maboungou & invit\u00e9e sp\u00e9ciale: jeanne corpataux-blache - Upstairs Jazz\",\"isPartOf\":{\"@id\":\"https:\\\/\\\/www.upstairsjazz.com\\\/fr\\\/#website\"},\"primaryImageOfPage\":{\"@id\":\"https:\\\/\\\/www.upstairsjazz.com\\\/fr\\\/events\\\/festival-international-de-jazz-de-montreal-nomad-simon-denizart-elli-miller-maboungou\\\/#primaryimage\"},\"image\":{\"@id\":\"https:\\\/\\\/www.upstairsjazz.com\\\/fr\\\/events\\\/festival-international-de-jazz-de-montreal-nomad-simon-denizart-elli-miller-maboungou\\\/#primaryimage\"},\"thumbnailUrl\":\"https:\\\/\\\/www.upstairsjazz.com\\\/wp-content\\\/uploads\\\/2021\\\/06\\\/nomad2.jpg\",\"datePublished\":\"2021-08-13T16:33:01+00:00\",\"dateModified\":\"2021-09-16T15:11:06+00:00\",\"breadcrumb\":{\"@id\":\"https:\\\/\\\/www.upstairsjazz.com\\\/fr\\\/events\\\/festival-international-de-jazz-de-montreal-nomad-simon-denizart-elli-miller-maboungou\\\/#breadcrumb\"},\"inLanguage\":\"fr-FR\",\"potentialAction\":[{\"@type\":\"ReadAction\",\"target\":[\"https:\\\/\\\/www.upstairsjazz.com\\\/fr\\\/events\\\/festival-international-de-jazz-de-montreal-nomad-simon-denizart-elli-miller-maboungou\\\/\"]}]},{\"@type\":\"ImageObject\",\"inLanguage\":\"fr-FR\",\"@id\":\"https:\\\/\\\/www.upstairsjazz.com\\\/fr\\\/events\\\/festival-international-de-jazz-de-montreal-nomad-simon-denizart-elli-miller-maboungou\\\/#primaryimage\",\"url\":\"https:\\\/\\\/www.upstairsjazz.com\\\/wp-content\\\/uploads\\\/2021\\\/06\\\/nomad2.jpg\",\"contentUrl\":\"https:\\\/\\\/www.upstairsjazz.com\\\/wp-content\\\/uploads\\\/2021\\\/06\\\/nomad2.jpg\",\"width\":594,\"height\":990},{\"@type\":\"BreadcrumbList\",\"@id\":\"https:\\\/\\\/www.upstairsjazz.com\\\/fr\\\/events\\\/festival-international-de-jazz-de-montreal-nomad-simon-denizart-elli-miller-maboungou\\\/#breadcrumb\",\"itemListElement\":[{\"@type\":\"ListItem\",\"position\":1,\"name\":\"Home\",\"item\":\"https:\\\/\\\/www.upstairsjazz.com\\\/fr\\\/accueil-fr-test\\\/\"},{\"@type\":\"ListItem\",\"position\":2,\"name\":\"Events\",\"item\":\"https:\\\/\\\/www.upstairsjazz.com\\\/events\\\/\"},{\"@type\":\"ListItem\",\"position\":3,\"name\":\"Festival International de Jazz de Montr\u00e9al: NOMAD | Simon Denizart + Elli Miller Maboungou &#038; invit\u00e9e sp\u00e9ciale: jeanne corpataux-blache\"}]},{\"@type\":\"WebSite\",\"@id\":\"https:\\\/\\\/www.upstairsjazz.com\\\/fr\\\/#website\",\"url\":\"https:\\\/\\\/www.upstairsjazz.com\\\/fr\\\/\",\"name\":\"Upstairs Jazz Club\",\"description\":\"Upstairs jazz club, Montreal Canada\",\"publisher\":{\"@id\":\"https:\\\/\\\/www.upstairsjazz.com\\\/fr\\\/#organization\"},\"potentialAction\":[{\"@type\":\"SearchAction\",\"target\":{\"@type\":\"EntryPoint\",\"urlTemplate\":\"https:\\\/\\\/www.upstairsjazz.com\\\/fr\\\/?s={search_term_string}\"},\"query-input\":{\"@type\":\"PropertyValueSpecification\",\"valueRequired\":true,\"valueName\":\"search_term_string\"}}],\"inLanguage\":\"fr-FR\"},{\"@type\":\"Organization\",\"@id\":\"https:\\\/\\\/www.upstairsjazz.com\\\/fr\\\/#organization\",\"name\":\"Upstairs Jazz Bar & Grill\",\"url\":\"https:\\\/\\\/www.upstairsjazz.com\\\/fr\\\/\",\"logo\":{\"@type\":\"ImageObject\",\"inLanguage\":\"fr-FR\",\"@id\":\"https:\\\/\\\/www.upstairsjazz.com\\\/fr\\\/#\\\/schema\\\/logo\\\/image\\\/\",\"url\":\"https:\\\/\\\/www.upstairsjazz.com\\\/wp-content\\\/uploads\\\/2020\\\/07\\\/upstairs-jazz-burger-1.jpg\",\"contentUrl\":\"https:\\\/\\\/www.upstairsjazz.com\\\/wp-content\\\/uploads\\\/2020\\\/07\\\/upstairs-jazz-burger-1.jpg\",\"width\":1490,\"height\":993,\"caption\":\"Upstairs Jazz Bar & Grill\"},\"image\":{\"@id\":\"https:\\\/\\\/www.upstairsjazz.com\\\/fr\\\/#\\\/schema\\\/logo\\\/image\\\/\"},\"sameAs\":[\"https:\\\/\\\/www.facebook.com\\\/upstairsjazz\",\"https:\\\/\\\/x.com\\\/Upstairsjazz\",\"https:\\\/\\\/www.instagram.com\\\/upstairsjazz\"]}]}<\/script>\n<!-- \/ Yoast SEO Premium plugin. -->","yoast_head_json":{"title":"Festival International de Jazz de Montr\u00e9al: NOMAD | Simon Denizart + Elli Miller Maboungou & invit\u00e9e sp\u00e9ciale: jeanne corpataux-blache - Upstairs Jazz","robots":{"index":"index","follow":"follow","max-snippet":"max-snippet:-1","max-image-preview":"max-image-preview:large","max-video-preview":"max-video-preview:-1"},"canonical":"https:\/\/www.upstairsjazz.com\/fr\/events\/festival-international-de-jazz-de-montreal-nomad-simon-denizart-elli-miller-maboungou\/","og_locale":"fr_FR","og_type":"article","og_title":"Festival International de Jazz de Montr\u00e9al: NOMAD | Simon Denizart + Elli Miller Maboungou & invit\u00e9e sp\u00e9ciale: jeanne corpataux-blache","og_description":"Simon Denizart &#038; Elli Miller Maboungou &#8211; NOMAD NOMAD est la rencontre explosive et in\u00e9dite entre le piano du compositeur Simon Denizart et la calebasse du percussionniste virtuose Elli Miller...","og_url":"https:\/\/www.upstairsjazz.com\/fr\/events\/festival-international-de-jazz-de-montreal-nomad-simon-denizart-elli-miller-maboungou\/","og_site_name":"Upstairs Jazz","article_publisher":"https:\/\/www.facebook.com\/upstairsjazz","article_modified_time":"2021-09-16T15:11:06+00:00","og_image":[{"width":594,"height":990,"url":"https:\/\/www.upstairsjazz.com\/wp-content\/uploads\/2021\/06\/nomad2.jpg","type":"image\/jpeg"}],"twitter_card":"summary_large_image","twitter_site":"@Upstairsjazz","twitter_misc":{"Dur\u00e9e de lecture estim\u00e9e":"1 minute"},"schema":{"@context":"https:\/\/schema.org","@graph":[{"@type":"WebPage","@id":"https:\/\/www.upstairsjazz.com\/fr\/events\/festival-international-de-jazz-de-montreal-nomad-simon-denizart-elli-miller-maboungou\/","url":"https:\/\/www.upstairsjazz.com\/fr\/events\/festival-international-de-jazz-de-montreal-nomad-simon-denizart-elli-miller-maboungou\/","name":"Festival International de Jazz de Montr\u00e9al: NOMAD | Simon Denizart + Elli Miller Maboungou & invit\u00e9e sp\u00e9ciale: jeanne corpataux-blache - Upstairs Jazz","isPartOf":{"@id":"https:\/\/www.upstairsjazz.com\/fr\/#website"},"primaryImageOfPage":{"@id":"https:\/\/www.upstairsjazz.com\/fr\/events\/festival-international-de-jazz-de-montreal-nomad-simon-denizart-elli-miller-maboungou\/#primaryimage"},"image":{"@id":"https:\/\/www.upstairsjazz.com\/fr\/events\/festival-international-de-jazz-de-montreal-nomad-simon-denizart-elli-miller-maboungou\/#primaryimage"},"thumbnailUrl":"https:\/\/www.upstairsjazz.com\/wp-content\/uploads\/2021\/06\/nomad2.jpg","datePublished":"2021-08-13T16:33:01+00:00","dateModified":"2021-09-16T15:11:06+00:00","breadcrumb":{"@id":"https:\/\/www.upstairsjazz.com\/fr\/events\/festival-international-de-jazz-de-montreal-nomad-simon-denizart-elli-miller-maboungou\/#breadcrumb"},"inLanguage":"fr-FR","potentialAction":[{"@type":"ReadAction","target":["https:\/\/www.upstairsjazz.com\/fr\/events\/festival-international-de-jazz-de-montreal-nomad-simon-denizart-elli-miller-maboungou\/"]}]},{"@type":"ImageObject","inLanguage":"fr-FR","@id":"https:\/\/www.upstairsjazz.com\/fr\/events\/festival-international-de-jazz-de-montreal-nomad-simon-denizart-elli-miller-maboungou\/#primaryimage","url":"https:\/\/www.upstairsjazz.com\/wp-content\/uploads\/2021\/06\/nomad2.jpg","contentUrl":"https:\/\/www.upstairsjazz.com\/wp-content\/uploads\/2021\/06\/nomad2.jpg","width":594,"height":990},{"@type":"BreadcrumbList","@id":"https:\/\/www.upstairsjazz.com\/fr\/events\/festival-international-de-jazz-de-montreal-nomad-simon-denizart-elli-miller-maboungou\/#breadcrumb","itemListElement":[{"@type":"ListItem","position":1,"name":"Home","item":"https:\/\/www.upstairsjazz.com\/fr\/accueil-fr-test\/"},{"@type":"ListItem","position":2,"name":"Events","item":"https:\/\/www.upstairsjazz.com\/events\/"},{"@type":"ListItem","position":3,"name":"Festival International de Jazz de Montr\u00e9al: NOMAD | Simon Denizart + Elli Miller Maboungou &#038; invit\u00e9e sp\u00e9ciale: jeanne corpataux-blache"}]},{"@type":"WebSite","@id":"https:\/\/www.upstairsjazz.com\/fr\/#website","url":"https:\/\/www.upstairsjazz.com\/fr\/","name":"Upstairs Jazz Club","description":"Upstairs jazz club, Montreal Canada","publisher":{"@id":"https:\/\/www.upstairsjazz.com\/fr\/#organization"},"potentialAction":[{"@type":"SearchAction","target":{"@type":"EntryPoint","urlTemplate":"https:\/\/www.upstairsjazz.com\/fr\/?s={search_term_string}"},"query-input":{"@type":"PropertyValueSpecification","valueRequired":true,"valueName":"search_term_string"}}],"inLanguage":"fr-FR"},{"@type":"Organization","@id":"https:\/\/www.upstairsjazz.com\/fr\/#organization","name":"Upstairs Jazz Bar & Grill","url":"https:\/\/www.upstairsjazz.com\/fr\/","logo":{"@type":"ImageObject","inLanguage":"fr-FR","@id":"https:\/\/www.upstairsjazz.com\/fr\/#\/schema\/logo\/image\/","url":"https:\/\/www.upstairsjazz.com\/wp-content\/uploads\/2020\/07\/upstairs-jazz-burger-1.jpg","contentUrl":"https:\/\/www.upstairsjazz.com\/wp-content\/uploads\/2020\/07\/upstairs-jazz-burger-1.jpg","width":1490,"height":993,"caption":"Upstairs Jazz Bar & Grill"},"image":{"@id":"https:\/\/www.upstairsjazz.com\/fr\/#\/schema\/logo\/image\/"},"sameAs":["https:\/\/www.facebook.com\/upstairsjazz","https:\/\/x.com\/Upstairsjazz","https:\/\/www.instagram.com\/upstairsjazz"]}]}},"_links":{"self":[{"href":"https:\/\/www.upstairsjazz.com\/fr\/wp-json\/wp\/v2\/ajde_events\/2963","targetHints":{"allow":["GET"]}}],"collection":[{"href":"https:\/\/www.upstairsjazz.com\/fr\/wp-json\/wp\/v2\/ajde_events"}],"about":[{"href":"https:\/\/www.upstairsjazz.com\/fr\/wp-json\/wp\/v2\/types\/ajde_events"}],"author":[{"embeddable":true,"href":"https:\/\/www.upstairsjazz.com\/fr\/wp-json\/wp\/v2\/users\/3"}],"replies":[{"embeddable":true,"href":"https:\/\/www.upstairsjazz.com\/fr\/wp-json\/wp\/v2\/comments?post=2963"}],"wp:featuredmedia":[{"embeddable":true,"href":"https:\/\/www.upstairsjazz.com\/fr\/wp-json\/wp\/v2\/media\/2776"}],"wp:attachment":[{"href":"https:\/\/www.upstairsjazz.com\/fr\/wp-json\/wp\/v2\/media?parent=2963"}],"wp:term":[{"taxonomy":"post_tag","embeddable":true,"href":"https:\/\/www.upstairsjazz.com\/fr\/wp-json\/wp\/v2\/tags?post=2963"},{"taxonomy":"event_type","embeddable":true,"href":"https:\/\/www.upstairsjazz.com\/fr\/wp-json\/wp\/v2\/event_type?post=2963"},{"taxonomy":"event_type_2","embeddable":true,"href":"https:\/\/www.upstairsjazz.com\/fr\/wp-json\/wp\/v2\/event_type_2?post=2963"}],"curies":[{"name":"wp","href":"https:\/\/api.w.org\/{rel}","templated":true}]}}