{"id":3076,"date":"2023-04-30T19:57:39","date_gmt":"2023-05-01T00:57:39","guid":{"rendered":"https:\/\/www.upstairsjazz.com\/?post_type=ajde_events&#038;p=3076"},"modified":"2024-05-28T12:06:23","modified_gmt":"2024-05-28T17:06:23","slug":"virginia-macdonald-quartet-with-special-guest-ira-coleman","status":"publish","type":"ajde_events","link":"https:\/\/www.upstairsjazz.com\/fr\/events\/virginia-macdonald-quartet-with-special-guest-ira-coleman\/","title":{"rendered":"Virginia MacDonald\/Todd Marcus Quintet"},"content":{"rendered":"<p>La clarinettiste Virginia MacDonald, nomin\u00e9e aux prix Juno, s&rsquo;est impos\u00e9e comme une \u00e9toile montante de sa g\u00e9n\u00e9ration. Connue pour son jeu de clarinette lyrique et \u00e9mouvant, Virginia a \u00e9t\u00e9 d\u00e9crite comme une \u00ab nouvelle voix puissante sur la sc\u00e8ne canadienne \u00bb par le bassiste Mike Downes, laur\u00e9at d&rsquo;un prix Juno. En tant que chef d&rsquo;orchestre, sidewoman et compositrice tr\u00e8s demand\u00e9e, Virginia maintient un programme r\u00e9gulier de performances \u00e0 travers le Canada, les \u00c9tats-Unis et l&rsquo;Europe.<\/p>\n<p>Le clarinettiste basse, compositeur et chef d&rsquo;orchestre Todd Marcus est l&rsquo;un des rares artistes de jazz au monde \u00e0 concentrer son travail principalement sur la clarinette basse. Bien que l\u2019utilisation de la clarinette basse dans le jazz s\u2019oriente g\u00e9n\u00e9ralement fortement vers les styles d\u2019avant-garde et de free-jazz, le jeu direct de Marcus a fa\u00e7onn\u00e9 une voix unique pour l\u2019instrument dans le jazz moderne.<\/p>\n<p>Les musiciens:<br \/>\nVirginia MacDonald &#8211; clarinette<br \/>\nTodd Marcus &#8211; clarinette basse<br \/>\nBruce Barth &#8211; piano<br \/>\nBlake Meister &#8211; basse<br \/>\nEric Kennedy &#8211; batterie<\/p>\n<p><span style=\"color: #dd3333;\"><strong><a style=\"color: #dd3333;\" href=\"https:\/\/youtu.be\/o_RczgHemjs?si=fKYvneGef7cCfNlZ\" target=\"_blank\" rel=\"noopener\">Youtube video: \u00ab\u00a0Todd Marcus Quintet: Last Call at Dimitri\u2019s\u00a0\u00bb<\/a><\/strong><\/span><\/p>\n<p><iframe loading=\"lazy\" title=\"Todd Marcus Quintet: Last Call at Dimitri\u2019s\" width=\"1080\" height=\"608\" src=\"https:\/\/www.youtube.com\/embed\/o_RczgHemjs?feature=oembed\" frameborder=\"0\" allow=\"accelerometer; autoplay; clipboard-write; encrypted-media; gyroscope; picture-in-picture; web-share\" referrerpolicy=\"strict-origin-when-cross-origin\" allowfullscreen><\/iframe><\/p>\n","protected":false},"author":3,"featured_media":5203,"menu_order":0,"comment_status":"open","ping_status":"closed","template":"","meta":[],"tags":[],"event_type":[],"event_type_2":[],"class_list":["post-3076","ajde_events","type-ajde_events","status-publish","has-post-thumbnail"],"yoast_head":"<!-- This site is optimized with the Yoast SEO Premium plugin v20.8 (Yoast SEO v27.5) - https:\/\/yoast.com\/product\/yoast-seo-premium-wordpress\/ -->\n<title>Virginia MacDonald\/Todd Marcus Quintet - Upstairs Jazz<\/title>\n<meta name=\"robots\" content=\"index, follow, max-snippet:-1, max-image-preview:large, max-video-preview:-1\" \/>\n<link rel=\"canonical\" href=\"https:\/\/www.upstairsjazz.com\/fr\/events\/virginia-macdonald-quartet-with-special-guest-ira-coleman\/\" \/>\n<meta property=\"og:locale\" content=\"fr_FR\" \/>\n<meta property=\"og:type\" content=\"article\" \/>\n<meta property=\"og:title\" content=\"Virginia MacDonald\/Todd Marcus Quintet\" \/>\n<meta property=\"og:description\" content=\"La clarinettiste Virginia MacDonald, nomin\u00e9e aux prix Juno, s&rsquo;est impos\u00e9e comme une \u00e9toile montante de sa g\u00e9n\u00e9ration. Connue pour son jeu de clarinette lyrique et \u00e9mouvant, Virginia a \u00e9t\u00e9 d\u00e9crite...\" \/>\n<meta property=\"og:url\" content=\"https:\/\/www.upstairsjazz.com\/fr\/events\/virginia-macdonald-quartet-with-special-guest-ira-coleman\/\" \/>\n<meta property=\"og:site_name\" content=\"Upstairs Jazz\" \/>\n<meta property=\"article:publisher\" content=\"https:\/\/www.facebook.com\/upstairsjazz\" \/>\n<meta property=\"article:modified_time\" content=\"2024-05-28T17:06:23+00:00\" \/>\n<meta property=\"og:image\" content=\"https:\/\/www.upstairsjazz.com\/wp-content\/uploads\/2023\/04\/virginia-todd.jpg\" \/>\n\t<meta property=\"og:image:width\" content=\"500\" \/>\n\t<meta property=\"og:image:height\" content=\"399\" \/>\n\t<meta property=\"og:image:type\" content=\"image\/jpeg\" \/>\n<meta name=\"twitter:card\" content=\"summary_large_image\" \/>\n<meta name=\"twitter:site\" content=\"@Upstairsjazz\" \/>\n<meta name=\"twitter:label1\" content=\"Dur\u00e9e de lecture estim\u00e9e\" \/>\n\t<meta name=\"twitter:data1\" content=\"1 minute\" \/>\n<script type=\"application\/ld+json\" class=\"yoast-schema-graph\">{\"@context\":\"https:\\\/\\\/schema.org\",\"@graph\":[{\"@type\":\"WebPage\",\"@id\":\"https:\\\/\\\/www.upstairsjazz.com\\\/fr\\\/events\\\/virginia-macdonald-quartet-with-special-guest-ira-coleman\\\/\",\"url\":\"https:\\\/\\\/www.upstairsjazz.com\\\/fr\\\/events\\\/virginia-macdonald-quartet-with-special-guest-ira-coleman\\\/\",\"name\":\"Virginia MacDonald\\\/Todd Marcus Quintet - Upstairs Jazz\",\"isPartOf\":{\"@id\":\"https:\\\/\\\/www.upstairsjazz.com\\\/fr\\\/#website\"},\"primaryImageOfPage\":{\"@id\":\"https:\\\/\\\/www.upstairsjazz.com\\\/fr\\\/events\\\/virginia-macdonald-quartet-with-special-guest-ira-coleman\\\/#primaryimage\"},\"image\":{\"@id\":\"https:\\\/\\\/www.upstairsjazz.com\\\/fr\\\/events\\\/virginia-macdonald-quartet-with-special-guest-ira-coleman\\\/#primaryimage\"},\"thumbnailUrl\":\"https:\\\/\\\/www.upstairsjazz.com\\\/wp-content\\\/uploads\\\/2023\\\/04\\\/virginia-todd.jpg\",\"datePublished\":\"2023-05-01T00:57:39+00:00\",\"dateModified\":\"2024-05-28T17:06:23+00:00\",\"breadcrumb\":{\"@id\":\"https:\\\/\\\/www.upstairsjazz.com\\\/fr\\\/events\\\/virginia-macdonald-quartet-with-special-guest-ira-coleman\\\/#breadcrumb\"},\"inLanguage\":\"fr-FR\",\"potentialAction\":[{\"@type\":\"ReadAction\",\"target\":[\"https:\\\/\\\/www.upstairsjazz.com\\\/fr\\\/events\\\/virginia-macdonald-quartet-with-special-guest-ira-coleman\\\/\"]}]},{\"@type\":\"ImageObject\",\"inLanguage\":\"fr-FR\",\"@id\":\"https:\\\/\\\/www.upstairsjazz.com\\\/fr\\\/events\\\/virginia-macdonald-quartet-with-special-guest-ira-coleman\\\/#primaryimage\",\"url\":\"https:\\\/\\\/www.upstairsjazz.com\\\/wp-content\\\/uploads\\\/2023\\\/04\\\/virginia-todd.jpg\",\"contentUrl\":\"https:\\\/\\\/www.upstairsjazz.com\\\/wp-content\\\/uploads\\\/2023\\\/04\\\/virginia-todd.jpg\",\"width\":500,\"height\":399},{\"@type\":\"BreadcrumbList\",\"@id\":\"https:\\\/\\\/www.upstairsjazz.com\\\/fr\\\/events\\\/virginia-macdonald-quartet-with-special-guest-ira-coleman\\\/#breadcrumb\",\"itemListElement\":[{\"@type\":\"ListItem\",\"position\":1,\"name\":\"Home\",\"item\":\"https:\\\/\\\/www.upstairsjazz.com\\\/fr\\\/accueil-fr-test\\\/\"},{\"@type\":\"ListItem\",\"position\":2,\"name\":\"Events\",\"item\":\"https:\\\/\\\/www.upstairsjazz.com\\\/events\\\/\"},{\"@type\":\"ListItem\",\"position\":3,\"name\":\"Virginia MacDonald\\\/Todd Marcus Quintet\"}]},{\"@type\":\"WebSite\",\"@id\":\"https:\\\/\\\/www.upstairsjazz.com\\\/fr\\\/#website\",\"url\":\"https:\\\/\\\/www.upstairsjazz.com\\\/fr\\\/\",\"name\":\"Upstairs Jazz Club\",\"description\":\"Upstairs jazz club, Montreal Canada\",\"publisher\":{\"@id\":\"https:\\\/\\\/www.upstairsjazz.com\\\/fr\\\/#organization\"},\"potentialAction\":[{\"@type\":\"SearchAction\",\"target\":{\"@type\":\"EntryPoint\",\"urlTemplate\":\"https:\\\/\\\/www.upstairsjazz.com\\\/fr\\\/?s={search_term_string}\"},\"query-input\":{\"@type\":\"PropertyValueSpecification\",\"valueRequired\":true,\"valueName\":\"search_term_string\"}}],\"inLanguage\":\"fr-FR\"},{\"@type\":\"Organization\",\"@id\":\"https:\\\/\\\/www.upstairsjazz.com\\\/fr\\\/#organization\",\"name\":\"Upstairs Jazz Bar & Grill\",\"url\":\"https:\\\/\\\/www.upstairsjazz.com\\\/fr\\\/\",\"logo\":{\"@type\":\"ImageObject\",\"inLanguage\":\"fr-FR\",\"@id\":\"https:\\\/\\\/www.upstairsjazz.com\\\/fr\\\/#\\\/schema\\\/logo\\\/image\\\/\",\"url\":\"https:\\\/\\\/www.upstairsjazz.com\\\/wp-content\\\/uploads\\\/2020\\\/07\\\/upstairs-jazz-burger-1.jpg\",\"contentUrl\":\"https:\\\/\\\/www.upstairsjazz.com\\\/wp-content\\\/uploads\\\/2020\\\/07\\\/upstairs-jazz-burger-1.jpg\",\"width\":1490,\"height\":993,\"caption\":\"Upstairs Jazz Bar & Grill\"},\"image\":{\"@id\":\"https:\\\/\\\/www.upstairsjazz.com\\\/fr\\\/#\\\/schema\\\/logo\\\/image\\\/\"},\"sameAs\":[\"https:\\\/\\\/www.facebook.com\\\/upstairsjazz\",\"https:\\\/\\\/x.com\\\/Upstairsjazz\",\"https:\\\/\\\/www.instagram.com\\\/upstairsjazz\"]}]}<\/script>\n<!-- \/ Yoast SEO Premium plugin. -->","yoast_head_json":{"title":"Virginia MacDonald\/Todd Marcus Quintet - Upstairs Jazz","robots":{"index":"index","follow":"follow","max-snippet":"max-snippet:-1","max-image-preview":"max-image-preview:large","max-video-preview":"max-video-preview:-1"},"canonical":"https:\/\/www.upstairsjazz.com\/fr\/events\/virginia-macdonald-quartet-with-special-guest-ira-coleman\/","og_locale":"fr_FR","og_type":"article","og_title":"Virginia MacDonald\/Todd Marcus Quintet","og_description":"La clarinettiste Virginia MacDonald, nomin\u00e9e aux prix Juno, s&rsquo;est impos\u00e9e comme une \u00e9toile montante de sa g\u00e9n\u00e9ration. Connue pour son jeu de clarinette lyrique et \u00e9mouvant, Virginia a \u00e9t\u00e9 d\u00e9crite...","og_url":"https:\/\/www.upstairsjazz.com\/fr\/events\/virginia-macdonald-quartet-with-special-guest-ira-coleman\/","og_site_name":"Upstairs Jazz","article_publisher":"https:\/\/www.facebook.com\/upstairsjazz","article_modified_time":"2024-05-28T17:06:23+00:00","og_image":[{"width":500,"height":399,"url":"https:\/\/www.upstairsjazz.com\/wp-content\/uploads\/2023\/04\/virginia-todd.jpg","type":"image\/jpeg"}],"twitter_card":"summary_large_image","twitter_site":"@Upstairsjazz","twitter_misc":{"Dur\u00e9e de lecture estim\u00e9e":"1 minute"},"schema":{"@context":"https:\/\/schema.org","@graph":[{"@type":"WebPage","@id":"https:\/\/www.upstairsjazz.com\/fr\/events\/virginia-macdonald-quartet-with-special-guest-ira-coleman\/","url":"https:\/\/www.upstairsjazz.com\/fr\/events\/virginia-macdonald-quartet-with-special-guest-ira-coleman\/","name":"Virginia MacDonald\/Todd Marcus Quintet - Upstairs Jazz","isPartOf":{"@id":"https:\/\/www.upstairsjazz.com\/fr\/#website"},"primaryImageOfPage":{"@id":"https:\/\/www.upstairsjazz.com\/fr\/events\/virginia-macdonald-quartet-with-special-guest-ira-coleman\/#primaryimage"},"image":{"@id":"https:\/\/www.upstairsjazz.com\/fr\/events\/virginia-macdonald-quartet-with-special-guest-ira-coleman\/#primaryimage"},"thumbnailUrl":"https:\/\/www.upstairsjazz.com\/wp-content\/uploads\/2023\/04\/virginia-todd.jpg","datePublished":"2023-05-01T00:57:39+00:00","dateModified":"2024-05-28T17:06:23+00:00","breadcrumb":{"@id":"https:\/\/www.upstairsjazz.com\/fr\/events\/virginia-macdonald-quartet-with-special-guest-ira-coleman\/#breadcrumb"},"inLanguage":"fr-FR","potentialAction":[{"@type":"ReadAction","target":["https:\/\/www.upstairsjazz.com\/fr\/events\/virginia-macdonald-quartet-with-special-guest-ira-coleman\/"]}]},{"@type":"ImageObject","inLanguage":"fr-FR","@id":"https:\/\/www.upstairsjazz.com\/fr\/events\/virginia-macdonald-quartet-with-special-guest-ira-coleman\/#primaryimage","url":"https:\/\/www.upstairsjazz.com\/wp-content\/uploads\/2023\/04\/virginia-todd.jpg","contentUrl":"https:\/\/www.upstairsjazz.com\/wp-content\/uploads\/2023\/04\/virginia-todd.jpg","width":500,"height":399},{"@type":"BreadcrumbList","@id":"https:\/\/www.upstairsjazz.com\/fr\/events\/virginia-macdonald-quartet-with-special-guest-ira-coleman\/#breadcrumb","itemListElement":[{"@type":"ListItem","position":1,"name":"Home","item":"https:\/\/www.upstairsjazz.com\/fr\/accueil-fr-test\/"},{"@type":"ListItem","position":2,"name":"Events","item":"https:\/\/www.upstairsjazz.com\/events\/"},{"@type":"ListItem","position":3,"name":"Virginia MacDonald\/Todd Marcus Quintet"}]},{"@type":"WebSite","@id":"https:\/\/www.upstairsjazz.com\/fr\/#website","url":"https:\/\/www.upstairsjazz.com\/fr\/","name":"Upstairs Jazz Club","description":"Upstairs jazz club, Montreal Canada","publisher":{"@id":"https:\/\/www.upstairsjazz.com\/fr\/#organization"},"potentialAction":[{"@type":"SearchAction","target":{"@type":"EntryPoint","urlTemplate":"https:\/\/www.upstairsjazz.com\/fr\/?s={search_term_string}"},"query-input":{"@type":"PropertyValueSpecification","valueRequired":true,"valueName":"search_term_string"}}],"inLanguage":"fr-FR"},{"@type":"Organization","@id":"https:\/\/www.upstairsjazz.com\/fr\/#organization","name":"Upstairs Jazz Bar & Grill","url":"https:\/\/www.upstairsjazz.com\/fr\/","logo":{"@type":"ImageObject","inLanguage":"fr-FR","@id":"https:\/\/www.upstairsjazz.com\/fr\/#\/schema\/logo\/image\/","url":"https:\/\/www.upstairsjazz.com\/wp-content\/uploads\/2020\/07\/upstairs-jazz-burger-1.jpg","contentUrl":"https:\/\/www.upstairsjazz.com\/wp-content\/uploads\/2020\/07\/upstairs-jazz-burger-1.jpg","width":1490,"height":993,"caption":"Upstairs Jazz Bar & Grill"},"image":{"@id":"https:\/\/www.upstairsjazz.com\/fr\/#\/schema\/logo\/image\/"},"sameAs":["https:\/\/www.facebook.com\/upstairsjazz","https:\/\/x.com\/Upstairsjazz","https:\/\/www.instagram.com\/upstairsjazz"]}]}},"_links":{"self":[{"href":"https:\/\/www.upstairsjazz.com\/fr\/wp-json\/wp\/v2\/ajde_events\/3076","targetHints":{"allow":["GET"]}}],"collection":[{"href":"https:\/\/www.upstairsjazz.com\/fr\/wp-json\/wp\/v2\/ajde_events"}],"about":[{"href":"https:\/\/www.upstairsjazz.com\/fr\/wp-json\/wp\/v2\/types\/ajde_events"}],"author":[{"embeddable":true,"href":"https:\/\/www.upstairsjazz.com\/fr\/wp-json\/wp\/v2\/users\/3"}],"replies":[{"embeddable":true,"href":"https:\/\/www.upstairsjazz.com\/fr\/wp-json\/wp\/v2\/comments?post=3076"}],"wp:featuredmedia":[{"embeddable":true,"href":"https:\/\/www.upstairsjazz.com\/fr\/wp-json\/wp\/v2\/media\/5203"}],"wp:attachment":[{"href":"https:\/\/www.upstairsjazz.com\/fr\/wp-json\/wp\/v2\/media?parent=3076"}],"wp:term":[{"taxonomy":"post_tag","embeddable":true,"href":"https:\/\/www.upstairsjazz.com\/fr\/wp-json\/wp\/v2\/tags?post=3076"},{"taxonomy":"event_type","embeddable":true,"href":"https:\/\/www.upstairsjazz.com\/fr\/wp-json\/wp\/v2\/event_type?post=3076"},{"taxonomy":"event_type_2","embeddable":true,"href":"https:\/\/www.upstairsjazz.com\/fr\/wp-json\/wp\/v2\/event_type_2?post=3076"}],"curies":[{"name":"wp","href":"https:\/\/api.w.org\/{rel}","templated":true}]}}