{"id":3410,"date":"2022-05-10T13:34:03","date_gmt":"2022-05-10T13:34:03","guid":{"rendered":"https:\/\/www.upstairsjazz.com\/?post_type=ajde_events&#038;p=3410"},"modified":"2022-05-31T19:19:05","modified_gmt":"2022-05-31T19:19:05","slug":"festival-international-de-jazz-de-montreal-mike-rud-joel-frahm-quartet","status":"publish","type":"ajde_events","link":"https:\/\/www.upstairsjazz.com\/fr\/events\/festival-international-de-jazz-de-montreal-mike-rud-joel-frahm-quartet\/","title":{"rendered":"Festival International de Jazz de Montr\u00e9al: <br><br>Mike Rud &#038; Joel Frahm Quartet"},"content":{"rendered":"<p>Pendant plus de 30 ans, Joel Frahm a v\u00e9cu \u00e0 New York, travaillant dans des clubs de jazz, collaborant avec d&rsquo;autres musiciens et perfectionnant son art. Il vit maintenant \u00e0 Nashville, o\u00f9 il continue de jouer la musique qu&rsquo;il aime. Son son de t\u00e9nor audacieux et inventif a conquis des fans aux \u00c9tats-Unis et dans le monde entier. Il a travaill\u00e9 aux c\u00f4t\u00e9s de Betty Carter, Kenny Barron, Freddy Cole, Dianne Schuur, Kurt Elling, Jane Monheit, Bill Charlap, Brad Mehldau, Matt Wilson, Cyrille Aimee et de nombreux autres artistes de premier plan.<\/p>\n<p>Mike Rud, guitariste et auteur-compositeur-interpr\u00e8te laur\u00e9at d\u2019un prix Juno, est \u00e9galement professeur de musique au Selkirk College \u00e0 Nelson, en Colombie-Britannique. En tant qu\u2019instrumentiste, il a jou\u00e9 avec certains des plus grands musiciens de son \u00e9poque, tels Peter Bernstein, Kenny Wheeler, Herb Ellis, Joey DeFrancesco et Randy Brecker.<\/p>\n<p><strong>Musiciens:<\/strong><br \/>\nMike Rud: Guitare<br \/>\nJoel Frahm: Sax Tenor<br \/>\nPaul Johnston: Basse<br \/>\nGuillaume Pilote: Batterie<\/p>\n<p><span style=\"color: #dd3333;\"><strong><a style=\"color: #dd3333;\" href=\"https:\/\/youtu.be\/MvWd_M3hFnE\" target=\"_blank\" rel=\"noopener\">Youtube video: \u00ab\u00a0Small&rsquo;s Jazz Jam Session &#8211; With Joel Frahm\u00a0\u00bb<\/a><\/strong><\/span><\/p>\n<p><iframe loading=\"lazy\" title=\"Small&#039;s Jazz Jam Session - With Joel Frahm\" width=\"1080\" height=\"608\" src=\"https:\/\/www.youtube.com\/embed\/MvWd_M3hFnE?feature=oembed\" frameborder=\"0\" allow=\"accelerometer; autoplay; clipboard-write; encrypted-media; gyroscope; picture-in-picture\" allowfullscreen><\/iframe><\/p>\n","protected":false},"author":3,"featured_media":3409,"menu_order":0,"comment_status":"open","ping_status":"closed","template":"","meta":[],"tags":[],"event_type":[783],"event_type_2":[],"class_list":{"0":"post-3410","1":"ajde_events","2":"type-ajde_events","3":"status-publish","4":"has-post-thumbnail","6":"event_type-festival-de-jazz-de-montreal-2022"},"yoast_head":"<!-- This site is optimized with the Yoast SEO Premium plugin v20.8 (Yoast SEO v27.5) - https:\/\/yoast.com\/product\/yoast-seo-premium-wordpress\/ -->\n<title>Festival International de Jazz de Montr\u00e9al: Mike Rud &amp; Joel Frahm Quartet - Upstairs Jazz<\/title>\n<meta name=\"robots\" content=\"index, follow, max-snippet:-1, max-image-preview:large, max-video-preview:-1\" \/>\n<link rel=\"canonical\" href=\"https:\/\/www.upstairsjazz.com\/fr\/events\/festival-international-de-jazz-de-montreal-mike-rud-joel-frahm-quartet\/\" \/>\n<meta property=\"og:locale\" content=\"fr_FR\" \/>\n<meta property=\"og:type\" content=\"article\" \/>\n<meta property=\"og:title\" content=\"Festival International de Jazz de Montr\u00e9al: Mike Rud &amp; Joel Frahm Quartet\" \/>\n<meta property=\"og:description\" content=\"Pendant plus de 30 ans, Joel Frahm a v\u00e9cu \u00e0 New York, travaillant dans des clubs de jazz, collaborant avec d&rsquo;autres musiciens et perfectionnant son art. Il vit maintenant \u00e0...\" \/>\n<meta property=\"og:url\" content=\"https:\/\/www.upstairsjazz.com\/fr\/events\/festival-international-de-jazz-de-montreal-mike-rud-joel-frahm-quartet\/\" \/>\n<meta property=\"og:site_name\" content=\"Upstairs Jazz\" \/>\n<meta property=\"article:publisher\" content=\"https:\/\/www.facebook.com\/upstairsjazz\" \/>\n<meta property=\"article:modified_time\" content=\"2022-05-31T19:19:05+00:00\" \/>\n<meta property=\"og:image\" content=\"https:\/\/www.upstairsjazz.com\/wp-content\/uploads\/2022\/05\/20220630_joel-frahm.jpg\" \/>\n\t<meta property=\"og:image:width\" content=\"1160\" \/>\n\t<meta property=\"og:image:height\" content=\"1482\" \/>\n\t<meta property=\"og:image:type\" content=\"image\/jpeg\" \/>\n<meta name=\"twitter:card\" content=\"summary_large_image\" \/>\n<meta name=\"twitter:site\" content=\"@Upstairsjazz\" \/>\n<meta name=\"twitter:label1\" content=\"Dur\u00e9e de lecture estim\u00e9e\" \/>\n\t<meta name=\"twitter:data1\" content=\"1 minute\" \/>\n<script type=\"application\/ld+json\" class=\"yoast-schema-graph\">{\"@context\":\"https:\\\/\\\/schema.org\",\"@graph\":[{\"@type\":\"WebPage\",\"@id\":\"https:\\\/\\\/www.upstairsjazz.com\\\/fr\\\/events\\\/festival-international-de-jazz-de-montreal-mike-rud-joel-frahm-quartet\\\/\",\"url\":\"https:\\\/\\\/www.upstairsjazz.com\\\/fr\\\/events\\\/festival-international-de-jazz-de-montreal-mike-rud-joel-frahm-quartet\\\/\",\"name\":\"Festival International de Jazz de Montr\u00e9al: Mike Rud & Joel Frahm Quartet - Upstairs Jazz\",\"isPartOf\":{\"@id\":\"https:\\\/\\\/www.upstairsjazz.com\\\/fr\\\/#website\"},\"primaryImageOfPage\":{\"@id\":\"https:\\\/\\\/www.upstairsjazz.com\\\/fr\\\/events\\\/festival-international-de-jazz-de-montreal-mike-rud-joel-frahm-quartet\\\/#primaryimage\"},\"image\":{\"@id\":\"https:\\\/\\\/www.upstairsjazz.com\\\/fr\\\/events\\\/festival-international-de-jazz-de-montreal-mike-rud-joel-frahm-quartet\\\/#primaryimage\"},\"thumbnailUrl\":\"https:\\\/\\\/www.upstairsjazz.com\\\/wp-content\\\/uploads\\\/2022\\\/05\\\/20220630_joel-frahm.jpg\",\"datePublished\":\"2022-05-10T13:34:03+00:00\",\"dateModified\":\"2022-05-31T19:19:05+00:00\",\"breadcrumb\":{\"@id\":\"https:\\\/\\\/www.upstairsjazz.com\\\/fr\\\/events\\\/festival-international-de-jazz-de-montreal-mike-rud-joel-frahm-quartet\\\/#breadcrumb\"},\"inLanguage\":\"fr-FR\",\"potentialAction\":[{\"@type\":\"ReadAction\",\"target\":[\"https:\\\/\\\/www.upstairsjazz.com\\\/fr\\\/events\\\/festival-international-de-jazz-de-montreal-mike-rud-joel-frahm-quartet\\\/\"]}]},{\"@type\":\"ImageObject\",\"inLanguage\":\"fr-FR\",\"@id\":\"https:\\\/\\\/www.upstairsjazz.com\\\/fr\\\/events\\\/festival-international-de-jazz-de-montreal-mike-rud-joel-frahm-quartet\\\/#primaryimage\",\"url\":\"https:\\\/\\\/www.upstairsjazz.com\\\/wp-content\\\/uploads\\\/2022\\\/05\\\/20220630_joel-frahm.jpg\",\"contentUrl\":\"https:\\\/\\\/www.upstairsjazz.com\\\/wp-content\\\/uploads\\\/2022\\\/05\\\/20220630_joel-frahm.jpg\",\"width\":1160,\"height\":1482},{\"@type\":\"BreadcrumbList\",\"@id\":\"https:\\\/\\\/www.upstairsjazz.com\\\/fr\\\/events\\\/festival-international-de-jazz-de-montreal-mike-rud-joel-frahm-quartet\\\/#breadcrumb\",\"itemListElement\":[{\"@type\":\"ListItem\",\"position\":1,\"name\":\"Home\",\"item\":\"https:\\\/\\\/www.upstairsjazz.com\\\/fr\\\/accueil-fr-test\\\/\"},{\"@type\":\"ListItem\",\"position\":2,\"name\":\"Events\",\"item\":\"https:\\\/\\\/www.upstairsjazz.com\\\/events\\\/\"},{\"@type\":\"ListItem\",\"position\":3,\"name\":\"Festival International de Jazz de Montr\u00e9al: Mike Rud &#038; Joel Frahm Quartet\"}]},{\"@type\":\"WebSite\",\"@id\":\"https:\\\/\\\/www.upstairsjazz.com\\\/fr\\\/#website\",\"url\":\"https:\\\/\\\/www.upstairsjazz.com\\\/fr\\\/\",\"name\":\"Upstairs Jazz Club\",\"description\":\"Upstairs jazz club, Montreal Canada\",\"publisher\":{\"@id\":\"https:\\\/\\\/www.upstairsjazz.com\\\/fr\\\/#organization\"},\"potentialAction\":[{\"@type\":\"SearchAction\",\"target\":{\"@type\":\"EntryPoint\",\"urlTemplate\":\"https:\\\/\\\/www.upstairsjazz.com\\\/fr\\\/?s={search_term_string}\"},\"query-input\":{\"@type\":\"PropertyValueSpecification\",\"valueRequired\":true,\"valueName\":\"search_term_string\"}}],\"inLanguage\":\"fr-FR\"},{\"@type\":\"Organization\",\"@id\":\"https:\\\/\\\/www.upstairsjazz.com\\\/fr\\\/#organization\",\"name\":\"Upstairs Jazz Bar & Grill\",\"url\":\"https:\\\/\\\/www.upstairsjazz.com\\\/fr\\\/\",\"logo\":{\"@type\":\"ImageObject\",\"inLanguage\":\"fr-FR\",\"@id\":\"https:\\\/\\\/www.upstairsjazz.com\\\/fr\\\/#\\\/schema\\\/logo\\\/image\\\/\",\"url\":\"https:\\\/\\\/www.upstairsjazz.com\\\/wp-content\\\/uploads\\\/2020\\\/07\\\/upstairs-jazz-burger-1.jpg\",\"contentUrl\":\"https:\\\/\\\/www.upstairsjazz.com\\\/wp-content\\\/uploads\\\/2020\\\/07\\\/upstairs-jazz-burger-1.jpg\",\"width\":1490,\"height\":993,\"caption\":\"Upstairs Jazz Bar & Grill\"},\"image\":{\"@id\":\"https:\\\/\\\/www.upstairsjazz.com\\\/fr\\\/#\\\/schema\\\/logo\\\/image\\\/\"},\"sameAs\":[\"https:\\\/\\\/www.facebook.com\\\/upstairsjazz\",\"https:\\\/\\\/x.com\\\/Upstairsjazz\",\"https:\\\/\\\/www.instagram.com\\\/upstairsjazz\"]}]}<\/script>\n<!-- \/ Yoast SEO Premium plugin. -->","yoast_head_json":{"title":"Festival International de Jazz de Montr\u00e9al: Mike Rud & Joel Frahm Quartet - Upstairs Jazz","robots":{"index":"index","follow":"follow","max-snippet":"max-snippet:-1","max-image-preview":"max-image-preview:large","max-video-preview":"max-video-preview:-1"},"canonical":"https:\/\/www.upstairsjazz.com\/fr\/events\/festival-international-de-jazz-de-montreal-mike-rud-joel-frahm-quartet\/","og_locale":"fr_FR","og_type":"article","og_title":"Festival International de Jazz de Montr\u00e9al: Mike Rud & Joel Frahm Quartet","og_description":"Pendant plus de 30 ans, Joel Frahm a v\u00e9cu \u00e0 New York, travaillant dans des clubs de jazz, collaborant avec d&rsquo;autres musiciens et perfectionnant son art. Il vit maintenant \u00e0...","og_url":"https:\/\/www.upstairsjazz.com\/fr\/events\/festival-international-de-jazz-de-montreal-mike-rud-joel-frahm-quartet\/","og_site_name":"Upstairs Jazz","article_publisher":"https:\/\/www.facebook.com\/upstairsjazz","article_modified_time":"2022-05-31T19:19:05+00:00","og_image":[{"width":1160,"height":1482,"url":"https:\/\/www.upstairsjazz.com\/wp-content\/uploads\/2022\/05\/20220630_joel-frahm.jpg","type":"image\/jpeg"}],"twitter_card":"summary_large_image","twitter_site":"@Upstairsjazz","twitter_misc":{"Dur\u00e9e de lecture estim\u00e9e":"1 minute"},"schema":{"@context":"https:\/\/schema.org","@graph":[{"@type":"WebPage","@id":"https:\/\/www.upstairsjazz.com\/fr\/events\/festival-international-de-jazz-de-montreal-mike-rud-joel-frahm-quartet\/","url":"https:\/\/www.upstairsjazz.com\/fr\/events\/festival-international-de-jazz-de-montreal-mike-rud-joel-frahm-quartet\/","name":"Festival International de Jazz de Montr\u00e9al: Mike Rud & Joel Frahm Quartet - Upstairs Jazz","isPartOf":{"@id":"https:\/\/www.upstairsjazz.com\/fr\/#website"},"primaryImageOfPage":{"@id":"https:\/\/www.upstairsjazz.com\/fr\/events\/festival-international-de-jazz-de-montreal-mike-rud-joel-frahm-quartet\/#primaryimage"},"image":{"@id":"https:\/\/www.upstairsjazz.com\/fr\/events\/festival-international-de-jazz-de-montreal-mike-rud-joel-frahm-quartet\/#primaryimage"},"thumbnailUrl":"https:\/\/www.upstairsjazz.com\/wp-content\/uploads\/2022\/05\/20220630_joel-frahm.jpg","datePublished":"2022-05-10T13:34:03+00:00","dateModified":"2022-05-31T19:19:05+00:00","breadcrumb":{"@id":"https:\/\/www.upstairsjazz.com\/fr\/events\/festival-international-de-jazz-de-montreal-mike-rud-joel-frahm-quartet\/#breadcrumb"},"inLanguage":"fr-FR","potentialAction":[{"@type":"ReadAction","target":["https:\/\/www.upstairsjazz.com\/fr\/events\/festival-international-de-jazz-de-montreal-mike-rud-joel-frahm-quartet\/"]}]},{"@type":"ImageObject","inLanguage":"fr-FR","@id":"https:\/\/www.upstairsjazz.com\/fr\/events\/festival-international-de-jazz-de-montreal-mike-rud-joel-frahm-quartet\/#primaryimage","url":"https:\/\/www.upstairsjazz.com\/wp-content\/uploads\/2022\/05\/20220630_joel-frahm.jpg","contentUrl":"https:\/\/www.upstairsjazz.com\/wp-content\/uploads\/2022\/05\/20220630_joel-frahm.jpg","width":1160,"height":1482},{"@type":"BreadcrumbList","@id":"https:\/\/www.upstairsjazz.com\/fr\/events\/festival-international-de-jazz-de-montreal-mike-rud-joel-frahm-quartet\/#breadcrumb","itemListElement":[{"@type":"ListItem","position":1,"name":"Home","item":"https:\/\/www.upstairsjazz.com\/fr\/accueil-fr-test\/"},{"@type":"ListItem","position":2,"name":"Events","item":"https:\/\/www.upstairsjazz.com\/events\/"},{"@type":"ListItem","position":3,"name":"Festival International de Jazz de Montr\u00e9al: Mike Rud &#038; Joel Frahm Quartet"}]},{"@type":"WebSite","@id":"https:\/\/www.upstairsjazz.com\/fr\/#website","url":"https:\/\/www.upstairsjazz.com\/fr\/","name":"Upstairs Jazz Club","description":"Upstairs jazz club, Montreal Canada","publisher":{"@id":"https:\/\/www.upstairsjazz.com\/fr\/#organization"},"potentialAction":[{"@type":"SearchAction","target":{"@type":"EntryPoint","urlTemplate":"https:\/\/www.upstairsjazz.com\/fr\/?s={search_term_string}"},"query-input":{"@type":"PropertyValueSpecification","valueRequired":true,"valueName":"search_term_string"}}],"inLanguage":"fr-FR"},{"@type":"Organization","@id":"https:\/\/www.upstairsjazz.com\/fr\/#organization","name":"Upstairs Jazz Bar & Grill","url":"https:\/\/www.upstairsjazz.com\/fr\/","logo":{"@type":"ImageObject","inLanguage":"fr-FR","@id":"https:\/\/www.upstairsjazz.com\/fr\/#\/schema\/logo\/image\/","url":"https:\/\/www.upstairsjazz.com\/wp-content\/uploads\/2020\/07\/upstairs-jazz-burger-1.jpg","contentUrl":"https:\/\/www.upstairsjazz.com\/wp-content\/uploads\/2020\/07\/upstairs-jazz-burger-1.jpg","width":1490,"height":993,"caption":"Upstairs Jazz Bar & Grill"},"image":{"@id":"https:\/\/www.upstairsjazz.com\/fr\/#\/schema\/logo\/image\/"},"sameAs":["https:\/\/www.facebook.com\/upstairsjazz","https:\/\/x.com\/Upstairsjazz","https:\/\/www.instagram.com\/upstairsjazz"]}]}},"_links":{"self":[{"href":"https:\/\/www.upstairsjazz.com\/fr\/wp-json\/wp\/v2\/ajde_events\/3410","targetHints":{"allow":["GET"]}}],"collection":[{"href":"https:\/\/www.upstairsjazz.com\/fr\/wp-json\/wp\/v2\/ajde_events"}],"about":[{"href":"https:\/\/www.upstairsjazz.com\/fr\/wp-json\/wp\/v2\/types\/ajde_events"}],"author":[{"embeddable":true,"href":"https:\/\/www.upstairsjazz.com\/fr\/wp-json\/wp\/v2\/users\/3"}],"replies":[{"embeddable":true,"href":"https:\/\/www.upstairsjazz.com\/fr\/wp-json\/wp\/v2\/comments?post=3410"}],"wp:featuredmedia":[{"embeddable":true,"href":"https:\/\/www.upstairsjazz.com\/fr\/wp-json\/wp\/v2\/media\/3409"}],"wp:attachment":[{"href":"https:\/\/www.upstairsjazz.com\/fr\/wp-json\/wp\/v2\/media?parent=3410"}],"wp:term":[{"taxonomy":"post_tag","embeddable":true,"href":"https:\/\/www.upstairsjazz.com\/fr\/wp-json\/wp\/v2\/tags?post=3410"},{"taxonomy":"event_type","embeddable":true,"href":"https:\/\/www.upstairsjazz.com\/fr\/wp-json\/wp\/v2\/event_type?post=3410"},{"taxonomy":"event_type_2","embeddable":true,"href":"https:\/\/www.upstairsjazz.com\/fr\/wp-json\/wp\/v2\/event_type_2?post=3410"}],"curies":[{"name":"wp","href":"https:\/\/api.w.org\/{rel}","templated":true}]}}