{"id":3546,"date":"2022-06-21T19:10:44","date_gmt":"2022-06-21T19:10:44","guid":{"rendered":"https:\/\/www.upstairsjazz.com\/?post_type=ajde_events&#038;p=3546"},"modified":"2022-06-21T19:15:35","modified_gmt":"2022-06-21T19:15:35","slug":"jean-pierre-zanella-quartet-bresilien-hommage-a-villa-lobos-jobim","status":"publish","type":"ajde_events","link":"https:\/\/www.upstairsjazz.com\/fr\/events\/jean-pierre-zanella-quartet-bresilien-hommage-a-villa-lobos-jobim\/","title":{"rendered":"Jean-Pierre Zanella Quartet bresilien &#8211; hommage a Villa-Lobos &#038; Jobim"},"content":{"rendered":"<p>Saxophoniste, compositeur et arrangeur, Jean-Pierre Zanella est tr\u00e8s en demande sur la sc\u00e8ne musicale du Qu\u00e9bec. Il obtient sa ma\u00eetrise en jazz \u00e0 la Eastman School of Music de Rochester, NYen 1982. Il a pris part \u00e0 de nombreux \u00e9v\u00e9nements sur la sc\u00e8ne jazz au Canada et en Europe.<\/p>\n<p>Zanella a cr\u00e9\u00e9 des liens tr\u00e8s forts et a enregistr\u00e9 avec des artistes br\u00e9siliens tels que Marcos Valle, Altay Veloso, le groupe Boca Livre et le pianiste Marcos Ariel. Il a d\u2019ailleurs re\u00e7u Ordem do Rio Branco du gouvernement br\u00e9silien. Il a huit albums solo \u00e0 son actif dont trois gagnants d\u2019un prix Opus et a r\u00e9colt\u00e9 plusieurs nominations aux JUNOS et \u00e0 l\u2019ADISQ.<\/p>\n<p><strong>Musiciens<\/strong><br \/>\nJean-Pierre Zanella: sax<br \/>\nPierre Fran\u00e7ois: piano<br \/>\nRemi-Jean Leblanc: basse<br \/>\nMark Nelson: batterie <\/p>\n<p><span style=\"color: #dd3333;\"><strong><a style=\"color: #dd3333;\" href=\"https:\/\/youtu.be\/HMNws_436_w\" target=\"_blank\" rel=\"noopener\">Youtube video: \u00ab\u00a0Cravo e Canela\u00a0\u00bb<\/a><\/strong><\/span><\/p>\n<p><iframe loading=\"lazy\" title=\"Jean-Pierre Zanella Quartet - Cravo e Canela - Victor Studio Sessions - TVJazz.tv\" width=\"1080\" height=\"608\" src=\"https:\/\/www.youtube.com\/embed\/HMNws_436_w?feature=oembed\" frameborder=\"0\" allow=\"accelerometer; autoplay; clipboard-write; encrypted-media; gyroscope; picture-in-picture\" allowfullscreen><\/iframe><\/p>\n","protected":false},"author":3,"featured_media":3544,"menu_order":0,"comment_status":"open","ping_status":"closed","template":"","meta":[],"tags":[],"event_type":[],"event_type_2":[],"class_list":["post-3546","ajde_events","type-ajde_events","status-publish","has-post-thumbnail"],"yoast_head":"<!-- This site is optimized with the Yoast SEO Premium plugin v20.8 (Yoast SEO v27.5) - https:\/\/yoast.com\/product\/yoast-seo-premium-wordpress\/ -->\n<title>Jean-Pierre Zanella Quartet bresilien - hommage a Villa-Lobos &amp; Jobim - Upstairs Jazz<\/title>\n<meta name=\"robots\" content=\"index, follow, max-snippet:-1, max-image-preview:large, max-video-preview:-1\" \/>\n<link rel=\"canonical\" href=\"https:\/\/www.upstairsjazz.com\/fr\/events\/jean-pierre-zanella-quartet-bresilien-hommage-a-villa-lobos-jobim\/\" \/>\n<meta property=\"og:locale\" content=\"fr_FR\" \/>\n<meta property=\"og:type\" content=\"article\" \/>\n<meta property=\"og:title\" content=\"Jean-Pierre Zanella Quartet bresilien - hommage a Villa-Lobos &amp; Jobim\" \/>\n<meta property=\"og:description\" content=\"Saxophoniste, compositeur et arrangeur, Jean-Pierre Zanella est tr\u00e8s en demande sur la sc\u00e8ne musicale du Qu\u00e9bec. Il obtient sa ma\u00eetrise en jazz \u00e0 la Eastman School of Music de Rochester,...\" \/>\n<meta property=\"og:url\" content=\"https:\/\/www.upstairsjazz.com\/fr\/events\/jean-pierre-zanella-quartet-bresilien-hommage-a-villa-lobos-jobim\/\" \/>\n<meta property=\"og:site_name\" content=\"Upstairs Jazz\" \/>\n<meta property=\"article:publisher\" content=\"https:\/\/www.facebook.com\/upstairsjazz\" \/>\n<meta property=\"article:modified_time\" content=\"2022-06-21T19:15:35+00:00\" \/>\n<meta property=\"og:image\" content=\"https:\/\/www.upstairsjazz.com\/wp-content\/uploads\/2022\/06\/zanella.jpg\" \/>\n\t<meta property=\"og:image:width\" content=\"592\" \/>\n\t<meta property=\"og:image:height\" content=\"864\" \/>\n\t<meta property=\"og:image:type\" content=\"image\/jpeg\" \/>\n<meta name=\"twitter:card\" content=\"summary_large_image\" \/>\n<meta name=\"twitter:site\" content=\"@Upstairsjazz\" \/>\n<meta name=\"twitter:label1\" content=\"Dur\u00e9e de lecture estim\u00e9e\" \/>\n\t<meta name=\"twitter:data1\" content=\"1 minute\" \/>\n<script type=\"application\/ld+json\" class=\"yoast-schema-graph\">{\"@context\":\"https:\\\/\\\/schema.org\",\"@graph\":[{\"@type\":\"WebPage\",\"@id\":\"https:\\\/\\\/www.upstairsjazz.com\\\/fr\\\/events\\\/jean-pierre-zanella-quartet-bresilien-hommage-a-villa-lobos-jobim\\\/\",\"url\":\"https:\\\/\\\/www.upstairsjazz.com\\\/fr\\\/events\\\/jean-pierre-zanella-quartet-bresilien-hommage-a-villa-lobos-jobim\\\/\",\"name\":\"Jean-Pierre Zanella Quartet bresilien - hommage a Villa-Lobos & Jobim - Upstairs Jazz\",\"isPartOf\":{\"@id\":\"https:\\\/\\\/www.upstairsjazz.com\\\/fr\\\/#website\"},\"primaryImageOfPage\":{\"@id\":\"https:\\\/\\\/www.upstairsjazz.com\\\/fr\\\/events\\\/jean-pierre-zanella-quartet-bresilien-hommage-a-villa-lobos-jobim\\\/#primaryimage\"},\"image\":{\"@id\":\"https:\\\/\\\/www.upstairsjazz.com\\\/fr\\\/events\\\/jean-pierre-zanella-quartet-bresilien-hommage-a-villa-lobos-jobim\\\/#primaryimage\"},\"thumbnailUrl\":\"https:\\\/\\\/www.upstairsjazz.com\\\/wp-content\\\/uploads\\\/2022\\\/06\\\/zanella.jpg\",\"datePublished\":\"2022-06-21T19:10:44+00:00\",\"dateModified\":\"2022-06-21T19:15:35+00:00\",\"breadcrumb\":{\"@id\":\"https:\\\/\\\/www.upstairsjazz.com\\\/fr\\\/events\\\/jean-pierre-zanella-quartet-bresilien-hommage-a-villa-lobos-jobim\\\/#breadcrumb\"},\"inLanguage\":\"fr-FR\",\"potentialAction\":[{\"@type\":\"ReadAction\",\"target\":[\"https:\\\/\\\/www.upstairsjazz.com\\\/fr\\\/events\\\/jean-pierre-zanella-quartet-bresilien-hommage-a-villa-lobos-jobim\\\/\"]}]},{\"@type\":\"ImageObject\",\"inLanguage\":\"fr-FR\",\"@id\":\"https:\\\/\\\/www.upstairsjazz.com\\\/fr\\\/events\\\/jean-pierre-zanella-quartet-bresilien-hommage-a-villa-lobos-jobim\\\/#primaryimage\",\"url\":\"https:\\\/\\\/www.upstairsjazz.com\\\/wp-content\\\/uploads\\\/2022\\\/06\\\/zanella.jpg\",\"contentUrl\":\"https:\\\/\\\/www.upstairsjazz.com\\\/wp-content\\\/uploads\\\/2022\\\/06\\\/zanella.jpg\",\"width\":592,\"height\":864},{\"@type\":\"BreadcrumbList\",\"@id\":\"https:\\\/\\\/www.upstairsjazz.com\\\/fr\\\/events\\\/jean-pierre-zanella-quartet-bresilien-hommage-a-villa-lobos-jobim\\\/#breadcrumb\",\"itemListElement\":[{\"@type\":\"ListItem\",\"position\":1,\"name\":\"Home\",\"item\":\"https:\\\/\\\/www.upstairsjazz.com\\\/fr\\\/accueil-fr-test\\\/\"},{\"@type\":\"ListItem\",\"position\":2,\"name\":\"Events\",\"item\":\"https:\\\/\\\/www.upstairsjazz.com\\\/events\\\/\"},{\"@type\":\"ListItem\",\"position\":3,\"name\":\"Jean-Pierre Zanella Quartet bresilien &#8211; hommage a Villa-Lobos &#038; Jobim\"}]},{\"@type\":\"WebSite\",\"@id\":\"https:\\\/\\\/www.upstairsjazz.com\\\/fr\\\/#website\",\"url\":\"https:\\\/\\\/www.upstairsjazz.com\\\/fr\\\/\",\"name\":\"Upstairs Jazz Club\",\"description\":\"Upstairs jazz club, Montreal Canada\",\"publisher\":{\"@id\":\"https:\\\/\\\/www.upstairsjazz.com\\\/fr\\\/#organization\"},\"potentialAction\":[{\"@type\":\"SearchAction\",\"target\":{\"@type\":\"EntryPoint\",\"urlTemplate\":\"https:\\\/\\\/www.upstairsjazz.com\\\/fr\\\/?s={search_term_string}\"},\"query-input\":{\"@type\":\"PropertyValueSpecification\",\"valueRequired\":true,\"valueName\":\"search_term_string\"}}],\"inLanguage\":\"fr-FR\"},{\"@type\":\"Organization\",\"@id\":\"https:\\\/\\\/www.upstairsjazz.com\\\/fr\\\/#organization\",\"name\":\"Upstairs Jazz Bar & Grill\",\"url\":\"https:\\\/\\\/www.upstairsjazz.com\\\/fr\\\/\",\"logo\":{\"@type\":\"ImageObject\",\"inLanguage\":\"fr-FR\",\"@id\":\"https:\\\/\\\/www.upstairsjazz.com\\\/fr\\\/#\\\/schema\\\/logo\\\/image\\\/\",\"url\":\"https:\\\/\\\/www.upstairsjazz.com\\\/wp-content\\\/uploads\\\/2020\\\/07\\\/upstairs-jazz-burger-1.jpg\",\"contentUrl\":\"https:\\\/\\\/www.upstairsjazz.com\\\/wp-content\\\/uploads\\\/2020\\\/07\\\/upstairs-jazz-burger-1.jpg\",\"width\":1490,\"height\":993,\"caption\":\"Upstairs Jazz Bar & Grill\"},\"image\":{\"@id\":\"https:\\\/\\\/www.upstairsjazz.com\\\/fr\\\/#\\\/schema\\\/logo\\\/image\\\/\"},\"sameAs\":[\"https:\\\/\\\/www.facebook.com\\\/upstairsjazz\",\"https:\\\/\\\/x.com\\\/Upstairsjazz\",\"https:\\\/\\\/www.instagram.com\\\/upstairsjazz\"]}]}<\/script>\n<!-- \/ Yoast SEO Premium plugin. -->","yoast_head_json":{"title":"Jean-Pierre Zanella Quartet bresilien - hommage a Villa-Lobos & Jobim - Upstairs Jazz","robots":{"index":"index","follow":"follow","max-snippet":"max-snippet:-1","max-image-preview":"max-image-preview:large","max-video-preview":"max-video-preview:-1"},"canonical":"https:\/\/www.upstairsjazz.com\/fr\/events\/jean-pierre-zanella-quartet-bresilien-hommage-a-villa-lobos-jobim\/","og_locale":"fr_FR","og_type":"article","og_title":"Jean-Pierre Zanella Quartet bresilien - hommage a Villa-Lobos & Jobim","og_description":"Saxophoniste, compositeur et arrangeur, Jean-Pierre Zanella est tr\u00e8s en demande sur la sc\u00e8ne musicale du Qu\u00e9bec. Il obtient sa ma\u00eetrise en jazz \u00e0 la Eastman School of Music de Rochester,...","og_url":"https:\/\/www.upstairsjazz.com\/fr\/events\/jean-pierre-zanella-quartet-bresilien-hommage-a-villa-lobos-jobim\/","og_site_name":"Upstairs Jazz","article_publisher":"https:\/\/www.facebook.com\/upstairsjazz","article_modified_time":"2022-06-21T19:15:35+00:00","og_image":[{"width":592,"height":864,"url":"https:\/\/www.upstairsjazz.com\/wp-content\/uploads\/2022\/06\/zanella.jpg","type":"image\/jpeg"}],"twitter_card":"summary_large_image","twitter_site":"@Upstairsjazz","twitter_misc":{"Dur\u00e9e de lecture estim\u00e9e":"1 minute"},"schema":{"@context":"https:\/\/schema.org","@graph":[{"@type":"WebPage","@id":"https:\/\/www.upstairsjazz.com\/fr\/events\/jean-pierre-zanella-quartet-bresilien-hommage-a-villa-lobos-jobim\/","url":"https:\/\/www.upstairsjazz.com\/fr\/events\/jean-pierre-zanella-quartet-bresilien-hommage-a-villa-lobos-jobim\/","name":"Jean-Pierre Zanella Quartet bresilien - hommage a Villa-Lobos & Jobim - Upstairs Jazz","isPartOf":{"@id":"https:\/\/www.upstairsjazz.com\/fr\/#website"},"primaryImageOfPage":{"@id":"https:\/\/www.upstairsjazz.com\/fr\/events\/jean-pierre-zanella-quartet-bresilien-hommage-a-villa-lobos-jobim\/#primaryimage"},"image":{"@id":"https:\/\/www.upstairsjazz.com\/fr\/events\/jean-pierre-zanella-quartet-bresilien-hommage-a-villa-lobos-jobim\/#primaryimage"},"thumbnailUrl":"https:\/\/www.upstairsjazz.com\/wp-content\/uploads\/2022\/06\/zanella.jpg","datePublished":"2022-06-21T19:10:44+00:00","dateModified":"2022-06-21T19:15:35+00:00","breadcrumb":{"@id":"https:\/\/www.upstairsjazz.com\/fr\/events\/jean-pierre-zanella-quartet-bresilien-hommage-a-villa-lobos-jobim\/#breadcrumb"},"inLanguage":"fr-FR","potentialAction":[{"@type":"ReadAction","target":["https:\/\/www.upstairsjazz.com\/fr\/events\/jean-pierre-zanella-quartet-bresilien-hommage-a-villa-lobos-jobim\/"]}]},{"@type":"ImageObject","inLanguage":"fr-FR","@id":"https:\/\/www.upstairsjazz.com\/fr\/events\/jean-pierre-zanella-quartet-bresilien-hommage-a-villa-lobos-jobim\/#primaryimage","url":"https:\/\/www.upstairsjazz.com\/wp-content\/uploads\/2022\/06\/zanella.jpg","contentUrl":"https:\/\/www.upstairsjazz.com\/wp-content\/uploads\/2022\/06\/zanella.jpg","width":592,"height":864},{"@type":"BreadcrumbList","@id":"https:\/\/www.upstairsjazz.com\/fr\/events\/jean-pierre-zanella-quartet-bresilien-hommage-a-villa-lobos-jobim\/#breadcrumb","itemListElement":[{"@type":"ListItem","position":1,"name":"Home","item":"https:\/\/www.upstairsjazz.com\/fr\/accueil-fr-test\/"},{"@type":"ListItem","position":2,"name":"Events","item":"https:\/\/www.upstairsjazz.com\/events\/"},{"@type":"ListItem","position":3,"name":"Jean-Pierre Zanella Quartet bresilien &#8211; hommage a Villa-Lobos &#038; Jobim"}]},{"@type":"WebSite","@id":"https:\/\/www.upstairsjazz.com\/fr\/#website","url":"https:\/\/www.upstairsjazz.com\/fr\/","name":"Upstairs Jazz Club","description":"Upstairs jazz club, Montreal Canada","publisher":{"@id":"https:\/\/www.upstairsjazz.com\/fr\/#organization"},"potentialAction":[{"@type":"SearchAction","target":{"@type":"EntryPoint","urlTemplate":"https:\/\/www.upstairsjazz.com\/fr\/?s={search_term_string}"},"query-input":{"@type":"PropertyValueSpecification","valueRequired":true,"valueName":"search_term_string"}}],"inLanguage":"fr-FR"},{"@type":"Organization","@id":"https:\/\/www.upstairsjazz.com\/fr\/#organization","name":"Upstairs Jazz Bar & Grill","url":"https:\/\/www.upstairsjazz.com\/fr\/","logo":{"@type":"ImageObject","inLanguage":"fr-FR","@id":"https:\/\/www.upstairsjazz.com\/fr\/#\/schema\/logo\/image\/","url":"https:\/\/www.upstairsjazz.com\/wp-content\/uploads\/2020\/07\/upstairs-jazz-burger-1.jpg","contentUrl":"https:\/\/www.upstairsjazz.com\/wp-content\/uploads\/2020\/07\/upstairs-jazz-burger-1.jpg","width":1490,"height":993,"caption":"Upstairs Jazz Bar & Grill"},"image":{"@id":"https:\/\/www.upstairsjazz.com\/fr\/#\/schema\/logo\/image\/"},"sameAs":["https:\/\/www.facebook.com\/upstairsjazz","https:\/\/x.com\/Upstairsjazz","https:\/\/www.instagram.com\/upstairsjazz"]}]}},"_links":{"self":[{"href":"https:\/\/www.upstairsjazz.com\/fr\/wp-json\/wp\/v2\/ajde_events\/3546","targetHints":{"allow":["GET"]}}],"collection":[{"href":"https:\/\/www.upstairsjazz.com\/fr\/wp-json\/wp\/v2\/ajde_events"}],"about":[{"href":"https:\/\/www.upstairsjazz.com\/fr\/wp-json\/wp\/v2\/types\/ajde_events"}],"author":[{"embeddable":true,"href":"https:\/\/www.upstairsjazz.com\/fr\/wp-json\/wp\/v2\/users\/3"}],"replies":[{"embeddable":true,"href":"https:\/\/www.upstairsjazz.com\/fr\/wp-json\/wp\/v2\/comments?post=3546"}],"wp:featuredmedia":[{"embeddable":true,"href":"https:\/\/www.upstairsjazz.com\/fr\/wp-json\/wp\/v2\/media\/3544"}],"wp:attachment":[{"href":"https:\/\/www.upstairsjazz.com\/fr\/wp-json\/wp\/v2\/media?parent=3546"}],"wp:term":[{"taxonomy":"post_tag","embeddable":true,"href":"https:\/\/www.upstairsjazz.com\/fr\/wp-json\/wp\/v2\/tags?post=3546"},{"taxonomy":"event_type","embeddable":true,"href":"https:\/\/www.upstairsjazz.com\/fr\/wp-json\/wp\/v2\/event_type?post=3546"},{"taxonomy":"event_type_2","embeddable":true,"href":"https:\/\/www.upstairsjazz.com\/fr\/wp-json\/wp\/v2\/event_type_2?post=3546"}],"curies":[{"name":"wp","href":"https:\/\/api.w.org\/{rel}","templated":true}]}}