{"id":3762,"date":"2022-08-30T17:39:43","date_gmt":"2022-08-30T17:39:43","guid":{"rendered":"https:\/\/www.upstairsjazz.com\/?post_type=ajde_events&#038;p=3762"},"modified":"2022-11-15T20:16:28","modified_gmt":"2022-11-15T20:16:28","slug":"mathieu-soucylancement-dalbum-recollecting","status":"publish","type":"ajde_events","link":"https:\/\/www.upstairsjazz.com\/fr\/events\/mathieu-soucylancement-dalbum-recollecting\/","title":{"rendered":"Mathieu Soucy Quartet<br>Lancement d&rsquo;Album: Recollecting"},"content":{"rendered":"<p>Mathieu Soucy (il) est \u00ab\u00a0un jeune guitariste excitant\u00a0\u00bb (Laila Biali, Saturday Night Jazz) et compositeur montr\u00e9alais. Son premier album, \u00ab\u00a0Recollecting\u00a0\u00bb (Inner-Bop Records), met en vedette des voix prometteuses du paysage jazz canadien et sera disponible le 30 septembre prochain. La r\u00e9cipiendaire du prix JUNO pour le meilleur album de jazz vocal de l&rsquo;ann\u00e9e (Canada), Caity Gyorgy, a collabor\u00e9 sur deux titres de l&rsquo;album en tant qu&rsquo;interpr\u00e8te et paroli\u00e8re. <\/p>\n<p>L&rsquo;album s&rsquo;inscrit dans la lign\u00e9e du courant hard-bop et des illustres guitaristes qui l&rsquo;ont fa\u00e7onn\u00e9, notamment Barney Kessel et son trio aux c\u00f4t\u00e9s de Ray Brown et Shelly Manne, mais rend le tout dans une esth\u00e9tique color\u00e9e par les voix contemporaines n\u00e9o-bop, parmi lesquelles Mark Turner s&rsquo;\u00e9l\u00e8ve comme un des esprits phares. Mathieu a eu la chance d&rsquo;\u00e9tudier avec quelques guitaristes modernes de renom, dont Peter Bernstein et Alex Goodman. <\/p>\n<p><strong>Musiciens:<\/strong><br \/>\nGentiane MG: piano<br \/>\nMike De Masi: basse<br \/>\nJacob Wutzke: batterie<br \/>\nMathieu Soucy: guitare<\/p>\n<p><span style=\"color: #dd3333;\"><strong><a style=\"color: #dd3333;\" href=\"https:\/\/youtu.be\/gQ8kPz6-hTs\" target=\"_blank\" rel=\"noopener\">Youtube video: \u00ab\u00a0Turner Days\u00a0\u00bb<\/a><\/strong><\/span><\/p>\n<p><iframe loading=\"lazy\" title=\"Turner Days\" width=\"1080\" height=\"810\" src=\"https:\/\/www.youtube.com\/embed\/gQ8kPz6-hTs?feature=oembed\" frameborder=\"0\" allow=\"accelerometer; autoplay; clipboard-write; encrypted-media; gyroscope; picture-in-picture\" allowfullscreen><\/iframe><\/p>\n","protected":false},"author":3,"featured_media":3761,"menu_order":0,"comment_status":"open","ping_status":"closed","template":"","meta":[],"tags":[],"event_type":[],"event_type_2":[],"class_list":["post-3762","ajde_events","type-ajde_events","status-publish","has-post-thumbnail"],"yoast_head":"<!-- This site is optimized with the Yoast SEO Premium plugin v20.8 (Yoast SEO v27.5) - https:\/\/yoast.com\/product\/yoast-seo-premium-wordpress\/ -->\n<title>Mathieu Soucy QuartetLancement d&#039;Album: Recollecting - Upstairs Jazz<\/title>\n<meta name=\"robots\" content=\"index, follow, max-snippet:-1, max-image-preview:large, max-video-preview:-1\" \/>\n<link rel=\"canonical\" href=\"https:\/\/www.upstairsjazz.com\/fr\/events\/mathieu-soucylancement-dalbum-recollecting\/\" \/>\n<meta property=\"og:locale\" content=\"fr_FR\" \/>\n<meta property=\"og:type\" content=\"article\" \/>\n<meta property=\"og:title\" content=\"Mathieu Soucy QuartetLancement d&#039;Album: Recollecting\" \/>\n<meta property=\"og:description\" content=\"Mathieu Soucy (il) est \u00ab\u00a0un jeune guitariste excitant\u00a0\u00bb (Laila Biali, Saturday Night Jazz) et compositeur montr\u00e9alais. Son premier album, \u00ab\u00a0Recollecting\u00a0\u00bb (Inner-Bop Records), met en vedette des voix prometteuses du paysage...\" \/>\n<meta property=\"og:url\" content=\"https:\/\/www.upstairsjazz.com\/fr\/events\/mathieu-soucylancement-dalbum-recollecting\/\" \/>\n<meta property=\"og:site_name\" content=\"Upstairs Jazz\" \/>\n<meta property=\"article:publisher\" content=\"https:\/\/www.facebook.com\/upstairsjazz\" \/>\n<meta property=\"article:modified_time\" content=\"2022-11-15T20:16:28+00:00\" \/>\n<meta property=\"og:image\" content=\"https:\/\/www.upstairsjazz.com\/wp-content\/uploads\/2022\/08\/mathieu-soucy.jpg\" \/>\n\t<meta property=\"og:image:width\" content=\"376\" \/>\n\t<meta property=\"og:image:height\" content=\"497\" \/>\n\t<meta property=\"og:image:type\" content=\"image\/jpeg\" \/>\n<meta name=\"twitter:card\" content=\"summary_large_image\" \/>\n<meta name=\"twitter:site\" content=\"@Upstairsjazz\" \/>\n<meta name=\"twitter:label1\" content=\"Dur\u00e9e de lecture estim\u00e9e\" \/>\n\t<meta name=\"twitter:data1\" content=\"1 minute\" \/>\n<script type=\"application\/ld+json\" class=\"yoast-schema-graph\">{\"@context\":\"https:\\\/\\\/schema.org\",\"@graph\":[{\"@type\":\"WebPage\",\"@id\":\"https:\\\/\\\/www.upstairsjazz.com\\\/fr\\\/events\\\/mathieu-soucylancement-dalbum-recollecting\\\/\",\"url\":\"https:\\\/\\\/www.upstairsjazz.com\\\/fr\\\/events\\\/mathieu-soucylancement-dalbum-recollecting\\\/\",\"name\":\"Mathieu Soucy Quartet Lancement d'Album: Recollecting - Upstairs Jazz\",\"isPartOf\":{\"@id\":\"https:\\\/\\\/www.upstairsjazz.com\\\/fr\\\/#website\"},\"primaryImageOfPage\":{\"@id\":\"https:\\\/\\\/www.upstairsjazz.com\\\/fr\\\/events\\\/mathieu-soucylancement-dalbum-recollecting\\\/#primaryimage\"},\"image\":{\"@id\":\"https:\\\/\\\/www.upstairsjazz.com\\\/fr\\\/events\\\/mathieu-soucylancement-dalbum-recollecting\\\/#primaryimage\"},\"thumbnailUrl\":\"https:\\\/\\\/www.upstairsjazz.com\\\/wp-content\\\/uploads\\\/2022\\\/08\\\/mathieu-soucy.jpg\",\"datePublished\":\"2022-08-30T17:39:43+00:00\",\"dateModified\":\"2022-11-15T20:16:28+00:00\",\"breadcrumb\":{\"@id\":\"https:\\\/\\\/www.upstairsjazz.com\\\/fr\\\/events\\\/mathieu-soucylancement-dalbum-recollecting\\\/#breadcrumb\"},\"inLanguage\":\"fr-FR\",\"potentialAction\":[{\"@type\":\"ReadAction\",\"target\":[\"https:\\\/\\\/www.upstairsjazz.com\\\/fr\\\/events\\\/mathieu-soucylancement-dalbum-recollecting\\\/\"]}]},{\"@type\":\"ImageObject\",\"inLanguage\":\"fr-FR\",\"@id\":\"https:\\\/\\\/www.upstairsjazz.com\\\/fr\\\/events\\\/mathieu-soucylancement-dalbum-recollecting\\\/#primaryimage\",\"url\":\"https:\\\/\\\/www.upstairsjazz.com\\\/wp-content\\\/uploads\\\/2022\\\/08\\\/mathieu-soucy.jpg\",\"contentUrl\":\"https:\\\/\\\/www.upstairsjazz.com\\\/wp-content\\\/uploads\\\/2022\\\/08\\\/mathieu-soucy.jpg\",\"width\":376,\"height\":497},{\"@type\":\"BreadcrumbList\",\"@id\":\"https:\\\/\\\/www.upstairsjazz.com\\\/fr\\\/events\\\/mathieu-soucylancement-dalbum-recollecting\\\/#breadcrumb\",\"itemListElement\":[{\"@type\":\"ListItem\",\"position\":1,\"name\":\"Home\",\"item\":\"https:\\\/\\\/www.upstairsjazz.com\\\/fr\\\/accueil-fr-test\\\/\"},{\"@type\":\"ListItem\",\"position\":2,\"name\":\"Events\",\"item\":\"https:\\\/\\\/www.upstairsjazz.com\\\/events\\\/\"},{\"@type\":\"ListItem\",\"position\":3,\"name\":\"Mathieu Soucy QuartetLancement d&#8217;Album: Recollecting\"}]},{\"@type\":\"WebSite\",\"@id\":\"https:\\\/\\\/www.upstairsjazz.com\\\/fr\\\/#website\",\"url\":\"https:\\\/\\\/www.upstairsjazz.com\\\/fr\\\/\",\"name\":\"Upstairs Jazz Club\",\"description\":\"Upstairs jazz club, Montreal Canada\",\"publisher\":{\"@id\":\"https:\\\/\\\/www.upstairsjazz.com\\\/fr\\\/#organization\"},\"potentialAction\":[{\"@type\":\"SearchAction\",\"target\":{\"@type\":\"EntryPoint\",\"urlTemplate\":\"https:\\\/\\\/www.upstairsjazz.com\\\/fr\\\/?s={search_term_string}\"},\"query-input\":{\"@type\":\"PropertyValueSpecification\",\"valueRequired\":true,\"valueName\":\"search_term_string\"}}],\"inLanguage\":\"fr-FR\"},{\"@type\":\"Organization\",\"@id\":\"https:\\\/\\\/www.upstairsjazz.com\\\/fr\\\/#organization\",\"name\":\"Upstairs Jazz Bar & Grill\",\"url\":\"https:\\\/\\\/www.upstairsjazz.com\\\/fr\\\/\",\"logo\":{\"@type\":\"ImageObject\",\"inLanguage\":\"fr-FR\",\"@id\":\"https:\\\/\\\/www.upstairsjazz.com\\\/fr\\\/#\\\/schema\\\/logo\\\/image\\\/\",\"url\":\"https:\\\/\\\/www.upstairsjazz.com\\\/wp-content\\\/uploads\\\/2020\\\/07\\\/upstairs-jazz-burger-1.jpg\",\"contentUrl\":\"https:\\\/\\\/www.upstairsjazz.com\\\/wp-content\\\/uploads\\\/2020\\\/07\\\/upstairs-jazz-burger-1.jpg\",\"width\":1490,\"height\":993,\"caption\":\"Upstairs Jazz Bar & Grill\"},\"image\":{\"@id\":\"https:\\\/\\\/www.upstairsjazz.com\\\/fr\\\/#\\\/schema\\\/logo\\\/image\\\/\"},\"sameAs\":[\"https:\\\/\\\/www.facebook.com\\\/upstairsjazz\",\"https:\\\/\\\/x.com\\\/Upstairsjazz\",\"https:\\\/\\\/www.instagram.com\\\/upstairsjazz\"]}]}<\/script>\n<!-- \/ Yoast SEO Premium plugin. -->","yoast_head_json":{"title":"Mathieu Soucy QuartetLancement d'Album: Recollecting - Upstairs Jazz","robots":{"index":"index","follow":"follow","max-snippet":"max-snippet:-1","max-image-preview":"max-image-preview:large","max-video-preview":"max-video-preview:-1"},"canonical":"https:\/\/www.upstairsjazz.com\/fr\/events\/mathieu-soucylancement-dalbum-recollecting\/","og_locale":"fr_FR","og_type":"article","og_title":"Mathieu Soucy QuartetLancement d'Album: Recollecting","og_description":"Mathieu Soucy (il) est \u00ab\u00a0un jeune guitariste excitant\u00a0\u00bb (Laila Biali, Saturday Night Jazz) et compositeur montr\u00e9alais. Son premier album, \u00ab\u00a0Recollecting\u00a0\u00bb (Inner-Bop Records), met en vedette des voix prometteuses du paysage...","og_url":"https:\/\/www.upstairsjazz.com\/fr\/events\/mathieu-soucylancement-dalbum-recollecting\/","og_site_name":"Upstairs Jazz","article_publisher":"https:\/\/www.facebook.com\/upstairsjazz","article_modified_time":"2022-11-15T20:16:28+00:00","og_image":[{"width":376,"height":497,"url":"https:\/\/www.upstairsjazz.com\/wp-content\/uploads\/2022\/08\/mathieu-soucy.jpg","type":"image\/jpeg"}],"twitter_card":"summary_large_image","twitter_site":"@Upstairsjazz","twitter_misc":{"Dur\u00e9e de lecture estim\u00e9e":"1 minute"},"schema":{"@context":"https:\/\/schema.org","@graph":[{"@type":"WebPage","@id":"https:\/\/www.upstairsjazz.com\/fr\/events\/mathieu-soucylancement-dalbum-recollecting\/","url":"https:\/\/www.upstairsjazz.com\/fr\/events\/mathieu-soucylancement-dalbum-recollecting\/","name":"Mathieu Soucy Quartet Lancement d'Album: Recollecting - Upstairs Jazz","isPartOf":{"@id":"https:\/\/www.upstairsjazz.com\/fr\/#website"},"primaryImageOfPage":{"@id":"https:\/\/www.upstairsjazz.com\/fr\/events\/mathieu-soucylancement-dalbum-recollecting\/#primaryimage"},"image":{"@id":"https:\/\/www.upstairsjazz.com\/fr\/events\/mathieu-soucylancement-dalbum-recollecting\/#primaryimage"},"thumbnailUrl":"https:\/\/www.upstairsjazz.com\/wp-content\/uploads\/2022\/08\/mathieu-soucy.jpg","datePublished":"2022-08-30T17:39:43+00:00","dateModified":"2022-11-15T20:16:28+00:00","breadcrumb":{"@id":"https:\/\/www.upstairsjazz.com\/fr\/events\/mathieu-soucylancement-dalbum-recollecting\/#breadcrumb"},"inLanguage":"fr-FR","potentialAction":[{"@type":"ReadAction","target":["https:\/\/www.upstairsjazz.com\/fr\/events\/mathieu-soucylancement-dalbum-recollecting\/"]}]},{"@type":"ImageObject","inLanguage":"fr-FR","@id":"https:\/\/www.upstairsjazz.com\/fr\/events\/mathieu-soucylancement-dalbum-recollecting\/#primaryimage","url":"https:\/\/www.upstairsjazz.com\/wp-content\/uploads\/2022\/08\/mathieu-soucy.jpg","contentUrl":"https:\/\/www.upstairsjazz.com\/wp-content\/uploads\/2022\/08\/mathieu-soucy.jpg","width":376,"height":497},{"@type":"BreadcrumbList","@id":"https:\/\/www.upstairsjazz.com\/fr\/events\/mathieu-soucylancement-dalbum-recollecting\/#breadcrumb","itemListElement":[{"@type":"ListItem","position":1,"name":"Home","item":"https:\/\/www.upstairsjazz.com\/fr\/accueil-fr-test\/"},{"@type":"ListItem","position":2,"name":"Events","item":"https:\/\/www.upstairsjazz.com\/events\/"},{"@type":"ListItem","position":3,"name":"Mathieu Soucy QuartetLancement d&#8217;Album: Recollecting"}]},{"@type":"WebSite","@id":"https:\/\/www.upstairsjazz.com\/fr\/#website","url":"https:\/\/www.upstairsjazz.com\/fr\/","name":"Upstairs Jazz Club","description":"Upstairs jazz club, Montreal Canada","publisher":{"@id":"https:\/\/www.upstairsjazz.com\/fr\/#organization"},"potentialAction":[{"@type":"SearchAction","target":{"@type":"EntryPoint","urlTemplate":"https:\/\/www.upstairsjazz.com\/fr\/?s={search_term_string}"},"query-input":{"@type":"PropertyValueSpecification","valueRequired":true,"valueName":"search_term_string"}}],"inLanguage":"fr-FR"},{"@type":"Organization","@id":"https:\/\/www.upstairsjazz.com\/fr\/#organization","name":"Upstairs Jazz Bar & Grill","url":"https:\/\/www.upstairsjazz.com\/fr\/","logo":{"@type":"ImageObject","inLanguage":"fr-FR","@id":"https:\/\/www.upstairsjazz.com\/fr\/#\/schema\/logo\/image\/","url":"https:\/\/www.upstairsjazz.com\/wp-content\/uploads\/2020\/07\/upstairs-jazz-burger-1.jpg","contentUrl":"https:\/\/www.upstairsjazz.com\/wp-content\/uploads\/2020\/07\/upstairs-jazz-burger-1.jpg","width":1490,"height":993,"caption":"Upstairs Jazz Bar & Grill"},"image":{"@id":"https:\/\/www.upstairsjazz.com\/fr\/#\/schema\/logo\/image\/"},"sameAs":["https:\/\/www.facebook.com\/upstairsjazz","https:\/\/x.com\/Upstairsjazz","https:\/\/www.instagram.com\/upstairsjazz"]}]}},"_links":{"self":[{"href":"https:\/\/www.upstairsjazz.com\/fr\/wp-json\/wp\/v2\/ajde_events\/3762","targetHints":{"allow":["GET"]}}],"collection":[{"href":"https:\/\/www.upstairsjazz.com\/fr\/wp-json\/wp\/v2\/ajde_events"}],"about":[{"href":"https:\/\/www.upstairsjazz.com\/fr\/wp-json\/wp\/v2\/types\/ajde_events"}],"author":[{"embeddable":true,"href":"https:\/\/www.upstairsjazz.com\/fr\/wp-json\/wp\/v2\/users\/3"}],"replies":[{"embeddable":true,"href":"https:\/\/www.upstairsjazz.com\/fr\/wp-json\/wp\/v2\/comments?post=3762"}],"wp:featuredmedia":[{"embeddable":true,"href":"https:\/\/www.upstairsjazz.com\/fr\/wp-json\/wp\/v2\/media\/3761"}],"wp:attachment":[{"href":"https:\/\/www.upstairsjazz.com\/fr\/wp-json\/wp\/v2\/media?parent=3762"}],"wp:term":[{"taxonomy":"post_tag","embeddable":true,"href":"https:\/\/www.upstairsjazz.com\/fr\/wp-json\/wp\/v2\/tags?post=3762"},{"taxonomy":"event_type","embeddable":true,"href":"https:\/\/www.upstairsjazz.com\/fr\/wp-json\/wp\/v2\/event_type?post=3762"},{"taxonomy":"event_type_2","embeddable":true,"href":"https:\/\/www.upstairsjazz.com\/fr\/wp-json\/wp\/v2\/event_type_2?post=3762"}],"curies":[{"name":"wp","href":"https:\/\/api.w.org\/{rel}","templated":true}]}}