{"id":3852,"date":"2023-07-20T22:34:26","date_gmt":"2023-07-21T03:34:26","guid":{"rendered":"https:\/\/www.upstairsjazz.com\/?post_type=ajde_events&#038;p=3852"},"modified":"2023-07-25T09:19:59","modified_gmt":"2023-07-25T14:19:59","slug":"upstairs-jam-session-avec-jim-doxas-et-invite-special-9","status":"publish","type":"ajde_events","link":"https:\/\/www.upstairsjazz.com\/fr\/events\/upstairs-jam-session-avec-jim-doxas-et-invite-special-9\/","title":{"rendered":"Upstairs Jam Session avec Sam Kirmayer, Valerie Lacombe &#038; Mike de Masi"},"content":{"rendered":"<p>Sam Kirmayer, guitariste et compositeur, est un musicien poss\u00e9dant \u00abune intr\u00e9pidit\u00e9 de jeu et un \u00e9lan artistique qui laissent entrevoir un avenir des plus prometteurs.\u00bb \u2014 Katie Malloch (CBC Jazz Beat &#038; Tonic). \u00abL\u2019une des \u00e9toiles montantes de la guitare dans le jazz canadien\u00bb selon ici Musique, il figurait aussi sur la liste CBC Music des \u00ab35 meilleurs musiciens canadiens de 35 ans et moins.\u00bb Sam a perform\u00e9 avec des musiciens parmi les meilleurs au Canada, incluant Andr\u00e9 White, Mike Rud et Kevin Dean. Ce dernier a d\u2019ailleurs fait l\u2019\u00e9loge du jeu de Sam pour son \u00abexcellence, honn\u00eatet\u00e9 et sa puissance \u00e9motionnel.\u00bb<\/p>\n<p><span style=\"color: #dd3333;\"><strong><a style=\"color: #dd3333;\" href=\"https:\/\/vimeo.com\/106933053\" target=\"_blank\" rel=\"noopener\">Video: \u00ab\u00a0Upstairs Jam Session hosted by Jim Doxas\u00a0\u00bb<\/a><\/strong><\/span><\/p>\n<p><iframe loading=\"lazy\" title=\"Upstairs Jam Session @UpstairsJazz\" src=\"https:\/\/player.vimeo.com\/video\/106933053?dnt=1&amp;app_id=122963\" width=\"1080\" height=\"608\" frameborder=\"0\" allow=\"autoplay; fullscreen; picture-in-picture\" allowfullscreen><\/iframe><\/p>\n","protected":false},"author":3,"featured_media":3239,"menu_order":0,"comment_status":"open","ping_status":"closed","template":"","meta":[],"tags":[],"event_type":[],"event_type_2":[],"class_list":["post-3852","ajde_events","type-ajde_events","status-publish","has-post-thumbnail"],"yoast_head":"<!-- This site is optimized with the Yoast SEO Premium plugin v20.8 (Yoast SEO v27.5) - https:\/\/yoast.com\/product\/yoast-seo-premium-wordpress\/ -->\n<title>Upstairs Jam Session avec Sam Kirmayer, Valerie Lacombe &amp; Mike de Masi - Upstairs Jazz<\/title>\n<meta name=\"robots\" content=\"index, follow, max-snippet:-1, max-image-preview:large, max-video-preview:-1\" \/>\n<link rel=\"canonical\" href=\"https:\/\/www.upstairsjazz.com\/fr\/events\/upstairs-jam-session-avec-jim-doxas-et-invite-special-9\/\" \/>\n<meta property=\"og:locale\" content=\"fr_FR\" \/>\n<meta property=\"og:type\" content=\"article\" \/>\n<meta property=\"og:title\" content=\"Upstairs Jam Session avec Sam Kirmayer, Valerie Lacombe &amp; Mike de Masi\" \/>\n<meta property=\"og:description\" content=\"Sam Kirmayer, guitariste et compositeur, est un musicien poss\u00e9dant \u00abune intr\u00e9pidit\u00e9 de jeu et un \u00e9lan artistique qui laissent entrevoir un avenir des plus prometteurs.\u00bb \u2014 Katie Malloch (CBC Jazz...\" \/>\n<meta property=\"og:url\" content=\"https:\/\/www.upstairsjazz.com\/fr\/events\/upstairs-jam-session-avec-jim-doxas-et-invite-special-9\/\" \/>\n<meta property=\"og:site_name\" content=\"Upstairs Jazz\" \/>\n<meta property=\"article:publisher\" content=\"https:\/\/www.facebook.com\/upstairsjazz\" \/>\n<meta property=\"article:modified_time\" content=\"2023-07-25T14:19:59+00:00\" \/>\n<meta property=\"og:image\" content=\"https:\/\/www.upstairsjazz.com\/wp-content\/uploads\/2022\/02\/sam-kirmayer-scaled.jpg\" \/>\n\t<meta property=\"og:image:width\" content=\"2560\" \/>\n\t<meta property=\"og:image:height\" content=\"1707\" \/>\n\t<meta property=\"og:image:type\" content=\"image\/jpeg\" \/>\n<meta name=\"twitter:card\" content=\"summary_large_image\" \/>\n<meta name=\"twitter:site\" content=\"@Upstairsjazz\" \/>\n<meta name=\"twitter:label1\" content=\"Dur\u00e9e de lecture estim\u00e9e\" \/>\n\t<meta name=\"twitter:data1\" content=\"1 minute\" \/>\n<script type=\"application\/ld+json\" class=\"yoast-schema-graph\">{\"@context\":\"https:\\\/\\\/schema.org\",\"@graph\":[{\"@type\":\"WebPage\",\"@id\":\"https:\\\/\\\/www.upstairsjazz.com\\\/fr\\\/events\\\/upstairs-jam-session-avec-jim-doxas-et-invite-special-9\\\/\",\"url\":\"https:\\\/\\\/www.upstairsjazz.com\\\/fr\\\/events\\\/upstairs-jam-session-avec-jim-doxas-et-invite-special-9\\\/\",\"name\":\"Upstairs Jam Session avec Sam Kirmayer, Valerie Lacombe & Mike de Masi - Upstairs Jazz\",\"isPartOf\":{\"@id\":\"https:\\\/\\\/www.upstairsjazz.com\\\/fr\\\/#website\"},\"primaryImageOfPage\":{\"@id\":\"https:\\\/\\\/www.upstairsjazz.com\\\/fr\\\/events\\\/upstairs-jam-session-avec-jim-doxas-et-invite-special-9\\\/#primaryimage\"},\"image\":{\"@id\":\"https:\\\/\\\/www.upstairsjazz.com\\\/fr\\\/events\\\/upstairs-jam-session-avec-jim-doxas-et-invite-special-9\\\/#primaryimage\"},\"thumbnailUrl\":\"https:\\\/\\\/www.upstairsjazz.com\\\/wp-content\\\/uploads\\\/2022\\\/02\\\/sam-kirmayer-scaled.jpg\",\"datePublished\":\"2023-07-21T03:34:26+00:00\",\"dateModified\":\"2023-07-25T14:19:59+00:00\",\"breadcrumb\":{\"@id\":\"https:\\\/\\\/www.upstairsjazz.com\\\/fr\\\/events\\\/upstairs-jam-session-avec-jim-doxas-et-invite-special-9\\\/#breadcrumb\"},\"inLanguage\":\"fr-FR\",\"potentialAction\":[{\"@type\":\"ReadAction\",\"target\":[\"https:\\\/\\\/www.upstairsjazz.com\\\/fr\\\/events\\\/upstairs-jam-session-avec-jim-doxas-et-invite-special-9\\\/\"]}]},{\"@type\":\"ImageObject\",\"inLanguage\":\"fr-FR\",\"@id\":\"https:\\\/\\\/www.upstairsjazz.com\\\/fr\\\/events\\\/upstairs-jam-session-avec-jim-doxas-et-invite-special-9\\\/#primaryimage\",\"url\":\"https:\\\/\\\/www.upstairsjazz.com\\\/wp-content\\\/uploads\\\/2022\\\/02\\\/sam-kirmayer-scaled.jpg\",\"contentUrl\":\"https:\\\/\\\/www.upstairsjazz.com\\\/wp-content\\\/uploads\\\/2022\\\/02\\\/sam-kirmayer-scaled.jpg\",\"width\":2560,\"height\":1707},{\"@type\":\"BreadcrumbList\",\"@id\":\"https:\\\/\\\/www.upstairsjazz.com\\\/fr\\\/events\\\/upstairs-jam-session-avec-jim-doxas-et-invite-special-9\\\/#breadcrumb\",\"itemListElement\":[{\"@type\":\"ListItem\",\"position\":1,\"name\":\"Home\",\"item\":\"https:\\\/\\\/www.upstairsjazz.com\\\/fr\\\/accueil-fr-test\\\/\"},{\"@type\":\"ListItem\",\"position\":2,\"name\":\"Events\",\"item\":\"https:\\\/\\\/www.upstairsjazz.com\\\/events\\\/\"},{\"@type\":\"ListItem\",\"position\":3,\"name\":\"Upstairs Jam Session avec Sam Kirmayer, Valerie Lacombe &#038; Mike de Masi\"}]},{\"@type\":\"WebSite\",\"@id\":\"https:\\\/\\\/www.upstairsjazz.com\\\/fr\\\/#website\",\"url\":\"https:\\\/\\\/www.upstairsjazz.com\\\/fr\\\/\",\"name\":\"Upstairs Jazz Club\",\"description\":\"Upstairs jazz club, Montreal Canada\",\"publisher\":{\"@id\":\"https:\\\/\\\/www.upstairsjazz.com\\\/fr\\\/#organization\"},\"potentialAction\":[{\"@type\":\"SearchAction\",\"target\":{\"@type\":\"EntryPoint\",\"urlTemplate\":\"https:\\\/\\\/www.upstairsjazz.com\\\/fr\\\/?s={search_term_string}\"},\"query-input\":{\"@type\":\"PropertyValueSpecification\",\"valueRequired\":true,\"valueName\":\"search_term_string\"}}],\"inLanguage\":\"fr-FR\"},{\"@type\":\"Organization\",\"@id\":\"https:\\\/\\\/www.upstairsjazz.com\\\/fr\\\/#organization\",\"name\":\"Upstairs Jazz Bar & Grill\",\"url\":\"https:\\\/\\\/www.upstairsjazz.com\\\/fr\\\/\",\"logo\":{\"@type\":\"ImageObject\",\"inLanguage\":\"fr-FR\",\"@id\":\"https:\\\/\\\/www.upstairsjazz.com\\\/fr\\\/#\\\/schema\\\/logo\\\/image\\\/\",\"url\":\"https:\\\/\\\/www.upstairsjazz.com\\\/wp-content\\\/uploads\\\/2020\\\/07\\\/upstairs-jazz-burger-1.jpg\",\"contentUrl\":\"https:\\\/\\\/www.upstairsjazz.com\\\/wp-content\\\/uploads\\\/2020\\\/07\\\/upstairs-jazz-burger-1.jpg\",\"width\":1490,\"height\":993,\"caption\":\"Upstairs Jazz Bar & Grill\"},\"image\":{\"@id\":\"https:\\\/\\\/www.upstairsjazz.com\\\/fr\\\/#\\\/schema\\\/logo\\\/image\\\/\"},\"sameAs\":[\"https:\\\/\\\/www.facebook.com\\\/upstairsjazz\",\"https:\\\/\\\/x.com\\\/Upstairsjazz\",\"https:\\\/\\\/www.instagram.com\\\/upstairsjazz\"]}]}<\/script>\n<!-- \/ Yoast SEO Premium plugin. -->","yoast_head_json":{"title":"Upstairs Jam Session avec Sam Kirmayer, Valerie Lacombe & Mike de Masi - Upstairs Jazz","robots":{"index":"index","follow":"follow","max-snippet":"max-snippet:-1","max-image-preview":"max-image-preview:large","max-video-preview":"max-video-preview:-1"},"canonical":"https:\/\/www.upstairsjazz.com\/fr\/events\/upstairs-jam-session-avec-jim-doxas-et-invite-special-9\/","og_locale":"fr_FR","og_type":"article","og_title":"Upstairs Jam Session avec Sam Kirmayer, Valerie Lacombe & Mike de Masi","og_description":"Sam Kirmayer, guitariste et compositeur, est un musicien poss\u00e9dant \u00abune intr\u00e9pidit\u00e9 de jeu et un \u00e9lan artistique qui laissent entrevoir un avenir des plus prometteurs.\u00bb \u2014 Katie Malloch (CBC Jazz...","og_url":"https:\/\/www.upstairsjazz.com\/fr\/events\/upstairs-jam-session-avec-jim-doxas-et-invite-special-9\/","og_site_name":"Upstairs Jazz","article_publisher":"https:\/\/www.facebook.com\/upstairsjazz","article_modified_time":"2023-07-25T14:19:59+00:00","og_image":[{"width":2560,"height":1707,"url":"https:\/\/www.upstairsjazz.com\/wp-content\/uploads\/2022\/02\/sam-kirmayer-scaled.jpg","type":"image\/jpeg"}],"twitter_card":"summary_large_image","twitter_site":"@Upstairsjazz","twitter_misc":{"Dur\u00e9e de lecture estim\u00e9e":"1 minute"},"schema":{"@context":"https:\/\/schema.org","@graph":[{"@type":"WebPage","@id":"https:\/\/www.upstairsjazz.com\/fr\/events\/upstairs-jam-session-avec-jim-doxas-et-invite-special-9\/","url":"https:\/\/www.upstairsjazz.com\/fr\/events\/upstairs-jam-session-avec-jim-doxas-et-invite-special-9\/","name":"Upstairs Jam Session avec Sam Kirmayer, Valerie Lacombe & Mike de Masi - Upstairs Jazz","isPartOf":{"@id":"https:\/\/www.upstairsjazz.com\/fr\/#website"},"primaryImageOfPage":{"@id":"https:\/\/www.upstairsjazz.com\/fr\/events\/upstairs-jam-session-avec-jim-doxas-et-invite-special-9\/#primaryimage"},"image":{"@id":"https:\/\/www.upstairsjazz.com\/fr\/events\/upstairs-jam-session-avec-jim-doxas-et-invite-special-9\/#primaryimage"},"thumbnailUrl":"https:\/\/www.upstairsjazz.com\/wp-content\/uploads\/2022\/02\/sam-kirmayer-scaled.jpg","datePublished":"2023-07-21T03:34:26+00:00","dateModified":"2023-07-25T14:19:59+00:00","breadcrumb":{"@id":"https:\/\/www.upstairsjazz.com\/fr\/events\/upstairs-jam-session-avec-jim-doxas-et-invite-special-9\/#breadcrumb"},"inLanguage":"fr-FR","potentialAction":[{"@type":"ReadAction","target":["https:\/\/www.upstairsjazz.com\/fr\/events\/upstairs-jam-session-avec-jim-doxas-et-invite-special-9\/"]}]},{"@type":"ImageObject","inLanguage":"fr-FR","@id":"https:\/\/www.upstairsjazz.com\/fr\/events\/upstairs-jam-session-avec-jim-doxas-et-invite-special-9\/#primaryimage","url":"https:\/\/www.upstairsjazz.com\/wp-content\/uploads\/2022\/02\/sam-kirmayer-scaled.jpg","contentUrl":"https:\/\/www.upstairsjazz.com\/wp-content\/uploads\/2022\/02\/sam-kirmayer-scaled.jpg","width":2560,"height":1707},{"@type":"BreadcrumbList","@id":"https:\/\/www.upstairsjazz.com\/fr\/events\/upstairs-jam-session-avec-jim-doxas-et-invite-special-9\/#breadcrumb","itemListElement":[{"@type":"ListItem","position":1,"name":"Home","item":"https:\/\/www.upstairsjazz.com\/fr\/accueil-fr-test\/"},{"@type":"ListItem","position":2,"name":"Events","item":"https:\/\/www.upstairsjazz.com\/events\/"},{"@type":"ListItem","position":3,"name":"Upstairs Jam Session avec Sam Kirmayer, Valerie Lacombe &#038; Mike de Masi"}]},{"@type":"WebSite","@id":"https:\/\/www.upstairsjazz.com\/fr\/#website","url":"https:\/\/www.upstairsjazz.com\/fr\/","name":"Upstairs Jazz Club","description":"Upstairs jazz club, Montreal Canada","publisher":{"@id":"https:\/\/www.upstairsjazz.com\/fr\/#organization"},"potentialAction":[{"@type":"SearchAction","target":{"@type":"EntryPoint","urlTemplate":"https:\/\/www.upstairsjazz.com\/fr\/?s={search_term_string}"},"query-input":{"@type":"PropertyValueSpecification","valueRequired":true,"valueName":"search_term_string"}}],"inLanguage":"fr-FR"},{"@type":"Organization","@id":"https:\/\/www.upstairsjazz.com\/fr\/#organization","name":"Upstairs Jazz Bar & Grill","url":"https:\/\/www.upstairsjazz.com\/fr\/","logo":{"@type":"ImageObject","inLanguage":"fr-FR","@id":"https:\/\/www.upstairsjazz.com\/fr\/#\/schema\/logo\/image\/","url":"https:\/\/www.upstairsjazz.com\/wp-content\/uploads\/2020\/07\/upstairs-jazz-burger-1.jpg","contentUrl":"https:\/\/www.upstairsjazz.com\/wp-content\/uploads\/2020\/07\/upstairs-jazz-burger-1.jpg","width":1490,"height":993,"caption":"Upstairs Jazz Bar & Grill"},"image":{"@id":"https:\/\/www.upstairsjazz.com\/fr\/#\/schema\/logo\/image\/"},"sameAs":["https:\/\/www.facebook.com\/upstairsjazz","https:\/\/x.com\/Upstairsjazz","https:\/\/www.instagram.com\/upstairsjazz"]}]}},"_links":{"self":[{"href":"https:\/\/www.upstairsjazz.com\/fr\/wp-json\/wp\/v2\/ajde_events\/3852","targetHints":{"allow":["GET"]}}],"collection":[{"href":"https:\/\/www.upstairsjazz.com\/fr\/wp-json\/wp\/v2\/ajde_events"}],"about":[{"href":"https:\/\/www.upstairsjazz.com\/fr\/wp-json\/wp\/v2\/types\/ajde_events"}],"author":[{"embeddable":true,"href":"https:\/\/www.upstairsjazz.com\/fr\/wp-json\/wp\/v2\/users\/3"}],"replies":[{"embeddable":true,"href":"https:\/\/www.upstairsjazz.com\/fr\/wp-json\/wp\/v2\/comments?post=3852"}],"wp:featuredmedia":[{"embeddable":true,"href":"https:\/\/www.upstairsjazz.com\/fr\/wp-json\/wp\/v2\/media\/3239"}],"wp:attachment":[{"href":"https:\/\/www.upstairsjazz.com\/fr\/wp-json\/wp\/v2\/media?parent=3852"}],"wp:term":[{"taxonomy":"post_tag","embeddable":true,"href":"https:\/\/www.upstairsjazz.com\/fr\/wp-json\/wp\/v2\/tags?post=3852"},{"taxonomy":"event_type","embeddable":true,"href":"https:\/\/www.upstairsjazz.com\/fr\/wp-json\/wp\/v2\/event_type?post=3852"},{"taxonomy":"event_type_2","embeddable":true,"href":"https:\/\/www.upstairsjazz.com\/fr\/wp-json\/wp\/v2\/event_type_2?post=3852"}],"curies":[{"name":"wp","href":"https:\/\/api.w.org\/{rel}","templated":true}]}}