{"id":3909,"date":"2022-12-24T16:06:16","date_gmt":"2022-12-24T16:06:16","guid":{"rendered":"https:\/\/www.upstairsjazz.com\/?post_type=ajde_events&#038;p=3909"},"modified":"2024-11-06T13:38:51","modified_gmt":"2024-11-06T18:38:51","slug":"lex-french-quartet-ft-francois-bourassa-morgan-moore-jim-doxas","status":"publish","type":"ajde_events","link":"https:\/\/www.upstairsjazz.com\/fr\/events\/lex-french-quartet-ft-francois-bourassa-morgan-moore-jim-doxas\/","title":{"rendered":"Lex French Quartet <br>Lancement d&rsquo;album: In the World\u2019s First Summer"},"content":{"rendered":"<p>\u00ab In the World\u2019s First Summer \u00bb marque le premier enregistrement du trompettiste de jazz n\u00e9o-z\u00e9landais-canadien Lex French sur le label Justin Time. Salu\u00e9 par le critique de jazz de Radio-Canada Stanley Pean comme \u00ab un trompettiste extraordinaire \u00bb, il est en train de devenir rapidement une \u00e9toile brillante sur la sc\u00e8ne jazz canadienne et est un compositeur et arrangeur tr\u00e8s demand\u00e9.<\/p>\n<p>Ce projet s\u2019inspire dans son approche du deuxi\u00e8me quintette phare de Miles Davis, un groupe qui a influenc\u00e9 tant de musiciens au cours des 50 derni\u00e8res ann\u00e9es. \u00ab\u00a0Quand j&rsquo;avais environ 16 ans, en 1998 ou 1999, j&rsquo;ai achet\u00e9 un exemplaire de l&rsquo;album de Miles Davis de 1967, Miles Smiles\u00a0\u00bb, raconte French, \u00ab\u00a0et j&rsquo;ai \u00e9t\u00e9 imm\u00e9diatement captiv\u00e9. Depuis cette premi\u00e8re \u00e9coute, j\u2019ai voulu diriger un groupe qui suivrait les traces du deuxi\u00e8me quintette phare de Miles. \u00a0\u00bb<\/p>\n<p>Sont rejoints Fran\u00e7ois Bourassa (piano), Morgan Moore (basse) et Jim Doxas (batterie), tous des musiciens improvisateurs de haut niveau qui apportent leur approche individuelle et personnelle \u00e0 la musique mais fonctionnent \u00e9galement en tant que membres du groupe dans afin de cr\u00e9er un tout qui soit plus grand que la somme de ses parties.<\/p>\n<p><span style=\"color: #dd3333;\"><strong><a style=\"color: #dd3333;\" href=\"https:\/\/youtu.be\/XyDybAneTnE?si=Z1bmdEQG0Eg_ry51\" target=\"_blank\" rel=\"noopener\">Video: \u00ab\u00a0Colour grid\u00a0\u00bb<\/a><\/strong><\/span><\/p>\n<p><a href=\"https:\/\/youtu.be\/XyDybAneTnE?si=Z1bmdEQG0Eg_ry51\">https:\/\/youtu.be\/XyDybAneTnE?si=Z1bmdEQG0Eg_ry51<\/a><\/p>\n","protected":false},"author":3,"featured_media":5539,"menu_order":0,"comment_status":"open","ping_status":"closed","template":"","meta":[],"tags":[],"event_type":[],"event_type_2":[],"class_list":["post-3909","ajde_events","type-ajde_events","status-publish","has-post-thumbnail"],"yoast_head":"<!-- This site is optimized with the Yoast SEO Premium plugin v20.8 (Yoast SEO v27.5) - https:\/\/yoast.com\/product\/yoast-seo-premium-wordpress\/ -->\n<title>Lex French Quartet Lancement d&#039;album: In the World\u2019s First Summer - Upstairs Jazz<\/title>\n<meta name=\"robots\" content=\"index, follow, max-snippet:-1, max-image-preview:large, max-video-preview:-1\" \/>\n<link rel=\"canonical\" href=\"https:\/\/www.upstairsjazz.com\/fr\/events\/lex-french-quartet-ft-francois-bourassa-morgan-moore-jim-doxas\/\" \/>\n<meta property=\"og:locale\" content=\"fr_FR\" \/>\n<meta property=\"og:type\" content=\"article\" \/>\n<meta property=\"og:title\" content=\"Lex French Quartet Lancement d&#039;album: In the World\u2019s First Summer\" \/>\n<meta property=\"og:description\" content=\"\u00ab In the World\u2019s First Summer \u00bb marque le premier enregistrement du trompettiste de jazz n\u00e9o-z\u00e9landais-canadien Lex French sur le label Justin Time. Salu\u00e9 par le critique de jazz de...\" \/>\n<meta property=\"og:url\" content=\"https:\/\/www.upstairsjazz.com\/fr\/events\/lex-french-quartet-ft-francois-bourassa-morgan-moore-jim-doxas\/\" \/>\n<meta property=\"og:site_name\" content=\"Upstairs Jazz\" \/>\n<meta property=\"article:publisher\" content=\"https:\/\/www.facebook.com\/upstairsjazz\" \/>\n<meta property=\"article:modified_time\" content=\"2024-11-06T18:38:51+00:00\" \/>\n<meta property=\"og:image\" content=\"https:\/\/www.upstairsjazz.com\/wp-content\/uploads\/2022\/12\/lex-french-1.jpg\" \/>\n\t<meta property=\"og:image:width\" content=\"400\" \/>\n\t<meta property=\"og:image:height\" content=\"415\" \/>\n\t<meta property=\"og:image:type\" content=\"image\/jpeg\" \/>\n<meta name=\"twitter:card\" content=\"summary_large_image\" \/>\n<meta name=\"twitter:site\" content=\"@Upstairsjazz\" \/>\n<meta name=\"twitter:label1\" content=\"Dur\u00e9e de lecture estim\u00e9e\" \/>\n\t<meta name=\"twitter:data1\" content=\"1 minute\" \/>\n<script type=\"application\/ld+json\" class=\"yoast-schema-graph\">{\"@context\":\"https:\\\/\\\/schema.org\",\"@graph\":[{\"@type\":\"WebPage\",\"@id\":\"https:\\\/\\\/www.upstairsjazz.com\\\/fr\\\/events\\\/lex-french-quartet-ft-francois-bourassa-morgan-moore-jim-doxas\\\/\",\"url\":\"https:\\\/\\\/www.upstairsjazz.com\\\/fr\\\/events\\\/lex-french-quartet-ft-francois-bourassa-morgan-moore-jim-doxas\\\/\",\"name\":\"Lex French Quartet Lancement d'album: In the World\u2019s First Summer - Upstairs Jazz\",\"isPartOf\":{\"@id\":\"https:\\\/\\\/www.upstairsjazz.com\\\/fr\\\/#website\"},\"primaryImageOfPage\":{\"@id\":\"https:\\\/\\\/www.upstairsjazz.com\\\/fr\\\/events\\\/lex-french-quartet-ft-francois-bourassa-morgan-moore-jim-doxas\\\/#primaryimage\"},\"image\":{\"@id\":\"https:\\\/\\\/www.upstairsjazz.com\\\/fr\\\/events\\\/lex-french-quartet-ft-francois-bourassa-morgan-moore-jim-doxas\\\/#primaryimage\"},\"thumbnailUrl\":\"https:\\\/\\\/www.upstairsjazz.com\\\/wp-content\\\/uploads\\\/2022\\\/12\\\/lex-french-1.jpg\",\"datePublished\":\"2022-12-24T16:06:16+00:00\",\"dateModified\":\"2024-11-06T18:38:51+00:00\",\"breadcrumb\":{\"@id\":\"https:\\\/\\\/www.upstairsjazz.com\\\/fr\\\/events\\\/lex-french-quartet-ft-francois-bourassa-morgan-moore-jim-doxas\\\/#breadcrumb\"},\"inLanguage\":\"fr-FR\",\"potentialAction\":[{\"@type\":\"ReadAction\",\"target\":[\"https:\\\/\\\/www.upstairsjazz.com\\\/fr\\\/events\\\/lex-french-quartet-ft-francois-bourassa-morgan-moore-jim-doxas\\\/\"]}]},{\"@type\":\"ImageObject\",\"inLanguage\":\"fr-FR\",\"@id\":\"https:\\\/\\\/www.upstairsjazz.com\\\/fr\\\/events\\\/lex-french-quartet-ft-francois-bourassa-morgan-moore-jim-doxas\\\/#primaryimage\",\"url\":\"https:\\\/\\\/www.upstairsjazz.com\\\/wp-content\\\/uploads\\\/2022\\\/12\\\/lex-french-1.jpg\",\"contentUrl\":\"https:\\\/\\\/www.upstairsjazz.com\\\/wp-content\\\/uploads\\\/2022\\\/12\\\/lex-french-1.jpg\",\"width\":400,\"height\":415},{\"@type\":\"BreadcrumbList\",\"@id\":\"https:\\\/\\\/www.upstairsjazz.com\\\/fr\\\/events\\\/lex-french-quartet-ft-francois-bourassa-morgan-moore-jim-doxas\\\/#breadcrumb\",\"itemListElement\":[{\"@type\":\"ListItem\",\"position\":1,\"name\":\"Home\",\"item\":\"https:\\\/\\\/www.upstairsjazz.com\\\/fr\\\/accueil-fr-test\\\/\"},{\"@type\":\"ListItem\",\"position\":2,\"name\":\"Events\",\"item\":\"https:\\\/\\\/www.upstairsjazz.com\\\/events\\\/\"},{\"@type\":\"ListItem\",\"position\":3,\"name\":\"Lex French Quartet Lancement d&#8217;album: In the World\u2019s First Summer\"}]},{\"@type\":\"WebSite\",\"@id\":\"https:\\\/\\\/www.upstairsjazz.com\\\/fr\\\/#website\",\"url\":\"https:\\\/\\\/www.upstairsjazz.com\\\/fr\\\/\",\"name\":\"Upstairs Jazz Club\",\"description\":\"Upstairs jazz club, Montreal Canada\",\"publisher\":{\"@id\":\"https:\\\/\\\/www.upstairsjazz.com\\\/fr\\\/#organization\"},\"potentialAction\":[{\"@type\":\"SearchAction\",\"target\":{\"@type\":\"EntryPoint\",\"urlTemplate\":\"https:\\\/\\\/www.upstairsjazz.com\\\/fr\\\/?s={search_term_string}\"},\"query-input\":{\"@type\":\"PropertyValueSpecification\",\"valueRequired\":true,\"valueName\":\"search_term_string\"}}],\"inLanguage\":\"fr-FR\"},{\"@type\":\"Organization\",\"@id\":\"https:\\\/\\\/www.upstairsjazz.com\\\/fr\\\/#organization\",\"name\":\"Upstairs Jazz Bar & Grill\",\"url\":\"https:\\\/\\\/www.upstairsjazz.com\\\/fr\\\/\",\"logo\":{\"@type\":\"ImageObject\",\"inLanguage\":\"fr-FR\",\"@id\":\"https:\\\/\\\/www.upstairsjazz.com\\\/fr\\\/#\\\/schema\\\/logo\\\/image\\\/\",\"url\":\"https:\\\/\\\/www.upstairsjazz.com\\\/wp-content\\\/uploads\\\/2020\\\/07\\\/upstairs-jazz-burger-1.jpg\",\"contentUrl\":\"https:\\\/\\\/www.upstairsjazz.com\\\/wp-content\\\/uploads\\\/2020\\\/07\\\/upstairs-jazz-burger-1.jpg\",\"width\":1490,\"height\":993,\"caption\":\"Upstairs Jazz Bar & Grill\"},\"image\":{\"@id\":\"https:\\\/\\\/www.upstairsjazz.com\\\/fr\\\/#\\\/schema\\\/logo\\\/image\\\/\"},\"sameAs\":[\"https:\\\/\\\/www.facebook.com\\\/upstairsjazz\",\"https:\\\/\\\/x.com\\\/Upstairsjazz\",\"https:\\\/\\\/www.instagram.com\\\/upstairsjazz\"]}]}<\/script>\n<!-- \/ Yoast SEO Premium plugin. -->","yoast_head_json":{"title":"Lex French Quartet Lancement d'album: In the World\u2019s First Summer - Upstairs Jazz","robots":{"index":"index","follow":"follow","max-snippet":"max-snippet:-1","max-image-preview":"max-image-preview:large","max-video-preview":"max-video-preview:-1"},"canonical":"https:\/\/www.upstairsjazz.com\/fr\/events\/lex-french-quartet-ft-francois-bourassa-morgan-moore-jim-doxas\/","og_locale":"fr_FR","og_type":"article","og_title":"Lex French Quartet Lancement d'album: In the World\u2019s First Summer","og_description":"\u00ab In the World\u2019s First Summer \u00bb marque le premier enregistrement du trompettiste de jazz n\u00e9o-z\u00e9landais-canadien Lex French sur le label Justin Time. Salu\u00e9 par le critique de jazz de...","og_url":"https:\/\/www.upstairsjazz.com\/fr\/events\/lex-french-quartet-ft-francois-bourassa-morgan-moore-jim-doxas\/","og_site_name":"Upstairs Jazz","article_publisher":"https:\/\/www.facebook.com\/upstairsjazz","article_modified_time":"2024-11-06T18:38:51+00:00","og_image":[{"width":400,"height":415,"url":"https:\/\/www.upstairsjazz.com\/wp-content\/uploads\/2022\/12\/lex-french-1.jpg","type":"image\/jpeg"}],"twitter_card":"summary_large_image","twitter_site":"@Upstairsjazz","twitter_misc":{"Dur\u00e9e de lecture estim\u00e9e":"1 minute"},"schema":{"@context":"https:\/\/schema.org","@graph":[{"@type":"WebPage","@id":"https:\/\/www.upstairsjazz.com\/fr\/events\/lex-french-quartet-ft-francois-bourassa-morgan-moore-jim-doxas\/","url":"https:\/\/www.upstairsjazz.com\/fr\/events\/lex-french-quartet-ft-francois-bourassa-morgan-moore-jim-doxas\/","name":"Lex French Quartet Lancement d'album: In the World\u2019s First Summer - Upstairs Jazz","isPartOf":{"@id":"https:\/\/www.upstairsjazz.com\/fr\/#website"},"primaryImageOfPage":{"@id":"https:\/\/www.upstairsjazz.com\/fr\/events\/lex-french-quartet-ft-francois-bourassa-morgan-moore-jim-doxas\/#primaryimage"},"image":{"@id":"https:\/\/www.upstairsjazz.com\/fr\/events\/lex-french-quartet-ft-francois-bourassa-morgan-moore-jim-doxas\/#primaryimage"},"thumbnailUrl":"https:\/\/www.upstairsjazz.com\/wp-content\/uploads\/2022\/12\/lex-french-1.jpg","datePublished":"2022-12-24T16:06:16+00:00","dateModified":"2024-11-06T18:38:51+00:00","breadcrumb":{"@id":"https:\/\/www.upstairsjazz.com\/fr\/events\/lex-french-quartet-ft-francois-bourassa-morgan-moore-jim-doxas\/#breadcrumb"},"inLanguage":"fr-FR","potentialAction":[{"@type":"ReadAction","target":["https:\/\/www.upstairsjazz.com\/fr\/events\/lex-french-quartet-ft-francois-bourassa-morgan-moore-jim-doxas\/"]}]},{"@type":"ImageObject","inLanguage":"fr-FR","@id":"https:\/\/www.upstairsjazz.com\/fr\/events\/lex-french-quartet-ft-francois-bourassa-morgan-moore-jim-doxas\/#primaryimage","url":"https:\/\/www.upstairsjazz.com\/wp-content\/uploads\/2022\/12\/lex-french-1.jpg","contentUrl":"https:\/\/www.upstairsjazz.com\/wp-content\/uploads\/2022\/12\/lex-french-1.jpg","width":400,"height":415},{"@type":"BreadcrumbList","@id":"https:\/\/www.upstairsjazz.com\/fr\/events\/lex-french-quartet-ft-francois-bourassa-morgan-moore-jim-doxas\/#breadcrumb","itemListElement":[{"@type":"ListItem","position":1,"name":"Home","item":"https:\/\/www.upstairsjazz.com\/fr\/accueil-fr-test\/"},{"@type":"ListItem","position":2,"name":"Events","item":"https:\/\/www.upstairsjazz.com\/events\/"},{"@type":"ListItem","position":3,"name":"Lex French Quartet Lancement d&#8217;album: In the World\u2019s First Summer"}]},{"@type":"WebSite","@id":"https:\/\/www.upstairsjazz.com\/fr\/#website","url":"https:\/\/www.upstairsjazz.com\/fr\/","name":"Upstairs Jazz Club","description":"Upstairs jazz club, Montreal Canada","publisher":{"@id":"https:\/\/www.upstairsjazz.com\/fr\/#organization"},"potentialAction":[{"@type":"SearchAction","target":{"@type":"EntryPoint","urlTemplate":"https:\/\/www.upstairsjazz.com\/fr\/?s={search_term_string}"},"query-input":{"@type":"PropertyValueSpecification","valueRequired":true,"valueName":"search_term_string"}}],"inLanguage":"fr-FR"},{"@type":"Organization","@id":"https:\/\/www.upstairsjazz.com\/fr\/#organization","name":"Upstairs Jazz Bar & Grill","url":"https:\/\/www.upstairsjazz.com\/fr\/","logo":{"@type":"ImageObject","inLanguage":"fr-FR","@id":"https:\/\/www.upstairsjazz.com\/fr\/#\/schema\/logo\/image\/","url":"https:\/\/www.upstairsjazz.com\/wp-content\/uploads\/2020\/07\/upstairs-jazz-burger-1.jpg","contentUrl":"https:\/\/www.upstairsjazz.com\/wp-content\/uploads\/2020\/07\/upstairs-jazz-burger-1.jpg","width":1490,"height":993,"caption":"Upstairs Jazz Bar & Grill"},"image":{"@id":"https:\/\/www.upstairsjazz.com\/fr\/#\/schema\/logo\/image\/"},"sameAs":["https:\/\/www.facebook.com\/upstairsjazz","https:\/\/x.com\/Upstairsjazz","https:\/\/www.instagram.com\/upstairsjazz"]}]}},"_links":{"self":[{"href":"https:\/\/www.upstairsjazz.com\/fr\/wp-json\/wp\/v2\/ajde_events\/3909","targetHints":{"allow":["GET"]}}],"collection":[{"href":"https:\/\/www.upstairsjazz.com\/fr\/wp-json\/wp\/v2\/ajde_events"}],"about":[{"href":"https:\/\/www.upstairsjazz.com\/fr\/wp-json\/wp\/v2\/types\/ajde_events"}],"author":[{"embeddable":true,"href":"https:\/\/www.upstairsjazz.com\/fr\/wp-json\/wp\/v2\/users\/3"}],"replies":[{"embeddable":true,"href":"https:\/\/www.upstairsjazz.com\/fr\/wp-json\/wp\/v2\/comments?post=3909"}],"wp:featuredmedia":[{"embeddable":true,"href":"https:\/\/www.upstairsjazz.com\/fr\/wp-json\/wp\/v2\/media\/5539"}],"wp:attachment":[{"href":"https:\/\/www.upstairsjazz.com\/fr\/wp-json\/wp\/v2\/media?parent=3909"}],"wp:term":[{"taxonomy":"post_tag","embeddable":true,"href":"https:\/\/www.upstairsjazz.com\/fr\/wp-json\/wp\/v2\/tags?post=3909"},{"taxonomy":"event_type","embeddable":true,"href":"https:\/\/www.upstairsjazz.com\/fr\/wp-json\/wp\/v2\/event_type?post=3909"},{"taxonomy":"event_type_2","embeddable":true,"href":"https:\/\/www.upstairsjazz.com\/fr\/wp-json\/wp\/v2\/event_type_2?post=3909"}],"curies":[{"name":"wp","href":"https:\/\/api.w.org\/{rel}","templated":true}]}}