{"id":4074,"date":"2023-04-03T13:06:38","date_gmt":"2023-04-03T18:06:38","guid":{"rendered":"https:\/\/www.upstairsjazz.com\/?post_type=ajde_events&#038;p=4074"},"modified":"2023-04-04T15:20:13","modified_gmt":"2023-04-04T20:20:13","slug":"festival-international-de-jazz-de-montreal-trace-bundy","status":"publish","type":"ajde_events","link":"https:\/\/www.upstairsjazz.com\/fr\/events\/festival-international-de-jazz-de-montreal-trace-bundy\/","title":{"rendered":"Festival International de Jazz de Montr\u00e9al:<br><br>Trace Bundy"},"content":{"rendered":"<p>Guitariste virtuose, Trace Bundy doit \u00eatre autant vu qu\u2019entendu. Sa musique est une po\u00e9sie en mouvement, utilisant des harmoniques, des boucles, de multiples capodastres, alli\u00e9e \u00e0 une pr\u00e9sence unique sur sc\u00e8ne pour offrir une exp\u00e9rience de concert inoubliable.<\/p>\n<p><span style=\"color: #dd3333;\"><strong><a style=\"color: #dd3333;\" href=\"https:\/\/youtu.be\/nJly3laTg3w\" target=\"_blank\" rel=\"noopener\">Youtube video: \u00ab\u00a0Overtime\u00a0\u00bb<\/a><\/strong><\/span><\/p>\n<p><span style=\"color: #dd3333;\"><strong><a style=\"color: #dd3333;\" href=\"https:\/\/youtu.be\/FeMgJHnXdkE\" target=\"_blank\" rel=\"noopener\">Youtube video: \u00ab\u00a0Where The Streets Have No Name\u00a0\u00bb<\/a><\/strong><\/span><\/p>\n<p><iframe loading=\"lazy\" title=\"Trace Bundy Official Music Video - &quot;Overtime&quot;\" width=\"1080\" height=\"608\" src=\"https:\/\/www.youtube.com\/embed\/nJly3laTg3w?feature=oembed\" frameborder=\"0\" allow=\"accelerometer; autoplay; clipboard-write; encrypted-media; gyroscope; picture-in-picture; web-share\" allowfullscreen><\/iframe><\/p>\n<p><iframe loading=\"lazy\" title=\"Trace Bundy - Where The Streets Have No Name - U2. Fingerstyle guitar cover.\" width=\"1080\" height=\"608\" src=\"https:\/\/www.youtube.com\/embed\/FeMgJHnXdkE?feature=oembed\" frameborder=\"0\" allow=\"accelerometer; autoplay; clipboard-write; encrypted-media; gyroscope; picture-in-picture; web-share\" allowfullscreen><\/iframe><\/p>\n","protected":false},"author":3,"featured_media":4073,"menu_order":0,"comment_status":"open","ping_status":"closed","template":"","meta":[],"tags":[],"event_type":[788],"event_type_2":[],"class_list":{"0":"post-4074","1":"ajde_events","2":"type-ajde_events","3":"status-publish","4":"has-post-thumbnail","6":"event_type-fijm2023"},"yoast_head":"<!-- This site is optimized with the Yoast SEO Premium plugin v20.8 (Yoast SEO v27.5) - https:\/\/yoast.com\/product\/yoast-seo-premium-wordpress\/ -->\n<title>Festival International de Jazz de Montr\u00e9al:Trace Bundy - Upstairs Jazz<\/title>\n<meta name=\"robots\" content=\"index, follow, max-snippet:-1, max-image-preview:large, max-video-preview:-1\" \/>\n<link rel=\"canonical\" href=\"https:\/\/www.upstairsjazz.com\/fr\/events\/festival-international-de-jazz-de-montreal-trace-bundy\/\" \/>\n<meta property=\"og:locale\" content=\"fr_FR\" \/>\n<meta property=\"og:type\" content=\"article\" \/>\n<meta property=\"og:title\" content=\"Festival International de Jazz de Montr\u00e9al:Trace Bundy\" \/>\n<meta property=\"og:description\" content=\"Guitariste virtuose, Trace Bundy doit \u00eatre autant vu qu\u2019entendu. Sa musique est une po\u00e9sie en mouvement, utilisant des harmoniques, des boucles, de multiples capodastres, alli\u00e9e \u00e0 une pr\u00e9sence unique sur...\" \/>\n<meta property=\"og:url\" content=\"https:\/\/www.upstairsjazz.com\/fr\/events\/festival-international-de-jazz-de-montreal-trace-bundy\/\" \/>\n<meta property=\"og:site_name\" content=\"Upstairs Jazz\" \/>\n<meta property=\"article:publisher\" content=\"https:\/\/www.facebook.com\/upstairsjazz\" \/>\n<meta property=\"article:modified_time\" content=\"2023-04-04T20:20:13+00:00\" \/>\n<meta property=\"og:image\" content=\"https:\/\/www.upstairsjazz.com\/wp-content\/uploads\/2023\/04\/trace-bundy.jpeg\" \/>\n\t<meta property=\"og:image:width\" content=\"2048\" \/>\n\t<meta property=\"og:image:height\" content=\"1330\" \/>\n\t<meta property=\"og:image:type\" content=\"image\/jpeg\" \/>\n<meta name=\"twitter:card\" content=\"summary_large_image\" \/>\n<meta name=\"twitter:site\" content=\"@Upstairsjazz\" \/>\n<meta name=\"twitter:label1\" content=\"Dur\u00e9e de lecture estim\u00e9e\" \/>\n\t<meta name=\"twitter:data1\" content=\"1 minute\" \/>\n<script type=\"application\/ld+json\" class=\"yoast-schema-graph\">{\"@context\":\"https:\\\/\\\/schema.org\",\"@graph\":[{\"@type\":\"WebPage\",\"@id\":\"https:\\\/\\\/www.upstairsjazz.com\\\/fr\\\/events\\\/festival-international-de-jazz-de-montreal-trace-bundy\\\/\",\"url\":\"https:\\\/\\\/www.upstairsjazz.com\\\/fr\\\/events\\\/festival-international-de-jazz-de-montreal-trace-bundy\\\/\",\"name\":\"Festival International de Jazz de Montr\u00e9al: Trace Bundy - Upstairs Jazz\",\"isPartOf\":{\"@id\":\"https:\\\/\\\/www.upstairsjazz.com\\\/fr\\\/#website\"},\"primaryImageOfPage\":{\"@id\":\"https:\\\/\\\/www.upstairsjazz.com\\\/fr\\\/events\\\/festival-international-de-jazz-de-montreal-trace-bundy\\\/#primaryimage\"},\"image\":{\"@id\":\"https:\\\/\\\/www.upstairsjazz.com\\\/fr\\\/events\\\/festival-international-de-jazz-de-montreal-trace-bundy\\\/#primaryimage\"},\"thumbnailUrl\":\"https:\\\/\\\/www.upstairsjazz.com\\\/wp-content\\\/uploads\\\/2023\\\/04\\\/trace-bundy.jpeg\",\"datePublished\":\"2023-04-03T18:06:38+00:00\",\"dateModified\":\"2023-04-04T20:20:13+00:00\",\"breadcrumb\":{\"@id\":\"https:\\\/\\\/www.upstairsjazz.com\\\/fr\\\/events\\\/festival-international-de-jazz-de-montreal-trace-bundy\\\/#breadcrumb\"},\"inLanguage\":\"fr-FR\",\"potentialAction\":[{\"@type\":\"ReadAction\",\"target\":[\"https:\\\/\\\/www.upstairsjazz.com\\\/fr\\\/events\\\/festival-international-de-jazz-de-montreal-trace-bundy\\\/\"]}]},{\"@type\":\"ImageObject\",\"inLanguage\":\"fr-FR\",\"@id\":\"https:\\\/\\\/www.upstairsjazz.com\\\/fr\\\/events\\\/festival-international-de-jazz-de-montreal-trace-bundy\\\/#primaryimage\",\"url\":\"https:\\\/\\\/www.upstairsjazz.com\\\/wp-content\\\/uploads\\\/2023\\\/04\\\/trace-bundy.jpeg\",\"contentUrl\":\"https:\\\/\\\/www.upstairsjazz.com\\\/wp-content\\\/uploads\\\/2023\\\/04\\\/trace-bundy.jpeg\",\"width\":2048,\"height\":1330},{\"@type\":\"BreadcrumbList\",\"@id\":\"https:\\\/\\\/www.upstairsjazz.com\\\/fr\\\/events\\\/festival-international-de-jazz-de-montreal-trace-bundy\\\/#breadcrumb\",\"itemListElement\":[{\"@type\":\"ListItem\",\"position\":1,\"name\":\"Home\",\"item\":\"https:\\\/\\\/www.upstairsjazz.com\\\/fr\\\/accueil-fr-test\\\/\"},{\"@type\":\"ListItem\",\"position\":2,\"name\":\"Events\",\"item\":\"https:\\\/\\\/www.upstairsjazz.com\\\/events\\\/\"},{\"@type\":\"ListItem\",\"position\":3,\"name\":\"Festival International de Jazz de Montr\u00e9al:Trace Bundy\"}]},{\"@type\":\"WebSite\",\"@id\":\"https:\\\/\\\/www.upstairsjazz.com\\\/fr\\\/#website\",\"url\":\"https:\\\/\\\/www.upstairsjazz.com\\\/fr\\\/\",\"name\":\"Upstairs Jazz Club\",\"description\":\"Upstairs jazz club, Montreal Canada\",\"publisher\":{\"@id\":\"https:\\\/\\\/www.upstairsjazz.com\\\/fr\\\/#organization\"},\"potentialAction\":[{\"@type\":\"SearchAction\",\"target\":{\"@type\":\"EntryPoint\",\"urlTemplate\":\"https:\\\/\\\/www.upstairsjazz.com\\\/fr\\\/?s={search_term_string}\"},\"query-input\":{\"@type\":\"PropertyValueSpecification\",\"valueRequired\":true,\"valueName\":\"search_term_string\"}}],\"inLanguage\":\"fr-FR\"},{\"@type\":\"Organization\",\"@id\":\"https:\\\/\\\/www.upstairsjazz.com\\\/fr\\\/#organization\",\"name\":\"Upstairs Jazz Bar & Grill\",\"url\":\"https:\\\/\\\/www.upstairsjazz.com\\\/fr\\\/\",\"logo\":{\"@type\":\"ImageObject\",\"inLanguage\":\"fr-FR\",\"@id\":\"https:\\\/\\\/www.upstairsjazz.com\\\/fr\\\/#\\\/schema\\\/logo\\\/image\\\/\",\"url\":\"https:\\\/\\\/www.upstairsjazz.com\\\/wp-content\\\/uploads\\\/2020\\\/07\\\/upstairs-jazz-burger-1.jpg\",\"contentUrl\":\"https:\\\/\\\/www.upstairsjazz.com\\\/wp-content\\\/uploads\\\/2020\\\/07\\\/upstairs-jazz-burger-1.jpg\",\"width\":1490,\"height\":993,\"caption\":\"Upstairs Jazz Bar & Grill\"},\"image\":{\"@id\":\"https:\\\/\\\/www.upstairsjazz.com\\\/fr\\\/#\\\/schema\\\/logo\\\/image\\\/\"},\"sameAs\":[\"https:\\\/\\\/www.facebook.com\\\/upstairsjazz\",\"https:\\\/\\\/x.com\\\/Upstairsjazz\",\"https:\\\/\\\/www.instagram.com\\\/upstairsjazz\"]}]}<\/script>\n<!-- \/ Yoast SEO Premium plugin. -->","yoast_head_json":{"title":"Festival International de Jazz de Montr\u00e9al:Trace Bundy - Upstairs Jazz","robots":{"index":"index","follow":"follow","max-snippet":"max-snippet:-1","max-image-preview":"max-image-preview:large","max-video-preview":"max-video-preview:-1"},"canonical":"https:\/\/www.upstairsjazz.com\/fr\/events\/festival-international-de-jazz-de-montreal-trace-bundy\/","og_locale":"fr_FR","og_type":"article","og_title":"Festival International de Jazz de Montr\u00e9al:Trace Bundy","og_description":"Guitariste virtuose, Trace Bundy doit \u00eatre autant vu qu\u2019entendu. Sa musique est une po\u00e9sie en mouvement, utilisant des harmoniques, des boucles, de multiples capodastres, alli\u00e9e \u00e0 une pr\u00e9sence unique sur...","og_url":"https:\/\/www.upstairsjazz.com\/fr\/events\/festival-international-de-jazz-de-montreal-trace-bundy\/","og_site_name":"Upstairs Jazz","article_publisher":"https:\/\/www.facebook.com\/upstairsjazz","article_modified_time":"2023-04-04T20:20:13+00:00","og_image":[{"width":2048,"height":1330,"url":"https:\/\/www.upstairsjazz.com\/wp-content\/uploads\/2023\/04\/trace-bundy.jpeg","type":"image\/jpeg"}],"twitter_card":"summary_large_image","twitter_site":"@Upstairsjazz","twitter_misc":{"Dur\u00e9e de lecture estim\u00e9e":"1 minute"},"schema":{"@context":"https:\/\/schema.org","@graph":[{"@type":"WebPage","@id":"https:\/\/www.upstairsjazz.com\/fr\/events\/festival-international-de-jazz-de-montreal-trace-bundy\/","url":"https:\/\/www.upstairsjazz.com\/fr\/events\/festival-international-de-jazz-de-montreal-trace-bundy\/","name":"Festival International de Jazz de Montr\u00e9al: Trace Bundy - Upstairs Jazz","isPartOf":{"@id":"https:\/\/www.upstairsjazz.com\/fr\/#website"},"primaryImageOfPage":{"@id":"https:\/\/www.upstairsjazz.com\/fr\/events\/festival-international-de-jazz-de-montreal-trace-bundy\/#primaryimage"},"image":{"@id":"https:\/\/www.upstairsjazz.com\/fr\/events\/festival-international-de-jazz-de-montreal-trace-bundy\/#primaryimage"},"thumbnailUrl":"https:\/\/www.upstairsjazz.com\/wp-content\/uploads\/2023\/04\/trace-bundy.jpeg","datePublished":"2023-04-03T18:06:38+00:00","dateModified":"2023-04-04T20:20:13+00:00","breadcrumb":{"@id":"https:\/\/www.upstairsjazz.com\/fr\/events\/festival-international-de-jazz-de-montreal-trace-bundy\/#breadcrumb"},"inLanguage":"fr-FR","potentialAction":[{"@type":"ReadAction","target":["https:\/\/www.upstairsjazz.com\/fr\/events\/festival-international-de-jazz-de-montreal-trace-bundy\/"]}]},{"@type":"ImageObject","inLanguage":"fr-FR","@id":"https:\/\/www.upstairsjazz.com\/fr\/events\/festival-international-de-jazz-de-montreal-trace-bundy\/#primaryimage","url":"https:\/\/www.upstairsjazz.com\/wp-content\/uploads\/2023\/04\/trace-bundy.jpeg","contentUrl":"https:\/\/www.upstairsjazz.com\/wp-content\/uploads\/2023\/04\/trace-bundy.jpeg","width":2048,"height":1330},{"@type":"BreadcrumbList","@id":"https:\/\/www.upstairsjazz.com\/fr\/events\/festival-international-de-jazz-de-montreal-trace-bundy\/#breadcrumb","itemListElement":[{"@type":"ListItem","position":1,"name":"Home","item":"https:\/\/www.upstairsjazz.com\/fr\/accueil-fr-test\/"},{"@type":"ListItem","position":2,"name":"Events","item":"https:\/\/www.upstairsjazz.com\/events\/"},{"@type":"ListItem","position":3,"name":"Festival International de Jazz de Montr\u00e9al:Trace Bundy"}]},{"@type":"WebSite","@id":"https:\/\/www.upstairsjazz.com\/fr\/#website","url":"https:\/\/www.upstairsjazz.com\/fr\/","name":"Upstairs Jazz Club","description":"Upstairs jazz club, Montreal Canada","publisher":{"@id":"https:\/\/www.upstairsjazz.com\/fr\/#organization"},"potentialAction":[{"@type":"SearchAction","target":{"@type":"EntryPoint","urlTemplate":"https:\/\/www.upstairsjazz.com\/fr\/?s={search_term_string}"},"query-input":{"@type":"PropertyValueSpecification","valueRequired":true,"valueName":"search_term_string"}}],"inLanguage":"fr-FR"},{"@type":"Organization","@id":"https:\/\/www.upstairsjazz.com\/fr\/#organization","name":"Upstairs Jazz Bar & Grill","url":"https:\/\/www.upstairsjazz.com\/fr\/","logo":{"@type":"ImageObject","inLanguage":"fr-FR","@id":"https:\/\/www.upstairsjazz.com\/fr\/#\/schema\/logo\/image\/","url":"https:\/\/www.upstairsjazz.com\/wp-content\/uploads\/2020\/07\/upstairs-jazz-burger-1.jpg","contentUrl":"https:\/\/www.upstairsjazz.com\/wp-content\/uploads\/2020\/07\/upstairs-jazz-burger-1.jpg","width":1490,"height":993,"caption":"Upstairs Jazz Bar & Grill"},"image":{"@id":"https:\/\/www.upstairsjazz.com\/fr\/#\/schema\/logo\/image\/"},"sameAs":["https:\/\/www.facebook.com\/upstairsjazz","https:\/\/x.com\/Upstairsjazz","https:\/\/www.instagram.com\/upstairsjazz"]}]}},"_links":{"self":[{"href":"https:\/\/www.upstairsjazz.com\/fr\/wp-json\/wp\/v2\/ajde_events\/4074","targetHints":{"allow":["GET"]}}],"collection":[{"href":"https:\/\/www.upstairsjazz.com\/fr\/wp-json\/wp\/v2\/ajde_events"}],"about":[{"href":"https:\/\/www.upstairsjazz.com\/fr\/wp-json\/wp\/v2\/types\/ajde_events"}],"author":[{"embeddable":true,"href":"https:\/\/www.upstairsjazz.com\/fr\/wp-json\/wp\/v2\/users\/3"}],"replies":[{"embeddable":true,"href":"https:\/\/www.upstairsjazz.com\/fr\/wp-json\/wp\/v2\/comments?post=4074"}],"wp:featuredmedia":[{"embeddable":true,"href":"https:\/\/www.upstairsjazz.com\/fr\/wp-json\/wp\/v2\/media\/4073"}],"wp:attachment":[{"href":"https:\/\/www.upstairsjazz.com\/fr\/wp-json\/wp\/v2\/media?parent=4074"}],"wp:term":[{"taxonomy":"post_tag","embeddable":true,"href":"https:\/\/www.upstairsjazz.com\/fr\/wp-json\/wp\/v2\/tags?post=4074"},{"taxonomy":"event_type","embeddable":true,"href":"https:\/\/www.upstairsjazz.com\/fr\/wp-json\/wp\/v2\/event_type?post=4074"},{"taxonomy":"event_type_2","embeddable":true,"href":"https:\/\/www.upstairsjazz.com\/fr\/wp-json\/wp\/v2\/event_type_2?post=4074"}],"curies":[{"name":"wp","href":"https:\/\/api.w.org\/{rel}","templated":true}]}}