{"id":4183,"date":"2023-05-10T11:59:59","date_gmt":"2023-05-10T16:59:59","guid":{"rendered":"https:\/\/www.upstairsjazz.com\/?post_type=ajde_events&#038;p=4183"},"modified":"2023-05-23T13:27:52","modified_gmt":"2023-05-23T18:27:52","slug":"fuat-tuac-lancement-dalbum-the-immigrant","status":"publish","type":"ajde_events","link":"https:\/\/www.upstairsjazz.com\/fr\/events\/fuat-tuac-lancement-dalbum-the-immigrant\/","title":{"rendered":"Fuat Tua\u00e7 <br>Lancement d&rsquo;album: The Immigrant"},"content":{"rendered":"<p>Chanteur de jazz torontois acclam\u00e9, Fuat Tua\u00e7 sort son deuxi\u00e8me album au titre appropri\u00e9, \u00ab\u00a0The Immigrant\u00a0\u00bb, en 2023. Fuat chante en trois langues &#8211; anglais, fran\u00e7ais et son turc natal &#8211; tout en organisant un pot-pourri de styles de jazz qui, comme le artiste, ses chansons multilingues parcourent le globe. Le nouvel album de Fuat, Immigrant est profond\u00e9ment personnel, refl\u00e9tant les exp\u00e9riences de Fuat en tant qu&rsquo;immigrant vivant \u00e0 Toronto.<\/p>\n<p><strong>Musiciens:<\/strong><br \/>\nPaul Shrofel: piano<br \/>\nRichard Irwin: batterie<br \/>\nDave Watts: basse<br \/>\nAl McLean: sax<\/p>\n<p><span style=\"color: #dd3333;\"><strong><a style=\"color: #dd3333;\" href=\"https:\/\/youtu.be\/uvavwBsbwXw\" target=\"_blank\" rel=\"noopener\">Video: Live at Nardis Jazz Club<\/a><\/strong><\/span><\/p>\n<p><iframe loading=\"lazy\" title=\"Fuat TUAC Quartet at Nardis Jazz Club\" width=\"1080\" height=\"608\" src=\"https:\/\/www.youtube.com\/embed\/uvavwBsbwXw?feature=oembed\" frameborder=\"0\" allow=\"accelerometer; autoplay; clipboard-write; encrypted-media; gyroscope; picture-in-picture; web-share\" allowfullscreen><\/iframe><\/p>\n","protected":false},"author":3,"featured_media":4181,"menu_order":0,"comment_status":"open","ping_status":"closed","template":"","meta":[],"tags":[],"event_type":[],"event_type_2":[],"class_list":["post-4183","ajde_events","type-ajde_events","status-publish","has-post-thumbnail"],"yoast_head":"<!-- This site is optimized with the Yoast SEO Premium plugin v20.8 (Yoast SEO v27.4) - https:\/\/yoast.com\/product\/yoast-seo-premium-wordpress\/ -->\n<title>Fuat Tua\u00e7 Lancement d&#039;album: The Immigrant - Upstairs Jazz<\/title>\n<meta name=\"robots\" content=\"index, follow, max-snippet:-1, max-image-preview:large, max-video-preview:-1\" \/>\n<link rel=\"canonical\" href=\"https:\/\/www.upstairsjazz.com\/fr\/events\/fuat-tuac-lancement-dalbum-the-immigrant\/\" \/>\n<meta property=\"og:locale\" content=\"fr_FR\" \/>\n<meta property=\"og:type\" content=\"article\" \/>\n<meta property=\"og:title\" content=\"Fuat Tua\u00e7 Lancement d&#039;album: The Immigrant\" \/>\n<meta property=\"og:description\" content=\"Chanteur de jazz torontois acclam\u00e9, Fuat Tua\u00e7 sort son deuxi\u00e8me album au titre appropri\u00e9, \u00ab\u00a0The Immigrant\u00a0\u00bb, en 2023. Fuat chante en trois langues &#8211; anglais, fran\u00e7ais et son turc natal...\" \/>\n<meta property=\"og:url\" content=\"https:\/\/www.upstairsjazz.com\/fr\/events\/fuat-tuac-lancement-dalbum-the-immigrant\/\" \/>\n<meta property=\"og:site_name\" content=\"Upstairs Jazz\" \/>\n<meta property=\"article:publisher\" content=\"https:\/\/www.facebook.com\/upstairsjazz\" \/>\n<meta property=\"article:modified_time\" content=\"2023-05-23T18:27:52+00:00\" \/>\n<meta property=\"og:image\" content=\"https:\/\/www.upstairsjazz.com\/wp-content\/uploads\/2023\/05\/fuat.jpg\" \/>\n\t<meta property=\"og:image:width\" content=\"1904\" \/>\n\t<meta property=\"og:image:height\" content=\"1848\" \/>\n\t<meta property=\"og:image:type\" content=\"image\/jpeg\" \/>\n<meta name=\"twitter:card\" content=\"summary_large_image\" \/>\n<meta name=\"twitter:site\" content=\"@Upstairsjazz\" \/>\n<meta name=\"twitter:label1\" content=\"Dur\u00e9e de lecture estim\u00e9e\" \/>\n\t<meta name=\"twitter:data1\" content=\"1 minute\" \/>\n<script type=\"application\/ld+json\" class=\"yoast-schema-graph\">{\"@context\":\"https:\\\/\\\/schema.org\",\"@graph\":[{\"@type\":\"WebPage\",\"@id\":\"https:\\\/\\\/www.upstairsjazz.com\\\/fr\\\/events\\\/fuat-tuac-lancement-dalbum-the-immigrant\\\/\",\"url\":\"https:\\\/\\\/www.upstairsjazz.com\\\/fr\\\/events\\\/fuat-tuac-lancement-dalbum-the-immigrant\\\/\",\"name\":\"Fuat Tua\u00e7 Lancement d'album: The Immigrant - Upstairs Jazz\",\"isPartOf\":{\"@id\":\"https:\\\/\\\/www.upstairsjazz.com\\\/fr\\\/#website\"},\"primaryImageOfPage\":{\"@id\":\"https:\\\/\\\/www.upstairsjazz.com\\\/fr\\\/events\\\/fuat-tuac-lancement-dalbum-the-immigrant\\\/#primaryimage\"},\"image\":{\"@id\":\"https:\\\/\\\/www.upstairsjazz.com\\\/fr\\\/events\\\/fuat-tuac-lancement-dalbum-the-immigrant\\\/#primaryimage\"},\"thumbnailUrl\":\"https:\\\/\\\/www.upstairsjazz.com\\\/wp-content\\\/uploads\\\/2023\\\/05\\\/fuat.jpg\",\"datePublished\":\"2023-05-10T16:59:59+00:00\",\"dateModified\":\"2023-05-23T18:27:52+00:00\",\"breadcrumb\":{\"@id\":\"https:\\\/\\\/www.upstairsjazz.com\\\/fr\\\/events\\\/fuat-tuac-lancement-dalbum-the-immigrant\\\/#breadcrumb\"},\"inLanguage\":\"fr-FR\",\"potentialAction\":[{\"@type\":\"ReadAction\",\"target\":[\"https:\\\/\\\/www.upstairsjazz.com\\\/fr\\\/events\\\/fuat-tuac-lancement-dalbum-the-immigrant\\\/\"]}]},{\"@type\":\"ImageObject\",\"inLanguage\":\"fr-FR\",\"@id\":\"https:\\\/\\\/www.upstairsjazz.com\\\/fr\\\/events\\\/fuat-tuac-lancement-dalbum-the-immigrant\\\/#primaryimage\",\"url\":\"https:\\\/\\\/www.upstairsjazz.com\\\/wp-content\\\/uploads\\\/2023\\\/05\\\/fuat.jpg\",\"contentUrl\":\"https:\\\/\\\/www.upstairsjazz.com\\\/wp-content\\\/uploads\\\/2023\\\/05\\\/fuat.jpg\",\"width\":1904,\"height\":1848},{\"@type\":\"BreadcrumbList\",\"@id\":\"https:\\\/\\\/www.upstairsjazz.com\\\/fr\\\/events\\\/fuat-tuac-lancement-dalbum-the-immigrant\\\/#breadcrumb\",\"itemListElement\":[{\"@type\":\"ListItem\",\"position\":1,\"name\":\"Home\",\"item\":\"https:\\\/\\\/www.upstairsjazz.com\\\/fr\\\/accueil-fr-test\\\/\"},{\"@type\":\"ListItem\",\"position\":2,\"name\":\"Events\",\"item\":\"https:\\\/\\\/www.upstairsjazz.com\\\/events\\\/\"},{\"@type\":\"ListItem\",\"position\":3,\"name\":\"Fuat Tua\u00e7 Lancement d&#8217;album: The Immigrant\"}]},{\"@type\":\"WebSite\",\"@id\":\"https:\\\/\\\/www.upstairsjazz.com\\\/fr\\\/#website\",\"url\":\"https:\\\/\\\/www.upstairsjazz.com\\\/fr\\\/\",\"name\":\"Upstairs Jazz Club\",\"description\":\"Upstairs jazz club, Montreal Canada\",\"publisher\":{\"@id\":\"https:\\\/\\\/www.upstairsjazz.com\\\/fr\\\/#organization\"},\"potentialAction\":[{\"@type\":\"SearchAction\",\"target\":{\"@type\":\"EntryPoint\",\"urlTemplate\":\"https:\\\/\\\/www.upstairsjazz.com\\\/fr\\\/?s={search_term_string}\"},\"query-input\":{\"@type\":\"PropertyValueSpecification\",\"valueRequired\":true,\"valueName\":\"search_term_string\"}}],\"inLanguage\":\"fr-FR\"},{\"@type\":\"Organization\",\"@id\":\"https:\\\/\\\/www.upstairsjazz.com\\\/fr\\\/#organization\",\"name\":\"Upstairs Jazz Bar & Grill\",\"url\":\"https:\\\/\\\/www.upstairsjazz.com\\\/fr\\\/\",\"logo\":{\"@type\":\"ImageObject\",\"inLanguage\":\"fr-FR\",\"@id\":\"https:\\\/\\\/www.upstairsjazz.com\\\/fr\\\/#\\\/schema\\\/logo\\\/image\\\/\",\"url\":\"https:\\\/\\\/www.upstairsjazz.com\\\/wp-content\\\/uploads\\\/2020\\\/07\\\/upstairs-jazz-burger-1.jpg\",\"contentUrl\":\"https:\\\/\\\/www.upstairsjazz.com\\\/wp-content\\\/uploads\\\/2020\\\/07\\\/upstairs-jazz-burger-1.jpg\",\"width\":1490,\"height\":993,\"caption\":\"Upstairs Jazz Bar & Grill\"},\"image\":{\"@id\":\"https:\\\/\\\/www.upstairsjazz.com\\\/fr\\\/#\\\/schema\\\/logo\\\/image\\\/\"},\"sameAs\":[\"https:\\\/\\\/www.facebook.com\\\/upstairsjazz\",\"https:\\\/\\\/x.com\\\/Upstairsjazz\",\"https:\\\/\\\/www.instagram.com\\\/upstairsjazz\"]}]}<\/script>\n<!-- \/ Yoast SEO Premium plugin. -->","yoast_head_json":{"title":"Fuat Tua\u00e7 Lancement d'album: The Immigrant - Upstairs Jazz","robots":{"index":"index","follow":"follow","max-snippet":"max-snippet:-1","max-image-preview":"max-image-preview:large","max-video-preview":"max-video-preview:-1"},"canonical":"https:\/\/www.upstairsjazz.com\/fr\/events\/fuat-tuac-lancement-dalbum-the-immigrant\/","og_locale":"fr_FR","og_type":"article","og_title":"Fuat Tua\u00e7 Lancement d'album: The Immigrant","og_description":"Chanteur de jazz torontois acclam\u00e9, Fuat Tua\u00e7 sort son deuxi\u00e8me album au titre appropri\u00e9, \u00ab\u00a0The Immigrant\u00a0\u00bb, en 2023. Fuat chante en trois langues &#8211; anglais, fran\u00e7ais et son turc natal...","og_url":"https:\/\/www.upstairsjazz.com\/fr\/events\/fuat-tuac-lancement-dalbum-the-immigrant\/","og_site_name":"Upstairs Jazz","article_publisher":"https:\/\/www.facebook.com\/upstairsjazz","article_modified_time":"2023-05-23T18:27:52+00:00","og_image":[{"width":1904,"height":1848,"url":"https:\/\/www.upstairsjazz.com\/wp-content\/uploads\/2023\/05\/fuat.jpg","type":"image\/jpeg"}],"twitter_card":"summary_large_image","twitter_site":"@Upstairsjazz","twitter_misc":{"Dur\u00e9e de lecture estim\u00e9e":"1 minute"},"schema":{"@context":"https:\/\/schema.org","@graph":[{"@type":"WebPage","@id":"https:\/\/www.upstairsjazz.com\/fr\/events\/fuat-tuac-lancement-dalbum-the-immigrant\/","url":"https:\/\/www.upstairsjazz.com\/fr\/events\/fuat-tuac-lancement-dalbum-the-immigrant\/","name":"Fuat Tua\u00e7 Lancement d'album: The Immigrant - Upstairs Jazz","isPartOf":{"@id":"https:\/\/www.upstairsjazz.com\/fr\/#website"},"primaryImageOfPage":{"@id":"https:\/\/www.upstairsjazz.com\/fr\/events\/fuat-tuac-lancement-dalbum-the-immigrant\/#primaryimage"},"image":{"@id":"https:\/\/www.upstairsjazz.com\/fr\/events\/fuat-tuac-lancement-dalbum-the-immigrant\/#primaryimage"},"thumbnailUrl":"https:\/\/www.upstairsjazz.com\/wp-content\/uploads\/2023\/05\/fuat.jpg","datePublished":"2023-05-10T16:59:59+00:00","dateModified":"2023-05-23T18:27:52+00:00","breadcrumb":{"@id":"https:\/\/www.upstairsjazz.com\/fr\/events\/fuat-tuac-lancement-dalbum-the-immigrant\/#breadcrumb"},"inLanguage":"fr-FR","potentialAction":[{"@type":"ReadAction","target":["https:\/\/www.upstairsjazz.com\/fr\/events\/fuat-tuac-lancement-dalbum-the-immigrant\/"]}]},{"@type":"ImageObject","inLanguage":"fr-FR","@id":"https:\/\/www.upstairsjazz.com\/fr\/events\/fuat-tuac-lancement-dalbum-the-immigrant\/#primaryimage","url":"https:\/\/www.upstairsjazz.com\/wp-content\/uploads\/2023\/05\/fuat.jpg","contentUrl":"https:\/\/www.upstairsjazz.com\/wp-content\/uploads\/2023\/05\/fuat.jpg","width":1904,"height":1848},{"@type":"BreadcrumbList","@id":"https:\/\/www.upstairsjazz.com\/fr\/events\/fuat-tuac-lancement-dalbum-the-immigrant\/#breadcrumb","itemListElement":[{"@type":"ListItem","position":1,"name":"Home","item":"https:\/\/www.upstairsjazz.com\/fr\/accueil-fr-test\/"},{"@type":"ListItem","position":2,"name":"Events","item":"https:\/\/www.upstairsjazz.com\/events\/"},{"@type":"ListItem","position":3,"name":"Fuat Tua\u00e7 Lancement d&#8217;album: The Immigrant"}]},{"@type":"WebSite","@id":"https:\/\/www.upstairsjazz.com\/fr\/#website","url":"https:\/\/www.upstairsjazz.com\/fr\/","name":"Upstairs Jazz Club","description":"Upstairs jazz club, Montreal Canada","publisher":{"@id":"https:\/\/www.upstairsjazz.com\/fr\/#organization"},"potentialAction":[{"@type":"SearchAction","target":{"@type":"EntryPoint","urlTemplate":"https:\/\/www.upstairsjazz.com\/fr\/?s={search_term_string}"},"query-input":{"@type":"PropertyValueSpecification","valueRequired":true,"valueName":"search_term_string"}}],"inLanguage":"fr-FR"},{"@type":"Organization","@id":"https:\/\/www.upstairsjazz.com\/fr\/#organization","name":"Upstairs Jazz Bar & Grill","url":"https:\/\/www.upstairsjazz.com\/fr\/","logo":{"@type":"ImageObject","inLanguage":"fr-FR","@id":"https:\/\/www.upstairsjazz.com\/fr\/#\/schema\/logo\/image\/","url":"https:\/\/www.upstairsjazz.com\/wp-content\/uploads\/2020\/07\/upstairs-jazz-burger-1.jpg","contentUrl":"https:\/\/www.upstairsjazz.com\/wp-content\/uploads\/2020\/07\/upstairs-jazz-burger-1.jpg","width":1490,"height":993,"caption":"Upstairs Jazz Bar & Grill"},"image":{"@id":"https:\/\/www.upstairsjazz.com\/fr\/#\/schema\/logo\/image\/"},"sameAs":["https:\/\/www.facebook.com\/upstairsjazz","https:\/\/x.com\/Upstairsjazz","https:\/\/www.instagram.com\/upstairsjazz"]}]}},"_links":{"self":[{"href":"https:\/\/www.upstairsjazz.com\/fr\/wp-json\/wp\/v2\/ajde_events\/4183","targetHints":{"allow":["GET"]}}],"collection":[{"href":"https:\/\/www.upstairsjazz.com\/fr\/wp-json\/wp\/v2\/ajde_events"}],"about":[{"href":"https:\/\/www.upstairsjazz.com\/fr\/wp-json\/wp\/v2\/types\/ajde_events"}],"author":[{"embeddable":true,"href":"https:\/\/www.upstairsjazz.com\/fr\/wp-json\/wp\/v2\/users\/3"}],"replies":[{"embeddable":true,"href":"https:\/\/www.upstairsjazz.com\/fr\/wp-json\/wp\/v2\/comments?post=4183"}],"wp:featuredmedia":[{"embeddable":true,"href":"https:\/\/www.upstairsjazz.com\/fr\/wp-json\/wp\/v2\/media\/4181"}],"wp:attachment":[{"href":"https:\/\/www.upstairsjazz.com\/fr\/wp-json\/wp\/v2\/media?parent=4183"}],"wp:term":[{"taxonomy":"post_tag","embeddable":true,"href":"https:\/\/www.upstairsjazz.com\/fr\/wp-json\/wp\/v2\/tags?post=4183"},{"taxonomy":"event_type","embeddable":true,"href":"https:\/\/www.upstairsjazz.com\/fr\/wp-json\/wp\/v2\/event_type?post=4183"},{"taxonomy":"event_type_2","embeddable":true,"href":"https:\/\/www.upstairsjazz.com\/fr\/wp-json\/wp\/v2\/event_type_2?post=4183"}],"curies":[{"name":"wp","href":"https:\/\/api.w.org\/{rel}","templated":true}]}}