{"id":4822,"date":"2023-11-23T13:42:38","date_gmt":"2023-11-23T18:42:38","guid":{"rendered":"https:\/\/www.upstairsjazz.com\/?post_type=ajde_events&#038;p=4822"},"modified":"2023-11-23T13:42:38","modified_gmt":"2023-11-23T18:42:38","slug":"jacques-kuba-seguin-quartet","status":"publish","type":"ajde_events","link":"https:\/\/www.upstairsjazz.com\/fr\/events\/jacques-kuba-seguin-quartet\/","title":{"rendered":"Jacques Kuba S\u00e9guin Quartet"},"content":{"rendered":"<p>Apr\u00e8s avoir gagn\u00e9 le JUNO du meilleur album jazz au canada en 2020 et le F\u00e9lix la m\u00eame ann\u00e9e voici MiGRATIONS, projet qui a laiss\u00e9 sa marque dans le jazz qu\u00e9b\u00e9cois\/canadien. <\/p>\n<p>MiGRATIONS se veut une mosai\u0308que de compositions base\u0301es sur des entretiens avec des personnes de diffe\u0301rentes communaute\u0301s culturelles habitant ou ayant immigre\u0301 au Que\u0301bec. Il croise des parcours de vie et apporte une lumie\u0300re sur le me\u0301tissage des cultures. La musique propose\u0301e est image\u0301e, directe, dynamique et touchante. <\/p>\n<p>Elle invite a\u0300 une expe\u0301rience sensible et, espe\u0301rons, a\u0300 une re\u0301flexion sur l\u2019ouverture a\u0300 l\u2019autre, une ouverture qui se vit a\u0300 travers un genre base\u0301 sur l\u2019e\u0301coute et la rencontre : le jazz.<\/p>\n<p>Jacques Kuba S\u00e9guin : Trp &#038; compositions<br \/>\nJean-Michel Pilc : Piano<br \/>\nR\u00e9mi-Jean Leblanc : Contrebasse<br \/>\nKevin Warren : Drums<\/p>\n<p><span style=\"color: #dd3333;\"><strong><a style=\"color: #dd3333;\" href=\"https:\/\/youtu.be\/7DREJ4Puf-E?si=MRtVA-fIZPdYe1fh\" target=\"_blank\" rel=\"noopener\">Youtube video: \u00ab\u00a0Promesse souvenirs\u00a0\u00bb<\/a><\/strong><\/span><\/p>\n<p><iframe loading=\"lazy\" title=\"Promesse souvenirs - vid\u00e9oclip\" width=\"1080\" height=\"608\" src=\"https:\/\/www.youtube.com\/embed\/7DREJ4Puf-E?feature=oembed\" frameborder=\"0\" allow=\"accelerometer; autoplay; clipboard-write; encrypted-media; gyroscope; picture-in-picture; web-share\" allowfullscreen><\/iframe><\/p>\n","protected":false},"author":3,"featured_media":4821,"menu_order":0,"comment_status":"open","ping_status":"closed","template":"","meta":[],"tags":[],"event_type":[],"event_type_2":[],"class_list":["post-4822","ajde_events","type-ajde_events","status-publish","has-post-thumbnail"],"yoast_head":"<!-- This site is optimized with the Yoast SEO Premium plugin v20.8 (Yoast SEO v27.5) - https:\/\/yoast.com\/product\/yoast-seo-premium-wordpress\/ -->\n<title>Jacques Kuba S\u00e9guin Quartet - Upstairs Jazz<\/title>\n<meta name=\"robots\" content=\"index, follow, max-snippet:-1, max-image-preview:large, max-video-preview:-1\" \/>\n<link rel=\"canonical\" href=\"https:\/\/www.upstairsjazz.com\/fr\/events\/jacques-kuba-seguin-quartet\/\" \/>\n<meta property=\"og:locale\" content=\"fr_FR\" \/>\n<meta property=\"og:type\" content=\"article\" \/>\n<meta property=\"og:title\" content=\"Jacques Kuba S\u00e9guin Quartet\" \/>\n<meta property=\"og:description\" content=\"Apr\u00e8s avoir gagn\u00e9 le JUNO du meilleur album jazz au canada en 2020 et le F\u00e9lix la m\u00eame ann\u00e9e voici MiGRATIONS, projet qui a laiss\u00e9 sa marque dans le jazz...\" \/>\n<meta property=\"og:url\" content=\"https:\/\/www.upstairsjazz.com\/fr\/events\/jacques-kuba-seguin-quartet\/\" \/>\n<meta property=\"og:site_name\" content=\"Upstairs Jazz\" \/>\n<meta property=\"article:publisher\" content=\"https:\/\/www.facebook.com\/upstairsjazz\" \/>\n<meta property=\"og:image\" content=\"https:\/\/www.upstairsjazz.com\/wp-content\/uploads\/2023\/11\/seguin.jpg\" \/>\n\t<meta property=\"og:image:width\" content=\"350\" \/>\n\t<meta property=\"og:image:height\" content=\"350\" \/>\n\t<meta property=\"og:image:type\" content=\"image\/jpeg\" \/>\n<meta name=\"twitter:card\" content=\"summary_large_image\" \/>\n<meta name=\"twitter:site\" content=\"@Upstairsjazz\" \/>\n<script type=\"application\/ld+json\" class=\"yoast-schema-graph\">{\"@context\":\"https:\\\/\\\/schema.org\",\"@graph\":[{\"@type\":\"WebPage\",\"@id\":\"https:\\\/\\\/www.upstairsjazz.com\\\/fr\\\/events\\\/jacques-kuba-seguin-quartet\\\/\",\"url\":\"https:\\\/\\\/www.upstairsjazz.com\\\/fr\\\/events\\\/jacques-kuba-seguin-quartet\\\/\",\"name\":\"Jacques Kuba S\u00e9guin Quartet - Upstairs Jazz\",\"isPartOf\":{\"@id\":\"https:\\\/\\\/www.upstairsjazz.com\\\/fr\\\/#website\"},\"primaryImageOfPage\":{\"@id\":\"https:\\\/\\\/www.upstairsjazz.com\\\/fr\\\/events\\\/jacques-kuba-seguin-quartet\\\/#primaryimage\"},\"image\":{\"@id\":\"https:\\\/\\\/www.upstairsjazz.com\\\/fr\\\/events\\\/jacques-kuba-seguin-quartet\\\/#primaryimage\"},\"thumbnailUrl\":\"https:\\\/\\\/www.upstairsjazz.com\\\/wp-content\\\/uploads\\\/2023\\\/11\\\/seguin.jpg\",\"datePublished\":\"2023-11-23T18:42:38+00:00\",\"breadcrumb\":{\"@id\":\"https:\\\/\\\/www.upstairsjazz.com\\\/fr\\\/events\\\/jacques-kuba-seguin-quartet\\\/#breadcrumb\"},\"inLanguage\":\"fr-FR\",\"potentialAction\":[{\"@type\":\"ReadAction\",\"target\":[\"https:\\\/\\\/www.upstairsjazz.com\\\/fr\\\/events\\\/jacques-kuba-seguin-quartet\\\/\"]}]},{\"@type\":\"ImageObject\",\"inLanguage\":\"fr-FR\",\"@id\":\"https:\\\/\\\/www.upstairsjazz.com\\\/fr\\\/events\\\/jacques-kuba-seguin-quartet\\\/#primaryimage\",\"url\":\"https:\\\/\\\/www.upstairsjazz.com\\\/wp-content\\\/uploads\\\/2023\\\/11\\\/seguin.jpg\",\"contentUrl\":\"https:\\\/\\\/www.upstairsjazz.com\\\/wp-content\\\/uploads\\\/2023\\\/11\\\/seguin.jpg\",\"width\":350,\"height\":350},{\"@type\":\"BreadcrumbList\",\"@id\":\"https:\\\/\\\/www.upstairsjazz.com\\\/fr\\\/events\\\/jacques-kuba-seguin-quartet\\\/#breadcrumb\",\"itemListElement\":[{\"@type\":\"ListItem\",\"position\":1,\"name\":\"Home\",\"item\":\"https:\\\/\\\/www.upstairsjazz.com\\\/fr\\\/accueil-fr-test\\\/\"},{\"@type\":\"ListItem\",\"position\":2,\"name\":\"Events\",\"item\":\"https:\\\/\\\/www.upstairsjazz.com\\\/events\\\/\"},{\"@type\":\"ListItem\",\"position\":3,\"name\":\"Jacques Kuba S\u00e9guin Quartet\"}]},{\"@type\":\"WebSite\",\"@id\":\"https:\\\/\\\/www.upstairsjazz.com\\\/fr\\\/#website\",\"url\":\"https:\\\/\\\/www.upstairsjazz.com\\\/fr\\\/\",\"name\":\"Upstairs Jazz Club\",\"description\":\"Upstairs jazz club, Montreal Canada\",\"publisher\":{\"@id\":\"https:\\\/\\\/www.upstairsjazz.com\\\/fr\\\/#organization\"},\"potentialAction\":[{\"@type\":\"SearchAction\",\"target\":{\"@type\":\"EntryPoint\",\"urlTemplate\":\"https:\\\/\\\/www.upstairsjazz.com\\\/fr\\\/?s={search_term_string}\"},\"query-input\":{\"@type\":\"PropertyValueSpecification\",\"valueRequired\":true,\"valueName\":\"search_term_string\"}}],\"inLanguage\":\"fr-FR\"},{\"@type\":\"Organization\",\"@id\":\"https:\\\/\\\/www.upstairsjazz.com\\\/fr\\\/#organization\",\"name\":\"Upstairs Jazz Bar & Grill\",\"url\":\"https:\\\/\\\/www.upstairsjazz.com\\\/fr\\\/\",\"logo\":{\"@type\":\"ImageObject\",\"inLanguage\":\"fr-FR\",\"@id\":\"https:\\\/\\\/www.upstairsjazz.com\\\/fr\\\/#\\\/schema\\\/logo\\\/image\\\/\",\"url\":\"https:\\\/\\\/www.upstairsjazz.com\\\/wp-content\\\/uploads\\\/2020\\\/07\\\/upstairs-jazz-burger-1.jpg\",\"contentUrl\":\"https:\\\/\\\/www.upstairsjazz.com\\\/wp-content\\\/uploads\\\/2020\\\/07\\\/upstairs-jazz-burger-1.jpg\",\"width\":1490,\"height\":993,\"caption\":\"Upstairs Jazz Bar & Grill\"},\"image\":{\"@id\":\"https:\\\/\\\/www.upstairsjazz.com\\\/fr\\\/#\\\/schema\\\/logo\\\/image\\\/\"},\"sameAs\":[\"https:\\\/\\\/www.facebook.com\\\/upstairsjazz\",\"https:\\\/\\\/x.com\\\/Upstairsjazz\",\"https:\\\/\\\/www.instagram.com\\\/upstairsjazz\"]}]}<\/script>\n<!-- \/ Yoast SEO Premium plugin. -->","yoast_head_json":{"title":"Jacques Kuba S\u00e9guin Quartet - Upstairs Jazz","robots":{"index":"index","follow":"follow","max-snippet":"max-snippet:-1","max-image-preview":"max-image-preview:large","max-video-preview":"max-video-preview:-1"},"canonical":"https:\/\/www.upstairsjazz.com\/fr\/events\/jacques-kuba-seguin-quartet\/","og_locale":"fr_FR","og_type":"article","og_title":"Jacques Kuba S\u00e9guin Quartet","og_description":"Apr\u00e8s avoir gagn\u00e9 le JUNO du meilleur album jazz au canada en 2020 et le F\u00e9lix la m\u00eame ann\u00e9e voici MiGRATIONS, projet qui a laiss\u00e9 sa marque dans le jazz...","og_url":"https:\/\/www.upstairsjazz.com\/fr\/events\/jacques-kuba-seguin-quartet\/","og_site_name":"Upstairs Jazz","article_publisher":"https:\/\/www.facebook.com\/upstairsjazz","og_image":[{"width":350,"height":350,"url":"https:\/\/www.upstairsjazz.com\/wp-content\/uploads\/2023\/11\/seguin.jpg","type":"image\/jpeg"}],"twitter_card":"summary_large_image","twitter_site":"@Upstairsjazz","schema":{"@context":"https:\/\/schema.org","@graph":[{"@type":"WebPage","@id":"https:\/\/www.upstairsjazz.com\/fr\/events\/jacques-kuba-seguin-quartet\/","url":"https:\/\/www.upstairsjazz.com\/fr\/events\/jacques-kuba-seguin-quartet\/","name":"Jacques Kuba S\u00e9guin Quartet - Upstairs Jazz","isPartOf":{"@id":"https:\/\/www.upstairsjazz.com\/fr\/#website"},"primaryImageOfPage":{"@id":"https:\/\/www.upstairsjazz.com\/fr\/events\/jacques-kuba-seguin-quartet\/#primaryimage"},"image":{"@id":"https:\/\/www.upstairsjazz.com\/fr\/events\/jacques-kuba-seguin-quartet\/#primaryimage"},"thumbnailUrl":"https:\/\/www.upstairsjazz.com\/wp-content\/uploads\/2023\/11\/seguin.jpg","datePublished":"2023-11-23T18:42:38+00:00","breadcrumb":{"@id":"https:\/\/www.upstairsjazz.com\/fr\/events\/jacques-kuba-seguin-quartet\/#breadcrumb"},"inLanguage":"fr-FR","potentialAction":[{"@type":"ReadAction","target":["https:\/\/www.upstairsjazz.com\/fr\/events\/jacques-kuba-seguin-quartet\/"]}]},{"@type":"ImageObject","inLanguage":"fr-FR","@id":"https:\/\/www.upstairsjazz.com\/fr\/events\/jacques-kuba-seguin-quartet\/#primaryimage","url":"https:\/\/www.upstairsjazz.com\/wp-content\/uploads\/2023\/11\/seguin.jpg","contentUrl":"https:\/\/www.upstairsjazz.com\/wp-content\/uploads\/2023\/11\/seguin.jpg","width":350,"height":350},{"@type":"BreadcrumbList","@id":"https:\/\/www.upstairsjazz.com\/fr\/events\/jacques-kuba-seguin-quartet\/#breadcrumb","itemListElement":[{"@type":"ListItem","position":1,"name":"Home","item":"https:\/\/www.upstairsjazz.com\/fr\/accueil-fr-test\/"},{"@type":"ListItem","position":2,"name":"Events","item":"https:\/\/www.upstairsjazz.com\/events\/"},{"@type":"ListItem","position":3,"name":"Jacques Kuba S\u00e9guin Quartet"}]},{"@type":"WebSite","@id":"https:\/\/www.upstairsjazz.com\/fr\/#website","url":"https:\/\/www.upstairsjazz.com\/fr\/","name":"Upstairs Jazz Club","description":"Upstairs jazz club, Montreal Canada","publisher":{"@id":"https:\/\/www.upstairsjazz.com\/fr\/#organization"},"potentialAction":[{"@type":"SearchAction","target":{"@type":"EntryPoint","urlTemplate":"https:\/\/www.upstairsjazz.com\/fr\/?s={search_term_string}"},"query-input":{"@type":"PropertyValueSpecification","valueRequired":true,"valueName":"search_term_string"}}],"inLanguage":"fr-FR"},{"@type":"Organization","@id":"https:\/\/www.upstairsjazz.com\/fr\/#organization","name":"Upstairs Jazz Bar & Grill","url":"https:\/\/www.upstairsjazz.com\/fr\/","logo":{"@type":"ImageObject","inLanguage":"fr-FR","@id":"https:\/\/www.upstairsjazz.com\/fr\/#\/schema\/logo\/image\/","url":"https:\/\/www.upstairsjazz.com\/wp-content\/uploads\/2020\/07\/upstairs-jazz-burger-1.jpg","contentUrl":"https:\/\/www.upstairsjazz.com\/wp-content\/uploads\/2020\/07\/upstairs-jazz-burger-1.jpg","width":1490,"height":993,"caption":"Upstairs Jazz Bar & Grill"},"image":{"@id":"https:\/\/www.upstairsjazz.com\/fr\/#\/schema\/logo\/image\/"},"sameAs":["https:\/\/www.facebook.com\/upstairsjazz","https:\/\/x.com\/Upstairsjazz","https:\/\/www.instagram.com\/upstairsjazz"]}]}},"_links":{"self":[{"href":"https:\/\/www.upstairsjazz.com\/fr\/wp-json\/wp\/v2\/ajde_events\/4822","targetHints":{"allow":["GET"]}}],"collection":[{"href":"https:\/\/www.upstairsjazz.com\/fr\/wp-json\/wp\/v2\/ajde_events"}],"about":[{"href":"https:\/\/www.upstairsjazz.com\/fr\/wp-json\/wp\/v2\/types\/ajde_events"}],"author":[{"embeddable":true,"href":"https:\/\/www.upstairsjazz.com\/fr\/wp-json\/wp\/v2\/users\/3"}],"replies":[{"embeddable":true,"href":"https:\/\/www.upstairsjazz.com\/fr\/wp-json\/wp\/v2\/comments?post=4822"}],"wp:featuredmedia":[{"embeddable":true,"href":"https:\/\/www.upstairsjazz.com\/fr\/wp-json\/wp\/v2\/media\/4821"}],"wp:attachment":[{"href":"https:\/\/www.upstairsjazz.com\/fr\/wp-json\/wp\/v2\/media?parent=4822"}],"wp:term":[{"taxonomy":"post_tag","embeddable":true,"href":"https:\/\/www.upstairsjazz.com\/fr\/wp-json\/wp\/v2\/tags?post=4822"},{"taxonomy":"event_type","embeddable":true,"href":"https:\/\/www.upstairsjazz.com\/fr\/wp-json\/wp\/v2\/event_type?post=4822"},{"taxonomy":"event_type_2","embeddable":true,"href":"https:\/\/www.upstairsjazz.com\/fr\/wp-json\/wp\/v2\/event_type_2?post=4822"}],"curies":[{"name":"wp","href":"https:\/\/api.w.org\/{rel}","templated":true}]}}