{"id":4950,"date":"2024-02-08T15:25:09","date_gmt":"2024-02-08T20:25:09","guid":{"rendered":"https:\/\/www.upstairsjazz.com\/?post_type=ajde_events&#038;p=4950"},"modified":"2024-04-09T12:14:16","modified_gmt":"2024-04-09T17:14:16","slug":"josh-rager-quartet-invite-peter-bernstein","status":"publish","type":"ajde_events","link":"https:\/\/www.upstairsjazz.com\/fr\/events\/josh-rager-quartet-invite-peter-bernstein\/","title":{"rendered":"Josh Rager Quartet invite Peter Bernstein"},"content":{"rendered":"<p>Josh est un pianiste\/organiste, arrangeur, compositeur et professeur nomin\u00e9 aux JUNO (Nikky Yanofsky 2008) bas\u00e9 \u00e0 Montr\u00e9al, Canada. Tout au long de ses 20 ans de carri\u00e8re, il s&rsquo;est produit \u00e0 de nombreuses reprises au Japon, en Europe et en Am\u00e9rique du Nord. En 2005, il est nomin\u00e9 pour le Prix du Festival au Festival International de Jazz de Montr\u00e9al. En 2007, il a jou\u00e9 au Carnegie Hall avec Nikky Yanofsky apparaissant \u00e9galement sur son premier DVD\/CD nomin\u00e9 aux JUNO \u00ab Ella\u2026I swing of thee \u00bb. En 2009, il a re\u00e7u une commande de l&rsquo;Union europ\u00e9enne de radiodiffusion pour composer une suite jazz pour deux pianos qui a \u00e9t\u00e9 enregistr\u00e9e par CBC lors de sa premi\u00e8re et diffus\u00e9e \u00e0 l&rsquo;\u00e9chelle internationale. Son album \u00ab R\u00eaves et autres histoires \u00bb de 2018 a \u00e9t\u00e9 nomin\u00e9 pour l\u2019Album jazz de l\u2019ann\u00e9e par l\u2019ADISQ. En plus de ses propres projets, Josh est un sideman tr\u00e8s demand\u00e9 qui se produit avec des artistes nationaux et internationaux en visite. Josh est \u00e9galement un \u00e9ducateur d\u00e9vou\u00e9 \u00e0 l&rsquo;Universit\u00e9 Concordia, o\u00f9 il est professeur agr\u00e9g\u00e9. Certains des noms avec lesquels Josh a jou\u00e9 et\/ou enregistr\u00e9 incluent : Ingrid Jensen, Walt Weiskopf, Lage Lund, Donny McCaslin, Ed Cherry, Steve Davis, Ira Coleman, Joe Morrello, Pat Labarbera, Kevin Dean, Kirk MacDonald et Laura. Anglade.<\/p>\n<p>Le guitariste de jazz Peter Bernstein fait partie de la sc\u00e8ne jazz \u00e0 New York et \u00e0 l&rsquo;\u00e9tranger depuis 1989. Durant cette p\u00e9riode, il a particip\u00e9 \u00e0 de nombreux enregistrements et performances avec des musiciens de toutes g\u00e9n\u00e9rations. En tant que leader, Peter a sorti neuf albums et un DVD. En tant que sideman, Peter est apparu dans des groupes dirig\u00e9s par Sonny Rollins, Bobby Hutcherson, George Coleman, Lou Donaldson, Dr. Lonnie Smith, Fathead Newman, Joshua Redman, Brad Mehldau, Diana Krall, Lee Konitz, Jimmy Cobb et bien d&rsquo;autres. Les projets actuels incluent son album Monk avec Doug Weiss et Bill Stewart, un disque solo r\u00e9cemment sorti, Solo Guitar \u2013 Live at Smalls, et le trio d&rsquo;orgue tr\u00e8s acclam\u00e9 avec l&rsquo;organiste Larry Goldings et le batteur Bill Stewart.<\/p>\n<p>Les musiciens:<br \/>\nPeter Bernstein &#8211; guitare<br \/>\nJosh Rager &#8211; Piano<br \/>\nAlec Walkington &#8211; basse<br \/>\nAndr\u00e9 White &#8211; Batterie<\/p>\n<p><span style=\"color: #dd3333;\"><strong><a style=\"color: #dd3333;\" href=\"https:\/\/www.youtube.com\/live\/HZRwJwZm7as?si=06gfE_03-CII-91r\" target=\"_blank\" rel=\"noopener\">Youtube video: \u00ab\u00a0Peter Bernstein Quartet &#8211; Live at Smalls Jazz Club &#8211; 12\/28\/2022\u00a0\u00bb<\/a><\/strong><\/span><\/p>\n<p><iframe loading=\"lazy\" title=\"Peter Bernstein Quartet  - Live at Smalls Jazz Club - 12\/28\/2022\" width=\"1080\" height=\"608\" src=\"https:\/\/www.youtube.com\/embed\/HZRwJwZm7as?feature=oembed\" frameborder=\"0\" allow=\"accelerometer; autoplay; clipboard-write; encrypted-media; gyroscope; picture-in-picture; web-share\" referrerpolicy=\"strict-origin-when-cross-origin\" allowfullscreen><\/iframe><\/p>\n<p><span style=\"color: #dd3333;\"><strong><a style=\"color: #dd3333;\" href=\"https:\/\/youtu.be\/MELWu21Y5Bg?si=vBXe9xiWWUgj1IL5\" target=\"_blank\" rel=\"noopener\">Youtube video: \u00ab\u00a0Josh Rager &#8211; Green jeans\u00a0\u00bb<\/a><\/strong><\/span><\/p>\n<p><iframe loading=\"lazy\" title=\"Green Jeans\" width=\"1080\" height=\"608\" src=\"https:\/\/www.youtube.com\/embed\/MELWu21Y5Bg?feature=oembed\" frameborder=\"0\" allow=\"accelerometer; autoplay; clipboard-write; encrypted-media; gyroscope; picture-in-picture; web-share\" referrerpolicy=\"strict-origin-when-cross-origin\" allowfullscreen><\/iframe><\/p>\n","protected":false},"author":3,"featured_media":4949,"menu_order":0,"comment_status":"open","ping_status":"closed","template":"","meta":[],"tags":[],"event_type":[],"event_type_2":[],"class_list":["post-4950","ajde_events","type-ajde_events","status-publish","has-post-thumbnail"],"yoast_head":"<!-- This site is optimized with the Yoast SEO Premium plugin v20.8 (Yoast SEO v27.5) - https:\/\/yoast.com\/product\/yoast-seo-premium-wordpress\/ -->\n<title>Josh Rager Quartet invite Peter Bernstein - Upstairs Jazz<\/title>\n<meta name=\"robots\" content=\"index, follow, max-snippet:-1, max-image-preview:large, max-video-preview:-1\" \/>\n<link rel=\"canonical\" href=\"https:\/\/www.upstairsjazz.com\/fr\/events\/josh-rager-quartet-invite-peter-bernstein\/\" \/>\n<meta property=\"og:locale\" content=\"fr_FR\" \/>\n<meta property=\"og:type\" content=\"article\" \/>\n<meta property=\"og:title\" content=\"Josh Rager Quartet invite Peter Bernstein\" \/>\n<meta property=\"og:description\" content=\"Josh est un pianiste\/organiste, arrangeur, compositeur et professeur nomin\u00e9 aux JUNO (Nikky Yanofsky 2008) bas\u00e9 \u00e0 Montr\u00e9al, Canada. Tout au long de ses 20 ans de carri\u00e8re, il s&rsquo;est produit...\" \/>\n<meta property=\"og:url\" content=\"https:\/\/www.upstairsjazz.com\/fr\/events\/josh-rager-quartet-invite-peter-bernstein\/\" \/>\n<meta property=\"og:site_name\" content=\"Upstairs Jazz\" \/>\n<meta property=\"article:publisher\" content=\"https:\/\/www.facebook.com\/upstairsjazz\" \/>\n<meta property=\"article:modified_time\" content=\"2024-04-09T17:14:16+00:00\" \/>\n<meta property=\"og:image\" content=\"https:\/\/www.upstairsjazz.com\/wp-content\/uploads\/2024\/02\/rager-berstein.jpg\" \/>\n\t<meta property=\"og:image:width\" content=\"450\" \/>\n\t<meta property=\"og:image:height\" content=\"300\" \/>\n\t<meta property=\"og:image:type\" content=\"image\/jpeg\" \/>\n<meta name=\"twitter:card\" content=\"summary_large_image\" \/>\n<meta name=\"twitter:site\" content=\"@Upstairsjazz\" \/>\n<meta name=\"twitter:label1\" content=\"Dur\u00e9e de lecture estim\u00e9e\" \/>\n\t<meta name=\"twitter:data1\" content=\"2 minutes\" \/>\n<script type=\"application\/ld+json\" class=\"yoast-schema-graph\">{\"@context\":\"https:\\\/\\\/schema.org\",\"@graph\":[{\"@type\":\"WebPage\",\"@id\":\"https:\\\/\\\/www.upstairsjazz.com\\\/fr\\\/events\\\/josh-rager-quartet-invite-peter-bernstein\\\/\",\"url\":\"https:\\\/\\\/www.upstairsjazz.com\\\/fr\\\/events\\\/josh-rager-quartet-invite-peter-bernstein\\\/\",\"name\":\"Josh Rager Quartet invite Peter Bernstein - Upstairs Jazz\",\"isPartOf\":{\"@id\":\"https:\\\/\\\/www.upstairsjazz.com\\\/fr\\\/#website\"},\"primaryImageOfPage\":{\"@id\":\"https:\\\/\\\/www.upstairsjazz.com\\\/fr\\\/events\\\/josh-rager-quartet-invite-peter-bernstein\\\/#primaryimage\"},\"image\":{\"@id\":\"https:\\\/\\\/www.upstairsjazz.com\\\/fr\\\/events\\\/josh-rager-quartet-invite-peter-bernstein\\\/#primaryimage\"},\"thumbnailUrl\":\"https:\\\/\\\/www.upstairsjazz.com\\\/wp-content\\\/uploads\\\/2024\\\/02\\\/rager-berstein.jpg\",\"datePublished\":\"2024-02-08T20:25:09+00:00\",\"dateModified\":\"2024-04-09T17:14:16+00:00\",\"breadcrumb\":{\"@id\":\"https:\\\/\\\/www.upstairsjazz.com\\\/fr\\\/events\\\/josh-rager-quartet-invite-peter-bernstein\\\/#breadcrumb\"},\"inLanguage\":\"fr-FR\",\"potentialAction\":[{\"@type\":\"ReadAction\",\"target\":[\"https:\\\/\\\/www.upstairsjazz.com\\\/fr\\\/events\\\/josh-rager-quartet-invite-peter-bernstein\\\/\"]}]},{\"@type\":\"ImageObject\",\"inLanguage\":\"fr-FR\",\"@id\":\"https:\\\/\\\/www.upstairsjazz.com\\\/fr\\\/events\\\/josh-rager-quartet-invite-peter-bernstein\\\/#primaryimage\",\"url\":\"https:\\\/\\\/www.upstairsjazz.com\\\/wp-content\\\/uploads\\\/2024\\\/02\\\/rager-berstein.jpg\",\"contentUrl\":\"https:\\\/\\\/www.upstairsjazz.com\\\/wp-content\\\/uploads\\\/2024\\\/02\\\/rager-berstein.jpg\",\"width\":450,\"height\":300},{\"@type\":\"BreadcrumbList\",\"@id\":\"https:\\\/\\\/www.upstairsjazz.com\\\/fr\\\/events\\\/josh-rager-quartet-invite-peter-bernstein\\\/#breadcrumb\",\"itemListElement\":[{\"@type\":\"ListItem\",\"position\":1,\"name\":\"Home\",\"item\":\"https:\\\/\\\/www.upstairsjazz.com\\\/fr\\\/accueil-fr-test\\\/\"},{\"@type\":\"ListItem\",\"position\":2,\"name\":\"Events\",\"item\":\"https:\\\/\\\/www.upstairsjazz.com\\\/events\\\/\"},{\"@type\":\"ListItem\",\"position\":3,\"name\":\"Josh Rager Quartet invite Peter Bernstein\"}]},{\"@type\":\"WebSite\",\"@id\":\"https:\\\/\\\/www.upstairsjazz.com\\\/fr\\\/#website\",\"url\":\"https:\\\/\\\/www.upstairsjazz.com\\\/fr\\\/\",\"name\":\"Upstairs Jazz Club\",\"description\":\"Upstairs jazz club, Montreal Canada\",\"publisher\":{\"@id\":\"https:\\\/\\\/www.upstairsjazz.com\\\/fr\\\/#organization\"},\"potentialAction\":[{\"@type\":\"SearchAction\",\"target\":{\"@type\":\"EntryPoint\",\"urlTemplate\":\"https:\\\/\\\/www.upstairsjazz.com\\\/fr\\\/?s={search_term_string}\"},\"query-input\":{\"@type\":\"PropertyValueSpecification\",\"valueRequired\":true,\"valueName\":\"search_term_string\"}}],\"inLanguage\":\"fr-FR\"},{\"@type\":\"Organization\",\"@id\":\"https:\\\/\\\/www.upstairsjazz.com\\\/fr\\\/#organization\",\"name\":\"Upstairs Jazz Bar & Grill\",\"url\":\"https:\\\/\\\/www.upstairsjazz.com\\\/fr\\\/\",\"logo\":{\"@type\":\"ImageObject\",\"inLanguage\":\"fr-FR\",\"@id\":\"https:\\\/\\\/www.upstairsjazz.com\\\/fr\\\/#\\\/schema\\\/logo\\\/image\\\/\",\"url\":\"https:\\\/\\\/www.upstairsjazz.com\\\/wp-content\\\/uploads\\\/2020\\\/07\\\/upstairs-jazz-burger-1.jpg\",\"contentUrl\":\"https:\\\/\\\/www.upstairsjazz.com\\\/wp-content\\\/uploads\\\/2020\\\/07\\\/upstairs-jazz-burger-1.jpg\",\"width\":1490,\"height\":993,\"caption\":\"Upstairs Jazz Bar & Grill\"},\"image\":{\"@id\":\"https:\\\/\\\/www.upstairsjazz.com\\\/fr\\\/#\\\/schema\\\/logo\\\/image\\\/\"},\"sameAs\":[\"https:\\\/\\\/www.facebook.com\\\/upstairsjazz\",\"https:\\\/\\\/x.com\\\/Upstairsjazz\",\"https:\\\/\\\/www.instagram.com\\\/upstairsjazz\"]}]}<\/script>\n<!-- \/ Yoast SEO Premium plugin. -->","yoast_head_json":{"title":"Josh Rager Quartet invite Peter Bernstein - Upstairs Jazz","robots":{"index":"index","follow":"follow","max-snippet":"max-snippet:-1","max-image-preview":"max-image-preview:large","max-video-preview":"max-video-preview:-1"},"canonical":"https:\/\/www.upstairsjazz.com\/fr\/events\/josh-rager-quartet-invite-peter-bernstein\/","og_locale":"fr_FR","og_type":"article","og_title":"Josh Rager Quartet invite Peter Bernstein","og_description":"Josh est un pianiste\/organiste, arrangeur, compositeur et professeur nomin\u00e9 aux JUNO (Nikky Yanofsky 2008) bas\u00e9 \u00e0 Montr\u00e9al, Canada. Tout au long de ses 20 ans de carri\u00e8re, il s&rsquo;est produit...","og_url":"https:\/\/www.upstairsjazz.com\/fr\/events\/josh-rager-quartet-invite-peter-bernstein\/","og_site_name":"Upstairs Jazz","article_publisher":"https:\/\/www.facebook.com\/upstairsjazz","article_modified_time":"2024-04-09T17:14:16+00:00","og_image":[{"width":450,"height":300,"url":"https:\/\/www.upstairsjazz.com\/wp-content\/uploads\/2024\/02\/rager-berstein.jpg","type":"image\/jpeg"}],"twitter_card":"summary_large_image","twitter_site":"@Upstairsjazz","twitter_misc":{"Dur\u00e9e de lecture estim\u00e9e":"2 minutes"},"schema":{"@context":"https:\/\/schema.org","@graph":[{"@type":"WebPage","@id":"https:\/\/www.upstairsjazz.com\/fr\/events\/josh-rager-quartet-invite-peter-bernstein\/","url":"https:\/\/www.upstairsjazz.com\/fr\/events\/josh-rager-quartet-invite-peter-bernstein\/","name":"Josh Rager Quartet invite Peter Bernstein - Upstairs Jazz","isPartOf":{"@id":"https:\/\/www.upstairsjazz.com\/fr\/#website"},"primaryImageOfPage":{"@id":"https:\/\/www.upstairsjazz.com\/fr\/events\/josh-rager-quartet-invite-peter-bernstein\/#primaryimage"},"image":{"@id":"https:\/\/www.upstairsjazz.com\/fr\/events\/josh-rager-quartet-invite-peter-bernstein\/#primaryimage"},"thumbnailUrl":"https:\/\/www.upstairsjazz.com\/wp-content\/uploads\/2024\/02\/rager-berstein.jpg","datePublished":"2024-02-08T20:25:09+00:00","dateModified":"2024-04-09T17:14:16+00:00","breadcrumb":{"@id":"https:\/\/www.upstairsjazz.com\/fr\/events\/josh-rager-quartet-invite-peter-bernstein\/#breadcrumb"},"inLanguage":"fr-FR","potentialAction":[{"@type":"ReadAction","target":["https:\/\/www.upstairsjazz.com\/fr\/events\/josh-rager-quartet-invite-peter-bernstein\/"]}]},{"@type":"ImageObject","inLanguage":"fr-FR","@id":"https:\/\/www.upstairsjazz.com\/fr\/events\/josh-rager-quartet-invite-peter-bernstein\/#primaryimage","url":"https:\/\/www.upstairsjazz.com\/wp-content\/uploads\/2024\/02\/rager-berstein.jpg","contentUrl":"https:\/\/www.upstairsjazz.com\/wp-content\/uploads\/2024\/02\/rager-berstein.jpg","width":450,"height":300},{"@type":"BreadcrumbList","@id":"https:\/\/www.upstairsjazz.com\/fr\/events\/josh-rager-quartet-invite-peter-bernstein\/#breadcrumb","itemListElement":[{"@type":"ListItem","position":1,"name":"Home","item":"https:\/\/www.upstairsjazz.com\/fr\/accueil-fr-test\/"},{"@type":"ListItem","position":2,"name":"Events","item":"https:\/\/www.upstairsjazz.com\/events\/"},{"@type":"ListItem","position":3,"name":"Josh Rager Quartet invite Peter Bernstein"}]},{"@type":"WebSite","@id":"https:\/\/www.upstairsjazz.com\/fr\/#website","url":"https:\/\/www.upstairsjazz.com\/fr\/","name":"Upstairs Jazz Club","description":"Upstairs jazz club, Montreal Canada","publisher":{"@id":"https:\/\/www.upstairsjazz.com\/fr\/#organization"},"potentialAction":[{"@type":"SearchAction","target":{"@type":"EntryPoint","urlTemplate":"https:\/\/www.upstairsjazz.com\/fr\/?s={search_term_string}"},"query-input":{"@type":"PropertyValueSpecification","valueRequired":true,"valueName":"search_term_string"}}],"inLanguage":"fr-FR"},{"@type":"Organization","@id":"https:\/\/www.upstairsjazz.com\/fr\/#organization","name":"Upstairs Jazz Bar & Grill","url":"https:\/\/www.upstairsjazz.com\/fr\/","logo":{"@type":"ImageObject","inLanguage":"fr-FR","@id":"https:\/\/www.upstairsjazz.com\/fr\/#\/schema\/logo\/image\/","url":"https:\/\/www.upstairsjazz.com\/wp-content\/uploads\/2020\/07\/upstairs-jazz-burger-1.jpg","contentUrl":"https:\/\/www.upstairsjazz.com\/wp-content\/uploads\/2020\/07\/upstairs-jazz-burger-1.jpg","width":1490,"height":993,"caption":"Upstairs Jazz Bar & Grill"},"image":{"@id":"https:\/\/www.upstairsjazz.com\/fr\/#\/schema\/logo\/image\/"},"sameAs":["https:\/\/www.facebook.com\/upstairsjazz","https:\/\/x.com\/Upstairsjazz","https:\/\/www.instagram.com\/upstairsjazz"]}]}},"_links":{"self":[{"href":"https:\/\/www.upstairsjazz.com\/fr\/wp-json\/wp\/v2\/ajde_events\/4950","targetHints":{"allow":["GET"]}}],"collection":[{"href":"https:\/\/www.upstairsjazz.com\/fr\/wp-json\/wp\/v2\/ajde_events"}],"about":[{"href":"https:\/\/www.upstairsjazz.com\/fr\/wp-json\/wp\/v2\/types\/ajde_events"}],"author":[{"embeddable":true,"href":"https:\/\/www.upstairsjazz.com\/fr\/wp-json\/wp\/v2\/users\/3"}],"replies":[{"embeddable":true,"href":"https:\/\/www.upstairsjazz.com\/fr\/wp-json\/wp\/v2\/comments?post=4950"}],"wp:featuredmedia":[{"embeddable":true,"href":"https:\/\/www.upstairsjazz.com\/fr\/wp-json\/wp\/v2\/media\/4949"}],"wp:attachment":[{"href":"https:\/\/www.upstairsjazz.com\/fr\/wp-json\/wp\/v2\/media?parent=4950"}],"wp:term":[{"taxonomy":"post_tag","embeddable":true,"href":"https:\/\/www.upstairsjazz.com\/fr\/wp-json\/wp\/v2\/tags?post=4950"},{"taxonomy":"event_type","embeddable":true,"href":"https:\/\/www.upstairsjazz.com\/fr\/wp-json\/wp\/v2\/event_type?post=4950"},{"taxonomy":"event_type_2","embeddable":true,"href":"https:\/\/www.upstairsjazz.com\/fr\/wp-json\/wp\/v2\/event_type_2?post=4950"}],"curies":[{"name":"wp","href":"https:\/\/api.w.org\/{rel}","templated":true}]}}