{"id":5092,"date":"2024-04-05T08:48:32","date_gmt":"2024-04-05T13:48:32","guid":{"rendered":"https:\/\/www.upstairsjazz.com\/?post_type=ajde_events&#038;p=5092"},"modified":"2024-06-26T14:04:38","modified_gmt":"2024-06-26T19:04:38","slug":"festival-international-de-jazz-de-montreal-taurey-butler-quartet-avec-remi-bolducla-musique-de-michel-legrand","status":"publish","type":"ajde_events","link":"https:\/\/www.upstairsjazz.com\/fr\/events\/festival-international-de-jazz-de-montreal-taurey-butler-quartet-avec-remi-bolducla-musique-de-michel-legrand\/","title":{"rendered":"Festival International de Jazz de Montr\u00e9al: <br><br>(COMPLET)<br><br>Taurey Butler Quartet avec R\u00e9mi Bolduc:<br>La musique de Michel Legrand"},"content":{"rendered":"<p>Taurey Butler est un pianiste de jazz ph\u00e9nom\u00e9nal du plus haut calibre. Il pr\u00e9sente ce concert en trio en compagnie de Morgan Moore \u00e0 la contrebasse et Wali Muhammad \u00e0 la batterie. Natif d\u2019East Orange, au New Jersey, il a jou\u00e9 dans de nombreuses villes \u00e0 travers le monde, de Hong Kong \u00e0 New York. Il a choisi de poser ses valises \u00e0 Montr\u00e9al. Le premier disque \u00e9ponyme de Taurey Butler sur le label Justin Time est paru en novembre 2011. Ce premier album a re\u00e7u des critiques dithyrambiques. Depuis, il s\u2019est impos\u00e9 comme maitre d\u2019un swing rythm\u00e9 et \u00e9l\u00e9gant. Son style d\u00e9montre un engouement profond pour le blues et les ballades.<\/p>\n<p>R\u00e9mi Bolduc est un saxophoniste et \u00e9ducateur de jazz accompli et respect\u00e9, avec plus de 40 ans d\u2019exp\u00e9rience dans l\u2019industrie de la musique. Il est professeur associ\u00e9 au d\u00e9partement de jazz de l\u2019Universit\u00e9 McGill \u00e0 Montr\u00e9al, o\u00f9 il est rest\u00e9 une figure tr\u00e8s active sur la sc\u00e8ne musicale depuis son arriv\u00e9e en 1982. Bolduc a produit 11 albums de jazz, avec des collaborations avec des musiciens estim\u00e9s tels que Kenny Werner, Marc Johnson, Ben Monder et Jerry Bergonzi.<\/p>\n<p>Musiciens:<\/p>\n<p><span style=\"color: #dd3333;\"><strong><a style=\"color: #dd3333;\" href=\"https:\/\/youtu.be\/m6Bm9Vu2GsY\" target=\"_blank\" rel=\"noopener\">Youtube video: \u00ab\u00a0Taurey Butler Trio &#8211; The Preacher\u00a0\u00bb<\/a><\/strong><\/span><\/p>\n<p><iframe loading=\"lazy\" title=\"Taurey Butler Trio - The Preacher - Maison du Jazz \/ House of Jazz\" width=\"1080\" height=\"608\" src=\"https:\/\/www.youtube.com\/embed\/m6Bm9Vu2GsY?feature=oembed\" frameborder=\"0\" allow=\"accelerometer; autoplay; clipboard-write; encrypted-media; gyroscope; picture-in-picture; web-share\" referrerpolicy=\"strict-origin-when-cross-origin\" allowfullscreen><\/iframe><\/p>\n","protected":false},"author":3,"featured_media":5091,"menu_order":0,"comment_status":"open","ping_status":"closed","template":"","meta":[],"tags":[],"event_type":[],"event_type_2":[],"class_list":["post-5092","ajde_events","type-ajde_events","status-publish","has-post-thumbnail"],"yoast_head":"<!-- This site is optimized with the Yoast SEO Premium plugin v20.8 (Yoast SEO v27.5) - https:\/\/yoast.com\/product\/yoast-seo-premium-wordpress\/ -->\n<title>Festival International de Jazz de Montr\u00e9al: (COMPLET)Taurey Butler Quartet avec R\u00e9mi Bolduc:La musique de Michel Legrand - Upstairs Jazz<\/title>\n<meta name=\"robots\" content=\"index, follow, max-snippet:-1, max-image-preview:large, max-video-preview:-1\" \/>\n<link rel=\"canonical\" href=\"https:\/\/www.upstairsjazz.com\/fr\/events\/festival-international-de-jazz-de-montreal-taurey-butler-quartet-avec-remi-bolducla-musique-de-michel-legrand\/\" \/>\n<meta property=\"og:locale\" content=\"fr_FR\" \/>\n<meta property=\"og:type\" content=\"article\" \/>\n<meta property=\"og:title\" content=\"Festival International de Jazz de Montr\u00e9al: (COMPLET)Taurey Butler Quartet avec R\u00e9mi Bolduc:La musique de Michel Legrand\" \/>\n<meta property=\"og:description\" content=\"Taurey Butler est un pianiste de jazz ph\u00e9nom\u00e9nal du plus haut calibre. Il pr\u00e9sente ce concert en trio en compagnie de Morgan Moore \u00e0 la contrebasse et Wali Muhammad \u00e0...\" \/>\n<meta property=\"og:url\" content=\"https:\/\/www.upstairsjazz.com\/fr\/events\/festival-international-de-jazz-de-montreal-taurey-butler-quartet-avec-remi-bolducla-musique-de-michel-legrand\/\" \/>\n<meta property=\"og:site_name\" content=\"Upstairs Jazz\" \/>\n<meta property=\"article:publisher\" content=\"https:\/\/www.facebook.com\/upstairsjazz\" \/>\n<meta property=\"article:modified_time\" content=\"2024-06-26T19:04:38+00:00\" \/>\n<meta property=\"og:image\" content=\"https:\/\/www.upstairsjazz.com\/wp-content\/uploads\/2024\/04\/remi-taurey.jpg\" \/>\n\t<meta property=\"og:image:width\" content=\"450\" \/>\n\t<meta property=\"og:image:height\" content=\"450\" \/>\n\t<meta property=\"og:image:type\" content=\"image\/jpeg\" \/>\n<meta name=\"twitter:card\" content=\"summary_large_image\" \/>\n<meta name=\"twitter:site\" content=\"@Upstairsjazz\" \/>\n<meta name=\"twitter:label1\" content=\"Dur\u00e9e de lecture estim\u00e9e\" \/>\n\t<meta name=\"twitter:data1\" content=\"2 minutes\" \/>\n<script type=\"application\/ld+json\" class=\"yoast-schema-graph\">{\"@context\":\"https:\\\/\\\/schema.org\",\"@graph\":[{\"@type\":\"WebPage\",\"@id\":\"https:\\\/\\\/www.upstairsjazz.com\\\/fr\\\/events\\\/festival-international-de-jazz-de-montreal-taurey-butler-quartet-avec-remi-bolducla-musique-de-michel-legrand\\\/\",\"url\":\"https:\\\/\\\/www.upstairsjazz.com\\\/fr\\\/events\\\/festival-international-de-jazz-de-montreal-taurey-butler-quartet-avec-remi-bolducla-musique-de-michel-legrand\\\/\",\"name\":\"Festival International de Jazz de Montr\u00e9al: (COMPLET) Taurey Butler Quartet avec R\u00e9mi Bolduc: La musique de Michel Legrand - Upstairs Jazz\",\"isPartOf\":{\"@id\":\"https:\\\/\\\/www.upstairsjazz.com\\\/fr\\\/#website\"},\"primaryImageOfPage\":{\"@id\":\"https:\\\/\\\/www.upstairsjazz.com\\\/fr\\\/events\\\/festival-international-de-jazz-de-montreal-taurey-butler-quartet-avec-remi-bolducla-musique-de-michel-legrand\\\/#primaryimage\"},\"image\":{\"@id\":\"https:\\\/\\\/www.upstairsjazz.com\\\/fr\\\/events\\\/festival-international-de-jazz-de-montreal-taurey-butler-quartet-avec-remi-bolducla-musique-de-michel-legrand\\\/#primaryimage\"},\"thumbnailUrl\":\"https:\\\/\\\/www.upstairsjazz.com\\\/wp-content\\\/uploads\\\/2024\\\/04\\\/remi-taurey.jpg\",\"datePublished\":\"2024-04-05T13:48:32+00:00\",\"dateModified\":\"2024-06-26T19:04:38+00:00\",\"breadcrumb\":{\"@id\":\"https:\\\/\\\/www.upstairsjazz.com\\\/fr\\\/events\\\/festival-international-de-jazz-de-montreal-taurey-butler-quartet-avec-remi-bolducla-musique-de-michel-legrand\\\/#breadcrumb\"},\"inLanguage\":\"fr-FR\",\"potentialAction\":[{\"@type\":\"ReadAction\",\"target\":[\"https:\\\/\\\/www.upstairsjazz.com\\\/fr\\\/events\\\/festival-international-de-jazz-de-montreal-taurey-butler-quartet-avec-remi-bolducla-musique-de-michel-legrand\\\/\"]}]},{\"@type\":\"ImageObject\",\"inLanguage\":\"fr-FR\",\"@id\":\"https:\\\/\\\/www.upstairsjazz.com\\\/fr\\\/events\\\/festival-international-de-jazz-de-montreal-taurey-butler-quartet-avec-remi-bolducla-musique-de-michel-legrand\\\/#primaryimage\",\"url\":\"https:\\\/\\\/www.upstairsjazz.com\\\/wp-content\\\/uploads\\\/2024\\\/04\\\/remi-taurey.jpg\",\"contentUrl\":\"https:\\\/\\\/www.upstairsjazz.com\\\/wp-content\\\/uploads\\\/2024\\\/04\\\/remi-taurey.jpg\",\"width\":450,\"height\":450},{\"@type\":\"BreadcrumbList\",\"@id\":\"https:\\\/\\\/www.upstairsjazz.com\\\/fr\\\/events\\\/festival-international-de-jazz-de-montreal-taurey-butler-quartet-avec-remi-bolducla-musique-de-michel-legrand\\\/#breadcrumb\",\"itemListElement\":[{\"@type\":\"ListItem\",\"position\":1,\"name\":\"Home\",\"item\":\"https:\\\/\\\/www.upstairsjazz.com\\\/fr\\\/accueil-fr-test\\\/\"},{\"@type\":\"ListItem\",\"position\":2,\"name\":\"Events\",\"item\":\"https:\\\/\\\/www.upstairsjazz.com\\\/events\\\/\"},{\"@type\":\"ListItem\",\"position\":3,\"name\":\"Festival International de Jazz de Montr\u00e9al: (COMPLET)Taurey Butler Quartet avec R\u00e9mi Bolduc:La musique de Michel Legrand\"}]},{\"@type\":\"WebSite\",\"@id\":\"https:\\\/\\\/www.upstairsjazz.com\\\/fr\\\/#website\",\"url\":\"https:\\\/\\\/www.upstairsjazz.com\\\/fr\\\/\",\"name\":\"Upstairs Jazz Club\",\"description\":\"Upstairs jazz club, Montreal Canada\",\"publisher\":{\"@id\":\"https:\\\/\\\/www.upstairsjazz.com\\\/fr\\\/#organization\"},\"potentialAction\":[{\"@type\":\"SearchAction\",\"target\":{\"@type\":\"EntryPoint\",\"urlTemplate\":\"https:\\\/\\\/www.upstairsjazz.com\\\/fr\\\/?s={search_term_string}\"},\"query-input\":{\"@type\":\"PropertyValueSpecification\",\"valueRequired\":true,\"valueName\":\"search_term_string\"}}],\"inLanguage\":\"fr-FR\"},{\"@type\":\"Organization\",\"@id\":\"https:\\\/\\\/www.upstairsjazz.com\\\/fr\\\/#organization\",\"name\":\"Upstairs Jazz Bar & Grill\",\"url\":\"https:\\\/\\\/www.upstairsjazz.com\\\/fr\\\/\",\"logo\":{\"@type\":\"ImageObject\",\"inLanguage\":\"fr-FR\",\"@id\":\"https:\\\/\\\/www.upstairsjazz.com\\\/fr\\\/#\\\/schema\\\/logo\\\/image\\\/\",\"url\":\"https:\\\/\\\/www.upstairsjazz.com\\\/wp-content\\\/uploads\\\/2020\\\/07\\\/upstairs-jazz-burger-1.jpg\",\"contentUrl\":\"https:\\\/\\\/www.upstairsjazz.com\\\/wp-content\\\/uploads\\\/2020\\\/07\\\/upstairs-jazz-burger-1.jpg\",\"width\":1490,\"height\":993,\"caption\":\"Upstairs Jazz Bar & Grill\"},\"image\":{\"@id\":\"https:\\\/\\\/www.upstairsjazz.com\\\/fr\\\/#\\\/schema\\\/logo\\\/image\\\/\"},\"sameAs\":[\"https:\\\/\\\/www.facebook.com\\\/upstairsjazz\",\"https:\\\/\\\/x.com\\\/Upstairsjazz\",\"https:\\\/\\\/www.instagram.com\\\/upstairsjazz\"]}]}<\/script>\n<!-- \/ Yoast SEO Premium plugin. -->","yoast_head_json":{"title":"Festival International de Jazz de Montr\u00e9al: (COMPLET)Taurey Butler Quartet avec R\u00e9mi Bolduc:La musique de Michel Legrand - Upstairs Jazz","robots":{"index":"index","follow":"follow","max-snippet":"max-snippet:-1","max-image-preview":"max-image-preview:large","max-video-preview":"max-video-preview:-1"},"canonical":"https:\/\/www.upstairsjazz.com\/fr\/events\/festival-international-de-jazz-de-montreal-taurey-butler-quartet-avec-remi-bolducla-musique-de-michel-legrand\/","og_locale":"fr_FR","og_type":"article","og_title":"Festival International de Jazz de Montr\u00e9al: (COMPLET)Taurey Butler Quartet avec R\u00e9mi Bolduc:La musique de Michel Legrand","og_description":"Taurey Butler est un pianiste de jazz ph\u00e9nom\u00e9nal du plus haut calibre. Il pr\u00e9sente ce concert en trio en compagnie de Morgan Moore \u00e0 la contrebasse et Wali Muhammad \u00e0...","og_url":"https:\/\/www.upstairsjazz.com\/fr\/events\/festival-international-de-jazz-de-montreal-taurey-butler-quartet-avec-remi-bolducla-musique-de-michel-legrand\/","og_site_name":"Upstairs Jazz","article_publisher":"https:\/\/www.facebook.com\/upstairsjazz","article_modified_time":"2024-06-26T19:04:38+00:00","og_image":[{"width":450,"height":450,"url":"https:\/\/www.upstairsjazz.com\/wp-content\/uploads\/2024\/04\/remi-taurey.jpg","type":"image\/jpeg"}],"twitter_card":"summary_large_image","twitter_site":"@Upstairsjazz","twitter_misc":{"Dur\u00e9e de lecture estim\u00e9e":"2 minutes"},"schema":{"@context":"https:\/\/schema.org","@graph":[{"@type":"WebPage","@id":"https:\/\/www.upstairsjazz.com\/fr\/events\/festival-international-de-jazz-de-montreal-taurey-butler-quartet-avec-remi-bolducla-musique-de-michel-legrand\/","url":"https:\/\/www.upstairsjazz.com\/fr\/events\/festival-international-de-jazz-de-montreal-taurey-butler-quartet-avec-remi-bolducla-musique-de-michel-legrand\/","name":"Festival International de Jazz de Montr\u00e9al: (COMPLET) Taurey Butler Quartet avec R\u00e9mi Bolduc: La musique de Michel Legrand - Upstairs Jazz","isPartOf":{"@id":"https:\/\/www.upstairsjazz.com\/fr\/#website"},"primaryImageOfPage":{"@id":"https:\/\/www.upstairsjazz.com\/fr\/events\/festival-international-de-jazz-de-montreal-taurey-butler-quartet-avec-remi-bolducla-musique-de-michel-legrand\/#primaryimage"},"image":{"@id":"https:\/\/www.upstairsjazz.com\/fr\/events\/festival-international-de-jazz-de-montreal-taurey-butler-quartet-avec-remi-bolducla-musique-de-michel-legrand\/#primaryimage"},"thumbnailUrl":"https:\/\/www.upstairsjazz.com\/wp-content\/uploads\/2024\/04\/remi-taurey.jpg","datePublished":"2024-04-05T13:48:32+00:00","dateModified":"2024-06-26T19:04:38+00:00","breadcrumb":{"@id":"https:\/\/www.upstairsjazz.com\/fr\/events\/festival-international-de-jazz-de-montreal-taurey-butler-quartet-avec-remi-bolducla-musique-de-michel-legrand\/#breadcrumb"},"inLanguage":"fr-FR","potentialAction":[{"@type":"ReadAction","target":["https:\/\/www.upstairsjazz.com\/fr\/events\/festival-international-de-jazz-de-montreal-taurey-butler-quartet-avec-remi-bolducla-musique-de-michel-legrand\/"]}]},{"@type":"ImageObject","inLanguage":"fr-FR","@id":"https:\/\/www.upstairsjazz.com\/fr\/events\/festival-international-de-jazz-de-montreal-taurey-butler-quartet-avec-remi-bolducla-musique-de-michel-legrand\/#primaryimage","url":"https:\/\/www.upstairsjazz.com\/wp-content\/uploads\/2024\/04\/remi-taurey.jpg","contentUrl":"https:\/\/www.upstairsjazz.com\/wp-content\/uploads\/2024\/04\/remi-taurey.jpg","width":450,"height":450},{"@type":"BreadcrumbList","@id":"https:\/\/www.upstairsjazz.com\/fr\/events\/festival-international-de-jazz-de-montreal-taurey-butler-quartet-avec-remi-bolducla-musique-de-michel-legrand\/#breadcrumb","itemListElement":[{"@type":"ListItem","position":1,"name":"Home","item":"https:\/\/www.upstairsjazz.com\/fr\/accueil-fr-test\/"},{"@type":"ListItem","position":2,"name":"Events","item":"https:\/\/www.upstairsjazz.com\/events\/"},{"@type":"ListItem","position":3,"name":"Festival International de Jazz de Montr\u00e9al: (COMPLET)Taurey Butler Quartet avec R\u00e9mi Bolduc:La musique de Michel Legrand"}]},{"@type":"WebSite","@id":"https:\/\/www.upstairsjazz.com\/fr\/#website","url":"https:\/\/www.upstairsjazz.com\/fr\/","name":"Upstairs Jazz Club","description":"Upstairs jazz club, Montreal Canada","publisher":{"@id":"https:\/\/www.upstairsjazz.com\/fr\/#organization"},"potentialAction":[{"@type":"SearchAction","target":{"@type":"EntryPoint","urlTemplate":"https:\/\/www.upstairsjazz.com\/fr\/?s={search_term_string}"},"query-input":{"@type":"PropertyValueSpecification","valueRequired":true,"valueName":"search_term_string"}}],"inLanguage":"fr-FR"},{"@type":"Organization","@id":"https:\/\/www.upstairsjazz.com\/fr\/#organization","name":"Upstairs Jazz Bar & Grill","url":"https:\/\/www.upstairsjazz.com\/fr\/","logo":{"@type":"ImageObject","inLanguage":"fr-FR","@id":"https:\/\/www.upstairsjazz.com\/fr\/#\/schema\/logo\/image\/","url":"https:\/\/www.upstairsjazz.com\/wp-content\/uploads\/2020\/07\/upstairs-jazz-burger-1.jpg","contentUrl":"https:\/\/www.upstairsjazz.com\/wp-content\/uploads\/2020\/07\/upstairs-jazz-burger-1.jpg","width":1490,"height":993,"caption":"Upstairs Jazz Bar & Grill"},"image":{"@id":"https:\/\/www.upstairsjazz.com\/fr\/#\/schema\/logo\/image\/"},"sameAs":["https:\/\/www.facebook.com\/upstairsjazz","https:\/\/x.com\/Upstairsjazz","https:\/\/www.instagram.com\/upstairsjazz"]}]}},"_links":{"self":[{"href":"https:\/\/www.upstairsjazz.com\/fr\/wp-json\/wp\/v2\/ajde_events\/5092","targetHints":{"allow":["GET"]}}],"collection":[{"href":"https:\/\/www.upstairsjazz.com\/fr\/wp-json\/wp\/v2\/ajde_events"}],"about":[{"href":"https:\/\/www.upstairsjazz.com\/fr\/wp-json\/wp\/v2\/types\/ajde_events"}],"author":[{"embeddable":true,"href":"https:\/\/www.upstairsjazz.com\/fr\/wp-json\/wp\/v2\/users\/3"}],"replies":[{"embeddable":true,"href":"https:\/\/www.upstairsjazz.com\/fr\/wp-json\/wp\/v2\/comments?post=5092"}],"wp:featuredmedia":[{"embeddable":true,"href":"https:\/\/www.upstairsjazz.com\/fr\/wp-json\/wp\/v2\/media\/5091"}],"wp:attachment":[{"href":"https:\/\/www.upstairsjazz.com\/fr\/wp-json\/wp\/v2\/media?parent=5092"}],"wp:term":[{"taxonomy":"post_tag","embeddable":true,"href":"https:\/\/www.upstairsjazz.com\/fr\/wp-json\/wp\/v2\/tags?post=5092"},{"taxonomy":"event_type","embeddable":true,"href":"https:\/\/www.upstairsjazz.com\/fr\/wp-json\/wp\/v2\/event_type?post=5092"},{"taxonomy":"event_type_2","embeddable":true,"href":"https:\/\/www.upstairsjazz.com\/fr\/wp-json\/wp\/v2\/event_type_2?post=5092"}],"curies":[{"name":"wp","href":"https:\/\/api.w.org\/{rel}","templated":true}]}}