{"id":5236,"date":"2024-05-21T07:53:09","date_gmt":"2024-05-21T12:53:09","guid":{"rendered":"https:\/\/www.upstairsjazz.com\/?post_type=ajde_events&#038;p=5236"},"modified":"2024-05-21T07:53:09","modified_gmt":"2024-05-21T12:53:09","slug":"joao-menegale-barbi-presents-voices-of-my-montreal","status":"publish","type":"ajde_events","link":"https:\/\/www.upstairsjazz.com\/fr\/events\/joao-menegale-barbi-presents-voices-of-my-montreal\/","title":{"rendered":"Jo\u00e3o Menegale Barbi presents: Voices of my Montreal"},"content":{"rendered":"<p>Jo\u00e3o Menegale Barbi est un bassiste br\u00e9silien venu \u00e0 Montr\u00e9al pour poursuivre ses \u00e9tudes musicales. R\u00e9cemment dipl\u00f4m\u00e9 de l&rsquo;Universit\u00e9 McGill, on le retrouve jouant du jazz ou de la musique br\u00e9silienne \u00e0 travers la ville de Montr\u00e9al, \u00e9tant une figure tr\u00e8s pr\u00e9sente sur la sc\u00e8ne artistique, tant comme chef d&rsquo;orchestre que comme sideman.<\/p>\n<p>Le spectacle Voices of my Montreal a \u00e9t\u00e9 con\u00e7u en raison de son travail approfondi avec diff\u00e9rents chanteurs au cours de son mandat d&rsquo;\u00e9tudiant en jazz et de son travail professionnel. Jo\u00e3o vise ainsi \u00e0 pr\u00e9senter l&rsquo;individualit\u00e9 et la personnalit\u00e9 de chaque voix, en les aidant \u00e0 exprimer leur talent artistique. Ils ont des parcours diff\u00e9rents, des influences distinctes et une approche unique du chant, de la composition et de l&rsquo;interpr\u00e9tation, offrant un r\u00e9pertoire plein de musique merveilleuse.<\/p>\n<p>Band:<br \/>\nJo\u00e3o Menegale Barbi : basse<br \/>\nMarie-Jeanne Paquet : Voix<br \/>\nSarah Leroux : Voix<br \/>\nCharlotte D\u00e9silets : Voix<br \/>\nF\u00e9licia Turgeon Rivard : Voix<br \/>\nSam Fortin : Piano<br \/>\nJulian Ferrer : batterie<\/p>\n<p><iframe loading=\"lazy\" src=\"https:\/\/player.vimeo.com\/video\/928201356?h=a0a8c32ee1&amp;badge=0&amp;autopause=0&amp;player_id=0&amp;app_id=58479\" width=\"450\" height=\"253\" frameborder=\"0\" allow=\"autoplay; fullscreen; picture-in-picture; clipboard-write\" title=\"Sarah Leroux Brazilian Sextet\"><\/iframe><\/p>\n<p><iframe loading=\"lazy\" title=\"Sarah Leroux Brazilian Sextet\" src=\"https:\/\/player.vimeo.com\/video\/928201356?h=a0a8c32ee1&amp;dnt=1&amp;app_id=122963\" width=\"1080\" height=\"608\" frameborder=\"0\" allow=\"autoplay; fullscreen; picture-in-picture; clipboard-write\"><\/iframe><\/p>\n","protected":false},"author":3,"featured_media":5235,"menu_order":0,"comment_status":"open","ping_status":"closed","template":"","meta":[],"tags":[],"event_type":[],"event_type_2":[],"class_list":["post-5236","ajde_events","type-ajde_events","status-publish","has-post-thumbnail"],"yoast_head":"<!-- This site is optimized with the Yoast SEO Premium plugin v20.8 (Yoast SEO v27.5) - https:\/\/yoast.com\/product\/yoast-seo-premium-wordpress\/ -->\n<title>Jo\u00e3o Menegale Barbi presents: Voices of my Montreal - Upstairs Jazz<\/title>\n<meta name=\"robots\" content=\"index, follow, max-snippet:-1, max-image-preview:large, max-video-preview:-1\" \/>\n<link rel=\"canonical\" href=\"https:\/\/www.upstairsjazz.com\/fr\/events\/joao-menegale-barbi-presents-voices-of-my-montreal\/\" \/>\n<meta property=\"og:locale\" content=\"fr_FR\" \/>\n<meta property=\"og:type\" content=\"article\" \/>\n<meta property=\"og:title\" content=\"Jo\u00e3o Menegale Barbi presents: Voices of my Montreal\" \/>\n<meta property=\"og:description\" content=\"Jo\u00e3o Menegale Barbi est un bassiste br\u00e9silien venu \u00e0 Montr\u00e9al pour poursuivre ses \u00e9tudes musicales. R\u00e9cemment dipl\u00f4m\u00e9 de l&rsquo;Universit\u00e9 McGill, on le retrouve jouant du jazz ou de la musique...\" \/>\n<meta property=\"og:url\" content=\"https:\/\/www.upstairsjazz.com\/fr\/events\/joao-menegale-barbi-presents-voices-of-my-montreal\/\" \/>\n<meta property=\"og:site_name\" content=\"Upstairs Jazz\" \/>\n<meta property=\"article:publisher\" content=\"https:\/\/www.facebook.com\/upstairsjazz\" \/>\n<meta property=\"og:image\" content=\"https:\/\/www.upstairsjazz.com\/wp-content\/uploads\/2024\/05\/TheVoicesOfMyMontreal.png\" \/>\n\t<meta property=\"og:image:width\" content=\"500\" \/>\n\t<meta property=\"og:image:height\" content=\"229\" \/>\n\t<meta property=\"og:image:type\" content=\"image\/png\" \/>\n<meta name=\"twitter:card\" content=\"summary_large_image\" \/>\n<meta name=\"twitter:site\" content=\"@Upstairsjazz\" \/>\n<meta name=\"twitter:label1\" content=\"Dur\u00e9e de lecture estim\u00e9e\" \/>\n\t<meta name=\"twitter:data1\" content=\"1 minute\" \/>\n<script type=\"application\/ld+json\" class=\"yoast-schema-graph\">{\"@context\":\"https:\\\/\\\/schema.org\",\"@graph\":[{\"@type\":\"WebPage\",\"@id\":\"https:\\\/\\\/www.upstairsjazz.com\\\/fr\\\/events\\\/joao-menegale-barbi-presents-voices-of-my-montreal\\\/\",\"url\":\"https:\\\/\\\/www.upstairsjazz.com\\\/fr\\\/events\\\/joao-menegale-barbi-presents-voices-of-my-montreal\\\/\",\"name\":\"Jo\u00e3o Menegale Barbi presents: Voices of my Montreal - Upstairs Jazz\",\"isPartOf\":{\"@id\":\"https:\\\/\\\/www.upstairsjazz.com\\\/fr\\\/#website\"},\"primaryImageOfPage\":{\"@id\":\"https:\\\/\\\/www.upstairsjazz.com\\\/fr\\\/events\\\/joao-menegale-barbi-presents-voices-of-my-montreal\\\/#primaryimage\"},\"image\":{\"@id\":\"https:\\\/\\\/www.upstairsjazz.com\\\/fr\\\/events\\\/joao-menegale-barbi-presents-voices-of-my-montreal\\\/#primaryimage\"},\"thumbnailUrl\":\"https:\\\/\\\/www.upstairsjazz.com\\\/wp-content\\\/uploads\\\/2024\\\/05\\\/TheVoicesOfMyMontreal.png\",\"datePublished\":\"2024-05-21T12:53:09+00:00\",\"breadcrumb\":{\"@id\":\"https:\\\/\\\/www.upstairsjazz.com\\\/fr\\\/events\\\/joao-menegale-barbi-presents-voices-of-my-montreal\\\/#breadcrumb\"},\"inLanguage\":\"fr-FR\",\"potentialAction\":[{\"@type\":\"ReadAction\",\"target\":[\"https:\\\/\\\/www.upstairsjazz.com\\\/fr\\\/events\\\/joao-menegale-barbi-presents-voices-of-my-montreal\\\/\"]}]},{\"@type\":\"ImageObject\",\"inLanguage\":\"fr-FR\",\"@id\":\"https:\\\/\\\/www.upstairsjazz.com\\\/fr\\\/events\\\/joao-menegale-barbi-presents-voices-of-my-montreal\\\/#primaryimage\",\"url\":\"https:\\\/\\\/www.upstairsjazz.com\\\/wp-content\\\/uploads\\\/2024\\\/05\\\/TheVoicesOfMyMontreal.png\",\"contentUrl\":\"https:\\\/\\\/www.upstairsjazz.com\\\/wp-content\\\/uploads\\\/2024\\\/05\\\/TheVoicesOfMyMontreal.png\",\"width\":500,\"height\":229},{\"@type\":\"BreadcrumbList\",\"@id\":\"https:\\\/\\\/www.upstairsjazz.com\\\/fr\\\/events\\\/joao-menegale-barbi-presents-voices-of-my-montreal\\\/#breadcrumb\",\"itemListElement\":[{\"@type\":\"ListItem\",\"position\":1,\"name\":\"Home\",\"item\":\"https:\\\/\\\/www.upstairsjazz.com\\\/fr\\\/accueil-fr-test\\\/\"},{\"@type\":\"ListItem\",\"position\":2,\"name\":\"Events\",\"item\":\"https:\\\/\\\/www.upstairsjazz.com\\\/events\\\/\"},{\"@type\":\"ListItem\",\"position\":3,\"name\":\"Jo\u00e3o Menegale Barbi presents: Voices of my Montreal\"}]},{\"@type\":\"WebSite\",\"@id\":\"https:\\\/\\\/www.upstairsjazz.com\\\/fr\\\/#website\",\"url\":\"https:\\\/\\\/www.upstairsjazz.com\\\/fr\\\/\",\"name\":\"Upstairs Jazz Club\",\"description\":\"Upstairs jazz club, Montreal Canada\",\"publisher\":{\"@id\":\"https:\\\/\\\/www.upstairsjazz.com\\\/fr\\\/#organization\"},\"potentialAction\":[{\"@type\":\"SearchAction\",\"target\":{\"@type\":\"EntryPoint\",\"urlTemplate\":\"https:\\\/\\\/www.upstairsjazz.com\\\/fr\\\/?s={search_term_string}\"},\"query-input\":{\"@type\":\"PropertyValueSpecification\",\"valueRequired\":true,\"valueName\":\"search_term_string\"}}],\"inLanguage\":\"fr-FR\"},{\"@type\":\"Organization\",\"@id\":\"https:\\\/\\\/www.upstairsjazz.com\\\/fr\\\/#organization\",\"name\":\"Upstairs Jazz Bar & Grill\",\"url\":\"https:\\\/\\\/www.upstairsjazz.com\\\/fr\\\/\",\"logo\":{\"@type\":\"ImageObject\",\"inLanguage\":\"fr-FR\",\"@id\":\"https:\\\/\\\/www.upstairsjazz.com\\\/fr\\\/#\\\/schema\\\/logo\\\/image\\\/\",\"url\":\"https:\\\/\\\/www.upstairsjazz.com\\\/wp-content\\\/uploads\\\/2020\\\/07\\\/upstairs-jazz-burger-1.jpg\",\"contentUrl\":\"https:\\\/\\\/www.upstairsjazz.com\\\/wp-content\\\/uploads\\\/2020\\\/07\\\/upstairs-jazz-burger-1.jpg\",\"width\":1490,\"height\":993,\"caption\":\"Upstairs Jazz Bar & Grill\"},\"image\":{\"@id\":\"https:\\\/\\\/www.upstairsjazz.com\\\/fr\\\/#\\\/schema\\\/logo\\\/image\\\/\"},\"sameAs\":[\"https:\\\/\\\/www.facebook.com\\\/upstairsjazz\",\"https:\\\/\\\/x.com\\\/Upstairsjazz\",\"https:\\\/\\\/www.instagram.com\\\/upstairsjazz\"]}]}<\/script>\n<!-- \/ Yoast SEO Premium plugin. -->","yoast_head_json":{"title":"Jo\u00e3o Menegale Barbi presents: Voices of my Montreal - Upstairs Jazz","robots":{"index":"index","follow":"follow","max-snippet":"max-snippet:-1","max-image-preview":"max-image-preview:large","max-video-preview":"max-video-preview:-1"},"canonical":"https:\/\/www.upstairsjazz.com\/fr\/events\/joao-menegale-barbi-presents-voices-of-my-montreal\/","og_locale":"fr_FR","og_type":"article","og_title":"Jo\u00e3o Menegale Barbi presents: Voices of my Montreal","og_description":"Jo\u00e3o Menegale Barbi est un bassiste br\u00e9silien venu \u00e0 Montr\u00e9al pour poursuivre ses \u00e9tudes musicales. R\u00e9cemment dipl\u00f4m\u00e9 de l&rsquo;Universit\u00e9 McGill, on le retrouve jouant du jazz ou de la musique...","og_url":"https:\/\/www.upstairsjazz.com\/fr\/events\/joao-menegale-barbi-presents-voices-of-my-montreal\/","og_site_name":"Upstairs Jazz","article_publisher":"https:\/\/www.facebook.com\/upstairsjazz","og_image":[{"width":500,"height":229,"url":"https:\/\/www.upstairsjazz.com\/wp-content\/uploads\/2024\/05\/TheVoicesOfMyMontreal.png","type":"image\/png"}],"twitter_card":"summary_large_image","twitter_site":"@Upstairsjazz","twitter_misc":{"Dur\u00e9e de lecture estim\u00e9e":"1 minute"},"schema":{"@context":"https:\/\/schema.org","@graph":[{"@type":"WebPage","@id":"https:\/\/www.upstairsjazz.com\/fr\/events\/joao-menegale-barbi-presents-voices-of-my-montreal\/","url":"https:\/\/www.upstairsjazz.com\/fr\/events\/joao-menegale-barbi-presents-voices-of-my-montreal\/","name":"Jo\u00e3o Menegale Barbi presents: Voices of my Montreal - Upstairs Jazz","isPartOf":{"@id":"https:\/\/www.upstairsjazz.com\/fr\/#website"},"primaryImageOfPage":{"@id":"https:\/\/www.upstairsjazz.com\/fr\/events\/joao-menegale-barbi-presents-voices-of-my-montreal\/#primaryimage"},"image":{"@id":"https:\/\/www.upstairsjazz.com\/fr\/events\/joao-menegale-barbi-presents-voices-of-my-montreal\/#primaryimage"},"thumbnailUrl":"https:\/\/www.upstairsjazz.com\/wp-content\/uploads\/2024\/05\/TheVoicesOfMyMontreal.png","datePublished":"2024-05-21T12:53:09+00:00","breadcrumb":{"@id":"https:\/\/www.upstairsjazz.com\/fr\/events\/joao-menegale-barbi-presents-voices-of-my-montreal\/#breadcrumb"},"inLanguage":"fr-FR","potentialAction":[{"@type":"ReadAction","target":["https:\/\/www.upstairsjazz.com\/fr\/events\/joao-menegale-barbi-presents-voices-of-my-montreal\/"]}]},{"@type":"ImageObject","inLanguage":"fr-FR","@id":"https:\/\/www.upstairsjazz.com\/fr\/events\/joao-menegale-barbi-presents-voices-of-my-montreal\/#primaryimage","url":"https:\/\/www.upstairsjazz.com\/wp-content\/uploads\/2024\/05\/TheVoicesOfMyMontreal.png","contentUrl":"https:\/\/www.upstairsjazz.com\/wp-content\/uploads\/2024\/05\/TheVoicesOfMyMontreal.png","width":500,"height":229},{"@type":"BreadcrumbList","@id":"https:\/\/www.upstairsjazz.com\/fr\/events\/joao-menegale-barbi-presents-voices-of-my-montreal\/#breadcrumb","itemListElement":[{"@type":"ListItem","position":1,"name":"Home","item":"https:\/\/www.upstairsjazz.com\/fr\/accueil-fr-test\/"},{"@type":"ListItem","position":2,"name":"Events","item":"https:\/\/www.upstairsjazz.com\/events\/"},{"@type":"ListItem","position":3,"name":"Jo\u00e3o Menegale Barbi presents: Voices of my Montreal"}]},{"@type":"WebSite","@id":"https:\/\/www.upstairsjazz.com\/fr\/#website","url":"https:\/\/www.upstairsjazz.com\/fr\/","name":"Upstairs Jazz Club","description":"Upstairs jazz club, Montreal Canada","publisher":{"@id":"https:\/\/www.upstairsjazz.com\/fr\/#organization"},"potentialAction":[{"@type":"SearchAction","target":{"@type":"EntryPoint","urlTemplate":"https:\/\/www.upstairsjazz.com\/fr\/?s={search_term_string}"},"query-input":{"@type":"PropertyValueSpecification","valueRequired":true,"valueName":"search_term_string"}}],"inLanguage":"fr-FR"},{"@type":"Organization","@id":"https:\/\/www.upstairsjazz.com\/fr\/#organization","name":"Upstairs Jazz Bar & Grill","url":"https:\/\/www.upstairsjazz.com\/fr\/","logo":{"@type":"ImageObject","inLanguage":"fr-FR","@id":"https:\/\/www.upstairsjazz.com\/fr\/#\/schema\/logo\/image\/","url":"https:\/\/www.upstairsjazz.com\/wp-content\/uploads\/2020\/07\/upstairs-jazz-burger-1.jpg","contentUrl":"https:\/\/www.upstairsjazz.com\/wp-content\/uploads\/2020\/07\/upstairs-jazz-burger-1.jpg","width":1490,"height":993,"caption":"Upstairs Jazz Bar & Grill"},"image":{"@id":"https:\/\/www.upstairsjazz.com\/fr\/#\/schema\/logo\/image\/"},"sameAs":["https:\/\/www.facebook.com\/upstairsjazz","https:\/\/x.com\/Upstairsjazz","https:\/\/www.instagram.com\/upstairsjazz"]}]}},"_links":{"self":[{"href":"https:\/\/www.upstairsjazz.com\/fr\/wp-json\/wp\/v2\/ajde_events\/5236","targetHints":{"allow":["GET"]}}],"collection":[{"href":"https:\/\/www.upstairsjazz.com\/fr\/wp-json\/wp\/v2\/ajde_events"}],"about":[{"href":"https:\/\/www.upstairsjazz.com\/fr\/wp-json\/wp\/v2\/types\/ajde_events"}],"author":[{"embeddable":true,"href":"https:\/\/www.upstairsjazz.com\/fr\/wp-json\/wp\/v2\/users\/3"}],"replies":[{"embeddable":true,"href":"https:\/\/www.upstairsjazz.com\/fr\/wp-json\/wp\/v2\/comments?post=5236"}],"wp:featuredmedia":[{"embeddable":true,"href":"https:\/\/www.upstairsjazz.com\/fr\/wp-json\/wp\/v2\/media\/5235"}],"wp:attachment":[{"href":"https:\/\/www.upstairsjazz.com\/fr\/wp-json\/wp\/v2\/media?parent=5236"}],"wp:term":[{"taxonomy":"post_tag","embeddable":true,"href":"https:\/\/www.upstairsjazz.com\/fr\/wp-json\/wp\/v2\/tags?post=5236"},{"taxonomy":"event_type","embeddable":true,"href":"https:\/\/www.upstairsjazz.com\/fr\/wp-json\/wp\/v2\/event_type?post=5236"},{"taxonomy":"event_type_2","embeddable":true,"href":"https:\/\/www.upstairsjazz.com\/fr\/wp-json\/wp\/v2\/event_type_2?post=5236"}],"curies":[{"name":"wp","href":"https:\/\/api.w.org\/{rel}","templated":true}]}}