{"id":5520,"date":"2024-10-31T13:42:01","date_gmt":"2024-10-31T18:42:01","guid":{"rendered":"https:\/\/www.upstairsjazz.com\/?post_type=ajde_events&#038;p=5520"},"modified":"2024-12-20T08:42:11","modified_gmt":"2024-12-20T13:42:11","slug":"billy-harper-andres-vial-trio","status":"publish","type":"ajde_events","link":"https:\/\/www.upstairsjazz.com\/fr\/events\/billy-harper-andres-vial-trio\/","title":{"rendered":"Billy Harper &#038; Andr\u00e9s Vial Trio"},"content":{"rendered":"<p>Le l\u00e9gendaire saxophoniste t\u00e9nor et compositeur Billy Harper fait une rare apparition \u00e0 Montr\u00e9al au Upstairs avec le Andr\u00e9s Vial Trio, compos\u00e9 du pianiste et compositeur Andr\u00e9s Vial, du grand bassiste Ira Coleman et du puissant batteur Darrell Green.<\/p>\n<p>Le son massif de Billy Harper au saxophone t\u00e9nor combine l&rsquo;intensit\u00e9 en spirale de John Coltrane avec une force bluesy qui rappelle ses origines texanes. En tant que plus grand t\u00e9nor texan vivant, son autorit\u00e9 n&rsquo;a fait que cro\u00eetre avec l&rsquo;\u00e2ge : un demi-si\u00e8cle plus tard, il est l&rsquo;un des cornistes les plus imposants de la plan\u00e8te, un pilier du jazz post-bop \u00e9mouvant dont le catalogue robuste semble avoir besoin d&rsquo;\u00eatre red\u00e9couvert depuis longtemps.<\/p>\n<p>Bien que Billy Harper ait \u00e9norm\u00e9ment contribu\u00e9 au fil des ann\u00e9es \u00e0 de nombreuses formations de jazz l\u00e9gendaires (Art Blakey and the Jazz Messengers, Lee Morgan Quintet, Max Roach Quartet, Gil Evans Orchestra, Thad Jones \/ Mel Lewis Orchestra, Randy Weston&rsquo;s African Rhythms), il n&rsquo;y a pas de plus grand h\u00e9ritage qu&rsquo;il ait laiss\u00e9 au monde que les 50+ ann\u00e9es de musique cr\u00e9\u00e9e pour et avec le Billy Harper Quintet, une incarnation compl\u00e8te et parfaite de son identit\u00e9 musicale et spirituelle.<\/p>\n<p><span style=\"color: #dd3333;\"><strong><a style=\"color: #dd3333;\" href=\"https:\/\/youtu.be\/FVGDGwgt9MA?si=tTNR7hKTPI31qQ6T\" target=\"_blank\" rel=\"noopener\">Video: \u00ab\u00a0Coltrane Sax Tribute\u00a0\u00bb<\/a><\/strong><\/span><\/p>\n<p><iframe loading=\"lazy\" title=\"Billy Harper - Coltrane Sax Tribute\" width=\"1080\" height=\"608\" src=\"https:\/\/www.youtube.com\/embed\/FVGDGwgt9MA?feature=oembed\" frameborder=\"0\" allow=\"accelerometer; autoplay; clipboard-write; encrypted-media; gyroscope; picture-in-picture; web-share\" referrerpolicy=\"strict-origin-when-cross-origin\" allowfullscreen><\/iframe><\/p>\n","protected":false},"author":3,"featured_media":5521,"menu_order":0,"comment_status":"closed","ping_status":"closed","template":"","meta":[],"tags":[],"event_type":[],"event_type_2":[],"class_list":["post-5520","ajde_events","type-ajde_events","status-publish","has-post-thumbnail"],"yoast_head":"<!-- This site is optimized with the Yoast SEO Premium plugin v20.8 (Yoast SEO v27.5) - https:\/\/yoast.com\/product\/yoast-seo-premium-wordpress\/ -->\n<title>Billy Harper &amp; Andr\u00e9s Vial Trio - Upstairs Jazz<\/title>\n<meta name=\"robots\" content=\"index, follow, max-snippet:-1, max-image-preview:large, max-video-preview:-1\" \/>\n<link rel=\"canonical\" href=\"https:\/\/www.upstairsjazz.com\/fr\/events\/billy-harper-andres-vial-trio\/\" \/>\n<meta property=\"og:locale\" content=\"fr_FR\" \/>\n<meta property=\"og:type\" content=\"article\" \/>\n<meta property=\"og:title\" content=\"Billy Harper &amp; Andr\u00e9s Vial Trio\" \/>\n<meta property=\"og:description\" content=\"Le l\u00e9gendaire saxophoniste t\u00e9nor et compositeur Billy Harper fait une rare apparition \u00e0 Montr\u00e9al au Upstairs avec le Andr\u00e9s Vial Trio, compos\u00e9 du pianiste et compositeur Andr\u00e9s Vial, du grand...\" \/>\n<meta property=\"og:url\" content=\"https:\/\/www.upstairsjazz.com\/fr\/events\/billy-harper-andres-vial-trio\/\" \/>\n<meta property=\"og:site_name\" content=\"Upstairs Jazz\" \/>\n<meta property=\"article:publisher\" content=\"https:\/\/www.facebook.com\/upstairsjazz\" \/>\n<meta property=\"article:modified_time\" content=\"2024-12-20T13:42:11+00:00\" \/>\n<meta property=\"og:image\" content=\"https:\/\/www.upstairsjazz.com\/wp-content\/uploads\/2024\/10\/billy-harper.jpg\" \/>\n\t<meta property=\"og:image:width\" content=\"450\" \/>\n\t<meta property=\"og:image:height\" content=\"300\" \/>\n\t<meta property=\"og:image:type\" content=\"image\/jpeg\" \/>\n<meta name=\"twitter:card\" content=\"summary_large_image\" \/>\n<meta name=\"twitter:site\" content=\"@Upstairsjazz\" \/>\n<meta name=\"twitter:label1\" content=\"Dur\u00e9e de lecture estim\u00e9e\" \/>\n\t<meta name=\"twitter:data1\" content=\"2 minutes\" \/>\n<script type=\"application\/ld+json\" class=\"yoast-schema-graph\">{\"@context\":\"https:\\\/\\\/schema.org\",\"@graph\":[{\"@type\":\"WebPage\",\"@id\":\"https:\\\/\\\/www.upstairsjazz.com\\\/fr\\\/events\\\/billy-harper-andres-vial-trio\\\/\",\"url\":\"https:\\\/\\\/www.upstairsjazz.com\\\/fr\\\/events\\\/billy-harper-andres-vial-trio\\\/\",\"name\":\"Billy Harper & Andr\u00e9s Vial Trio - Upstairs Jazz\",\"isPartOf\":{\"@id\":\"https:\\\/\\\/www.upstairsjazz.com\\\/fr\\\/#website\"},\"primaryImageOfPage\":{\"@id\":\"https:\\\/\\\/www.upstairsjazz.com\\\/fr\\\/events\\\/billy-harper-andres-vial-trio\\\/#primaryimage\"},\"image\":{\"@id\":\"https:\\\/\\\/www.upstairsjazz.com\\\/fr\\\/events\\\/billy-harper-andres-vial-trio\\\/#primaryimage\"},\"thumbnailUrl\":\"https:\\\/\\\/www.upstairsjazz.com\\\/wp-content\\\/uploads\\\/2024\\\/10\\\/billy-harper.jpg\",\"datePublished\":\"2024-10-31T18:42:01+00:00\",\"dateModified\":\"2024-12-20T13:42:11+00:00\",\"breadcrumb\":{\"@id\":\"https:\\\/\\\/www.upstairsjazz.com\\\/fr\\\/events\\\/billy-harper-andres-vial-trio\\\/#breadcrumb\"},\"inLanguage\":\"fr-FR\",\"potentialAction\":[{\"@type\":\"ReadAction\",\"target\":[\"https:\\\/\\\/www.upstairsjazz.com\\\/fr\\\/events\\\/billy-harper-andres-vial-trio\\\/\"]}]},{\"@type\":\"ImageObject\",\"inLanguage\":\"fr-FR\",\"@id\":\"https:\\\/\\\/www.upstairsjazz.com\\\/fr\\\/events\\\/billy-harper-andres-vial-trio\\\/#primaryimage\",\"url\":\"https:\\\/\\\/www.upstairsjazz.com\\\/wp-content\\\/uploads\\\/2024\\\/10\\\/billy-harper.jpg\",\"contentUrl\":\"https:\\\/\\\/www.upstairsjazz.com\\\/wp-content\\\/uploads\\\/2024\\\/10\\\/billy-harper.jpg\",\"width\":450,\"height\":300},{\"@type\":\"BreadcrumbList\",\"@id\":\"https:\\\/\\\/www.upstairsjazz.com\\\/fr\\\/events\\\/billy-harper-andres-vial-trio\\\/#breadcrumb\",\"itemListElement\":[{\"@type\":\"ListItem\",\"position\":1,\"name\":\"Home\",\"item\":\"https:\\\/\\\/www.upstairsjazz.com\\\/fr\\\/accueil-fr-test\\\/\"},{\"@type\":\"ListItem\",\"position\":2,\"name\":\"Events\",\"item\":\"https:\\\/\\\/www.upstairsjazz.com\\\/events\\\/\"},{\"@type\":\"ListItem\",\"position\":3,\"name\":\"Billy Harper &#038; Andr\u00e9s Vial Trio\"}]},{\"@type\":\"WebSite\",\"@id\":\"https:\\\/\\\/www.upstairsjazz.com\\\/fr\\\/#website\",\"url\":\"https:\\\/\\\/www.upstairsjazz.com\\\/fr\\\/\",\"name\":\"Upstairs Jazz Club\",\"description\":\"Upstairs jazz club, Montreal Canada\",\"publisher\":{\"@id\":\"https:\\\/\\\/www.upstairsjazz.com\\\/fr\\\/#organization\"},\"potentialAction\":[{\"@type\":\"SearchAction\",\"target\":{\"@type\":\"EntryPoint\",\"urlTemplate\":\"https:\\\/\\\/www.upstairsjazz.com\\\/fr\\\/?s={search_term_string}\"},\"query-input\":{\"@type\":\"PropertyValueSpecification\",\"valueRequired\":true,\"valueName\":\"search_term_string\"}}],\"inLanguage\":\"fr-FR\"},{\"@type\":\"Organization\",\"@id\":\"https:\\\/\\\/www.upstairsjazz.com\\\/fr\\\/#organization\",\"name\":\"Upstairs Jazz Bar & Grill\",\"url\":\"https:\\\/\\\/www.upstairsjazz.com\\\/fr\\\/\",\"logo\":{\"@type\":\"ImageObject\",\"inLanguage\":\"fr-FR\",\"@id\":\"https:\\\/\\\/www.upstairsjazz.com\\\/fr\\\/#\\\/schema\\\/logo\\\/image\\\/\",\"url\":\"https:\\\/\\\/www.upstairsjazz.com\\\/wp-content\\\/uploads\\\/2020\\\/07\\\/upstairs-jazz-burger-1.jpg\",\"contentUrl\":\"https:\\\/\\\/www.upstairsjazz.com\\\/wp-content\\\/uploads\\\/2020\\\/07\\\/upstairs-jazz-burger-1.jpg\",\"width\":1490,\"height\":993,\"caption\":\"Upstairs Jazz Bar & Grill\"},\"image\":{\"@id\":\"https:\\\/\\\/www.upstairsjazz.com\\\/fr\\\/#\\\/schema\\\/logo\\\/image\\\/\"},\"sameAs\":[\"https:\\\/\\\/www.facebook.com\\\/upstairsjazz\",\"https:\\\/\\\/x.com\\\/Upstairsjazz\",\"https:\\\/\\\/www.instagram.com\\\/upstairsjazz\"]}]}<\/script>\n<!-- \/ Yoast SEO Premium plugin. -->","yoast_head_json":{"title":"Billy Harper & Andr\u00e9s Vial Trio - Upstairs Jazz","robots":{"index":"index","follow":"follow","max-snippet":"max-snippet:-1","max-image-preview":"max-image-preview:large","max-video-preview":"max-video-preview:-1"},"canonical":"https:\/\/www.upstairsjazz.com\/fr\/events\/billy-harper-andres-vial-trio\/","og_locale":"fr_FR","og_type":"article","og_title":"Billy Harper & Andr\u00e9s Vial Trio","og_description":"Le l\u00e9gendaire saxophoniste t\u00e9nor et compositeur Billy Harper fait une rare apparition \u00e0 Montr\u00e9al au Upstairs avec le Andr\u00e9s Vial Trio, compos\u00e9 du pianiste et compositeur Andr\u00e9s Vial, du grand...","og_url":"https:\/\/www.upstairsjazz.com\/fr\/events\/billy-harper-andres-vial-trio\/","og_site_name":"Upstairs Jazz","article_publisher":"https:\/\/www.facebook.com\/upstairsjazz","article_modified_time":"2024-12-20T13:42:11+00:00","og_image":[{"width":450,"height":300,"url":"https:\/\/www.upstairsjazz.com\/wp-content\/uploads\/2024\/10\/billy-harper.jpg","type":"image\/jpeg"}],"twitter_card":"summary_large_image","twitter_site":"@Upstairsjazz","twitter_misc":{"Dur\u00e9e de lecture estim\u00e9e":"2 minutes"},"schema":{"@context":"https:\/\/schema.org","@graph":[{"@type":"WebPage","@id":"https:\/\/www.upstairsjazz.com\/fr\/events\/billy-harper-andres-vial-trio\/","url":"https:\/\/www.upstairsjazz.com\/fr\/events\/billy-harper-andres-vial-trio\/","name":"Billy Harper & Andr\u00e9s Vial Trio - Upstairs Jazz","isPartOf":{"@id":"https:\/\/www.upstairsjazz.com\/fr\/#website"},"primaryImageOfPage":{"@id":"https:\/\/www.upstairsjazz.com\/fr\/events\/billy-harper-andres-vial-trio\/#primaryimage"},"image":{"@id":"https:\/\/www.upstairsjazz.com\/fr\/events\/billy-harper-andres-vial-trio\/#primaryimage"},"thumbnailUrl":"https:\/\/www.upstairsjazz.com\/wp-content\/uploads\/2024\/10\/billy-harper.jpg","datePublished":"2024-10-31T18:42:01+00:00","dateModified":"2024-12-20T13:42:11+00:00","breadcrumb":{"@id":"https:\/\/www.upstairsjazz.com\/fr\/events\/billy-harper-andres-vial-trio\/#breadcrumb"},"inLanguage":"fr-FR","potentialAction":[{"@type":"ReadAction","target":["https:\/\/www.upstairsjazz.com\/fr\/events\/billy-harper-andres-vial-trio\/"]}]},{"@type":"ImageObject","inLanguage":"fr-FR","@id":"https:\/\/www.upstairsjazz.com\/fr\/events\/billy-harper-andres-vial-trio\/#primaryimage","url":"https:\/\/www.upstairsjazz.com\/wp-content\/uploads\/2024\/10\/billy-harper.jpg","contentUrl":"https:\/\/www.upstairsjazz.com\/wp-content\/uploads\/2024\/10\/billy-harper.jpg","width":450,"height":300},{"@type":"BreadcrumbList","@id":"https:\/\/www.upstairsjazz.com\/fr\/events\/billy-harper-andres-vial-trio\/#breadcrumb","itemListElement":[{"@type":"ListItem","position":1,"name":"Home","item":"https:\/\/www.upstairsjazz.com\/fr\/accueil-fr-test\/"},{"@type":"ListItem","position":2,"name":"Events","item":"https:\/\/www.upstairsjazz.com\/events\/"},{"@type":"ListItem","position":3,"name":"Billy Harper &#038; Andr\u00e9s Vial Trio"}]},{"@type":"WebSite","@id":"https:\/\/www.upstairsjazz.com\/fr\/#website","url":"https:\/\/www.upstairsjazz.com\/fr\/","name":"Upstairs Jazz Club","description":"Upstairs jazz club, Montreal Canada","publisher":{"@id":"https:\/\/www.upstairsjazz.com\/fr\/#organization"},"potentialAction":[{"@type":"SearchAction","target":{"@type":"EntryPoint","urlTemplate":"https:\/\/www.upstairsjazz.com\/fr\/?s={search_term_string}"},"query-input":{"@type":"PropertyValueSpecification","valueRequired":true,"valueName":"search_term_string"}}],"inLanguage":"fr-FR"},{"@type":"Organization","@id":"https:\/\/www.upstairsjazz.com\/fr\/#organization","name":"Upstairs Jazz Bar & Grill","url":"https:\/\/www.upstairsjazz.com\/fr\/","logo":{"@type":"ImageObject","inLanguage":"fr-FR","@id":"https:\/\/www.upstairsjazz.com\/fr\/#\/schema\/logo\/image\/","url":"https:\/\/www.upstairsjazz.com\/wp-content\/uploads\/2020\/07\/upstairs-jazz-burger-1.jpg","contentUrl":"https:\/\/www.upstairsjazz.com\/wp-content\/uploads\/2020\/07\/upstairs-jazz-burger-1.jpg","width":1490,"height":993,"caption":"Upstairs Jazz Bar & Grill"},"image":{"@id":"https:\/\/www.upstairsjazz.com\/fr\/#\/schema\/logo\/image\/"},"sameAs":["https:\/\/www.facebook.com\/upstairsjazz","https:\/\/x.com\/Upstairsjazz","https:\/\/www.instagram.com\/upstairsjazz"]}]}},"_links":{"self":[{"href":"https:\/\/www.upstairsjazz.com\/fr\/wp-json\/wp\/v2\/ajde_events\/5520","targetHints":{"allow":["GET"]}}],"collection":[{"href":"https:\/\/www.upstairsjazz.com\/fr\/wp-json\/wp\/v2\/ajde_events"}],"about":[{"href":"https:\/\/www.upstairsjazz.com\/fr\/wp-json\/wp\/v2\/types\/ajde_events"}],"author":[{"embeddable":true,"href":"https:\/\/www.upstairsjazz.com\/fr\/wp-json\/wp\/v2\/users\/3"}],"replies":[{"embeddable":true,"href":"https:\/\/www.upstairsjazz.com\/fr\/wp-json\/wp\/v2\/comments?post=5520"}],"wp:featuredmedia":[{"embeddable":true,"href":"https:\/\/www.upstairsjazz.com\/fr\/wp-json\/wp\/v2\/media\/5521"}],"wp:attachment":[{"href":"https:\/\/www.upstairsjazz.com\/fr\/wp-json\/wp\/v2\/media?parent=5520"}],"wp:term":[{"taxonomy":"post_tag","embeddable":true,"href":"https:\/\/www.upstairsjazz.com\/fr\/wp-json\/wp\/v2\/tags?post=5520"},{"taxonomy":"event_type","embeddable":true,"href":"https:\/\/www.upstairsjazz.com\/fr\/wp-json\/wp\/v2\/event_type?post=5520"},{"taxonomy":"event_type_2","embeddable":true,"href":"https:\/\/www.upstairsjazz.com\/fr\/wp-json\/wp\/v2\/event_type_2?post=5520"}],"curies":[{"name":"wp","href":"https:\/\/api.w.org\/{rel}","templated":true}]}}