{"id":5781,"date":"2025-03-31T08:49:28","date_gmt":"2025-03-31T13:49:28","guid":{"rendered":"https:\/\/www.upstairsjazz.com\/?post_type=ajde_events&#038;p=5781"},"modified":"2025-04-09T13:15:06","modified_gmt":"2025-04-09T18:15:06","slug":"festival-international-de-jazz-de-montrealmike-bruzzese-quartet-avec-ben-solomon-adam-arruda","status":"publish","type":"ajde_events","link":"https:\/\/www.upstairsjazz.com\/fr\/events\/festival-international-de-jazz-de-montrealmike-bruzzese-quartet-avec-ben-solomon-adam-arruda\/","title":{"rendered":"Festival International de Jazz de Montr\u00e9al:<br><br>Mike Bruzzese Quartet avec Ben Solomon &#038; Adam Arruda"},"content":{"rendered":"<p>Ben Solomon a \u00e9t\u00e9 membre du quintet de Wallace Roney de 2012 \u00e0 2017, ce qui a fa\u00e7onn\u00e9 son identit\u00e9 et son exp\u00e9rience musicales. En tant que sideman de Roney, il a partag\u00e9 la sc\u00e8ne avec des l\u00e9gendes telles que Buster Williams, Lenny White, Patrice Rushen, Ron Carter et Gary Bartz. En 2016, il a jou\u00e9 deux soirs avec Chick Corea au Blue Note de New York. Il a publi\u00e9 deux recueils d&rsquo;\u00e9tudes de saxophone intitul\u00e9s \u00ab\u00a0Chromatophores\u00a0\u00bb. En 2023, il s&rsquo;est produit avec le quatuor Aaron Parks au Village Vanguard. Adam Arruda est l&rsquo;un des batteurs les plus demand\u00e9s de New York, ayant jou\u00e9 avec Kurt Rosenwinkel, Brad Mehldau, Greg Osby, 3WI, Dayna Stephens et bien d&rsquo;autres. Le guitariste montr\u00e9alais Mike Bruzzese pr\u00e9sente ce groupe sp\u00e9cial mettant en vedette les meilleurs de New York pour une nuit seulement.<\/p>\n<p>Ben Solomon &#8211; Saxophone t\u00e9nor<br \/>\nMike Bruzzese &#8211; Guitare<br \/>\nMike De Masi &#8211; Basse<br \/>\nAdam Arruda &#8211; Batterie<\/p>\n<p><span style=\"color: #dd3333;\"><strong><a style=\"color: #dd3333;\" href=\"https:\/\/youtu.be\/LoMKBXD9rCo?si=klrRBWRy80x_fzFz\" target=\"_blank\" rel=\"noopener\">Youtube video: Leonida<\/a><\/strong><\/span><\/p>\n<p><iframe loading=\"lazy\" title=\"Leonida -  Giuseppe Cucchiara Quintet feat Ben Solomon, Chris McCarthy, Adam Arruda &amp; Simon Moullier\" width=\"1080\" height=\"608\" src=\"https:\/\/www.youtube.com\/embed\/LoMKBXD9rCo?feature=oembed\" frameborder=\"0\" allow=\"accelerometer; autoplay; clipboard-write; encrypted-media; gyroscope; picture-in-picture; web-share\" referrerpolicy=\"strict-origin-when-cross-origin\" allowfullscreen><\/iframe><\/p>\n","protected":false},"author":3,"featured_media":5779,"menu_order":0,"comment_status":"closed","ping_status":"closed","template":"","meta":[],"tags":[],"event_type":[],"event_type_2":[],"class_list":["post-5781","ajde_events","type-ajde_events","status-publish","has-post-thumbnail"],"yoast_head":"<!-- This site is optimized with the Yoast SEO Premium plugin v20.8 (Yoast SEO v27.5) - https:\/\/yoast.com\/product\/yoast-seo-premium-wordpress\/ -->\n<title>Festival International de Jazz de Montr\u00e9al:Mike Bruzzese Quartet avec Ben Solomon &amp; Adam Arruda - Upstairs Jazz<\/title>\n<meta name=\"robots\" content=\"index, follow, max-snippet:-1, max-image-preview:large, max-video-preview:-1\" \/>\n<link rel=\"canonical\" href=\"https:\/\/www.upstairsjazz.com\/fr\/events\/festival-international-de-jazz-de-montrealmike-bruzzese-quartet-avec-ben-solomon-adam-arruda\/\" \/>\n<meta property=\"og:locale\" content=\"fr_FR\" \/>\n<meta property=\"og:type\" content=\"article\" \/>\n<meta property=\"og:title\" content=\"Festival International de Jazz de Montr\u00e9al:Mike Bruzzese Quartet avec Ben Solomon &amp; Adam Arruda\" \/>\n<meta property=\"og:description\" content=\"Ben Solomon a \u00e9t\u00e9 membre du quintet de Wallace Roney de 2012 \u00e0 2017, ce qui a fa\u00e7onn\u00e9 son identit\u00e9 et son exp\u00e9rience musicales. En tant que sideman de Roney,...\" \/>\n<meta property=\"og:url\" content=\"https:\/\/www.upstairsjazz.com\/fr\/events\/festival-international-de-jazz-de-montrealmike-bruzzese-quartet-avec-ben-solomon-adam-arruda\/\" \/>\n<meta property=\"og:site_name\" content=\"Upstairs Jazz\" \/>\n<meta property=\"article:publisher\" content=\"https:\/\/www.facebook.com\/upstairsjazz\" \/>\n<meta property=\"article:modified_time\" content=\"2025-04-09T18:15:06+00:00\" \/>\n<meta property=\"og:image\" content=\"https:\/\/www.upstairsjazz.com\/wp-content\/uploads\/2025\/03\/bruzzese-arruda-solomon.jpg\" \/>\n\t<meta property=\"og:image:width\" content=\"1104\" \/>\n\t<meta property=\"og:image:height\" content=\"767\" \/>\n\t<meta property=\"og:image:type\" content=\"image\/jpeg\" \/>\n<meta name=\"twitter:card\" content=\"summary_large_image\" \/>\n<meta name=\"twitter:site\" content=\"@Upstairsjazz\" \/>\n<meta name=\"twitter:label1\" content=\"Dur\u00e9e de lecture estim\u00e9e\" \/>\n\t<meta name=\"twitter:data1\" content=\"1 minute\" \/>\n<script type=\"application\/ld+json\" class=\"yoast-schema-graph\">{\"@context\":\"https:\\\/\\\/schema.org\",\"@graph\":[{\"@type\":\"WebPage\",\"@id\":\"https:\\\/\\\/www.upstairsjazz.com\\\/fr\\\/events\\\/festival-international-de-jazz-de-montrealmike-bruzzese-quartet-avec-ben-solomon-adam-arruda\\\/\",\"url\":\"https:\\\/\\\/www.upstairsjazz.com\\\/fr\\\/events\\\/festival-international-de-jazz-de-montrealmike-bruzzese-quartet-avec-ben-solomon-adam-arruda\\\/\",\"name\":\"Festival International de Jazz de Montr\u00e9al: Mike Bruzzese Quartet avec Ben Solomon & Adam Arruda - Upstairs Jazz\",\"isPartOf\":{\"@id\":\"https:\\\/\\\/www.upstairsjazz.com\\\/fr\\\/#website\"},\"primaryImageOfPage\":{\"@id\":\"https:\\\/\\\/www.upstairsjazz.com\\\/fr\\\/events\\\/festival-international-de-jazz-de-montrealmike-bruzzese-quartet-avec-ben-solomon-adam-arruda\\\/#primaryimage\"},\"image\":{\"@id\":\"https:\\\/\\\/www.upstairsjazz.com\\\/fr\\\/events\\\/festival-international-de-jazz-de-montrealmike-bruzzese-quartet-avec-ben-solomon-adam-arruda\\\/#primaryimage\"},\"thumbnailUrl\":\"https:\\\/\\\/www.upstairsjazz.com\\\/wp-content\\\/uploads\\\/2025\\\/03\\\/bruzzese-arruda-solomon.jpg\",\"datePublished\":\"2025-03-31T13:49:28+00:00\",\"dateModified\":\"2025-04-09T18:15:06+00:00\",\"breadcrumb\":{\"@id\":\"https:\\\/\\\/www.upstairsjazz.com\\\/fr\\\/events\\\/festival-international-de-jazz-de-montrealmike-bruzzese-quartet-avec-ben-solomon-adam-arruda\\\/#breadcrumb\"},\"inLanguage\":\"fr-FR\",\"potentialAction\":[{\"@type\":\"ReadAction\",\"target\":[\"https:\\\/\\\/www.upstairsjazz.com\\\/fr\\\/events\\\/festival-international-de-jazz-de-montrealmike-bruzzese-quartet-avec-ben-solomon-adam-arruda\\\/\"]}]},{\"@type\":\"ImageObject\",\"inLanguage\":\"fr-FR\",\"@id\":\"https:\\\/\\\/www.upstairsjazz.com\\\/fr\\\/events\\\/festival-international-de-jazz-de-montrealmike-bruzzese-quartet-avec-ben-solomon-adam-arruda\\\/#primaryimage\",\"url\":\"https:\\\/\\\/www.upstairsjazz.com\\\/wp-content\\\/uploads\\\/2025\\\/03\\\/bruzzese-arruda-solomon.jpg\",\"contentUrl\":\"https:\\\/\\\/www.upstairsjazz.com\\\/wp-content\\\/uploads\\\/2025\\\/03\\\/bruzzese-arruda-solomon.jpg\",\"width\":1104,\"height\":767},{\"@type\":\"BreadcrumbList\",\"@id\":\"https:\\\/\\\/www.upstairsjazz.com\\\/fr\\\/events\\\/festival-international-de-jazz-de-montrealmike-bruzzese-quartet-avec-ben-solomon-adam-arruda\\\/#breadcrumb\",\"itemListElement\":[{\"@type\":\"ListItem\",\"position\":1,\"name\":\"Home\",\"item\":\"https:\\\/\\\/www.upstairsjazz.com\\\/fr\\\/accueil-fr-test\\\/\"},{\"@type\":\"ListItem\",\"position\":2,\"name\":\"Events\",\"item\":\"https:\\\/\\\/www.upstairsjazz.com\\\/events\\\/\"},{\"@type\":\"ListItem\",\"position\":3,\"name\":\"Festival International de Jazz de Montr\u00e9al:Mike Bruzzese Quartet avec Ben Solomon &#038; Adam Arruda\"}]},{\"@type\":\"WebSite\",\"@id\":\"https:\\\/\\\/www.upstairsjazz.com\\\/fr\\\/#website\",\"url\":\"https:\\\/\\\/www.upstairsjazz.com\\\/fr\\\/\",\"name\":\"Upstairs Jazz Club\",\"description\":\"Upstairs jazz club, Montreal Canada\",\"publisher\":{\"@id\":\"https:\\\/\\\/www.upstairsjazz.com\\\/fr\\\/#organization\"},\"potentialAction\":[{\"@type\":\"SearchAction\",\"target\":{\"@type\":\"EntryPoint\",\"urlTemplate\":\"https:\\\/\\\/www.upstairsjazz.com\\\/fr\\\/?s={search_term_string}\"},\"query-input\":{\"@type\":\"PropertyValueSpecification\",\"valueRequired\":true,\"valueName\":\"search_term_string\"}}],\"inLanguage\":\"fr-FR\"},{\"@type\":\"Organization\",\"@id\":\"https:\\\/\\\/www.upstairsjazz.com\\\/fr\\\/#organization\",\"name\":\"Upstairs Jazz Bar & Grill\",\"url\":\"https:\\\/\\\/www.upstairsjazz.com\\\/fr\\\/\",\"logo\":{\"@type\":\"ImageObject\",\"inLanguage\":\"fr-FR\",\"@id\":\"https:\\\/\\\/www.upstairsjazz.com\\\/fr\\\/#\\\/schema\\\/logo\\\/image\\\/\",\"url\":\"https:\\\/\\\/www.upstairsjazz.com\\\/wp-content\\\/uploads\\\/2020\\\/07\\\/upstairs-jazz-burger-1.jpg\",\"contentUrl\":\"https:\\\/\\\/www.upstairsjazz.com\\\/wp-content\\\/uploads\\\/2020\\\/07\\\/upstairs-jazz-burger-1.jpg\",\"width\":1490,\"height\":993,\"caption\":\"Upstairs Jazz Bar & Grill\"},\"image\":{\"@id\":\"https:\\\/\\\/www.upstairsjazz.com\\\/fr\\\/#\\\/schema\\\/logo\\\/image\\\/\"},\"sameAs\":[\"https:\\\/\\\/www.facebook.com\\\/upstairsjazz\",\"https:\\\/\\\/x.com\\\/Upstairsjazz\",\"https:\\\/\\\/www.instagram.com\\\/upstairsjazz\"]}]}<\/script>\n<!-- \/ Yoast SEO Premium plugin. -->","yoast_head_json":{"title":"Festival International de Jazz de Montr\u00e9al:Mike Bruzzese Quartet avec Ben Solomon & Adam Arruda - Upstairs Jazz","robots":{"index":"index","follow":"follow","max-snippet":"max-snippet:-1","max-image-preview":"max-image-preview:large","max-video-preview":"max-video-preview:-1"},"canonical":"https:\/\/www.upstairsjazz.com\/fr\/events\/festival-international-de-jazz-de-montrealmike-bruzzese-quartet-avec-ben-solomon-adam-arruda\/","og_locale":"fr_FR","og_type":"article","og_title":"Festival International de Jazz de Montr\u00e9al:Mike Bruzzese Quartet avec Ben Solomon & Adam Arruda","og_description":"Ben Solomon a \u00e9t\u00e9 membre du quintet de Wallace Roney de 2012 \u00e0 2017, ce qui a fa\u00e7onn\u00e9 son identit\u00e9 et son exp\u00e9rience musicales. En tant que sideman de Roney,...","og_url":"https:\/\/www.upstairsjazz.com\/fr\/events\/festival-international-de-jazz-de-montrealmike-bruzzese-quartet-avec-ben-solomon-adam-arruda\/","og_site_name":"Upstairs Jazz","article_publisher":"https:\/\/www.facebook.com\/upstairsjazz","article_modified_time":"2025-04-09T18:15:06+00:00","og_image":[{"width":1104,"height":767,"url":"https:\/\/www.upstairsjazz.com\/wp-content\/uploads\/2025\/03\/bruzzese-arruda-solomon.jpg","type":"image\/jpeg"}],"twitter_card":"summary_large_image","twitter_site":"@Upstairsjazz","twitter_misc":{"Dur\u00e9e de lecture estim\u00e9e":"1 minute"},"schema":{"@context":"https:\/\/schema.org","@graph":[{"@type":"WebPage","@id":"https:\/\/www.upstairsjazz.com\/fr\/events\/festival-international-de-jazz-de-montrealmike-bruzzese-quartet-avec-ben-solomon-adam-arruda\/","url":"https:\/\/www.upstairsjazz.com\/fr\/events\/festival-international-de-jazz-de-montrealmike-bruzzese-quartet-avec-ben-solomon-adam-arruda\/","name":"Festival International de Jazz de Montr\u00e9al: Mike Bruzzese Quartet avec Ben Solomon & Adam Arruda - Upstairs Jazz","isPartOf":{"@id":"https:\/\/www.upstairsjazz.com\/fr\/#website"},"primaryImageOfPage":{"@id":"https:\/\/www.upstairsjazz.com\/fr\/events\/festival-international-de-jazz-de-montrealmike-bruzzese-quartet-avec-ben-solomon-adam-arruda\/#primaryimage"},"image":{"@id":"https:\/\/www.upstairsjazz.com\/fr\/events\/festival-international-de-jazz-de-montrealmike-bruzzese-quartet-avec-ben-solomon-adam-arruda\/#primaryimage"},"thumbnailUrl":"https:\/\/www.upstairsjazz.com\/wp-content\/uploads\/2025\/03\/bruzzese-arruda-solomon.jpg","datePublished":"2025-03-31T13:49:28+00:00","dateModified":"2025-04-09T18:15:06+00:00","breadcrumb":{"@id":"https:\/\/www.upstairsjazz.com\/fr\/events\/festival-international-de-jazz-de-montrealmike-bruzzese-quartet-avec-ben-solomon-adam-arruda\/#breadcrumb"},"inLanguage":"fr-FR","potentialAction":[{"@type":"ReadAction","target":["https:\/\/www.upstairsjazz.com\/fr\/events\/festival-international-de-jazz-de-montrealmike-bruzzese-quartet-avec-ben-solomon-adam-arruda\/"]}]},{"@type":"ImageObject","inLanguage":"fr-FR","@id":"https:\/\/www.upstairsjazz.com\/fr\/events\/festival-international-de-jazz-de-montrealmike-bruzzese-quartet-avec-ben-solomon-adam-arruda\/#primaryimage","url":"https:\/\/www.upstairsjazz.com\/wp-content\/uploads\/2025\/03\/bruzzese-arruda-solomon.jpg","contentUrl":"https:\/\/www.upstairsjazz.com\/wp-content\/uploads\/2025\/03\/bruzzese-arruda-solomon.jpg","width":1104,"height":767},{"@type":"BreadcrumbList","@id":"https:\/\/www.upstairsjazz.com\/fr\/events\/festival-international-de-jazz-de-montrealmike-bruzzese-quartet-avec-ben-solomon-adam-arruda\/#breadcrumb","itemListElement":[{"@type":"ListItem","position":1,"name":"Home","item":"https:\/\/www.upstairsjazz.com\/fr\/accueil-fr-test\/"},{"@type":"ListItem","position":2,"name":"Events","item":"https:\/\/www.upstairsjazz.com\/events\/"},{"@type":"ListItem","position":3,"name":"Festival International de Jazz de Montr\u00e9al:Mike Bruzzese Quartet avec Ben Solomon &#038; Adam Arruda"}]},{"@type":"WebSite","@id":"https:\/\/www.upstairsjazz.com\/fr\/#website","url":"https:\/\/www.upstairsjazz.com\/fr\/","name":"Upstairs Jazz Club","description":"Upstairs jazz club, Montreal Canada","publisher":{"@id":"https:\/\/www.upstairsjazz.com\/fr\/#organization"},"potentialAction":[{"@type":"SearchAction","target":{"@type":"EntryPoint","urlTemplate":"https:\/\/www.upstairsjazz.com\/fr\/?s={search_term_string}"},"query-input":{"@type":"PropertyValueSpecification","valueRequired":true,"valueName":"search_term_string"}}],"inLanguage":"fr-FR"},{"@type":"Organization","@id":"https:\/\/www.upstairsjazz.com\/fr\/#organization","name":"Upstairs Jazz Bar & Grill","url":"https:\/\/www.upstairsjazz.com\/fr\/","logo":{"@type":"ImageObject","inLanguage":"fr-FR","@id":"https:\/\/www.upstairsjazz.com\/fr\/#\/schema\/logo\/image\/","url":"https:\/\/www.upstairsjazz.com\/wp-content\/uploads\/2020\/07\/upstairs-jazz-burger-1.jpg","contentUrl":"https:\/\/www.upstairsjazz.com\/wp-content\/uploads\/2020\/07\/upstairs-jazz-burger-1.jpg","width":1490,"height":993,"caption":"Upstairs Jazz Bar & Grill"},"image":{"@id":"https:\/\/www.upstairsjazz.com\/fr\/#\/schema\/logo\/image\/"},"sameAs":["https:\/\/www.facebook.com\/upstairsjazz","https:\/\/x.com\/Upstairsjazz","https:\/\/www.instagram.com\/upstairsjazz"]}]}},"_links":{"self":[{"href":"https:\/\/www.upstairsjazz.com\/fr\/wp-json\/wp\/v2\/ajde_events\/5781","targetHints":{"allow":["GET"]}}],"collection":[{"href":"https:\/\/www.upstairsjazz.com\/fr\/wp-json\/wp\/v2\/ajde_events"}],"about":[{"href":"https:\/\/www.upstairsjazz.com\/fr\/wp-json\/wp\/v2\/types\/ajde_events"}],"author":[{"embeddable":true,"href":"https:\/\/www.upstairsjazz.com\/fr\/wp-json\/wp\/v2\/users\/3"}],"replies":[{"embeddable":true,"href":"https:\/\/www.upstairsjazz.com\/fr\/wp-json\/wp\/v2\/comments?post=5781"}],"wp:featuredmedia":[{"embeddable":true,"href":"https:\/\/www.upstairsjazz.com\/fr\/wp-json\/wp\/v2\/media\/5779"}],"wp:attachment":[{"href":"https:\/\/www.upstairsjazz.com\/fr\/wp-json\/wp\/v2\/media?parent=5781"}],"wp:term":[{"taxonomy":"post_tag","embeddable":true,"href":"https:\/\/www.upstairsjazz.com\/fr\/wp-json\/wp\/v2\/tags?post=5781"},{"taxonomy":"event_type","embeddable":true,"href":"https:\/\/www.upstairsjazz.com\/fr\/wp-json\/wp\/v2\/event_type?post=5781"},{"taxonomy":"event_type_2","embeddable":true,"href":"https:\/\/www.upstairsjazz.com\/fr\/wp-json\/wp\/v2\/event_type_2?post=5781"}],"curies":[{"name":"wp","href":"https:\/\/api.w.org\/{rel}","templated":true}]}}