{"id":6162,"date":"2025-09-12T06:12:26","date_gmt":"2025-09-12T11:12:26","guid":{"rendered":"https:\/\/www.upstairsjazz.com\/?post_type=ajde_events&#038;p=6162"},"modified":"2025-09-17T13:42:44","modified_gmt":"2025-09-17T18:42:44","slug":"ona-ensemble-wavec-invite-special-filo-machado","status":"publish","type":"ajde_events","link":"https:\/\/www.upstairsjazz.com\/fr\/events\/ona-ensemble-wavec-invite-special-filo-machado\/","title":{"rendered":"ON\u00c1 Ensemble avec invit\u00e9 sp\u00e9cial Fil\u00f3 Machado"},"content":{"rendered":"<p>On\u00e1 Ensemble est un ensemble de musique de chambre br\u00e9silien-canadien qui fusionne le jazz et s&rsquo;inspire de la force vitale de la musique br\u00e9silienne.<\/p>\n<p>Bien qu&rsquo;il s&rsquo;agisse d&rsquo;un ensemble \u00e9mergent, chaque musicien a acquis une renomm\u00e9e internationale sur les sc\u00e8nes de la musique classique, du jazz et des musiques du monde au cours des trois derni\u00e8res d\u00e9cennies. L&rsquo;instrumentation unique de l&rsquo;ensemble, compos\u00e9e de deux cors d&rsquo;harmonie, d&rsquo;un basson, d&rsquo;anches (fl\u00fbte, clarinette, saxophone), d&rsquo;une guitare et de percussions, offre une sonorit\u00e9 captivante, globale et \u00ab classique \u00bb, m\u00eal\u00e9e \u00e0 l&rsquo;\u00e2me du jazz et du choro br\u00e9siliens.<\/p>\n<p>On\u00e1 Ensemble s&rsquo;efforce d&rsquo;ouvrir de nouvelles voies \u00e0 la cr\u00e9ation musicale, \u00e0 la collaboration et \u00e0 la performance.<\/p>\n<p><span style=\"color: #dd3333;\"><strong><a style=\"color: #dd3333;\" href=\"https:\/\/youtu.be\/TchTCXR3s5k?si=227WjrBkjD9vvULT\" target=\"_blank\" rel=\"noopener\">Video: \u00ab\u00a0Carinhoso\u00a0\u00bb<\/a><\/strong><\/span><\/p>\n<p><iframe loading=\"lazy\" title=\"Ona Ensemble | &quot;Carinhoso&quot; by Pixinguinha\" width=\"1080\" height=\"608\" src=\"https:\/\/www.youtube.com\/embed\/TchTCXR3s5k?feature=oembed\" frameborder=\"0\" allow=\"accelerometer; autoplay; clipboard-write; encrypted-media; gyroscope; picture-in-picture; web-share\" referrerpolicy=\"strict-origin-when-cross-origin\" allowfullscreen><\/iframe><\/p>\n","protected":false},"author":3,"featured_media":6160,"menu_order":0,"comment_status":"closed","ping_status":"closed","template":"","meta":[],"tags":[],"event_type":[],"event_type_2":[],"class_list":["post-6162","ajde_events","type-ajde_events","status-publish","has-post-thumbnail"],"yoast_head":"<!-- This site is optimized with the Yoast SEO Premium plugin v20.8 (Yoast SEO v27.5) - https:\/\/yoast.com\/product\/yoast-seo-premium-wordpress\/ -->\n<title>ON\u00c1 Ensemble avec invit\u00e9 sp\u00e9cial Fil\u00f3 Machado - Upstairs Jazz<\/title>\n<meta name=\"robots\" content=\"index, follow, max-snippet:-1, max-image-preview:large, max-video-preview:-1\" \/>\n<link rel=\"canonical\" href=\"https:\/\/www.upstairsjazz.com\/fr\/events\/ona-ensemble-wavec-invite-special-filo-machado\/\" \/>\n<meta property=\"og:locale\" content=\"fr_FR\" \/>\n<meta property=\"og:type\" content=\"article\" \/>\n<meta property=\"og:title\" content=\"ON\u00c1 Ensemble avec invit\u00e9 sp\u00e9cial Fil\u00f3 Machado\" \/>\n<meta property=\"og:description\" content=\"On\u00e1 Ensemble est un ensemble de musique de chambre br\u00e9silien-canadien qui fusionne le jazz et s&rsquo;inspire de la force vitale de la musique br\u00e9silienne. Bien qu&rsquo;il s&rsquo;agisse d&rsquo;un ensemble \u00e9mergent,...\" \/>\n<meta property=\"og:url\" content=\"https:\/\/www.upstairsjazz.com\/fr\/events\/ona-ensemble-wavec-invite-special-filo-machado\/\" \/>\n<meta property=\"og:site_name\" content=\"Upstairs Jazz\" \/>\n<meta property=\"article:publisher\" content=\"https:\/\/www.facebook.com\/upstairsjazz\" \/>\n<meta property=\"article:modified_time\" content=\"2025-09-17T18:42:44+00:00\" \/>\n<meta property=\"og:image\" content=\"https:\/\/www.upstairsjazz.com\/wp-content\/uploads\/2025\/09\/ona_ensemble.jpeg\" \/>\n\t<meta property=\"og:image:width\" content=\"1781\" \/>\n\t<meta property=\"og:image:height\" content=\"1262\" \/>\n\t<meta property=\"og:image:type\" content=\"image\/jpeg\" \/>\n<meta name=\"twitter:card\" content=\"summary_large_image\" \/>\n<meta name=\"twitter:site\" content=\"@Upstairsjazz\" \/>\n<meta name=\"twitter:label1\" content=\"Dur\u00e9e de lecture estim\u00e9e\" \/>\n\t<meta name=\"twitter:data1\" content=\"1 minute\" \/>\n<script type=\"application\/ld+json\" class=\"yoast-schema-graph\">{\"@context\":\"https:\\\/\\\/schema.org\",\"@graph\":[{\"@type\":\"WebPage\",\"@id\":\"https:\\\/\\\/www.upstairsjazz.com\\\/fr\\\/events\\\/ona-ensemble-wavec-invite-special-filo-machado\\\/\",\"url\":\"https:\\\/\\\/www.upstairsjazz.com\\\/fr\\\/events\\\/ona-ensemble-wavec-invite-special-filo-machado\\\/\",\"name\":\"ON\u00c1 Ensemble avec invit\u00e9 sp\u00e9cial Fil\u00f3 Machado - Upstairs Jazz\",\"isPartOf\":{\"@id\":\"https:\\\/\\\/www.upstairsjazz.com\\\/fr\\\/#website\"},\"primaryImageOfPage\":{\"@id\":\"https:\\\/\\\/www.upstairsjazz.com\\\/fr\\\/events\\\/ona-ensemble-wavec-invite-special-filo-machado\\\/#primaryimage\"},\"image\":{\"@id\":\"https:\\\/\\\/www.upstairsjazz.com\\\/fr\\\/events\\\/ona-ensemble-wavec-invite-special-filo-machado\\\/#primaryimage\"},\"thumbnailUrl\":\"https:\\\/\\\/www.upstairsjazz.com\\\/wp-content\\\/uploads\\\/2025\\\/09\\\/ona_ensemble.jpeg\",\"datePublished\":\"2025-09-12T11:12:26+00:00\",\"dateModified\":\"2025-09-17T18:42:44+00:00\",\"breadcrumb\":{\"@id\":\"https:\\\/\\\/www.upstairsjazz.com\\\/fr\\\/events\\\/ona-ensemble-wavec-invite-special-filo-machado\\\/#breadcrumb\"},\"inLanguage\":\"fr-FR\",\"potentialAction\":[{\"@type\":\"ReadAction\",\"target\":[\"https:\\\/\\\/www.upstairsjazz.com\\\/fr\\\/events\\\/ona-ensemble-wavec-invite-special-filo-machado\\\/\"]}]},{\"@type\":\"ImageObject\",\"inLanguage\":\"fr-FR\",\"@id\":\"https:\\\/\\\/www.upstairsjazz.com\\\/fr\\\/events\\\/ona-ensemble-wavec-invite-special-filo-machado\\\/#primaryimage\",\"url\":\"https:\\\/\\\/www.upstairsjazz.com\\\/wp-content\\\/uploads\\\/2025\\\/09\\\/ona_ensemble.jpeg\",\"contentUrl\":\"https:\\\/\\\/www.upstairsjazz.com\\\/wp-content\\\/uploads\\\/2025\\\/09\\\/ona_ensemble.jpeg\",\"width\":1781,\"height\":1262},{\"@type\":\"BreadcrumbList\",\"@id\":\"https:\\\/\\\/www.upstairsjazz.com\\\/fr\\\/events\\\/ona-ensemble-wavec-invite-special-filo-machado\\\/#breadcrumb\",\"itemListElement\":[{\"@type\":\"ListItem\",\"position\":1,\"name\":\"Home\",\"item\":\"https:\\\/\\\/www.upstairsjazz.com\\\/fr\\\/accueil-fr-test\\\/\"},{\"@type\":\"ListItem\",\"position\":2,\"name\":\"Events\",\"item\":\"https:\\\/\\\/www.upstairsjazz.com\\\/events\\\/\"},{\"@type\":\"ListItem\",\"position\":3,\"name\":\"ON\u00c1 Ensemble avec invit\u00e9 sp\u00e9cial Fil\u00f3 Machado\"}]},{\"@type\":\"WebSite\",\"@id\":\"https:\\\/\\\/www.upstairsjazz.com\\\/fr\\\/#website\",\"url\":\"https:\\\/\\\/www.upstairsjazz.com\\\/fr\\\/\",\"name\":\"Upstairs Jazz Club\",\"description\":\"Upstairs jazz club, Montreal Canada\",\"publisher\":{\"@id\":\"https:\\\/\\\/www.upstairsjazz.com\\\/fr\\\/#organization\"},\"potentialAction\":[{\"@type\":\"SearchAction\",\"target\":{\"@type\":\"EntryPoint\",\"urlTemplate\":\"https:\\\/\\\/www.upstairsjazz.com\\\/fr\\\/?s={search_term_string}\"},\"query-input\":{\"@type\":\"PropertyValueSpecification\",\"valueRequired\":true,\"valueName\":\"search_term_string\"}}],\"inLanguage\":\"fr-FR\"},{\"@type\":\"Organization\",\"@id\":\"https:\\\/\\\/www.upstairsjazz.com\\\/fr\\\/#organization\",\"name\":\"Upstairs Jazz Bar & Grill\",\"url\":\"https:\\\/\\\/www.upstairsjazz.com\\\/fr\\\/\",\"logo\":{\"@type\":\"ImageObject\",\"inLanguage\":\"fr-FR\",\"@id\":\"https:\\\/\\\/www.upstairsjazz.com\\\/fr\\\/#\\\/schema\\\/logo\\\/image\\\/\",\"url\":\"https:\\\/\\\/www.upstairsjazz.com\\\/wp-content\\\/uploads\\\/2020\\\/07\\\/upstairs-jazz-burger-1.jpg\",\"contentUrl\":\"https:\\\/\\\/www.upstairsjazz.com\\\/wp-content\\\/uploads\\\/2020\\\/07\\\/upstairs-jazz-burger-1.jpg\",\"width\":1490,\"height\":993,\"caption\":\"Upstairs Jazz Bar & Grill\"},\"image\":{\"@id\":\"https:\\\/\\\/www.upstairsjazz.com\\\/fr\\\/#\\\/schema\\\/logo\\\/image\\\/\"},\"sameAs\":[\"https:\\\/\\\/www.facebook.com\\\/upstairsjazz\",\"https:\\\/\\\/x.com\\\/Upstairsjazz\",\"https:\\\/\\\/www.instagram.com\\\/upstairsjazz\"]}]}<\/script>\n<!-- \/ Yoast SEO Premium plugin. -->","yoast_head_json":{"title":"ON\u00c1 Ensemble avec invit\u00e9 sp\u00e9cial Fil\u00f3 Machado - Upstairs Jazz","robots":{"index":"index","follow":"follow","max-snippet":"max-snippet:-1","max-image-preview":"max-image-preview:large","max-video-preview":"max-video-preview:-1"},"canonical":"https:\/\/www.upstairsjazz.com\/fr\/events\/ona-ensemble-wavec-invite-special-filo-machado\/","og_locale":"fr_FR","og_type":"article","og_title":"ON\u00c1 Ensemble avec invit\u00e9 sp\u00e9cial Fil\u00f3 Machado","og_description":"On\u00e1 Ensemble est un ensemble de musique de chambre br\u00e9silien-canadien qui fusionne le jazz et s&rsquo;inspire de la force vitale de la musique br\u00e9silienne. Bien qu&rsquo;il s&rsquo;agisse d&rsquo;un ensemble \u00e9mergent,...","og_url":"https:\/\/www.upstairsjazz.com\/fr\/events\/ona-ensemble-wavec-invite-special-filo-machado\/","og_site_name":"Upstairs Jazz","article_publisher":"https:\/\/www.facebook.com\/upstairsjazz","article_modified_time":"2025-09-17T18:42:44+00:00","og_image":[{"width":1781,"height":1262,"url":"https:\/\/www.upstairsjazz.com\/wp-content\/uploads\/2025\/09\/ona_ensemble.jpeg","type":"image\/jpeg"}],"twitter_card":"summary_large_image","twitter_site":"@Upstairsjazz","twitter_misc":{"Dur\u00e9e de lecture estim\u00e9e":"1 minute"},"schema":{"@context":"https:\/\/schema.org","@graph":[{"@type":"WebPage","@id":"https:\/\/www.upstairsjazz.com\/fr\/events\/ona-ensemble-wavec-invite-special-filo-machado\/","url":"https:\/\/www.upstairsjazz.com\/fr\/events\/ona-ensemble-wavec-invite-special-filo-machado\/","name":"ON\u00c1 Ensemble avec invit\u00e9 sp\u00e9cial Fil\u00f3 Machado - Upstairs Jazz","isPartOf":{"@id":"https:\/\/www.upstairsjazz.com\/fr\/#website"},"primaryImageOfPage":{"@id":"https:\/\/www.upstairsjazz.com\/fr\/events\/ona-ensemble-wavec-invite-special-filo-machado\/#primaryimage"},"image":{"@id":"https:\/\/www.upstairsjazz.com\/fr\/events\/ona-ensemble-wavec-invite-special-filo-machado\/#primaryimage"},"thumbnailUrl":"https:\/\/www.upstairsjazz.com\/wp-content\/uploads\/2025\/09\/ona_ensemble.jpeg","datePublished":"2025-09-12T11:12:26+00:00","dateModified":"2025-09-17T18:42:44+00:00","breadcrumb":{"@id":"https:\/\/www.upstairsjazz.com\/fr\/events\/ona-ensemble-wavec-invite-special-filo-machado\/#breadcrumb"},"inLanguage":"fr-FR","potentialAction":[{"@type":"ReadAction","target":["https:\/\/www.upstairsjazz.com\/fr\/events\/ona-ensemble-wavec-invite-special-filo-machado\/"]}]},{"@type":"ImageObject","inLanguage":"fr-FR","@id":"https:\/\/www.upstairsjazz.com\/fr\/events\/ona-ensemble-wavec-invite-special-filo-machado\/#primaryimage","url":"https:\/\/www.upstairsjazz.com\/wp-content\/uploads\/2025\/09\/ona_ensemble.jpeg","contentUrl":"https:\/\/www.upstairsjazz.com\/wp-content\/uploads\/2025\/09\/ona_ensemble.jpeg","width":1781,"height":1262},{"@type":"BreadcrumbList","@id":"https:\/\/www.upstairsjazz.com\/fr\/events\/ona-ensemble-wavec-invite-special-filo-machado\/#breadcrumb","itemListElement":[{"@type":"ListItem","position":1,"name":"Home","item":"https:\/\/www.upstairsjazz.com\/fr\/accueil-fr-test\/"},{"@type":"ListItem","position":2,"name":"Events","item":"https:\/\/www.upstairsjazz.com\/events\/"},{"@type":"ListItem","position":3,"name":"ON\u00c1 Ensemble avec invit\u00e9 sp\u00e9cial Fil\u00f3 Machado"}]},{"@type":"WebSite","@id":"https:\/\/www.upstairsjazz.com\/fr\/#website","url":"https:\/\/www.upstairsjazz.com\/fr\/","name":"Upstairs Jazz Club","description":"Upstairs jazz club, Montreal Canada","publisher":{"@id":"https:\/\/www.upstairsjazz.com\/fr\/#organization"},"potentialAction":[{"@type":"SearchAction","target":{"@type":"EntryPoint","urlTemplate":"https:\/\/www.upstairsjazz.com\/fr\/?s={search_term_string}"},"query-input":{"@type":"PropertyValueSpecification","valueRequired":true,"valueName":"search_term_string"}}],"inLanguage":"fr-FR"},{"@type":"Organization","@id":"https:\/\/www.upstairsjazz.com\/fr\/#organization","name":"Upstairs Jazz Bar & Grill","url":"https:\/\/www.upstairsjazz.com\/fr\/","logo":{"@type":"ImageObject","inLanguage":"fr-FR","@id":"https:\/\/www.upstairsjazz.com\/fr\/#\/schema\/logo\/image\/","url":"https:\/\/www.upstairsjazz.com\/wp-content\/uploads\/2020\/07\/upstairs-jazz-burger-1.jpg","contentUrl":"https:\/\/www.upstairsjazz.com\/wp-content\/uploads\/2020\/07\/upstairs-jazz-burger-1.jpg","width":1490,"height":993,"caption":"Upstairs Jazz Bar & Grill"},"image":{"@id":"https:\/\/www.upstairsjazz.com\/fr\/#\/schema\/logo\/image\/"},"sameAs":["https:\/\/www.facebook.com\/upstairsjazz","https:\/\/x.com\/Upstairsjazz","https:\/\/www.instagram.com\/upstairsjazz"]}]}},"_links":{"self":[{"href":"https:\/\/www.upstairsjazz.com\/fr\/wp-json\/wp\/v2\/ajde_events\/6162","targetHints":{"allow":["GET"]}}],"collection":[{"href":"https:\/\/www.upstairsjazz.com\/fr\/wp-json\/wp\/v2\/ajde_events"}],"about":[{"href":"https:\/\/www.upstairsjazz.com\/fr\/wp-json\/wp\/v2\/types\/ajde_events"}],"author":[{"embeddable":true,"href":"https:\/\/www.upstairsjazz.com\/fr\/wp-json\/wp\/v2\/users\/3"}],"replies":[{"embeddable":true,"href":"https:\/\/www.upstairsjazz.com\/fr\/wp-json\/wp\/v2\/comments?post=6162"}],"wp:featuredmedia":[{"embeddable":true,"href":"https:\/\/www.upstairsjazz.com\/fr\/wp-json\/wp\/v2\/media\/6160"}],"wp:attachment":[{"href":"https:\/\/www.upstairsjazz.com\/fr\/wp-json\/wp\/v2\/media?parent=6162"}],"wp:term":[{"taxonomy":"post_tag","embeddable":true,"href":"https:\/\/www.upstairsjazz.com\/fr\/wp-json\/wp\/v2\/tags?post=6162"},{"taxonomy":"event_type","embeddable":true,"href":"https:\/\/www.upstairsjazz.com\/fr\/wp-json\/wp\/v2\/event_type?post=6162"},{"taxonomy":"event_type_2","embeddable":true,"href":"https:\/\/www.upstairsjazz.com\/fr\/wp-json\/wp\/v2\/event_type_2?post=6162"}],"curies":[{"name":"wp","href":"https:\/\/api.w.org\/{rel}","templated":true}]}}