{"id":6243,"date":"2025-11-22T10:45:26","date_gmt":"2025-11-22T15:45:26","guid":{"rendered":"https:\/\/www.upstairsjazz.com\/?post_type=ajde_events&#038;p=6243"},"modified":"2025-12-23T16:06:12","modified_gmt":"2025-12-23T21:06:12","slug":"mason-jeffery-off-quartet-avec-jean-michel-pilc-margaret-donovan-julian-ferrer","status":"publish","type":"ajde_events","link":"https:\/\/www.upstairsjazz.com\/fr\/events\/mason-jeffery-off-quartet-avec-jean-michel-pilc-margaret-donovan-julian-ferrer\/","title":{"rendered":"Mason Jeffery-Off Quartet avec Jean-Michel Pilc, Margaret Donovan &#038; Julian Ferrer"},"content":{"rendered":"<p>Mason Jeffery-Off est un contrebassiste, bassiste \u00e9lectrique, compositeur et chef d&rsquo;orchestre canadien bas\u00e9 \u00e0 Montr\u00e9al. Originaire d&rsquo;Ottawa, en Ontario, il est en quatri\u00e8me ann\u00e9e de baccalaur\u00e9at en interpr\u00e9tation jazz \u00e0 l&rsquo;Universit\u00e9 McGill, o\u00f9 il a \u00e9tudi\u00e9 avec Ira Coleman et R\u00e9mi-Jean LeBlanc. Bassiste \u00e0 la demande \u00e0 Montr\u00e9al, il a jou\u00e9 avec des musiciens tels que Jean-Michel Pilc, Darrell Green, Caity Gyorgy et Kevin Dean.<\/p>\n<p>Ce concert marque les d\u00e9buts du quartet de Jeffery-Off avec le pianiste fran\u00e7ais et professeur \u00e0 McGill, Jean-Michel Pilc, ainsi que la tromboniste Margaret Donovan et le batteur Julian Ferrer, tous deux originaires de Vancouver.<\/p>\n<p>Musiciens:<br \/>\nMason Jeffery-Off (basse)<br \/>\nJean-Michel Pilc (piano)<br \/>\nMargaret Donovan (trombone)<br \/>\nJulian Ferrer (batterie)<\/p>\n<p><span style=\"color: #dd3333;\"><strong><a style=\"color: #dd3333;\" href=\"https:\/\/youtu.be\/j-Os95HJjSM?si=Qj-JlqKG4XUxzNWx\" target=\"_blank\" rel=\"noopener\">Youtube video: Sorgen Sang<\/a><\/strong><\/span><\/p>\n<p><iframe loading=\"lazy\" title=\"Camille Thurman With The Darrell Green Quartet &quot;Nefertiti&quot;\" width=\"1080\" height=\"608\" src=\"https:\/\/www.youtube.com\/embed\/m01_ASKZvdc?feature=oembed\" frameborder=\"0\" allow=\"accelerometer; autoplay; clipboard-write; encrypted-media; gyroscope; picture-in-picture; web-share\" referrerpolicy=\"strict-origin-when-cross-origin\" allowfullscreen><\/iframe><\/p>\n","protected":false},"author":3,"featured_media":6242,"menu_order":0,"comment_status":"closed","ping_status":"closed","template":"","meta":[],"tags":[],"event_type":[],"event_type_2":[],"class_list":["post-6243","ajde_events","type-ajde_events","status-publish","has-post-thumbnail"],"yoast_head":"<!-- This site is optimized with the Yoast SEO Premium plugin v20.8 (Yoast SEO v27.5) - https:\/\/yoast.com\/product\/yoast-seo-premium-wordpress\/ -->\n<title>Mason Jeffery-Off Quartet avec Jean-Michel Pilc, Margaret Donovan &amp; Julian Ferrer - Upstairs Jazz<\/title>\n<meta name=\"robots\" content=\"index, follow, max-snippet:-1, max-image-preview:large, max-video-preview:-1\" \/>\n<link rel=\"canonical\" href=\"https:\/\/www.upstairsjazz.com\/fr\/events\/mason-jeffery-off-quartet-avec-jean-michel-pilc-margaret-donovan-julian-ferrer\/\" \/>\n<meta property=\"og:locale\" content=\"fr_FR\" \/>\n<meta property=\"og:type\" content=\"article\" \/>\n<meta property=\"og:title\" content=\"Mason Jeffery-Off Quartet avec Jean-Michel Pilc, Margaret Donovan &amp; Julian Ferrer\" \/>\n<meta property=\"og:description\" content=\"Mason Jeffery-Off est un contrebassiste, bassiste \u00e9lectrique, compositeur et chef d&rsquo;orchestre canadien bas\u00e9 \u00e0 Montr\u00e9al. Originaire d&rsquo;Ottawa, en Ontario, il est en quatri\u00e8me ann\u00e9e de baccalaur\u00e9at en interpr\u00e9tation jazz \u00e0...\" \/>\n<meta property=\"og:url\" content=\"https:\/\/www.upstairsjazz.com\/fr\/events\/mason-jeffery-off-quartet-avec-jean-michel-pilc-margaret-donovan-julian-ferrer\/\" \/>\n<meta property=\"og:site_name\" content=\"Upstairs Jazz\" \/>\n<meta property=\"article:publisher\" content=\"https:\/\/www.facebook.com\/upstairsjazz\" \/>\n<meta property=\"article:modified_time\" content=\"2025-12-23T21:06:12+00:00\" \/>\n<meta property=\"og:image\" content=\"https:\/\/www.upstairsjazz.com\/wp-content\/uploads\/2025\/11\/mason-jeffery.jpg\" \/>\n\t<meta property=\"og:image:width\" content=\"1325\" \/>\n\t<meta property=\"og:image:height\" content=\"2081\" \/>\n\t<meta property=\"og:image:type\" content=\"image\/jpeg\" \/>\n<meta name=\"twitter:card\" content=\"summary_large_image\" \/>\n<meta name=\"twitter:site\" content=\"@Upstairsjazz\" \/>\n<meta name=\"twitter:label1\" content=\"Dur\u00e9e de lecture estim\u00e9e\" \/>\n\t<meta name=\"twitter:data1\" content=\"1 minute\" \/>\n<script type=\"application\/ld+json\" class=\"yoast-schema-graph\">{\"@context\":\"https:\\\/\\\/schema.org\",\"@graph\":[{\"@type\":\"WebPage\",\"@id\":\"https:\\\/\\\/www.upstairsjazz.com\\\/fr\\\/events\\\/mason-jeffery-off-quartet-avec-jean-michel-pilc-margaret-donovan-julian-ferrer\\\/\",\"url\":\"https:\\\/\\\/www.upstairsjazz.com\\\/fr\\\/events\\\/mason-jeffery-off-quartet-avec-jean-michel-pilc-margaret-donovan-julian-ferrer\\\/\",\"name\":\"Mason Jeffery-Off Quartet avec Jean-Michel Pilc, Margaret Donovan & Julian Ferrer - Upstairs Jazz\",\"isPartOf\":{\"@id\":\"https:\\\/\\\/www.upstairsjazz.com\\\/fr\\\/#website\"},\"primaryImageOfPage\":{\"@id\":\"https:\\\/\\\/www.upstairsjazz.com\\\/fr\\\/events\\\/mason-jeffery-off-quartet-avec-jean-michel-pilc-margaret-donovan-julian-ferrer\\\/#primaryimage\"},\"image\":{\"@id\":\"https:\\\/\\\/www.upstairsjazz.com\\\/fr\\\/events\\\/mason-jeffery-off-quartet-avec-jean-michel-pilc-margaret-donovan-julian-ferrer\\\/#primaryimage\"},\"thumbnailUrl\":\"https:\\\/\\\/www.upstairsjazz.com\\\/wp-content\\\/uploads\\\/2025\\\/11\\\/mason-jeffery.jpg\",\"datePublished\":\"2025-11-22T15:45:26+00:00\",\"dateModified\":\"2025-12-23T21:06:12+00:00\",\"breadcrumb\":{\"@id\":\"https:\\\/\\\/www.upstairsjazz.com\\\/fr\\\/events\\\/mason-jeffery-off-quartet-avec-jean-michel-pilc-margaret-donovan-julian-ferrer\\\/#breadcrumb\"},\"inLanguage\":\"fr-FR\",\"potentialAction\":[{\"@type\":\"ReadAction\",\"target\":[\"https:\\\/\\\/www.upstairsjazz.com\\\/fr\\\/events\\\/mason-jeffery-off-quartet-avec-jean-michel-pilc-margaret-donovan-julian-ferrer\\\/\"]}]},{\"@type\":\"ImageObject\",\"inLanguage\":\"fr-FR\",\"@id\":\"https:\\\/\\\/www.upstairsjazz.com\\\/fr\\\/events\\\/mason-jeffery-off-quartet-avec-jean-michel-pilc-margaret-donovan-julian-ferrer\\\/#primaryimage\",\"url\":\"https:\\\/\\\/www.upstairsjazz.com\\\/wp-content\\\/uploads\\\/2025\\\/11\\\/mason-jeffery.jpg\",\"contentUrl\":\"https:\\\/\\\/www.upstairsjazz.com\\\/wp-content\\\/uploads\\\/2025\\\/11\\\/mason-jeffery.jpg\",\"width\":1325,\"height\":2081},{\"@type\":\"BreadcrumbList\",\"@id\":\"https:\\\/\\\/www.upstairsjazz.com\\\/fr\\\/events\\\/mason-jeffery-off-quartet-avec-jean-michel-pilc-margaret-donovan-julian-ferrer\\\/#breadcrumb\",\"itemListElement\":[{\"@type\":\"ListItem\",\"position\":1,\"name\":\"Home\",\"item\":\"https:\\\/\\\/www.upstairsjazz.com\\\/fr\\\/accueil-fr-test\\\/\"},{\"@type\":\"ListItem\",\"position\":2,\"name\":\"Events\",\"item\":\"https:\\\/\\\/www.upstairsjazz.com\\\/events\\\/\"},{\"@type\":\"ListItem\",\"position\":3,\"name\":\"Mason Jeffery-Off Quartet avec Jean-Michel Pilc, Margaret Donovan &#038; Julian Ferrer\"}]},{\"@type\":\"WebSite\",\"@id\":\"https:\\\/\\\/www.upstairsjazz.com\\\/fr\\\/#website\",\"url\":\"https:\\\/\\\/www.upstairsjazz.com\\\/fr\\\/\",\"name\":\"Upstairs Jazz Club\",\"description\":\"Upstairs jazz club, Montreal Canada\",\"publisher\":{\"@id\":\"https:\\\/\\\/www.upstairsjazz.com\\\/fr\\\/#organization\"},\"potentialAction\":[{\"@type\":\"SearchAction\",\"target\":{\"@type\":\"EntryPoint\",\"urlTemplate\":\"https:\\\/\\\/www.upstairsjazz.com\\\/fr\\\/?s={search_term_string}\"},\"query-input\":{\"@type\":\"PropertyValueSpecification\",\"valueRequired\":true,\"valueName\":\"search_term_string\"}}],\"inLanguage\":\"fr-FR\"},{\"@type\":\"Organization\",\"@id\":\"https:\\\/\\\/www.upstairsjazz.com\\\/fr\\\/#organization\",\"name\":\"Upstairs Jazz Bar & Grill\",\"url\":\"https:\\\/\\\/www.upstairsjazz.com\\\/fr\\\/\",\"logo\":{\"@type\":\"ImageObject\",\"inLanguage\":\"fr-FR\",\"@id\":\"https:\\\/\\\/www.upstairsjazz.com\\\/fr\\\/#\\\/schema\\\/logo\\\/image\\\/\",\"url\":\"https:\\\/\\\/www.upstairsjazz.com\\\/wp-content\\\/uploads\\\/2020\\\/07\\\/upstairs-jazz-burger-1.jpg\",\"contentUrl\":\"https:\\\/\\\/www.upstairsjazz.com\\\/wp-content\\\/uploads\\\/2020\\\/07\\\/upstairs-jazz-burger-1.jpg\",\"width\":1490,\"height\":993,\"caption\":\"Upstairs Jazz Bar & Grill\"},\"image\":{\"@id\":\"https:\\\/\\\/www.upstairsjazz.com\\\/fr\\\/#\\\/schema\\\/logo\\\/image\\\/\"},\"sameAs\":[\"https:\\\/\\\/www.facebook.com\\\/upstairsjazz\",\"https:\\\/\\\/x.com\\\/Upstairsjazz\",\"https:\\\/\\\/www.instagram.com\\\/upstairsjazz\"]}]}<\/script>\n<!-- \/ Yoast SEO Premium plugin. -->","yoast_head_json":{"title":"Mason Jeffery-Off Quartet avec Jean-Michel Pilc, Margaret Donovan & Julian Ferrer - Upstairs Jazz","robots":{"index":"index","follow":"follow","max-snippet":"max-snippet:-1","max-image-preview":"max-image-preview:large","max-video-preview":"max-video-preview:-1"},"canonical":"https:\/\/www.upstairsjazz.com\/fr\/events\/mason-jeffery-off-quartet-avec-jean-michel-pilc-margaret-donovan-julian-ferrer\/","og_locale":"fr_FR","og_type":"article","og_title":"Mason Jeffery-Off Quartet avec Jean-Michel Pilc, Margaret Donovan & Julian Ferrer","og_description":"Mason Jeffery-Off est un contrebassiste, bassiste \u00e9lectrique, compositeur et chef d&rsquo;orchestre canadien bas\u00e9 \u00e0 Montr\u00e9al. Originaire d&rsquo;Ottawa, en Ontario, il est en quatri\u00e8me ann\u00e9e de baccalaur\u00e9at en interpr\u00e9tation jazz \u00e0...","og_url":"https:\/\/www.upstairsjazz.com\/fr\/events\/mason-jeffery-off-quartet-avec-jean-michel-pilc-margaret-donovan-julian-ferrer\/","og_site_name":"Upstairs Jazz","article_publisher":"https:\/\/www.facebook.com\/upstairsjazz","article_modified_time":"2025-12-23T21:06:12+00:00","og_image":[{"width":1325,"height":2081,"url":"https:\/\/www.upstairsjazz.com\/wp-content\/uploads\/2025\/11\/mason-jeffery.jpg","type":"image\/jpeg"}],"twitter_card":"summary_large_image","twitter_site":"@Upstairsjazz","twitter_misc":{"Dur\u00e9e de lecture estim\u00e9e":"1 minute"},"schema":{"@context":"https:\/\/schema.org","@graph":[{"@type":"WebPage","@id":"https:\/\/www.upstairsjazz.com\/fr\/events\/mason-jeffery-off-quartet-avec-jean-michel-pilc-margaret-donovan-julian-ferrer\/","url":"https:\/\/www.upstairsjazz.com\/fr\/events\/mason-jeffery-off-quartet-avec-jean-michel-pilc-margaret-donovan-julian-ferrer\/","name":"Mason Jeffery-Off Quartet avec Jean-Michel Pilc, Margaret Donovan & Julian Ferrer - Upstairs Jazz","isPartOf":{"@id":"https:\/\/www.upstairsjazz.com\/fr\/#website"},"primaryImageOfPage":{"@id":"https:\/\/www.upstairsjazz.com\/fr\/events\/mason-jeffery-off-quartet-avec-jean-michel-pilc-margaret-donovan-julian-ferrer\/#primaryimage"},"image":{"@id":"https:\/\/www.upstairsjazz.com\/fr\/events\/mason-jeffery-off-quartet-avec-jean-michel-pilc-margaret-donovan-julian-ferrer\/#primaryimage"},"thumbnailUrl":"https:\/\/www.upstairsjazz.com\/wp-content\/uploads\/2025\/11\/mason-jeffery.jpg","datePublished":"2025-11-22T15:45:26+00:00","dateModified":"2025-12-23T21:06:12+00:00","breadcrumb":{"@id":"https:\/\/www.upstairsjazz.com\/fr\/events\/mason-jeffery-off-quartet-avec-jean-michel-pilc-margaret-donovan-julian-ferrer\/#breadcrumb"},"inLanguage":"fr-FR","potentialAction":[{"@type":"ReadAction","target":["https:\/\/www.upstairsjazz.com\/fr\/events\/mason-jeffery-off-quartet-avec-jean-michel-pilc-margaret-donovan-julian-ferrer\/"]}]},{"@type":"ImageObject","inLanguage":"fr-FR","@id":"https:\/\/www.upstairsjazz.com\/fr\/events\/mason-jeffery-off-quartet-avec-jean-michel-pilc-margaret-donovan-julian-ferrer\/#primaryimage","url":"https:\/\/www.upstairsjazz.com\/wp-content\/uploads\/2025\/11\/mason-jeffery.jpg","contentUrl":"https:\/\/www.upstairsjazz.com\/wp-content\/uploads\/2025\/11\/mason-jeffery.jpg","width":1325,"height":2081},{"@type":"BreadcrumbList","@id":"https:\/\/www.upstairsjazz.com\/fr\/events\/mason-jeffery-off-quartet-avec-jean-michel-pilc-margaret-donovan-julian-ferrer\/#breadcrumb","itemListElement":[{"@type":"ListItem","position":1,"name":"Home","item":"https:\/\/www.upstairsjazz.com\/fr\/accueil-fr-test\/"},{"@type":"ListItem","position":2,"name":"Events","item":"https:\/\/www.upstairsjazz.com\/events\/"},{"@type":"ListItem","position":3,"name":"Mason Jeffery-Off Quartet avec Jean-Michel Pilc, Margaret Donovan &#038; Julian Ferrer"}]},{"@type":"WebSite","@id":"https:\/\/www.upstairsjazz.com\/fr\/#website","url":"https:\/\/www.upstairsjazz.com\/fr\/","name":"Upstairs Jazz Club","description":"Upstairs jazz club, Montreal Canada","publisher":{"@id":"https:\/\/www.upstairsjazz.com\/fr\/#organization"},"potentialAction":[{"@type":"SearchAction","target":{"@type":"EntryPoint","urlTemplate":"https:\/\/www.upstairsjazz.com\/fr\/?s={search_term_string}"},"query-input":{"@type":"PropertyValueSpecification","valueRequired":true,"valueName":"search_term_string"}}],"inLanguage":"fr-FR"},{"@type":"Organization","@id":"https:\/\/www.upstairsjazz.com\/fr\/#organization","name":"Upstairs Jazz Bar & Grill","url":"https:\/\/www.upstairsjazz.com\/fr\/","logo":{"@type":"ImageObject","inLanguage":"fr-FR","@id":"https:\/\/www.upstairsjazz.com\/fr\/#\/schema\/logo\/image\/","url":"https:\/\/www.upstairsjazz.com\/wp-content\/uploads\/2020\/07\/upstairs-jazz-burger-1.jpg","contentUrl":"https:\/\/www.upstairsjazz.com\/wp-content\/uploads\/2020\/07\/upstairs-jazz-burger-1.jpg","width":1490,"height":993,"caption":"Upstairs Jazz Bar & Grill"},"image":{"@id":"https:\/\/www.upstairsjazz.com\/fr\/#\/schema\/logo\/image\/"},"sameAs":["https:\/\/www.facebook.com\/upstairsjazz","https:\/\/x.com\/Upstairsjazz","https:\/\/www.instagram.com\/upstairsjazz"]}]}},"_links":{"self":[{"href":"https:\/\/www.upstairsjazz.com\/fr\/wp-json\/wp\/v2\/ajde_events\/6243","targetHints":{"allow":["GET"]}}],"collection":[{"href":"https:\/\/www.upstairsjazz.com\/fr\/wp-json\/wp\/v2\/ajde_events"}],"about":[{"href":"https:\/\/www.upstairsjazz.com\/fr\/wp-json\/wp\/v2\/types\/ajde_events"}],"author":[{"embeddable":true,"href":"https:\/\/www.upstairsjazz.com\/fr\/wp-json\/wp\/v2\/users\/3"}],"replies":[{"embeddable":true,"href":"https:\/\/www.upstairsjazz.com\/fr\/wp-json\/wp\/v2\/comments?post=6243"}],"wp:featuredmedia":[{"embeddable":true,"href":"https:\/\/www.upstairsjazz.com\/fr\/wp-json\/wp\/v2\/media\/6242"}],"wp:attachment":[{"href":"https:\/\/www.upstairsjazz.com\/fr\/wp-json\/wp\/v2\/media?parent=6243"}],"wp:term":[{"taxonomy":"post_tag","embeddable":true,"href":"https:\/\/www.upstairsjazz.com\/fr\/wp-json\/wp\/v2\/tags?post=6243"},{"taxonomy":"event_type","embeddable":true,"href":"https:\/\/www.upstairsjazz.com\/fr\/wp-json\/wp\/v2\/event_type?post=6243"},{"taxonomy":"event_type_2","embeddable":true,"href":"https:\/\/www.upstairsjazz.com\/fr\/wp-json\/wp\/v2\/event_type_2?post=6243"}],"curies":[{"name":"wp","href":"https:\/\/api.w.org\/{rel}","templated":true}]}}