{"id":6438,"date":"2026-02-11T10:15:16","date_gmt":"2026-02-11T15:15:16","guid":{"rendered":"https:\/\/www.upstairsjazz.com\/?post_type=ajde_events&#038;p=6438"},"modified":"2026-02-11T10:15:16","modified_gmt":"2026-02-11T15:15:16","slug":"isabella-hallia-a-formal-introduction-spectacle-de-pre-lancement","status":"publish","type":"ajde_events","link":"https:\/\/www.upstairsjazz.com\/fr\/events\/isabella-hallia-a-formal-introduction-spectacle-de-pre-lancement\/","title":{"rendered":"Isabella Hallia: A Formal Introduction \u2013 Spectacle de pr\u00e9-lancement"},"content":{"rendered":"<p>Isabella Hallia est une chanteuse de jazz montr\u00e9alaise dont la voix lyrique et le timbre chaleureux et profond insufflent une sensibilit\u00e9 nouvelle au son intemporel du jazz vocal traditionnel. Elle puise son inspiration chez des ic\u00f4nes telles qu&rsquo;Anita O&rsquo;Day, Carmen McRae, Sarah Vaughan et Mel Torm\u00e9. En juin 2026, Isabella lancera son premier album, \u00ab Isabella Hallia : A Formal Introduction \u00bb.<\/p>\n<p>Ce projet \u2013 un recueil de trois compositions originales et d&rsquo;arrangements personnels de standards de jazz \u2013 se veut un autoportrait musical et constitue le point d&rsquo;orgue de sa prochaine tourn\u00e9e canadienne. \u00c0 travers cet album, Isabella souhaite partager une facette plus intime et personnelle de son art, invitant le public \u00e0 se connecter \u00e0 son amour profond pour la tradition du jazz. Ce soir sera l&rsquo;occasion d&rsquo;offrir au public un aper\u00e7u des morceaux qu&rsquo;elle pr\u00e9pare avant son entr\u00e9e en studio pour l&rsquo;enregistrement.<\/p>\n<p>Musiciens invit\u00e9s : Isabella Hallia (voix), Anthony D&rsquo;Alessandrio (piano), Mathieu McConnell (basse), Baptiste Lejeune (batterie)<\/p>\n<p><span style=\"color: #dd3333;\"><strong><a style=\"color: #dd3333;\" href=\"https:\/\/youtu.be\/hmq2G_v9_rs?si=8nxZ_ueD1M1-U_eX\" target=\"_blank\" rel=\"noopener\">Youtube video: \u00ab\u00a0Isabella Hallia Quartet\u00a0\u00bb<\/a><\/strong><\/span><\/p>\n<p><iframe loading=\"lazy\" title=\"Isabella Hallia Quartet - Sunday (Conn, Styne, Krueger, Miller) \/ Studio Madame Wood\" width=\"1080\" height=\"608\" src=\"https:\/\/www.youtube.com\/embed\/hmq2G_v9_rs?feature=oembed\" frameborder=\"0\" allow=\"accelerometer; autoplay; clipboard-write; encrypted-media; gyroscope; picture-in-picture; web-share\" referrerpolicy=\"strict-origin-when-cross-origin\" allowfullscreen><\/iframe><\/p>\n","protected":false},"author":3,"featured_media":6437,"menu_order":0,"comment_status":"closed","ping_status":"closed","template":"","meta":[],"tags":[],"event_type":[],"event_type_2":[],"class_list":["post-6438","ajde_events","type-ajde_events","status-publish","has-post-thumbnail"],"yoast_head":"<!-- This site is optimized with the Yoast SEO Premium plugin v20.8 (Yoast SEO v27.4) - https:\/\/yoast.com\/product\/yoast-seo-premium-wordpress\/ -->\n<title>Isabella Hallia: A Formal Introduction \u2013 Spectacle de pr\u00e9-lancement - Upstairs Jazz<\/title>\n<meta name=\"robots\" content=\"index, follow, max-snippet:-1, max-image-preview:large, max-video-preview:-1\" \/>\n<link rel=\"canonical\" href=\"https:\/\/www.upstairsjazz.com\/fr\/events\/isabella-hallia-a-formal-introduction-spectacle-de-pre-lancement\/\" \/>\n<meta property=\"og:locale\" content=\"fr_FR\" \/>\n<meta property=\"og:type\" content=\"article\" \/>\n<meta property=\"og:title\" content=\"Isabella Hallia: A Formal Introduction \u2013 Spectacle de pr\u00e9-lancement\" \/>\n<meta property=\"og:description\" content=\"Isabella Hallia est une chanteuse de jazz montr\u00e9alaise dont la voix lyrique et le timbre chaleureux et profond insufflent une sensibilit\u00e9 nouvelle au son intemporel du jazz vocal traditionnel. Elle...\" \/>\n<meta property=\"og:url\" content=\"https:\/\/www.upstairsjazz.com\/fr\/events\/isabella-hallia-a-formal-introduction-spectacle-de-pre-lancement\/\" \/>\n<meta property=\"og:site_name\" content=\"Upstairs Jazz\" \/>\n<meta property=\"article:publisher\" content=\"https:\/\/www.facebook.com\/upstairsjazz\" \/>\n<meta property=\"og:image\" content=\"https:\/\/www.upstairsjazz.com\/wp-content\/uploads\/2026\/02\/isabella2026.jpg\" \/>\n\t<meta property=\"og:image:width\" content=\"650\" \/>\n\t<meta property=\"og:image:height\" content=\"650\" \/>\n\t<meta property=\"og:image:type\" content=\"image\/jpeg\" \/>\n<meta name=\"twitter:card\" content=\"summary_large_image\" \/>\n<meta name=\"twitter:site\" content=\"@Upstairsjazz\" \/>\n<meta name=\"twitter:label1\" content=\"Dur\u00e9e de lecture estim\u00e9e\" \/>\n\t<meta name=\"twitter:data1\" content=\"1 minute\" \/>\n<script type=\"application\/ld+json\" class=\"yoast-schema-graph\">{\"@context\":\"https:\\\/\\\/schema.org\",\"@graph\":[{\"@type\":\"WebPage\",\"@id\":\"https:\\\/\\\/www.upstairsjazz.com\\\/fr\\\/events\\\/isabella-hallia-a-formal-introduction-spectacle-de-pre-lancement\\\/\",\"url\":\"https:\\\/\\\/www.upstairsjazz.com\\\/fr\\\/events\\\/isabella-hallia-a-formal-introduction-spectacle-de-pre-lancement\\\/\",\"name\":\"Isabella Hallia: A Formal Introduction \u2013 Spectacle de pr\u00e9-lancement - Upstairs Jazz\",\"isPartOf\":{\"@id\":\"https:\\\/\\\/www.upstairsjazz.com\\\/fr\\\/#website\"},\"primaryImageOfPage\":{\"@id\":\"https:\\\/\\\/www.upstairsjazz.com\\\/fr\\\/events\\\/isabella-hallia-a-formal-introduction-spectacle-de-pre-lancement\\\/#primaryimage\"},\"image\":{\"@id\":\"https:\\\/\\\/www.upstairsjazz.com\\\/fr\\\/events\\\/isabella-hallia-a-formal-introduction-spectacle-de-pre-lancement\\\/#primaryimage\"},\"thumbnailUrl\":\"https:\\\/\\\/www.upstairsjazz.com\\\/wp-content\\\/uploads\\\/2026\\\/02\\\/isabella2026.jpg\",\"datePublished\":\"2026-02-11T15:15:16+00:00\",\"breadcrumb\":{\"@id\":\"https:\\\/\\\/www.upstairsjazz.com\\\/fr\\\/events\\\/isabella-hallia-a-formal-introduction-spectacle-de-pre-lancement\\\/#breadcrumb\"},\"inLanguage\":\"fr-FR\",\"potentialAction\":[{\"@type\":\"ReadAction\",\"target\":[\"https:\\\/\\\/www.upstairsjazz.com\\\/fr\\\/events\\\/isabella-hallia-a-formal-introduction-spectacle-de-pre-lancement\\\/\"]}]},{\"@type\":\"ImageObject\",\"inLanguage\":\"fr-FR\",\"@id\":\"https:\\\/\\\/www.upstairsjazz.com\\\/fr\\\/events\\\/isabella-hallia-a-formal-introduction-spectacle-de-pre-lancement\\\/#primaryimage\",\"url\":\"https:\\\/\\\/www.upstairsjazz.com\\\/wp-content\\\/uploads\\\/2026\\\/02\\\/isabella2026.jpg\",\"contentUrl\":\"https:\\\/\\\/www.upstairsjazz.com\\\/wp-content\\\/uploads\\\/2026\\\/02\\\/isabella2026.jpg\",\"width\":650,\"height\":650},{\"@type\":\"BreadcrumbList\",\"@id\":\"https:\\\/\\\/www.upstairsjazz.com\\\/fr\\\/events\\\/isabella-hallia-a-formal-introduction-spectacle-de-pre-lancement\\\/#breadcrumb\",\"itemListElement\":[{\"@type\":\"ListItem\",\"position\":1,\"name\":\"Home\",\"item\":\"https:\\\/\\\/www.upstairsjazz.com\\\/fr\\\/accueil-fr-test\\\/\"},{\"@type\":\"ListItem\",\"position\":2,\"name\":\"Events\",\"item\":\"https:\\\/\\\/www.upstairsjazz.com\\\/events\\\/\"},{\"@type\":\"ListItem\",\"position\":3,\"name\":\"Isabella Hallia: A Formal Introduction \u2013 Spectacle de pr\u00e9-lancement\"}]},{\"@type\":\"WebSite\",\"@id\":\"https:\\\/\\\/www.upstairsjazz.com\\\/fr\\\/#website\",\"url\":\"https:\\\/\\\/www.upstairsjazz.com\\\/fr\\\/\",\"name\":\"Upstairs Jazz Club\",\"description\":\"Upstairs jazz club, Montreal Canada\",\"publisher\":{\"@id\":\"https:\\\/\\\/www.upstairsjazz.com\\\/fr\\\/#organization\"},\"potentialAction\":[{\"@type\":\"SearchAction\",\"target\":{\"@type\":\"EntryPoint\",\"urlTemplate\":\"https:\\\/\\\/www.upstairsjazz.com\\\/fr\\\/?s={search_term_string}\"},\"query-input\":{\"@type\":\"PropertyValueSpecification\",\"valueRequired\":true,\"valueName\":\"search_term_string\"}}],\"inLanguage\":\"fr-FR\"},{\"@type\":\"Organization\",\"@id\":\"https:\\\/\\\/www.upstairsjazz.com\\\/fr\\\/#organization\",\"name\":\"Upstairs Jazz Bar & Grill\",\"url\":\"https:\\\/\\\/www.upstairsjazz.com\\\/fr\\\/\",\"logo\":{\"@type\":\"ImageObject\",\"inLanguage\":\"fr-FR\",\"@id\":\"https:\\\/\\\/www.upstairsjazz.com\\\/fr\\\/#\\\/schema\\\/logo\\\/image\\\/\",\"url\":\"https:\\\/\\\/www.upstairsjazz.com\\\/wp-content\\\/uploads\\\/2020\\\/07\\\/upstairs-jazz-burger-1.jpg\",\"contentUrl\":\"https:\\\/\\\/www.upstairsjazz.com\\\/wp-content\\\/uploads\\\/2020\\\/07\\\/upstairs-jazz-burger-1.jpg\",\"width\":1490,\"height\":993,\"caption\":\"Upstairs Jazz Bar & Grill\"},\"image\":{\"@id\":\"https:\\\/\\\/www.upstairsjazz.com\\\/fr\\\/#\\\/schema\\\/logo\\\/image\\\/\"},\"sameAs\":[\"https:\\\/\\\/www.facebook.com\\\/upstairsjazz\",\"https:\\\/\\\/x.com\\\/Upstairsjazz\",\"https:\\\/\\\/www.instagram.com\\\/upstairsjazz\"]}]}<\/script>\n<!-- \/ Yoast SEO Premium plugin. -->","yoast_head_json":{"title":"Isabella Hallia: A Formal Introduction \u2013 Spectacle de pr\u00e9-lancement - Upstairs Jazz","robots":{"index":"index","follow":"follow","max-snippet":"max-snippet:-1","max-image-preview":"max-image-preview:large","max-video-preview":"max-video-preview:-1"},"canonical":"https:\/\/www.upstairsjazz.com\/fr\/events\/isabella-hallia-a-formal-introduction-spectacle-de-pre-lancement\/","og_locale":"fr_FR","og_type":"article","og_title":"Isabella Hallia: A Formal Introduction \u2013 Spectacle de pr\u00e9-lancement","og_description":"Isabella Hallia est une chanteuse de jazz montr\u00e9alaise dont la voix lyrique et le timbre chaleureux et profond insufflent une sensibilit\u00e9 nouvelle au son intemporel du jazz vocal traditionnel. Elle...","og_url":"https:\/\/www.upstairsjazz.com\/fr\/events\/isabella-hallia-a-formal-introduction-spectacle-de-pre-lancement\/","og_site_name":"Upstairs Jazz","article_publisher":"https:\/\/www.facebook.com\/upstairsjazz","og_image":[{"width":650,"height":650,"url":"https:\/\/www.upstairsjazz.com\/wp-content\/uploads\/2026\/02\/isabella2026.jpg","type":"image\/jpeg"}],"twitter_card":"summary_large_image","twitter_site":"@Upstairsjazz","twitter_misc":{"Dur\u00e9e de lecture estim\u00e9e":"1 minute"},"schema":{"@context":"https:\/\/schema.org","@graph":[{"@type":"WebPage","@id":"https:\/\/www.upstairsjazz.com\/fr\/events\/isabella-hallia-a-formal-introduction-spectacle-de-pre-lancement\/","url":"https:\/\/www.upstairsjazz.com\/fr\/events\/isabella-hallia-a-formal-introduction-spectacle-de-pre-lancement\/","name":"Isabella Hallia: A Formal Introduction \u2013 Spectacle de pr\u00e9-lancement - Upstairs Jazz","isPartOf":{"@id":"https:\/\/www.upstairsjazz.com\/fr\/#website"},"primaryImageOfPage":{"@id":"https:\/\/www.upstairsjazz.com\/fr\/events\/isabella-hallia-a-formal-introduction-spectacle-de-pre-lancement\/#primaryimage"},"image":{"@id":"https:\/\/www.upstairsjazz.com\/fr\/events\/isabella-hallia-a-formal-introduction-spectacle-de-pre-lancement\/#primaryimage"},"thumbnailUrl":"https:\/\/www.upstairsjazz.com\/wp-content\/uploads\/2026\/02\/isabella2026.jpg","datePublished":"2026-02-11T15:15:16+00:00","breadcrumb":{"@id":"https:\/\/www.upstairsjazz.com\/fr\/events\/isabella-hallia-a-formal-introduction-spectacle-de-pre-lancement\/#breadcrumb"},"inLanguage":"fr-FR","potentialAction":[{"@type":"ReadAction","target":["https:\/\/www.upstairsjazz.com\/fr\/events\/isabella-hallia-a-formal-introduction-spectacle-de-pre-lancement\/"]}]},{"@type":"ImageObject","inLanguage":"fr-FR","@id":"https:\/\/www.upstairsjazz.com\/fr\/events\/isabella-hallia-a-formal-introduction-spectacle-de-pre-lancement\/#primaryimage","url":"https:\/\/www.upstairsjazz.com\/wp-content\/uploads\/2026\/02\/isabella2026.jpg","contentUrl":"https:\/\/www.upstairsjazz.com\/wp-content\/uploads\/2026\/02\/isabella2026.jpg","width":650,"height":650},{"@type":"BreadcrumbList","@id":"https:\/\/www.upstairsjazz.com\/fr\/events\/isabella-hallia-a-formal-introduction-spectacle-de-pre-lancement\/#breadcrumb","itemListElement":[{"@type":"ListItem","position":1,"name":"Home","item":"https:\/\/www.upstairsjazz.com\/fr\/accueil-fr-test\/"},{"@type":"ListItem","position":2,"name":"Events","item":"https:\/\/www.upstairsjazz.com\/events\/"},{"@type":"ListItem","position":3,"name":"Isabella Hallia: A Formal Introduction \u2013 Spectacle de pr\u00e9-lancement"}]},{"@type":"WebSite","@id":"https:\/\/www.upstairsjazz.com\/fr\/#website","url":"https:\/\/www.upstairsjazz.com\/fr\/","name":"Upstairs Jazz Club","description":"Upstairs jazz club, Montreal Canada","publisher":{"@id":"https:\/\/www.upstairsjazz.com\/fr\/#organization"},"potentialAction":[{"@type":"SearchAction","target":{"@type":"EntryPoint","urlTemplate":"https:\/\/www.upstairsjazz.com\/fr\/?s={search_term_string}"},"query-input":{"@type":"PropertyValueSpecification","valueRequired":true,"valueName":"search_term_string"}}],"inLanguage":"fr-FR"},{"@type":"Organization","@id":"https:\/\/www.upstairsjazz.com\/fr\/#organization","name":"Upstairs Jazz Bar & Grill","url":"https:\/\/www.upstairsjazz.com\/fr\/","logo":{"@type":"ImageObject","inLanguage":"fr-FR","@id":"https:\/\/www.upstairsjazz.com\/fr\/#\/schema\/logo\/image\/","url":"https:\/\/www.upstairsjazz.com\/wp-content\/uploads\/2020\/07\/upstairs-jazz-burger-1.jpg","contentUrl":"https:\/\/www.upstairsjazz.com\/wp-content\/uploads\/2020\/07\/upstairs-jazz-burger-1.jpg","width":1490,"height":993,"caption":"Upstairs Jazz Bar & Grill"},"image":{"@id":"https:\/\/www.upstairsjazz.com\/fr\/#\/schema\/logo\/image\/"},"sameAs":["https:\/\/www.facebook.com\/upstairsjazz","https:\/\/x.com\/Upstairsjazz","https:\/\/www.instagram.com\/upstairsjazz"]}]}},"_links":{"self":[{"href":"https:\/\/www.upstairsjazz.com\/fr\/wp-json\/wp\/v2\/ajde_events\/6438","targetHints":{"allow":["GET"]}}],"collection":[{"href":"https:\/\/www.upstairsjazz.com\/fr\/wp-json\/wp\/v2\/ajde_events"}],"about":[{"href":"https:\/\/www.upstairsjazz.com\/fr\/wp-json\/wp\/v2\/types\/ajde_events"}],"author":[{"embeddable":true,"href":"https:\/\/www.upstairsjazz.com\/fr\/wp-json\/wp\/v2\/users\/3"}],"replies":[{"embeddable":true,"href":"https:\/\/www.upstairsjazz.com\/fr\/wp-json\/wp\/v2\/comments?post=6438"}],"wp:featuredmedia":[{"embeddable":true,"href":"https:\/\/www.upstairsjazz.com\/fr\/wp-json\/wp\/v2\/media\/6437"}],"wp:attachment":[{"href":"https:\/\/www.upstairsjazz.com\/fr\/wp-json\/wp\/v2\/media?parent=6438"}],"wp:term":[{"taxonomy":"post_tag","embeddable":true,"href":"https:\/\/www.upstairsjazz.com\/fr\/wp-json\/wp\/v2\/tags?post=6438"},{"taxonomy":"event_type","embeddable":true,"href":"https:\/\/www.upstairsjazz.com\/fr\/wp-json\/wp\/v2\/event_type?post=6438"},{"taxonomy":"event_type_2","embeddable":true,"href":"https:\/\/www.upstairsjazz.com\/fr\/wp-json\/wp\/v2\/event_type_2?post=6438"}],"curies":[{"name":"wp","href":"https:\/\/api.w.org\/{rel}","templated":true}]}}