{"id":6967,"date":"2026-09-01T09:12:25","date_gmt":"2026-09-01T14:12:25","guid":{"rendered":"https:\/\/www.upstairsjazz.com\/?post_type=ajde_events&#038;p=6967"},"modified":"2026-09-01T10:58:00","modified_gmt":"2026-09-01T15:58:00","slug":"anders-bergcrantz-quintet","status":"publish","type":"ajde_events","link":"https:\/\/www.upstairsjazz.com\/fr\/events\/anders-bergcrantz-quintet\/","title":{"rendered":"Anders Bergcrantz Quintet"},"content":{"rendered":"<p>Le trompettiste su\u00e9dois Anders Bergcrantz est largement reconnu comme l&rsquo;une des voix majeures de son instrument. Artiste de renomm\u00e9e internationale, il a collabor\u00e9 avec un nombre exceptionnel de musiciens, parmi lesquels Victor Lewis, Billy Hart, Richie Beirach, Lenny White, Ed Thigpen, Tootie Heath, McCoy Tyner, Mike Brecker et l&rsquo;Orchestre philharmonique royal de Stockholm.<\/p>\n<p>Bergcrantz est \u00e9galement un artiste prim\u00e9, figurant r\u00e9guli\u00e8rement en t\u00eate des classements internationaux de jazz. Il a notamment \u00e9t\u00e9 nomm\u00e9 Meilleur Trompettiste en 2020 pour l&rsquo;album \u00ab\u00a0Elevate\u00a0\u00bb et en 2017 pour \u00ab\u00a0Soulfully Yours\u00a0\u00bb par Jazz Station\/Jazz, Bossa and Beyond.<\/p>\n<p>Reconnu pour sa puissance physique impressionnante, son large registre \u00e9motionnel et son jeu profond\u00e9ment expressif, Bergcrantz s&rsquo;inscrit dans la lign\u00e9e des grands trompettistes tels que Woody Shaw, Freddie Hubbard, Lee Morgan et Miles Davis, tout en y apportant une voix unique et singuli\u00e8re.<\/p>\n<p>Se produisant sur la sc\u00e8ne internationale comme soliste invit\u00e9 et chef d&rsquo;orchestre, Anders Bergcrantz pr\u00e9sentera son talent exceptionnel \u00e0 Montr\u00e9al pour deux concerts uniques avec le Quintette Anders Bergcrantz.<\/p>\n<p>Il sera accompagn\u00e9 par les brillants professeurs du programme de musique de l&rsquo;Universit\u00e9 St. Francis Xavier\u00a0: le saxophoniste Kenji Omae, le pianiste Jeff Johnston, le contrebassiste Paul Rushka et le batteur Anthony Michelli.<\/p>\n<p>Anders Bergcrantz \u2014 trompette<br \/>\nKenji Omae \u2014 saxophone t\u00e9nor<br \/>\nJeff Johnston \u2014 piano<br \/>\nPaul Rushka \u2014 contrebasse<br \/>\nAnthony Michelli \u2014 batterie<\/p>\n<p><span style=\"color: #dd3333;\"><strong><a style=\"color: #dd3333;\" href=\"https:\/\/youtu.be\/OZ0PIhc64hU?si=4WMSAxOP35HT1o36\" target=\"_blank\" rel=\"noopener\">Youtube video: Fasching 2018<\/a><\/strong><\/span><\/p>\n<p><iframe loading=\"lazy\" title=\"Anders Bergcrantz Fasching 2018 - Trailer\" width=\"1080\" height=\"608\" src=\"https:\/\/www.youtube.com\/embed\/OZ0PIhc64hU?feature=oembed\" frameborder=\"0\" allow=\"accelerometer; autoplay; clipboard-write; encrypted-media; gyroscope; picture-in-picture; web-share\" referrerpolicy=\"strict-origin-when-cross-origin\" allowfullscreen><\/iframe><\/p>\n","protected":false},"author":3,"featured_media":6966,"menu_order":0,"comment_status":"closed","ping_status":"closed","template":"","meta":[],"tags":[],"event_type":[],"event_type_2":[],"class_list":["post-6967","ajde_events","type-ajde_events","status-publish","has-post-thumbnail"],"yoast_head":"<!-- This site is optimized with the Yoast SEO Premium plugin v20.8 (Yoast SEO v28.4) - https:\/\/yoast.com\/product\/yoast-seo-premium-wordpress\/ -->\n<title>Anders Bergcrantz Quintet - Upstairs Jazz<\/title>\n<meta name=\"robots\" content=\"index, follow, max-snippet:-1, max-image-preview:large, max-video-preview:-1\" \/>\n<link rel=\"canonical\" href=\"https:\/\/www.upstairsjazz.com\/fr\/events\/anders-bergcrantz-quintet\/\" \/>\n<meta property=\"og:locale\" content=\"fr_FR\" \/>\n<meta property=\"og:type\" content=\"article\" \/>\n<meta property=\"og:title\" content=\"Anders Bergcrantz Quintet\" \/>\n<meta property=\"og:description\" content=\"Le trompettiste su\u00e9dois Anders Bergcrantz est largement reconnu comme l&rsquo;une des voix majeures de son instrument. Artiste de renomm\u00e9e internationale, il a collabor\u00e9 avec un nombre exceptionnel de musiciens, parmi...\" \/>\n<meta property=\"og:url\" content=\"https:\/\/www.upstairsjazz.com\/fr\/events\/anders-bergcrantz-quintet\/\" \/>\n<meta property=\"og:site_name\" content=\"Upstairs Jazz\" \/>\n<meta property=\"article:publisher\" content=\"https:\/\/www.facebook.com\/upstairsjazz\" \/>\n<meta property=\"article:modified_time\" content=\"2026-09-01T15:58:00+00:00\" \/>\n<meta property=\"og:image\" content=\"https:\/\/www.upstairsjazz.com\/wp-content\/uploads\/2026\/09\/IMG_0149-1.jpg\" \/>\n\t<meta property=\"og:image:width\" content=\"1280\" \/>\n\t<meta property=\"og:image:height\" content=\"850\" \/>\n\t<meta property=\"og:image:type\" content=\"image\/jpeg\" \/>\n<meta name=\"twitter:card\" content=\"summary_large_image\" \/>\n<meta name=\"twitter:site\" content=\"@Upstairsjazz\" \/>\n<meta name=\"twitter:label1\" content=\"Dur\u00e9e de lecture estim\u00e9e\" \/>\n\t<meta name=\"twitter:data1\" content=\"2 minutes\" \/>\n<script type=\"application\/ld+json\" class=\"yoast-schema-graph\">{\"@context\":\"https:\\\/\\\/schema.org\",\"@graph\":[{\"@type\":\"WebPage\",\"@id\":\"https:\\\/\\\/www.upstairsjazz.com\\\/fr\\\/events\\\/anders-bergcrantz-quintet\\\/\",\"url\":\"https:\\\/\\\/www.upstairsjazz.com\\\/fr\\\/events\\\/anders-bergcrantz-quintet\\\/\",\"name\":\"Anders Bergcrantz Quintet - Upstairs Jazz\",\"isPartOf\":{\"@id\":\"https:\\\/\\\/www.upstairsjazz.com\\\/fr\\\/#website\"},\"primaryImageOfPage\":{\"@id\":\"https:\\\/\\\/www.upstairsjazz.com\\\/fr\\\/events\\\/anders-bergcrantz-quintet\\\/#primaryimage\"},\"image\":{\"@id\":\"https:\\\/\\\/www.upstairsjazz.com\\\/fr\\\/events\\\/anders-bergcrantz-quintet\\\/#primaryimage\"},\"thumbnailUrl\":\"https:\\\/\\\/www.upstairsjazz.com\\\/wp-content\\\/uploads\\\/2026\\\/09\\\/IMG_0149-1.jpg\",\"datePublished\":\"2026-09-01T14:12:25+00:00\",\"dateModified\":\"2026-09-01T15:58:00+00:00\",\"breadcrumb\":{\"@id\":\"https:\\\/\\\/www.upstairsjazz.com\\\/fr\\\/events\\\/anders-bergcrantz-quintet\\\/#breadcrumb\"},\"inLanguage\":\"fr-FR\",\"potentialAction\":[{\"@type\":\"ReadAction\",\"target\":[\"https:\\\/\\\/www.upstairsjazz.com\\\/fr\\\/events\\\/anders-bergcrantz-quintet\\\/\"]}]},{\"@type\":\"ImageObject\",\"inLanguage\":\"fr-FR\",\"@id\":\"https:\\\/\\\/www.upstairsjazz.com\\\/fr\\\/events\\\/anders-bergcrantz-quintet\\\/#primaryimage\",\"url\":\"https:\\\/\\\/www.upstairsjazz.com\\\/wp-content\\\/uploads\\\/2026\\\/09\\\/IMG_0149-1.jpg\",\"contentUrl\":\"https:\\\/\\\/www.upstairsjazz.com\\\/wp-content\\\/uploads\\\/2026\\\/09\\\/IMG_0149-1.jpg\",\"width\":1280,\"height\":850},{\"@type\":\"BreadcrumbList\",\"@id\":\"https:\\\/\\\/www.upstairsjazz.com\\\/fr\\\/events\\\/anders-bergcrantz-quintet\\\/#breadcrumb\",\"itemListElement\":[{\"@type\":\"ListItem\",\"position\":1,\"name\":\"Home\",\"item\":\"https:\\\/\\\/www.upstairsjazz.com\\\/fr\\\/\"},{\"@type\":\"ListItem\",\"position\":2,\"name\":\"Events\",\"item\":\"https:\\\/\\\/www.upstairsjazz.com\\\/events\\\/\"},{\"@type\":\"ListItem\",\"position\":3,\"name\":\"Anders Bergcrantz Quintet\"}]},{\"@type\":\"WebSite\",\"@id\":\"https:\\\/\\\/www.upstairsjazz.com\\\/fr\\\/#website\",\"url\":\"https:\\\/\\\/www.upstairsjazz.com\\\/fr\\\/\",\"name\":\"Upstairs Jazz Club\",\"description\":\"Upstairs jazz club, Montreal Canada\",\"publisher\":{\"@id\":\"https:\\\/\\\/www.upstairsjazz.com\\\/fr\\\/#organization\"},\"potentialAction\":[{\"@type\":\"SearchAction\",\"target\":{\"@type\":\"EntryPoint\",\"urlTemplate\":\"https:\\\/\\\/www.upstairsjazz.com\\\/fr\\\/?s={search_term_string}\"},\"query-input\":{\"@type\":\"PropertyValueSpecification\",\"valueRequired\":true,\"valueName\":\"search_term_string\"}}],\"inLanguage\":\"fr-FR\"},{\"@type\":\"Organization\",\"@id\":\"https:\\\/\\\/www.upstairsjazz.com\\\/fr\\\/#organization\",\"name\":\"Upstairs Jazz Bar & Grill\",\"url\":\"https:\\\/\\\/www.upstairsjazz.com\\\/fr\\\/\",\"logo\":{\"@type\":\"ImageObject\",\"inLanguage\":\"fr-FR\",\"@id\":\"https:\\\/\\\/www.upstairsjazz.com\\\/fr\\\/#\\\/schema\\\/logo\\\/image\\\/\",\"url\":\"https:\\\/\\\/www.upstairsjazz.com\\\/wp-content\\\/uploads\\\/2020\\\/07\\\/upstairs-jazz-burger-1.jpg\",\"contentUrl\":\"https:\\\/\\\/www.upstairsjazz.com\\\/wp-content\\\/uploads\\\/2020\\\/07\\\/upstairs-jazz-burger-1.jpg\",\"width\":1490,\"height\":993,\"caption\":\"Upstairs Jazz Bar & Grill\"},\"image\":{\"@id\":\"https:\\\/\\\/www.upstairsjazz.com\\\/fr\\\/#\\\/schema\\\/logo\\\/image\\\/\"},\"sameAs\":[\"https:\\\/\\\/www.facebook.com\\\/upstairsjazz\",\"https:\\\/\\\/x.com\\\/Upstairsjazz\",\"https:\\\/\\\/www.instagram.com\\\/upstairsjazz\"]}]}<\/script>\n<!-- \/ Yoast SEO Premium plugin. -->","yoast_head_json":{"title":"Anders Bergcrantz Quintet - Upstairs Jazz","robots":{"index":"index","follow":"follow","max-snippet":"max-snippet:-1","max-image-preview":"max-image-preview:large","max-video-preview":"max-video-preview:-1"},"canonical":"https:\/\/www.upstairsjazz.com\/fr\/events\/anders-bergcrantz-quintet\/","og_locale":"fr_FR","og_type":"article","og_title":"Anders Bergcrantz Quintet","og_description":"Le trompettiste su\u00e9dois Anders Bergcrantz est largement reconnu comme l&rsquo;une des voix majeures de son instrument. Artiste de renomm\u00e9e internationale, il a collabor\u00e9 avec un nombre exceptionnel de musiciens, parmi...","og_url":"https:\/\/www.upstairsjazz.com\/fr\/events\/anders-bergcrantz-quintet\/","og_site_name":"Upstairs Jazz","article_publisher":"https:\/\/www.facebook.com\/upstairsjazz","article_modified_time":"2026-09-01T15:58:00+00:00","og_image":[{"width":1280,"height":850,"url":"https:\/\/www.upstairsjazz.com\/wp-content\/uploads\/2026\/09\/IMG_0149-1.jpg","type":"image\/jpeg"}],"twitter_card":"summary_large_image","twitter_site":"@Upstairsjazz","twitter_misc":{"Dur\u00e9e de lecture estim\u00e9e":"2 minutes"},"schema":{"@context":"https:\/\/schema.org","@graph":[{"@type":"WebPage","@id":"https:\/\/www.upstairsjazz.com\/fr\/events\/anders-bergcrantz-quintet\/","url":"https:\/\/www.upstairsjazz.com\/fr\/events\/anders-bergcrantz-quintet\/","name":"Anders Bergcrantz Quintet - Upstairs Jazz","isPartOf":{"@id":"https:\/\/www.upstairsjazz.com\/fr\/#website"},"primaryImageOfPage":{"@id":"https:\/\/www.upstairsjazz.com\/fr\/events\/anders-bergcrantz-quintet\/#primaryimage"},"image":{"@id":"https:\/\/www.upstairsjazz.com\/fr\/events\/anders-bergcrantz-quintet\/#primaryimage"},"thumbnailUrl":"https:\/\/www.upstairsjazz.com\/wp-content\/uploads\/2026\/09\/IMG_0149-1.jpg","datePublished":"2026-09-01T14:12:25+00:00","dateModified":"2026-09-01T15:58:00+00:00","breadcrumb":{"@id":"https:\/\/www.upstairsjazz.com\/fr\/events\/anders-bergcrantz-quintet\/#breadcrumb"},"inLanguage":"fr-FR","potentialAction":[{"@type":"ReadAction","target":["https:\/\/www.upstairsjazz.com\/fr\/events\/anders-bergcrantz-quintet\/"]}]},{"@type":"ImageObject","inLanguage":"fr-FR","@id":"https:\/\/www.upstairsjazz.com\/fr\/events\/anders-bergcrantz-quintet\/#primaryimage","url":"https:\/\/www.upstairsjazz.com\/wp-content\/uploads\/2026\/09\/IMG_0149-1.jpg","contentUrl":"https:\/\/www.upstairsjazz.com\/wp-content\/uploads\/2026\/09\/IMG_0149-1.jpg","width":1280,"height":850},{"@type":"BreadcrumbList","@id":"https:\/\/www.upstairsjazz.com\/fr\/events\/anders-bergcrantz-quintet\/#breadcrumb","itemListElement":[{"@type":"ListItem","position":1,"name":"Home","item":"https:\/\/www.upstairsjazz.com\/fr\/"},{"@type":"ListItem","position":2,"name":"Events","item":"https:\/\/www.upstairsjazz.com\/events\/"},{"@type":"ListItem","position":3,"name":"Anders Bergcrantz Quintet"}]},{"@type":"WebSite","@id":"https:\/\/www.upstairsjazz.com\/fr\/#website","url":"https:\/\/www.upstairsjazz.com\/fr\/","name":"Upstairs Jazz Club","description":"Upstairs jazz club, Montreal Canada","publisher":{"@id":"https:\/\/www.upstairsjazz.com\/fr\/#organization"},"potentialAction":[{"@type":"SearchAction","target":{"@type":"EntryPoint","urlTemplate":"https:\/\/www.upstairsjazz.com\/fr\/?s={search_term_string}"},"query-input":{"@type":"PropertyValueSpecification","valueRequired":true,"valueName":"search_term_string"}}],"inLanguage":"fr-FR"},{"@type":"Organization","@id":"https:\/\/www.upstairsjazz.com\/fr\/#organization","name":"Upstairs Jazz Bar & Grill","url":"https:\/\/www.upstairsjazz.com\/fr\/","logo":{"@type":"ImageObject","inLanguage":"fr-FR","@id":"https:\/\/www.upstairsjazz.com\/fr\/#\/schema\/logo\/image\/","url":"https:\/\/www.upstairsjazz.com\/wp-content\/uploads\/2020\/07\/upstairs-jazz-burger-1.jpg","contentUrl":"https:\/\/www.upstairsjazz.com\/wp-content\/uploads\/2020\/07\/upstairs-jazz-burger-1.jpg","width":1490,"height":993,"caption":"Upstairs Jazz Bar & Grill"},"image":{"@id":"https:\/\/www.upstairsjazz.com\/fr\/#\/schema\/logo\/image\/"},"sameAs":["https:\/\/www.facebook.com\/upstairsjazz","https:\/\/x.com\/Upstairsjazz","https:\/\/www.instagram.com\/upstairsjazz"]}]}},"_links":{"self":[{"href":"https:\/\/www.upstairsjazz.com\/fr\/wp-json\/wp\/v2\/ajde_events\/6967","targetHints":{"allow":["GET"]}}],"collection":[{"href":"https:\/\/www.upstairsjazz.com\/fr\/wp-json\/wp\/v2\/ajde_events"}],"about":[{"href":"https:\/\/www.upstairsjazz.com\/fr\/wp-json\/wp\/v2\/types\/ajde_events"}],"author":[{"embeddable":true,"href":"https:\/\/www.upstairsjazz.com\/fr\/wp-json\/wp\/v2\/users\/3"}],"replies":[{"embeddable":true,"href":"https:\/\/www.upstairsjazz.com\/fr\/wp-json\/wp\/v2\/comments?post=6967"}],"wp:featuredmedia":[{"embeddable":true,"href":"https:\/\/www.upstairsjazz.com\/fr\/wp-json\/wp\/v2\/media\/6966"}],"wp:attachment":[{"href":"https:\/\/www.upstairsjazz.com\/fr\/wp-json\/wp\/v2\/media?parent=6967"}],"wp:term":[{"taxonomy":"post_tag","embeddable":true,"href":"https:\/\/www.upstairsjazz.com\/fr\/wp-json\/wp\/v2\/tags?post=6967"},{"taxonomy":"event_type","embeddable":true,"href":"https:\/\/www.upstairsjazz.com\/fr\/wp-json\/wp\/v2\/event_type?post=6967"},{"taxonomy":"event_type_2","embeddable":true,"href":"https:\/\/www.upstairsjazz.com\/fr\/wp-json\/wp\/v2\/event_type_2?post=6967"}],"curies":[{"name":"wp","href":"https:\/\/api.w.org\/{rel}","templated":true}]}}