{"id":6975,"date":"2026-09-01T09:50:05","date_gmt":"2026-09-01T14:50:05","guid":{"rendered":"https:\/\/www.upstairsjazz.com\/?post_type=ajde_events&#038;p=6975"},"modified":"2026-09-01T09:51:07","modified_gmt":"2026-09-01T14:51:07","slug":"serie-trios-carl-mayotte-invite-mark-kelso-francis-gregoire","status":"publish","type":"ajde_events","link":"https:\/\/www.upstairsjazz.com\/fr\/events\/serie-trios-carl-mayotte-invite-mark-kelso-francis-gregoire\/","title":{"rendered":"S\u00e9rie Trios: Carl Mayotte invite Mark Kelso &#038; Francis Gregoire"},"content":{"rendered":"<p>Pour ce deuxi\u00e8me concert de sa s\u00e9rie invitation, Carl Mayotte vous convie \u00e0 une soir\u00e9e r\u00e9solument fusion avec l\u2019un des plus grands batteurs de jazz canadiens : Mark Kelso.<\/p>\n<p>Ayant jou\u00e9 avec des artistes aussi l\u00e9gendaires que Gino Vannelli, Pat Metheny, Carol Welsman, Kenny Wheeler et bien d\u2019autres, ce batteur originaire de Toronto est reconnu pour sa grande polyvalence et sa ma\u00eetrise de nombreux styles musicaux. Cette capacit\u00e9 \u00e0 naviguer avec aisance entre les univers fait de lui un v\u00e9ritable ma\u00eetre de la fusion.<\/p>\n<p>Se joint \u00e0 cette section rythmique l&rsquo;un des plus grands clavi\u00e9ristes au Qu\u00e9bec actuellement : Francis Gr\u00e9goire. Carl Mayotte vous promet ainsi une soir\u00e9e explosive o\u00f9 groove, virtuosit\u00e9 et cr\u00e9ativit\u00e9 se fusionneront. Une rencontre musicale qui risque bien de faire exploser les murs du Upstairs!<\/p>\n<p> Carl Mayotte- Basse<br \/>\nFrancis Gr\u00e9goire- Piano<br \/>\nMark Kelso- Batterie<\/p>\n<p><span style=\"color: #dd3333;\"><strong><a style=\"color: #dd3333;\" href=\"https:\/\/youtu.be\/NCsjTKWlw6A?si=07JRmUErqvejwY_S\" target=\"_blank\" rel=\"noopener\">Video: \u00ab\u00a0Fantosme\u00a0\u00bb<\/a><\/strong><\/span><\/p>\n<p><iframe loading=\"lazy\" title=\"Carl Mayotte - Fantosme\" width=\"1080\" height=\"608\" src=\"https:\/\/www.youtube.com\/embed\/NCsjTKWlw6A?feature=oembed\" frameborder=\"0\" allow=\"accelerometer; autoplay; clipboard-write; encrypted-media; gyroscope; picture-in-picture; web-share\" referrerpolicy=\"strict-origin-when-cross-origin\" allowfullscreen><\/iframe><\/p>\n","protected":false},"author":3,"featured_media":6875,"menu_order":0,"comment_status":"closed","ping_status":"closed","template":"","meta":[],"tags":[],"event_type":[],"event_type_2":[],"class_list":["post-6975","ajde_events","type-ajde_events","status-publish","has-post-thumbnail"],"yoast_head":"<!-- This site is optimized with the Yoast SEO Premium plugin v20.8 (Yoast SEO v28.4) - https:\/\/yoast.com\/product\/yoast-seo-premium-wordpress\/ -->\n<title>S\u00e9rie Trios: Carl Mayotte invite Mark Kelso &amp; Francis Gregoire - Upstairs Jazz<\/title>\n<meta name=\"robots\" content=\"index, follow, max-snippet:-1, max-image-preview:large, max-video-preview:-1\" \/>\n<link rel=\"canonical\" href=\"https:\/\/www.upstairsjazz.com\/fr\/events\/serie-trios-carl-mayotte-invite-mark-kelso-francis-gregoire\/\" \/>\n<meta property=\"og:locale\" content=\"fr_FR\" \/>\n<meta property=\"og:type\" content=\"article\" \/>\n<meta property=\"og:title\" content=\"S\u00e9rie Trios: Carl Mayotte invite Mark Kelso &amp; Francis Gregoire\" \/>\n<meta property=\"og:description\" content=\"Pour ce deuxi\u00e8me concert de sa s\u00e9rie invitation, Carl Mayotte vous convie \u00e0 une soir\u00e9e r\u00e9solument fusion avec l\u2019un des plus grands batteurs de jazz canadiens : Mark Kelso. Ayant...\" \/>\n<meta property=\"og:url\" content=\"https:\/\/www.upstairsjazz.com\/fr\/events\/serie-trios-carl-mayotte-invite-mark-kelso-francis-gregoire\/\" \/>\n<meta property=\"og:site_name\" content=\"Upstairs Jazz\" \/>\n<meta property=\"article:publisher\" content=\"https:\/\/www.facebook.com\/upstairsjazz\" \/>\n<meta property=\"article:modified_time\" content=\"2026-09-01T14:51:07+00:00\" \/>\n<meta property=\"og:image\" content=\"https:\/\/www.upstairsjazz.com\/wp-content\/uploads\/2021\/08\/carl-mayotte.jpg\" \/>\n\t<meta property=\"og:image:width\" content=\"650\" \/>\n\t<meta property=\"og:image:height\" content=\"813\" \/>\n\t<meta property=\"og:image:type\" content=\"image\/jpeg\" \/>\n<meta name=\"twitter:card\" content=\"summary_large_image\" \/>\n<meta name=\"twitter:site\" content=\"@Upstairsjazz\" \/>\n<meta name=\"twitter:label1\" content=\"Dur\u00e9e de lecture estim\u00e9e\" \/>\n\t<meta name=\"twitter:data1\" content=\"1 minute\" \/>\n<script type=\"application\/ld+json\" class=\"yoast-schema-graph\">{\"@context\":\"https:\\\/\\\/schema.org\",\"@graph\":[{\"@type\":\"WebPage\",\"@id\":\"https:\\\/\\\/www.upstairsjazz.com\\\/fr\\\/events\\\/serie-trios-carl-mayotte-invite-mark-kelso-francis-gregoire\\\/\",\"url\":\"https:\\\/\\\/www.upstairsjazz.com\\\/fr\\\/events\\\/serie-trios-carl-mayotte-invite-mark-kelso-francis-gregoire\\\/\",\"name\":\"S\u00e9rie Trios: Carl Mayotte invite Mark Kelso & Francis Gregoire - Upstairs Jazz\",\"isPartOf\":{\"@id\":\"https:\\\/\\\/www.upstairsjazz.com\\\/fr\\\/#website\"},\"primaryImageOfPage\":{\"@id\":\"https:\\\/\\\/www.upstairsjazz.com\\\/fr\\\/events\\\/serie-trios-carl-mayotte-invite-mark-kelso-francis-gregoire\\\/#primaryimage\"},\"image\":{\"@id\":\"https:\\\/\\\/www.upstairsjazz.com\\\/fr\\\/events\\\/serie-trios-carl-mayotte-invite-mark-kelso-francis-gregoire\\\/#primaryimage\"},\"thumbnailUrl\":\"https:\\\/\\\/www.upstairsjazz.com\\\/wp-content\\\/uploads\\\/2021\\\/08\\\/carl-mayotte.jpg\",\"datePublished\":\"2026-09-01T14:50:05+00:00\",\"dateModified\":\"2026-09-01T14:51:07+00:00\",\"breadcrumb\":{\"@id\":\"https:\\\/\\\/www.upstairsjazz.com\\\/fr\\\/events\\\/serie-trios-carl-mayotte-invite-mark-kelso-francis-gregoire\\\/#breadcrumb\"},\"inLanguage\":\"fr-FR\",\"potentialAction\":[{\"@type\":\"ReadAction\",\"target\":[\"https:\\\/\\\/www.upstairsjazz.com\\\/fr\\\/events\\\/serie-trios-carl-mayotte-invite-mark-kelso-francis-gregoire\\\/\"]}]},{\"@type\":\"ImageObject\",\"inLanguage\":\"fr-FR\",\"@id\":\"https:\\\/\\\/www.upstairsjazz.com\\\/fr\\\/events\\\/serie-trios-carl-mayotte-invite-mark-kelso-francis-gregoire\\\/#primaryimage\",\"url\":\"https:\\\/\\\/www.upstairsjazz.com\\\/wp-content\\\/uploads\\\/2021\\\/08\\\/carl-mayotte.jpg\",\"contentUrl\":\"https:\\\/\\\/www.upstairsjazz.com\\\/wp-content\\\/uploads\\\/2021\\\/08\\\/carl-mayotte.jpg\",\"width\":650,\"height\":813},{\"@type\":\"BreadcrumbList\",\"@id\":\"https:\\\/\\\/www.upstairsjazz.com\\\/fr\\\/events\\\/serie-trios-carl-mayotte-invite-mark-kelso-francis-gregoire\\\/#breadcrumb\",\"itemListElement\":[{\"@type\":\"ListItem\",\"position\":1,\"name\":\"Home\",\"item\":\"https:\\\/\\\/www.upstairsjazz.com\\\/fr\\\/\"},{\"@type\":\"ListItem\",\"position\":2,\"name\":\"Events\",\"item\":\"https:\\\/\\\/www.upstairsjazz.com\\\/events\\\/\"},{\"@type\":\"ListItem\",\"position\":3,\"name\":\"S\u00e9rie Trios: Carl Mayotte invite Mark Kelso &#038; Francis Gregoire\"}]},{\"@type\":\"WebSite\",\"@id\":\"https:\\\/\\\/www.upstairsjazz.com\\\/fr\\\/#website\",\"url\":\"https:\\\/\\\/www.upstairsjazz.com\\\/fr\\\/\",\"name\":\"Upstairs Jazz Club\",\"description\":\"Upstairs jazz club, Montreal Canada\",\"publisher\":{\"@id\":\"https:\\\/\\\/www.upstairsjazz.com\\\/fr\\\/#organization\"},\"potentialAction\":[{\"@type\":\"SearchAction\",\"target\":{\"@type\":\"EntryPoint\",\"urlTemplate\":\"https:\\\/\\\/www.upstairsjazz.com\\\/fr\\\/?s={search_term_string}\"},\"query-input\":{\"@type\":\"PropertyValueSpecification\",\"valueRequired\":true,\"valueName\":\"search_term_string\"}}],\"inLanguage\":\"fr-FR\"},{\"@type\":\"Organization\",\"@id\":\"https:\\\/\\\/www.upstairsjazz.com\\\/fr\\\/#organization\",\"name\":\"Upstairs Jazz Bar & Grill\",\"url\":\"https:\\\/\\\/www.upstairsjazz.com\\\/fr\\\/\",\"logo\":{\"@type\":\"ImageObject\",\"inLanguage\":\"fr-FR\",\"@id\":\"https:\\\/\\\/www.upstairsjazz.com\\\/fr\\\/#\\\/schema\\\/logo\\\/image\\\/\",\"url\":\"https:\\\/\\\/www.upstairsjazz.com\\\/wp-content\\\/uploads\\\/2020\\\/07\\\/upstairs-jazz-burger-1.jpg\",\"contentUrl\":\"https:\\\/\\\/www.upstairsjazz.com\\\/wp-content\\\/uploads\\\/2020\\\/07\\\/upstairs-jazz-burger-1.jpg\",\"width\":1490,\"height\":993,\"caption\":\"Upstairs Jazz Bar & Grill\"},\"image\":{\"@id\":\"https:\\\/\\\/www.upstairsjazz.com\\\/fr\\\/#\\\/schema\\\/logo\\\/image\\\/\"},\"sameAs\":[\"https:\\\/\\\/www.facebook.com\\\/upstairsjazz\",\"https:\\\/\\\/x.com\\\/Upstairsjazz\",\"https:\\\/\\\/www.instagram.com\\\/upstairsjazz\"]}]}<\/script>\n<!-- \/ Yoast SEO Premium plugin. -->","yoast_head_json":{"title":"S\u00e9rie Trios: Carl Mayotte invite Mark Kelso & Francis Gregoire - Upstairs Jazz","robots":{"index":"index","follow":"follow","max-snippet":"max-snippet:-1","max-image-preview":"max-image-preview:large","max-video-preview":"max-video-preview:-1"},"canonical":"https:\/\/www.upstairsjazz.com\/fr\/events\/serie-trios-carl-mayotte-invite-mark-kelso-francis-gregoire\/","og_locale":"fr_FR","og_type":"article","og_title":"S\u00e9rie Trios: Carl Mayotte invite Mark Kelso & Francis Gregoire","og_description":"Pour ce deuxi\u00e8me concert de sa s\u00e9rie invitation, Carl Mayotte vous convie \u00e0 une soir\u00e9e r\u00e9solument fusion avec l\u2019un des plus grands batteurs de jazz canadiens : Mark Kelso. Ayant...","og_url":"https:\/\/www.upstairsjazz.com\/fr\/events\/serie-trios-carl-mayotte-invite-mark-kelso-francis-gregoire\/","og_site_name":"Upstairs Jazz","article_publisher":"https:\/\/www.facebook.com\/upstairsjazz","article_modified_time":"2026-09-01T14:51:07+00:00","og_image":[{"width":650,"height":813,"url":"https:\/\/www.upstairsjazz.com\/wp-content\/uploads\/2021\/08\/carl-mayotte.jpg","type":"image\/jpeg"}],"twitter_card":"summary_large_image","twitter_site":"@Upstairsjazz","twitter_misc":{"Dur\u00e9e de lecture estim\u00e9e":"1 minute"},"schema":{"@context":"https:\/\/schema.org","@graph":[{"@type":"WebPage","@id":"https:\/\/www.upstairsjazz.com\/fr\/events\/serie-trios-carl-mayotte-invite-mark-kelso-francis-gregoire\/","url":"https:\/\/www.upstairsjazz.com\/fr\/events\/serie-trios-carl-mayotte-invite-mark-kelso-francis-gregoire\/","name":"S\u00e9rie Trios: Carl Mayotte invite Mark Kelso & Francis Gregoire - Upstairs Jazz","isPartOf":{"@id":"https:\/\/www.upstairsjazz.com\/fr\/#website"},"primaryImageOfPage":{"@id":"https:\/\/www.upstairsjazz.com\/fr\/events\/serie-trios-carl-mayotte-invite-mark-kelso-francis-gregoire\/#primaryimage"},"image":{"@id":"https:\/\/www.upstairsjazz.com\/fr\/events\/serie-trios-carl-mayotte-invite-mark-kelso-francis-gregoire\/#primaryimage"},"thumbnailUrl":"https:\/\/www.upstairsjazz.com\/wp-content\/uploads\/2021\/08\/carl-mayotte.jpg","datePublished":"2026-09-01T14:50:05+00:00","dateModified":"2026-09-01T14:51:07+00:00","breadcrumb":{"@id":"https:\/\/www.upstairsjazz.com\/fr\/events\/serie-trios-carl-mayotte-invite-mark-kelso-francis-gregoire\/#breadcrumb"},"inLanguage":"fr-FR","potentialAction":[{"@type":"ReadAction","target":["https:\/\/www.upstairsjazz.com\/fr\/events\/serie-trios-carl-mayotte-invite-mark-kelso-francis-gregoire\/"]}]},{"@type":"ImageObject","inLanguage":"fr-FR","@id":"https:\/\/www.upstairsjazz.com\/fr\/events\/serie-trios-carl-mayotte-invite-mark-kelso-francis-gregoire\/#primaryimage","url":"https:\/\/www.upstairsjazz.com\/wp-content\/uploads\/2021\/08\/carl-mayotte.jpg","contentUrl":"https:\/\/www.upstairsjazz.com\/wp-content\/uploads\/2021\/08\/carl-mayotte.jpg","width":650,"height":813},{"@type":"BreadcrumbList","@id":"https:\/\/www.upstairsjazz.com\/fr\/events\/serie-trios-carl-mayotte-invite-mark-kelso-francis-gregoire\/#breadcrumb","itemListElement":[{"@type":"ListItem","position":1,"name":"Home","item":"https:\/\/www.upstairsjazz.com\/fr\/"},{"@type":"ListItem","position":2,"name":"Events","item":"https:\/\/www.upstairsjazz.com\/events\/"},{"@type":"ListItem","position":3,"name":"S\u00e9rie Trios: Carl Mayotte invite Mark Kelso &#038; Francis Gregoire"}]},{"@type":"WebSite","@id":"https:\/\/www.upstairsjazz.com\/fr\/#website","url":"https:\/\/www.upstairsjazz.com\/fr\/","name":"Upstairs Jazz Club","description":"Upstairs jazz club, Montreal Canada","publisher":{"@id":"https:\/\/www.upstairsjazz.com\/fr\/#organization"},"potentialAction":[{"@type":"SearchAction","target":{"@type":"EntryPoint","urlTemplate":"https:\/\/www.upstairsjazz.com\/fr\/?s={search_term_string}"},"query-input":{"@type":"PropertyValueSpecification","valueRequired":true,"valueName":"search_term_string"}}],"inLanguage":"fr-FR"},{"@type":"Organization","@id":"https:\/\/www.upstairsjazz.com\/fr\/#organization","name":"Upstairs Jazz Bar & Grill","url":"https:\/\/www.upstairsjazz.com\/fr\/","logo":{"@type":"ImageObject","inLanguage":"fr-FR","@id":"https:\/\/www.upstairsjazz.com\/fr\/#\/schema\/logo\/image\/","url":"https:\/\/www.upstairsjazz.com\/wp-content\/uploads\/2020\/07\/upstairs-jazz-burger-1.jpg","contentUrl":"https:\/\/www.upstairsjazz.com\/wp-content\/uploads\/2020\/07\/upstairs-jazz-burger-1.jpg","width":1490,"height":993,"caption":"Upstairs Jazz Bar & Grill"},"image":{"@id":"https:\/\/www.upstairsjazz.com\/fr\/#\/schema\/logo\/image\/"},"sameAs":["https:\/\/www.facebook.com\/upstairsjazz","https:\/\/x.com\/Upstairsjazz","https:\/\/www.instagram.com\/upstairsjazz"]}]}},"_links":{"self":[{"href":"https:\/\/www.upstairsjazz.com\/fr\/wp-json\/wp\/v2\/ajde_events\/6975","targetHints":{"allow":["GET"]}}],"collection":[{"href":"https:\/\/www.upstairsjazz.com\/fr\/wp-json\/wp\/v2\/ajde_events"}],"about":[{"href":"https:\/\/www.upstairsjazz.com\/fr\/wp-json\/wp\/v2\/types\/ajde_events"}],"author":[{"embeddable":true,"href":"https:\/\/www.upstairsjazz.com\/fr\/wp-json\/wp\/v2\/users\/3"}],"replies":[{"embeddable":true,"href":"https:\/\/www.upstairsjazz.com\/fr\/wp-json\/wp\/v2\/comments?post=6975"}],"wp:featuredmedia":[{"embeddable":true,"href":"https:\/\/www.upstairsjazz.com\/fr\/wp-json\/wp\/v2\/media\/6875"}],"wp:attachment":[{"href":"https:\/\/www.upstairsjazz.com\/fr\/wp-json\/wp\/v2\/media?parent=6975"}],"wp:term":[{"taxonomy":"post_tag","embeddable":true,"href":"https:\/\/www.upstairsjazz.com\/fr\/wp-json\/wp\/v2\/tags?post=6975"},{"taxonomy":"event_type","embeddable":true,"href":"https:\/\/www.upstairsjazz.com\/fr\/wp-json\/wp\/v2\/event_type?post=6975"},{"taxonomy":"event_type_2","embeddable":true,"href":"https:\/\/www.upstairsjazz.com\/fr\/wp-json\/wp\/v2\/event_type_2?post=6975"}],"curies":[{"name":"wp","href":"https:\/\/api.w.org\/{rel}","templated":true}]}}